{"id":134,"date":"2025-07-04T20:34:54","date_gmt":"2025-07-04T20:34:54","guid":{"rendered":"https:\/\/carmel-creteil.org\/?page_id=134"},"modified":"2025-08-22T16:18:56","modified_gmt":"2025-08-22T16:18:56","slug":"coordonnees-et-offices","status":"publish","type":"page","link":"https:\/\/carmel-creteil.org\/index.php\/coordonnees-et-offices\/","title":{"rendered":"Nous contacter"},"content":{"rendered":"<nav class=\"is-responsive items-justified-center wp-block-navigation is-content-justification-center is-layout-flex wp-container-core-navigation-is-layout-a89b3969 wp-block-navigation-is-layout-flex\" aria-label=\"Menu\" \n\t\t data-wp-interactive=\"core\/navigation\" data-wp-context='{\"overlayOpenedBy\":{\"click\":false,\"hover\":false,\"focus\":false},\"type\":\"overlay\",\"roleAttribute\":\"\",\"ariaLabel\":\"Menu\"}'><button aria-haspopup=\"dialog\" aria-label=\"Ouvrir le menu\" class=\"wp-block-navigation__responsive-container-open\" \n\t\t\t\tdata-wp-on--click=\"actions.openMenuOnClick\"\n\t\t\t\tdata-wp-on--keydown=\"actions.handleMenuKeydown\"\n\t\t\t><svg width=\"24\" height=\"24\" xmlns=\"http:\/\/www.w3.org\/2000\/svg\" viewBox=\"0 0 24 24\"><path d=\"M5 5v1.5h14V5H5z\"><\/path><path d=\"M5 12.8h14v-1.5H5v1.5z\"><\/path><path d=\"M5 19h14v-1.5H5V19z\"><\/path><\/svg><\/button>\n\t\t\t\t<div class=\"wp-block-navigation__responsive-container  has-text-color has-custom-marron-fonc-color has-background has-custom-cr-me-opaque-background-color\"  id=\"modal-1\" \n\t\t\t\tdata-wp-class--has-modal-open=\"state.isMenuOpen\"\n\t\t\t\tdata-wp-class--is-menu-open=\"state.isMenuOpen\"\n\t\t\t\tdata-wp-watch=\"callbacks.initMenu\"\n\t\t\t\tdata-wp-on--keydown=\"actions.handleMenuKeydown\"\n\t\t\t\tdata-wp-on--focusout=\"actions.handleMenuFocusout\"\n\t\t\t\ttabindex=\"-1\"\n\t\t\t>\n\t\t\t\t\t<div class=\"wp-block-navigation__responsive-close\" tabindex=\"-1\">\n\t\t\t\t\t\t<div class=\"wp-block-navigation__responsive-dialog\" \n\t\t\t\tdata-wp-bind--aria-modal=\"state.ariaModal\"\n\t\t\t\tdata-wp-bind--aria-label=\"state.ariaLabel\"\n\t\t\t\tdata-wp-bind--role=\"state.roleAttribute\"\n\t\t\t>\n\t\t\t\t\t\t\t<button aria-label=\"Fermer le menu\" class=\"wp-block-navigation__responsive-container-close\" \n\t\t\t\tdata-wp-on--click=\"actions.closeMenuOnClick\"\n\t\t\t><svg xmlns=\"http:\/\/www.w3.org\/2000\/svg\" viewBox=\"0 0 24 24\" width=\"24\" height=\"24\" aria-hidden=\"true\" focusable=\"false\"><path d=\"m13.06 12 6.47-6.47-1.06-1.06L12 10.94 5.53 4.47 4.47 5.53 10.94 12l-6.47 6.47 1.06 1.06L12 13.06l6.47 6.47 1.06-1.06L13.06 12Z\"><\/path><\/svg><\/button>\n\t\t\t\t\t\t\t<div class=\"wp-block-navigation__responsive-container-content\" \n\t\t\t\tdata-wp-watch=\"callbacks.focusFirstElement\"\n\t\t\t id=\"modal-1-content\">\n\t\t\t\t\t\t\t\t<ul class=\"wp-block-navigation__container is-responsive items-justified-center wp-block-navigation\"><li style=\"text-decoration:underline;\" class=\" wp-block-navigation-item wp-block-navigation-link\"><a class=\"wp-block-navigation-item__content\"  href=\"https:\/\/carmel-creteil.org\/\"><span class=\"wp-block-navigation-item__label\">Accueil<\/span><\/a><\/li><li style=\"text-decoration:underline;\" class=\" wp-block-navigation-item wp-block-navigation-link\"><a class=\"wp-block-navigation-item__content\"  href=\"https:\/\/carmel-creteil.org\/?page_id=297&#038;preview=true\"><span class=\"wp-block-navigation-item__label\">Notre Histoire<\/span><\/a><\/li><li style=\"text-decoration:underline;\" class=\" wp-block-navigation-item wp-block-navigation-link\"><a class=\"wp-block-navigation-item__content\"  href=\"https:\/\/carmel-creteil.org\/index.php\/le-monastere-aujourdhui-a-creteil\/\"><span class=\"wp-block-navigation-item__label\">Le monast\u00e8re aujourd\u2019hui<\/span><\/a><\/li><li style=\"text-decoration:underline;\" class=\" wp-block-navigation-item wp-block-navigation-link\"><a class=\"wp-block-navigation-item__content\"  href=\"https:\/\/carmel-creteil.org\/index.php\/venir-prier\/\"><span class=\"wp-block-navigation-item__label\">Venir prier<\/span><\/a><\/li><li style=\"text-decoration:underline;\" class=\" wp-block-navigation-item wp-block-navigation-link\"><a class=\"wp-block-navigation-item__content\"  href=\"https:\/\/carmel-creteil.org\/index.php\/notre-travail\/\"><span class=\"wp-block-navigation-item__label\">Notre travail<\/span><\/a><\/li><li style=\"text-decoration:underline;\" class=\" wp-block-navigation-item wp-block-navigation-link\"><a class=\"wp-block-navigation-item__content\"  href=\"https:\/\/carmel-creteil.org\/index.php\/coordonnees-et-offices\/\"><span class=\"wp-block-navigation-item__label\">Nous contacter<\/span><\/a><\/li><li style=\"text-decoration:underline;\" class=\" wp-block-navigation-item wp-block-navigation-link\"><a class=\"wp-block-navigation-item__content\"  href=\"https:\/\/carmel-creteil.org\/index.php\/nous-aider\/\"><span class=\"wp-block-navigation-item__label\">Nous aider<\/span><\/a><\/li><\/ul>\n\t\t\t\t\t\t\t<\/div>\n\t\t\t\t\t\t<\/div>\n\t\t\t\t\t<\/div>\n\t\t\t\t<\/div><\/nav>\n\n\n<div style=\"height:32px\" aria-hidden=\"true\" class=\"wp-block-spacer\"><\/div>\n\n\n\n<div class=\"wp-block-group is-layout-constrained wp-block-group-is-layout-constrained\">\n<p class=\"has-x-large-font-size\"><strong>Nous contacter<\/strong><\/p>\n\n\n\n<p class=\"has-text-align-center\" style=\"border-width:3px\"><strong>VENIR AU CARMEL<\/strong> :<\/p>\n<\/div>\n\n\n\n<div style=\"height:40px\" aria-hidden=\"true\" class=\"wp-block-spacer\"><\/div>\n\n\n\n<div class=\"wp-block-media-text is-stacked-on-mobile\" style=\"grid-template-columns:65% auto\"><figure class=\"wp-block-media-text__media\"><img loading=\"lazy\" decoding=\"async\" width=\"1024\" height=\"768\" src=\"https:\/\/carmel-creteil.org\/wp-content\/uploads\/2025\/08\/20250808_150537-1024x768.jpg\" alt=\"\" class=\"wp-image-1673 size-full\"\/><\/figure><div class=\"wp-block-media-text__content\">\n<p class=\"has-text-align-center\"><strong>L&rsquo;accueil<\/strong> est habituellement <strong>ouvert apr\u00e8s la messe jusqu&rsquo;\u00e0 17h.<\/strong><\/p>\n\n\n\n<div style=\"height:40px\" aria-hidden=\"true\" class=\"wp-block-spacer\"><\/div>\n\n\n\n<p class=\"has-text-align-center\">Pour venir, merci de vous r\u00e9f\u00e9rer au lien ci-apr\u00e8s : <strong><kbd><a href=\"https:\/\/www.google.fr\/maps\/place\/Carmel+Sainte+Th%C3%A9r%C3%A8se\/@48.8004158,2.4593919,17z\/data=!3m1!4b1!4m6!3m5!1s0x47e60ccf122ec52b:0xb7469e983eef3c20!8m2!3d48.8004123!4d2.4619668!16s%2Fg%2F1v2yy4zl?hl=fr&amp;entry=ttu&amp;g_ep=EgoyMDI1MDYzMC4wIKXMDSoASAFQAw%3D%3D\">PLAN<\/a><\/kbd><\/strong><\/p>\n<\/div><\/div>\n\n\n\n<div style=\"height:40px\" aria-hidden=\"true\" class=\"wp-block-spacer\"><\/div>\n\n\n\n<div class=\"wp-block-columns is-layout-flex wp-container-core-columns-is-layout-28f84493 wp-block-columns-is-layout-flex\">\n<div class=\"wp-block-column is-layout-flow wp-block-column-is-layout-flow\" style=\"flex-basis:58%\">\n<div class=\"wp-block-media-text is-stacked-on-mobile is-vertically-aligned-center\" style=\"border-width:3px;grid-template-columns:59% auto\"><figure class=\"wp-block-media-text__media\"><img loading=\"lazy\" decoding=\"async\" width=\"450\" height=\"600\" src=\"https:\/\/carmel-creteil.org\/wp-content\/uploads\/2025\/07\/entree69-r.jpg\" alt=\"\" class=\"wp-image-1087 size-full\" srcset=\"https:\/\/carmel-creteil.org\/wp-content\/uploads\/2025\/07\/entree69-r.jpg 450w, https:\/\/carmel-creteil.org\/wp-content\/uploads\/2025\/07\/entree69-r-225x300.jpg 225w\" sizes=\"auto, (max-width: 450px) 100vw, 450px\" \/><\/figure><div class=\"wp-block-media-text__content\">\n<p class=\"has-text-align-center\"><strong>Sonner \u00e0 l&rsquo;interphone<\/strong><br>Sans r\u00e9ponse, actionner la cloche manuelle.<\/p>\n\n\n\n<figure class=\"wp-block-image aligncenter size-full\"><img loading=\"lazy\" decoding=\"async\" width=\"450\" height=\"600\" src=\"https:\/\/carmel-creteil.org\/wp-content\/uploads\/2025\/07\/interphone-r.jpg\" alt=\"\" class=\"wp-image-660\" srcset=\"https:\/\/carmel-creteil.org\/wp-content\/uploads\/2025\/07\/interphone-r.jpg 450w, https:\/\/carmel-creteil.org\/wp-content\/uploads\/2025\/07\/interphone-r-225x300.jpg 225w\" sizes=\"auto, (max-width: 450px) 100vw, 450px\" \/><\/figure>\n<\/div><\/div>\n<\/div>\n\n\n\n<div class=\"wp-block-column is-layout-flow wp-block-column-is-layout-flow\" style=\"flex-basis:75%\">\n<figure class=\"wp-block-image size-large\"><img loading=\"lazy\" decoding=\"async\" width=\"1024\" height=\"768\" src=\"https:\/\/carmel-creteil.org\/wp-content\/uploads\/2025\/08\/20250808_150554-1024x768.jpg\" alt=\"\" class=\"wp-image-1675\"\/><\/figure>\n\n\n\n<p class=\"has-text-align-center has-custom-cr-me-opaque-background-color has-background\" style=\"border-width:7px;padding-top:var(--wp--preset--spacing--20);padding-right:var(--wp--preset--spacing--20);padding-bottom:var(--wp--preset--spacing--20);padding-left:var(--wp--preset--spacing--20)\"><strong>Pour les parloirs<\/strong>, merci, de pr\u00e9f\u00e9rence, de prendre rendez-vous par t\u00e9l\u00e9phone aux coordonn\u00e9es ci-dessous :<\/p>\n<\/div>\n<\/div>\n\n\n\n<div style=\"height:40px\" aria-hidden=\"true\" class=\"wp-block-spacer\"><\/div>\n\n\n\n<p><\/p>\n\n\n\n<p class=\"has-text-align-center\" style=\"border-width:3px\"><strong>NOUS ECRIRE :<\/strong><\/p>\n\n\n\n<div style=\"height:40px\" aria-hidden=\"true\" class=\"wp-block-spacer\"><\/div>\n\n\n\n<p class=\"has-text-align-center\"><strong>Carmel Sainte Th\u00e9r\u00e8se<\/strong><\/p>\n\n\n\n<p class=\"has-text-align-center\"><strong>69 Avenue de Ceinture<\/strong><br><strong>94000 CRETEIL<\/strong><\/p>\n\n\n\n<div style=\"height:40px\" aria-hidden=\"true\" class=\"wp-block-spacer\"><\/div>\n\n\n\n<p class=\"has-text-align-center\" style=\"border-width:3px\"><strong>TELEPHONER :<\/strong><\/p>\n\n\n\n<div style=\"height:40px\" aria-hidden=\"true\" class=\"wp-block-spacer\"><\/div>\n\n\n\n<p class=\"has-text-align-center\"><strong>01 42 07 40 96<\/strong><br>Entre 9h30 et 11h, 13h et 14h,15h et 16h30 habituellement. <br>Entre temps, il y a possibilit\u00e9 de d\u00e9poser un message sur le r\u00e9pondeur.<\/p>\n\n\n\n<div style=\"height:40px\" aria-hidden=\"true\" class=\"wp-block-spacer\"><\/div>\n\n\n\n<p class=\"has-text-align-center\" style=\"border-width:3px\"><strong>COMMANDER :<\/strong><\/p>\n\n\n\n<div style=\"height:40px\" aria-hidden=\"true\" class=\"wp-block-spacer\"><\/div>\n\n\n\n<p class=\"has-text-align-center\">Pour toute commande (voir : <a href=\"https:\/\/carmel-creteil.org\/index.php\/notre-travail\/\" data-type=\"page\" data-id=\"225\"><strong><em>Notre travail<\/em><\/strong><\/a>) et, <strong>s&rsquo;il vous pla\u00eet, uniquement pour cela<\/strong> =<\/p>\n\n\n\n<p class=\"has-text-align-center\"><a href=\"mailto:commandes@carmel-creteil.org\">commandes@carmel-creteil.org<\/a><\/p>\n\n\n\n<div style=\"height:100px\" aria-hidden=\"true\" class=\"wp-block-spacer\"><\/div>\n\n\n<nav class=\"is-responsive items-justified-center wp-block-navigation is-content-justification-center is-layout-flex wp-container-core-navigation-is-layout-a89b3969 wp-block-navigation-is-layout-flex\" aria-label=\"Menu 2\" \n\t\t data-wp-interactive=\"core\/navigation\" data-wp-context='{\"overlayOpenedBy\":{\"click\":false,\"hover\":false,\"focus\":false},\"type\":\"overlay\",\"roleAttribute\":\"\",\"ariaLabel\":\"Menu\"}'><button aria-haspopup=\"dialog\" aria-label=\"Ouvrir le menu\" class=\"wp-block-navigation__responsive-container-open\" \n\t\t\t\tdata-wp-on--click=\"actions.openMenuOnClick\"\n\t\t\t\tdata-wp-on--keydown=\"actions.handleMenuKeydown\"\n\t\t\t><svg width=\"24\" height=\"24\" xmlns=\"http:\/\/www.w3.org\/2000\/svg\" viewBox=\"0 0 24 24\"><path d=\"M5 5v1.5h14V5H5z\"><\/path><path d=\"M5 12.8h14v-1.5H5v1.5z\"><\/path><path d=\"M5 19h14v-1.5H5V19z\"><\/path><\/svg><\/button>\n\t\t\t\t<div class=\"wp-block-navigation__responsive-container  has-text-color has-custom-marron-fonc-color has-background has-custom-cr-me-opaque-background-color\"  id=\"modal-2\" \n\t\t\t\tdata-wp-class--has-modal-open=\"state.isMenuOpen\"\n\t\t\t\tdata-wp-class--is-menu-open=\"state.isMenuOpen\"\n\t\t\t\tdata-wp-watch=\"callbacks.initMenu\"\n\t\t\t\tdata-wp-on--keydown=\"actions.handleMenuKeydown\"\n\t\t\t\tdata-wp-on--focusout=\"actions.handleMenuFocusout\"\n\t\t\t\ttabindex=\"-1\"\n\t\t\t>\n\t\t\t\t\t<div class=\"wp-block-navigation__responsive-close\" tabindex=\"-1\">\n\t\t\t\t\t\t<div class=\"wp-block-navigation__responsive-dialog\" \n\t\t\t\tdata-wp-bind--aria-modal=\"state.ariaModal\"\n\t\t\t\tdata-wp-bind--aria-label=\"state.ariaLabel\"\n\t\t\t\tdata-wp-bind--role=\"state.roleAttribute\"\n\t\t\t>\n\t\t\t\t\t\t\t<button aria-label=\"Fermer le menu\" class=\"wp-block-navigation__responsive-container-close\" \n\t\t\t\tdata-wp-on--click=\"actions.closeMenuOnClick\"\n\t\t\t><svg xmlns=\"http:\/\/www.w3.org\/2000\/svg\" viewBox=\"0 0 24 24\" width=\"24\" height=\"24\" aria-hidden=\"true\" focusable=\"false\"><path d=\"m13.06 12 6.47-6.47-1.06-1.06L12 10.94 5.53 4.47 4.47 5.53 10.94 12l-6.47 6.47 1.06 1.06L12 13.06l6.47 6.47 1.06-1.06L13.06 12Z\"><\/path><\/svg><\/button>\n\t\t\t\t\t\t\t<div class=\"wp-block-navigation__responsive-container-content\" \n\t\t\t\tdata-wp-watch=\"callbacks.focusFirstElement\"\n\t\t\t id=\"modal-2-content\">\n\t\t\t\t\t\t\t\t<ul class=\"wp-block-navigation__container is-responsive items-justified-center wp-block-navigation\"><li style=\"text-decoration:underline;\" class=\" wp-block-navigation-item wp-block-navigation-link\"><a class=\"wp-block-navigation-item__content\"  href=\"https:\/\/carmel-creteil.org\/\"><span class=\"wp-block-navigation-item__label\">Accueil<\/span><\/a><\/li><li style=\"text-decoration:underline;\" class=\" wp-block-navigation-item wp-block-navigation-link\"><a class=\"wp-block-navigation-item__content\"  href=\"https:\/\/carmel-creteil.org\/?page_id=297&#038;preview=true\"><span class=\"wp-block-navigation-item__label\">Notre Histoire<\/span><\/a><\/li><li style=\"text-decoration:underline;\" class=\" wp-block-navigation-item wp-block-navigation-link\"><a class=\"wp-block-navigation-item__content\"  href=\"https:\/\/carmel-creteil.org\/index.php\/le-monastere-aujourdhui-a-creteil\/\"><span class=\"wp-block-navigation-item__label\">Le monast\u00e8re aujourd\u2019hui<\/span><\/a><\/li><li style=\"text-decoration:underline;\" class=\" wp-block-navigation-item wp-block-navigation-link\"><a class=\"wp-block-navigation-item__content\"  href=\"https:\/\/carmel-creteil.org\/index.php\/venir-prier\/\"><span class=\"wp-block-navigation-item__label\">Venir prier<\/span><\/a><\/li><li style=\"text-decoration:underline;\" class=\" wp-block-navigation-item wp-block-navigation-link\"><a class=\"wp-block-navigation-item__content\"  href=\"https:\/\/carmel-creteil.org\/index.php\/notre-travail\/\"><span class=\"wp-block-navigation-item__label\">Notre travail<\/span><\/a><\/li><li style=\"text-decoration:underline;\" class=\" wp-block-navigation-item wp-block-navigation-link\"><a class=\"wp-block-navigation-item__content\"  href=\"https:\/\/carmel-creteil.org\/index.php\/coordonnees-et-offices\/\"><span class=\"wp-block-navigation-item__label\">Nous contacter<\/span><\/a><\/li><li style=\"text-decoration:underline;\" class=\" wp-block-navigation-item wp-block-navigation-link\"><a class=\"wp-block-navigation-item__content\"  href=\"https:\/\/carmel-creteil.org\/index.php\/nous-aider\/\"><span class=\"wp-block-navigation-item__label\">Nous aider<\/span><\/a><\/li><\/ul>\n\t\t\t\t\t\t\t<\/div>\n\t\t\t\t\t\t<\/div>\n\t\t\t\t\t<\/div>\n\t\t\t\t<\/div><\/nav>\n\n\n<div style=\"height:89px\" aria-hidden=\"true\" class=\"wp-block-spacer\"><\/div>\n\n\n\n<p class=\"has-text-align-center\"><em>\u00a9 Tous droits r\u00e9serv\u00e9s &#8211; Carmel Sainte Th\u00e9r\u00e8se de Cr\u00e9teil<\/em><\/p>\n\n\n\n<p><\/p>\n","protected":false},"excerpt":{"rendered":"<p>Nous contacter VENIR AU CARMEL : Sonner \u00e0 l&rsquo;interphoneSans r\u00e9ponse, actionner la cloche manuelle. Pour les parloirs, merci, de pr\u00e9f\u00e9rence, de prendre rendez-vous par t\u00e9l\u00e9phone aux coordonn\u00e9es ci-dessous : NOUS ECRIRE : Carmel Sainte Th\u00e9r\u00e8se 69 Avenue de Ceinture94000 CRETEIL TELEPHONER : 01 42 07 40 96Entre 9h30 et 11h, 13h et 14h,15h et 16h30 [&hellip;]<\/p>\n","protected":false},"author":1,"featured_media":0,"parent":0,"menu_order":13,"comment_status":"closed","ping_status":"closed","template":"","meta":{"footnotes":""},"class_list":["post-134","page","type-page","status-publish","hentry"],"_links":{"self":[{"href":"https:\/\/carmel-creteil.org\/index.php\/wp-json\/wp\/v2\/pages\/134","targetHints":{"allow":["GET"]}}],"collection":[{"href":"https:\/\/carmel-creteil.org\/index.php\/wp-json\/wp\/v2\/pages"}],"about":[{"href":"https:\/\/carmel-creteil.org\/index.php\/wp-json\/wp\/v2\/types\/page"}],"author":[{"embeddable":true,"href":"https:\/\/carmel-creteil.org\/index.php\/wp-json\/wp\/v2\/users\/1"}],"replies":[{"embeddable":true,"href":"https:\/\/carmel-creteil.org\/index.php\/wp-json\/wp\/v2\/comments?post=134"}],"version-history":[{"count":45,"href":"https:\/\/carmel-creteil.org\/index.php\/wp-json\/wp\/v2\/pages\/134\/revisions"}],"predecessor-version":[{"id":1762,"href":"https:\/\/carmel-creteil.org\/index.php\/wp-json\/wp\/v2\/pages\/134\/revisions\/1762"}],"wp:attachment":[{"href":"https:\/\/carmel-creteil.org\/index.php\/wp-json\/wp\/v2\/media?parent=134"}],"curies":[{"name":"wp","href":"https:\/\/api.w.org\/{rel}","templated":true}]}}