{"id":1390,"date":"2025-08-08T20:23:06","date_gmt":"2025-08-08T20:23:06","guid":{"rendered":"https:\/\/carmel-creteil.org\/?page_id=1390"},"modified":"2025-08-17T19:12:42","modified_gmt":"2025-08-17T19:12:42","slug":"soeur-aimee","status":"publish","type":"page","link":"https:\/\/carmel-creteil.org\/index.php\/notre-histoire\/figures-venerees\/soeur-aimee\/","title":{"rendered":"Soeur Marie-Aim\u00e9e de J\u00e9sus"},"content":{"rendered":"<nav class=\"is-responsive items-justified-center #post-IDbody{width: 100%;overflow:hidden !important;} wp-block-navigation is-content-justification-center is-layout-flex wp-container-core-navigation-is-layout-f5b6105e wp-block-navigation-is-layout-flex\" aria-label=\"Menu\" \n\t\t data-wp-interactive=\"core\/navigation\" data-wp-context='{\"overlayOpenedBy\":{\"click\":false,\"hover\":false,\"focus\":false},\"type\":\"overlay\",\"roleAttribute\":\"\",\"ariaLabel\":\"Menu\"}'><button aria-haspopup=\"dialog\" aria-label=\"Ouvrir le menu\" class=\"wp-block-navigation__responsive-container-open\" \n\t\t\t\tdata-wp-on--click=\"actions.openMenuOnClick\"\n\t\t\t\tdata-wp-on--keydown=\"actions.handleMenuKeydown\"\n\t\t\t><svg width=\"24\" height=\"24\" xmlns=\"http:\/\/www.w3.org\/2000\/svg\" viewBox=\"0 0 24 24\"><path d=\"M5 5v1.5h14V5H5z\"><\/path><path d=\"M5 12.8h14v-1.5H5v1.5z\"><\/path><path d=\"M5 19h14v-1.5H5V19z\"><\/path><\/svg><\/button>\n\t\t\t\t<div class=\"wp-block-navigation__responsive-container  has-text-color has-custom-marron-fonc-color has-background has-custom-cr-me-opaque-background-color\"  id=\"modal-1\" \n\t\t\t\tdata-wp-class--has-modal-open=\"state.isMenuOpen\"\n\t\t\t\tdata-wp-class--is-menu-open=\"state.isMenuOpen\"\n\t\t\t\tdata-wp-watch=\"callbacks.initMenu\"\n\t\t\t\tdata-wp-on--keydown=\"actions.handleMenuKeydown\"\n\t\t\t\tdata-wp-on--focusout=\"actions.handleMenuFocusout\"\n\t\t\t\ttabindex=\"-1\"\n\t\t\t>\n\t\t\t\t\t<div class=\"wp-block-navigation__responsive-close\" tabindex=\"-1\">\n\t\t\t\t\t\t<div class=\"wp-block-navigation__responsive-dialog\" \n\t\t\t\tdata-wp-bind--aria-modal=\"state.ariaModal\"\n\t\t\t\tdata-wp-bind--aria-label=\"state.ariaLabel\"\n\t\t\t\tdata-wp-bind--role=\"state.roleAttribute\"\n\t\t\t>\n\t\t\t\t\t\t\t<button aria-label=\"Fermer le menu\" class=\"wp-block-navigation__responsive-container-close\" \n\t\t\t\tdata-wp-on--click=\"actions.closeMenuOnClick\"\n\t\t\t><svg xmlns=\"http:\/\/www.w3.org\/2000\/svg\" viewBox=\"0 0 24 24\" width=\"24\" height=\"24\" aria-hidden=\"true\" focusable=\"false\"><path d=\"m13.06 12 6.47-6.47-1.06-1.06L12 10.94 5.53 4.47 4.47 5.53 10.94 12l-6.47 6.47 1.06 1.06L12 13.06l6.47 6.47 1.06-1.06L13.06 12Z\"><\/path><\/svg><\/button>\n\t\t\t\t\t\t\t<div class=\"wp-block-navigation__responsive-container-content\" \n\t\t\t\tdata-wp-watch=\"callbacks.focusFirstElement\"\n\t\t\t id=\"modal-1-content\">\n\t\t\t\t\t\t\t\t<ul class=\"wp-block-navigation__container is-responsive items-justified-center #post-IDbody{width: 100%;overflow:hidden !important;} wp-block-navigation\"><li style=\"text-decoration:underline;\" class=\" wp-block-navigation-item wp-block-navigation-link\"><a class=\"wp-block-navigation-item__content\"  href=\"https:\/\/carmel-creteil.org\/\"><span class=\"wp-block-navigation-item__label\">Accueil<\/span><\/a><\/li><li style=\"text-decoration:underline;\" class=\" wp-block-navigation-item wp-block-navigation-link\"><a class=\"wp-block-navigation-item__content\"  href=\"https:\/\/carmel-creteil.org\/?page_id=297&#038;preview=true\"><span class=\"wp-block-navigation-item__label\">Notre Histoire<\/span><\/a><\/li><li style=\"text-decoration:underline;\" class=\" wp-block-navigation-item wp-block-navigation-link\"><a class=\"wp-block-navigation-item__content\"  href=\"https:\/\/carmel-creteil.org\/index.php\/le-monastere-aujourdhui-a-creteil\/\"><span class=\"wp-block-navigation-item__label\">Le monast\u00e8re aujourd\u2019hui<\/span><\/a><\/li><li style=\"text-decoration:underline;\" class=\" wp-block-navigation-item wp-block-navigation-link\"><a class=\"wp-block-navigation-item__content\"  href=\"https:\/\/carmel-creteil.org\/index.php\/venir-prier\/\"><span class=\"wp-block-navigation-item__label\">Venir prier<\/span><\/a><\/li><li style=\"text-decoration:underline;\" class=\" wp-block-navigation-item wp-block-navigation-link\"><a class=\"wp-block-navigation-item__content\"  href=\"https:\/\/carmel-creteil.org\/index.php\/notre-travail\/\"><span class=\"wp-block-navigation-item__label\">Notre travail<\/span><\/a><\/li><li style=\"text-decoration:underline;\" class=\" wp-block-navigation-item wp-block-navigation-link\"><a class=\"wp-block-navigation-item__content\"  href=\"https:\/\/carmel-creteil.org\/index.php\/coordonnees-et-offices\/\"><span class=\"wp-block-navigation-item__label\">Nous contacter<\/span><\/a><\/li><li style=\"text-decoration:underline;\" class=\" wp-block-navigation-item wp-block-navigation-link\"><a class=\"wp-block-navigation-item__content\"  href=\"https:\/\/carmel-creteil.org\/index.php\/nous-aider\/\"><span class=\"wp-block-navigation-item__label\">Nous aider<\/span><\/a><\/li><\/ul>\n\t\t\t\t\t\t\t<\/div>\n\t\t\t\t\t\t<\/div>\n\t\t\t\t\t<\/div>\n\t\t\t\t<\/div><\/nav>\n\n\n<div style=\"height:50px\" aria-hidden=\"true\" class=\"wp-block-spacer\"><\/div>\n\n\n\n<p class=\"has-text-align-center\" style=\"margin-top:0;margin-right:0;margin-bottom:0;margin-left:0;padding-top:0;padding-right:0;padding-bottom:0;padding-left:0\"><em>\u00abVous qui venez de quitter le monde, est-il bien vrai qu\u2019il y a des \u00e2mes qui n\u2019aiment pas notre J\u00e9sus&nbsp;?&nbsp;<\/em>\u00bb&nbsp;: ainsi s\u2019adressait <strong>S\u0153ur Marie-Aim\u00e9e de J\u00e9sus<\/strong>, \u00e0 l\u2019une de ses novices.<\/p>\n\n\n\n<div style=\"height:40px\" aria-hidden=\"true\" class=\"wp-block-spacer\"><\/div>\n\n\n\n<figure class=\"wp-block-image aligncenter size-full is-resized\"><img loading=\"lazy\" decoding=\"async\" width=\"300\" height=\"384\" src=\"https:\/\/carmel-creteil.org\/wp-content\/uploads\/2025\/07\/photo-marie-aimee.jpg\" alt=\"\" class=\"wp-image-493\" style=\"width:347px;height:auto\" srcset=\"https:\/\/carmel-creteil.org\/wp-content\/uploads\/2025\/07\/photo-marie-aimee.jpg 300w, https:\/\/carmel-creteil.org\/wp-content\/uploads\/2025\/07\/photo-marie-aimee-234x300.jpg 234w\" sizes=\"auto, (max-width: 300px) 100vw, 300px\" \/><\/figure>\n\n\n\n<div style=\"height:40px\" aria-hidden=\"true\" class=\"wp-block-spacer\"><\/div>\n\n\n\n<p class=\"has-text-align-center\"><em>\u00abH\u00e9las, oui&nbsp;!\u2026\u00bb<\/em><\/p>\n\n\n\n<div style=\"height:20px\" aria-hidden=\"true\" class=\"wp-block-spacer\"><\/div>\n\n\n\n<p class=\"has-text-align-center\" style=\"margin-top:0;margin-right:0;margin-bottom:0;margin-left:0;padding-top:0;padding-right:0;padding-bottom:0;padding-left:0\"><em>\u00abCe n\u2019est pas la premi\u00e8re fois qu\u2019on me le dit, r\u00e9pliqua Soeur Marie-Aim\u00e9e, je le crois un instant, et apr\u00e8s, je ne puis plus le croire\u2026 <strong>notre J\u00e9sus si beau, si bon, si aimable&nbsp;!<\/strong>\u2026\u00bb<\/em><\/p>\n\n\n\n<div style=\"height:60px\" aria-hidden=\"true\" class=\"wp-block-spacer\"><\/div>\n\n\n\n<p>Doroth\u00e9e Quoniam <strong>naquit le 14 janvier 1839<\/strong> dans une tr\u00e8s pauvre maison d\u2019un modeste hameau du Cotentin : le Rozel. <\/p>\n\n\n\n<p>Son p\u00e8re, jardinier, avait bien du mal \u00e0 gagner la vie de sa famille et Doroth\u00e9e partage d\u00e8s sa naissance la pauvret\u00e9 de l\u2019Enfant de Bethl\u00e9em.<\/p>\n\n\n\n<div style=\"height:40px\" aria-hidden=\"true\" class=\"wp-block-spacer\"><\/div>\n\n\n\n<p>D\u00e8s quatre ans, sous l\u2019influence d\u2019une gr\u00e2ce puissante qui lui r\u00e9v\u00e8le la grandeur du Tr\u00e8s Haut, elle promet d\u2019appartenir \u00e0 J\u00e9sus-Christ. <\/p>\n\n\n\n<p><em>\u00abUn jour je fus vivement frapp\u00e9e d&rsquo;un nom dont [ma m\u00e8re] l&rsquo;appelait apr\u00e8s l&rsquo;\u00c9criture et qui lui convient si bien, <strong>le Tr\u00e8s-haut&nbsp;!<\/strong> L&rsquo;entretien fini, je me retirai \u00e0 l&rsquo;\u00e9cart pour le m\u00e9diter \u00e0 souhait. Le Tr\u00e8s-haut, r\u00e9p\u00e9tais-je en regardant le ciel, le Tr\u00e8s-haut&nbsp;! Puis abaissant les yeux sur moi-m\u00eame&nbsp;: que je suis petite, me disais-je. Mon Dieu posait en moi la base de ses op\u00e9rations, l&rsquo;humilit\u00e9. Le Tr\u00e8s-haut, repris-je, mais cette fois en d\u00e9ployant sous le souffle de l&rsquo;Esprit Saint les ailes de mon \u00e2me, et \u00e9tant ainsi arriv\u00e9e \u00e0 Celui qui m&rsquo;attirait, le P\u00e8re, <strong>je fus par lui fianc\u00e9e \u00e0 son Fils.<\/strong> J&rsquo;avais environ quatre ans\u00bb<\/em> (p. 5 de l&rsquo;autobiographie).<\/p>\n\n\n\n<div style=\"height:40px\" aria-hidden=\"true\" class=\"wp-block-spacer\"><\/div>\n\n\n\n<p class=\"has-text-align-center\" style=\"border-width:3px;font-size:24px\">Cette autobiographie a \u00e9t\u00e9 publi\u00e9e en 2024 aux <strong><em><a href=\"http:\/\/www.editionsducarmel.fr\">Editions du Carmel<\/a><\/em><\/strong>. Elle est \u00e9galement disponible \u00e0 l&rsquo;accueil du Carmel voir : <a href=\"https:\/\/carmel-creteil.org\/index.php\/notre-travail\/\" data-type=\"page\" data-id=\"225\"><strong><em>Notre travail<\/em><\/strong><\/a>.<\/p>\n\n\n\n<div style=\"height:40px\" aria-hidden=\"true\" class=\"wp-block-spacer\"><\/div>\n\n\n\n<p>Sa m\u00e8re, tr\u00e8s vers\u00e9e dans la science des saints, respecte en sa fille l\u2019oeuvre de Dieu qu\u2019elle seconde merveilleusement par des soins maternels surnaturels et \u00e9clair\u00e9s.<\/p>\n\n\n\n<div style=\"height:40px\" aria-hidden=\"true\" class=\"wp-block-spacer\"><\/div>\n\n\n\n<p><em>\u00abMa m\u00e8re \u00e9tait une sainte qui avait pris Marie pour mod\u00e8le<\/em>&#8230; <em><strong>Du c\u0153ur de ma m\u00e8re, Dieu choisit mon c\u0153ur pour y allumer, d\u00e8s mon entr\u00e9e dans la vie, le feu de son amour<\/strong>\u00bb<\/em> (p. 2)<\/p>\n\n\n\n<div style=\"height:40px\" aria-hidden=\"true\" class=\"wp-block-spacer\"><\/div>\n\n\n\n<div class=\"wp-block-columns is-layout-flex wp-container-core-columns-is-layout-28f84493 wp-block-columns-is-layout-flex\">\n<div class=\"wp-block-column is-layout-flow wp-block-column-is-layout-flow\" style=\"flex-basis:50%\">\n<figure class=\"wp-block-image aligncenter is-resized\" style=\"margin-top:0;margin-bottom:0\"><img loading=\"lazy\" decoding=\"async\" width=\"400\" height=\"239\" src=\"http:\/\/soeurmarieaimeedejesus.carmel-creteil.org\/wp-content\/uploads\/2025\/07\/le-rozel-maison-natale-de-dorothe-quoniam.jpg\" alt=\"\" class=\"wp-image-488\" style=\"width:484px;height:auto\" srcset=\"https:\/\/carmel-creteil.org\/wp-content\/uploads\/2025\/07\/le-rozel-maison-natale-de-dorothe-quoniam.jpg 400w, https:\/\/carmel-creteil.org\/wp-content\/uploads\/2025\/07\/le-rozel-maison-natale-de-dorothe-quoniam-300x179.jpg 300w\" sizes=\"auto, (max-width: 400px) 100vw, 400px\" \/><\/figure>\n<\/div>\n\n\n\n<div class=\"wp-block-column is-layout-flow wp-block-column-is-layout-flow\" style=\"flex-basis:50%\">\n<figure class=\"wp-block-gallery has-nested-images columns-default wp-block-gallery-2 is-layout-flex wp-block-gallery-is-layout-flex\">\n<figure class=\"wp-block-image size-large\" style=\"margin-top:var(--wp--preset--spacing--60);margin-right:0;margin-bottom:var(--wp--preset--spacing--60);margin-left:0\"><img loading=\"lazy\" decoding=\"async\" width=\"768\" height=\"1024\" data-id=\"1392\" src=\"https:\/\/carmel-creteil.org\/wp-content\/uploads\/2025\/08\/Eglise-Rozel-768x1024.jpg\" alt=\"\" class=\"wp-image-1392\"\/><figcaption class=\"wp-element-caption\">Eglise du Rozel<\/figcaption><\/figure>\n\n\n\n<figure class=\"wp-block-image size-large is-style-default\"><img loading=\"lazy\" decoding=\"async\" width=\"623\" height=\"1024\" data-id=\"1391\" src=\"https:\/\/carmel-creteil.org\/wp-content\/uploads\/2025\/08\/Le-baptistere-623x1024.jpg\" alt=\"\" class=\"wp-image-1391\"\/><figcaption class=\"wp-element-caption\">Le baptist\u00e8re<\/figcaption><\/figure>\n<\/figure>\n<\/div>\n<\/div>\n\n\n\n<div style=\"height:40px\" aria-hidden=\"true\" class=\"wp-block-spacer\"><\/div>\n\n\n\n<p>Dans l\u2019espoir d\u2019am\u00e9liorer les conditions de vie de sa famille, le p\u00e8re vient s\u2019installer \u00e0 Paris avec les siens. Mais, en quelques ann\u00e9es, tous moururent de mis\u00e8re et Doroth\u00e9e reste seule survivante.<\/p>\n\n\n\n<p><strong>Recueillie \u00e0 l\u2019orphelinat des Filles de la Charit\u00e9 de Saint Roch,<\/strong> elle est heureuse d\u2019habiter sous le m\u00eame toit que son J\u00e9sus.<\/p>\n\n\n\n<div style=\"height:40px\" aria-hidden=\"true\" class=\"wp-block-spacer\"><\/div>\n\n\n\n<figure class=\"wp-block-gallery has-nested-images columns-2 is-cropped wp-block-gallery-3 is-layout-flex wp-block-gallery-is-layout-flex\">\n<figure class=\"wp-block-image aligncenter size-full\"><img loading=\"lazy\" decoding=\"async\" width=\"250\" height=\"379\" data-id=\"649\" src=\"https:\/\/carmel-creteil.org\/wp-content\/uploads\/2025\/07\/Dorothee-scaled-e1752846663538.jpg\" alt=\"\" class=\"wp-image-649\"\/><figcaption class=\"wp-element-caption\">Doroth\u00e9e, \u00e0 l&rsquo;orphelinat<\/figcaption><\/figure>\n\n\n\n<figure class=\"wp-block-image aligncenter size-large\"><img loading=\"lazy\" decoding=\"async\" width=\"660\" height=\"1024\" data-id=\"1394\" src=\"https:\/\/carmel-creteil.org\/wp-content\/uploads\/2025\/08\/St-Roch-660x1024.jpg\" alt=\"\" class=\"wp-image-1394\"\/><figcaption class=\"wp-element-caption\">Saint Roch<\/figcaption><\/figure>\n<\/figure>\n\n\n\n<div style=\"height:40px\" aria-hidden=\"true\" class=\"wp-block-spacer\"><\/div>\n\n\n\n<p>Elle d\u00e9sire entrer au Carmel, mais son tuteur cherche \u00e0 la marier&nbsp;:<\/p>\n\n\n\n<div style=\"height:30px\" aria-hidden=\"true\" class=\"wp-block-spacer\"><\/div>\n\n\n\n<p><em>\u00abJ\u2019avais dix-huit ans et demi&nbsp;: la conversation tomba, \u00e9videmment \u00e0 dessein, sur un sujet qui jusque-l\u00e0 avait \u00e9t\u00e9 compl\u00e8tement n\u00e9glig\u00e9&nbsp;; on finit par me faire \u00e0 mots couverts une vraie proposition de mariage. L\u2019inconnu rougit et baissa les yeux, car j\u2019avais r\u00e9pondu par un sourire ironique qui avait atterr\u00e9 les t\u00e9moins. Qu\u2019\u00e9tait-il arriv\u00e9&nbsp;? <strong>Mon divin Fianc\u00e9 s\u2019\u00e9tait montr\u00e9 aux yeux de mon \u00e2me<\/strong>, non plus comme aux premiers jours de ma vie, en tant que Dieu, dans le sein de son P\u00e8re, mais en tant qu\u2019homme dans tout l\u2019\u00e9clat de sa jeunesse et de sa virginale beaut\u00e9. Il s\u2019\u00e9tait plac\u00e9 \u00e0 c\u00f4t\u00e9 de son rival, et du regard, oh&nbsp;! quel regard&nbsp;! il me dit&nbsp;: compare&#8230; Or, la diff\u00e9rence \u00e9tait insoutenable&#8230;\u00bb <\/em>(p. 173)<\/p>\n\n\n\n<div style=\"height:40px\" aria-hidden=\"true\" class=\"wp-block-spacer\"><\/div>\n\n\n\n<div style=\"height:40px\" aria-hidden=\"true\" class=\"wp-block-spacer\"><\/div>\n\n\n\n<div class=\"wp-block-media-text is-stacked-on-mobile\" style=\"grid-template-columns:21% auto\"><figure class=\"wp-block-media-text__media\"><img loading=\"lazy\" decoding=\"async\" width=\"710\" height=\"1024\" src=\"https:\/\/carmel-creteil.org\/wp-content\/uploads\/2025\/07\/Saxe-chapelle-710x1024.jpg\" alt=\"\" class=\"wp-image-843 size-full\"\/><\/figure><div class=\"wp-block-media-text__content\">\n<p>Enfin, le 27 ao\u00fbt 1859, <strong>le Carmel de l\u2019Avenue de Saxe<\/strong>, \u00e0 Paris (actuellement \u00e0 Cr\u00e9teil) <strong>lui ouvre ses portes.<\/strong><\/p>\n<\/div><\/div>\n\n\n\n<div style=\"height:40px\" aria-hidden=\"true\" class=\"wp-block-spacer\"><\/div>\n\n\n\n<p>La solitude, le silence, l\u2019amour de la Personne de Notre Seigneur, ces caract\u00e9ristiques de la vie carm\u00e9litaine correspondaient \u00e0 ses attraits profonds. Malgr\u00e9 sa faible sant\u00e9, elle est admise \u00e0 la Profession. Pendant la retraite qui la pr\u00e9pare \u00e0 ce grand acte, elle re\u00e7oit une vive lumi\u00e8re sur l\u2019\u00e2me de Notre Seigneur. C\u2019est \u00e0 cette source in\u00e9puisable de gr\u00e2ce et de saintet\u00e9, l\u2019Ame du Christ, que Soeur Marie Aim\u00e9e de J\u00e9sus va puiser d\u00e9sormais pour sa vie spirituelle.<\/p>\n\n\n\n<div style=\"height:20px\" aria-hidden=\"true\" class=\"wp-block-spacer\"><\/div>\n\n\n\n<p><em>\u00abJ\u2019avais vingt-deux ans, mon mariage mystique avec l\u2019\u00c9poux des vierges venait d\u2019\u00eatre conclu, son amour seul l\u2019y avait contraint, je n\u2019en pouvais douter&nbsp;! J\u2019avais donc <strong>son c\u0153ur<\/strong>, ce c\u0153ur tant aim\u00e9 et si digne de l\u2019\u00eatre. Oui, mais ce n\u2019\u00e9tait point assez, et J\u00e9sus voulut me r\u00e9v\u00e9ler d\u00e9finitivement et au grand jour <strong>ce qu\u2019il y a en lui de plus intime<\/strong>, en m\u00eame temps que me faire don de ce qu\u2019il a de plus cher, <strong>son \u00e2me&nbsp;!<\/strong>\u00bb<\/em> (p. 304).<\/p>\n\n\n\n<div style=\"height:40px\" aria-hidden=\"true\" class=\"wp-block-spacer\"><\/div>\n\n\n\n<p class=\"has-text-align-center\" style=\"font-size:18px\">La troisi\u00e8me fen\u00eatre ouverte \u00e0 droite est celle de la cellule o\u00f9 elle e\u00fbt la vision de l&rsquo;\u00c2me Sainte<\/p>\n\n\n\n<div style=\"height:20px\" aria-hidden=\"true\" class=\"wp-block-spacer\"><\/div>\n\n\n\n<figure class=\"wp-block-image aligncenter size-large is-resized\"><img loading=\"lazy\" decoding=\"async\" width=\"1024\" height=\"657\" src=\"https:\/\/carmel-creteil.org\/wp-content\/uploads\/2025\/08\/Saxe-cloitre-1-1024x657.jpg\" alt=\"\" class=\"wp-image-1411\" style=\"width:814px;height:auto\"\/><\/figure>\n\n\n\n<div style=\"height:40px\" aria-hidden=\"true\" class=\"wp-block-spacer\"><\/div>\n\n\n\n<p>Le jour de sa Profession, elle s\u2019\u00e9crie&nbsp;: <em>\u00ab<strong>Je ne suis plus \u00e0 moi, je suis \u00e0 J\u00e9sus-Christ, \u00e0 l\u2019<\/strong><\/em><strong><em>\u00c9glise et aux \u00e2mes<\/em><\/strong><em>\u2026\u00bb<\/em> (p. 309)<\/p>\n\n\n\n<div style=\"height:40px\" aria-hidden=\"true\" class=\"wp-block-spacer\"><\/div>\n\n\n\n<p>Le Seigneur lui montre vite qu\u2019il a agr\u00e9\u00e9 l\u2019offrande totale d\u2019elle-m\u00eame qu\u2019elle lui a faite au jour de ses voeux : \u00e9preuves de toutes sortes, nuit de l\u2019esprit, rendent son amour plus pur et plus d\u00e9pouill\u00e9, capable de la grande oeuvre que Dieu va lui demander.<\/p>\n\n\n\n<div style=\"height:40px\" aria-hidden=\"true\" class=\"wp-block-spacer\"><\/div>\n\n\n\n<p>En 1863 para\u00eet le livre de Renan niant la divinit\u00e9 de J\u00e9sus-Christ. <\/p>\n\n\n\n<p>Bless\u00e9e au vif dans son amour d\u2019\u00e9pouse, Soeur Marie Aim\u00e9e saisit la plume sous l\u2019inspiration de l\u2019Esprit Saint : &nbsp;\u00ab\u00a0J\u2019ai aim\u00e9, c\u2019est pourquoi j\u2019ai \u00e9crit\u00a0\u00bb&nbsp;, dira-t-elle plus tard pour d\u00e9finir son oeuvre. <\/p>\n\n\n\n<p>Ce que j\u2019ai \u00e9crit, c\u2019est ce que ma foi, la foi de l\u2019Eglise, ne pouvait plus garder au fond de mon \u00e2me d\u2019\u00e9pouse : \u00e0 savoir que J\u00e9sus est le Fils \u00e9ternel du P\u00e8re \u00e9ternel, Dieu de Dieu, lumi\u00e8re de lumi\u00e8re, vrai Dieu de vrai Dieu, incarn\u00e9 dans le temps et fait homme dans le chaste sein de la Vierge Marie par l\u2019op\u00e9ration du Saint Esprit. <\/p>\n\n\n\n<p>Ainsi naquit le livre intitul\u00e9 : &nbsp;<\/p>\n\n\n\n<p class=\"has-text-align-center\"><strong>\u00ab\u00a0J\u00e9sus-Christ est le fils de Dieu\u00a0\u00bb&nbsp;. <\/strong><\/p>\n\n\n\n<div style=\"height:40px\" aria-hidden=\"true\" class=\"wp-block-spacer\"><\/div>\n\n\n\n<figure class=\"wp-block-image aligncenter size-full is-resized\"><img loading=\"lazy\" decoding=\"async\" width=\"400\" height=\"264\" src=\"https:\/\/carmel-creteil.org\/wp-content\/uploads\/2025\/07\/carmel-avenue-de-saxe-2.jpg\" alt=\"\" class=\"wp-image-489\" style=\"width:914px;height:auto\" srcset=\"https:\/\/carmel-creteil.org\/wp-content\/uploads\/2025\/07\/carmel-avenue-de-saxe-2.jpg 400w, https:\/\/carmel-creteil.org\/wp-content\/uploads\/2025\/07\/carmel-avenue-de-saxe-2-300x198.jpg 300w\" sizes=\"auto, (max-width: 400px) 100vw, 400px\" \/><\/figure>\n\n\n\n<div style=\"height:40px\" aria-hidden=\"true\" class=\"wp-block-spacer\"><\/div>\n\n\n\n<p>C\u2019est une merveille que cette petite paysanne du Rozel, sans pr\u00e9paration humaine, ait pu \u00e9crire un ouvrage d\u2019un telle pr\u00e9cision th\u00e9ologique. Visiblement l\u2019Esprit Saint \u00e9tait \u00e0 l\u2019oeuvre, le Seigneur l\u2019instruisait. <\/p>\n\n\n\n<p>C\u2019est la Sainte Ecriture, surtout l\u2019Evangile, qui sert de base \u00e0 son expos\u00e9, chaque chapitre comportant une application pratique \u00e0 la vie int\u00e9rieure.<\/p>\n\n\n\n<div style=\"height:40px\" aria-hidden=\"true\" class=\"wp-block-spacer\"><\/div>\n\n\n\n<p>Pendant la guerre de 1870-71 et les horreurs de la Commune, Soeur Marie Aim\u00e9e soutient ses soeurs par sa tranquille confiance et son inalt\u00e9rable paix int\u00e9rieure.<\/p>\n\n\n\n<div style=\"height:40px\" aria-hidden=\"true\" class=\"wp-block-spacer\"><\/div>\n\n\n\n<p class=\"has-text-align-center has-custom-cr-me-background-color has-background\" style=\"border-style:none;border-width:0px;padding-top:0;padding-right:0;padding-bottom:0;padding-left:0;font-size:19px\">Statue du Sacr\u00e9-Coeur avec laquelle Soeur Marie-Aim\u00e9e dansa, dans un transport d&rsquo;amour (conserv\u00e9e au Carmel)<\/p>\n\n\n\n<div style=\"height:40px\" aria-hidden=\"true\" class=\"wp-block-spacer\"><\/div>\n\n\n\n<figure class=\"wp-block-image aligncenter is-resized\"><img loading=\"lazy\" decoding=\"async\" width=\"768\" height=\"1024\" src=\"https:\/\/carmel-creteil.org\/wp-content\/uploads\/2025\/07\/IMG_1620-768x1024.jpg\" alt=\"\" class=\"wp-image-647\" style=\"width:485px;height:auto\"\/><\/figure>\n\n\n\n<div style=\"height:40px\" aria-hidden=\"true\" class=\"wp-block-spacer\"><\/div>\n\n\n\n<p><em>\u00abSa chair et son sang me servent de nourriture, je suis sa bien-aim\u00e9e de toute \u00e9ternit\u00e9. <strong>Il a fait une transfusion de son \u00c2me dans mon \u00e2me, il a uni son C\u0153ur \u00e0 mon c\u0153ur\u2026<\/strong>\u00bb <\/em>(p. 828).<\/p>\n\n\n\n<div style=\"height:40px\" aria-hidden=\"true\" class=\"wp-block-spacer\"><\/div>\n\n\n\n<p>Durant les derni\u00e8res ann\u00e9es de sa vie, malgr\u00e9 sa tr\u00e8s faible sant\u00e9, elle a la charge des novices. Pendant qu\u2019avec z\u00e8le et amour elle forme des \u00e2mes pour son Seigneur, Lui-m\u00eame perfectionne son oeuvre en son \u00e2me.<\/p>\n\n\n\n<div style=\"height:40px\" aria-hidden=\"true\" class=\"wp-block-spacer\"><\/div>\n\n\n\n<p>Atteinte par une mauvaise grippe qui d\u00e9g\u00e9n\u00e8re en pleur\u00e9sie, <strong>elle meurt <\/strong>dans un ultime \u00e9lan d\u2019amour vers son J\u00e9sus apr\u00e8s avoir partag\u00e9 avec lui l\u2019\u00e9preuve de l\u2019abandon de Dieu, <strong>le 4 mai 1874.<\/strong><\/p>\n\n\n\n<div style=\"height:40px\" aria-hidden=\"true\" class=\"wp-block-spacer\"><\/div>\n\n\n\n<p style=\"font-size:33px\"><em>&nbsp;\u00ab<strong>En apprenant \u00e0 conna\u00eetre &nbsp;l\u2019\u00c2me de Notre-Seigneur, les hommes se souviendront qu\u2019eux aussi ils ont une \u00e2me et ils seront port\u00e9s \u00e0 l\u2019\u00e9tudier&nbsp;; et en aimant celle du Fils de Dieu, ils se sentiront attir\u00e9s \u00e0 l\u2019imiter\u00bb<\/strong> <\/em>(p.896).<\/p>\n\n\n\n<div style=\"height:40px\" aria-hidden=\"true\" class=\"wp-block-spacer\"><\/div>\n\n\n\n<p class=\"has-text-align-center\" style=\"font-size:28px\">Pour en savoir plus :<\/p>\n\n\n\n<p class=\"has-text-align-center has-large-font-size\"><a href=\"http:\/\/www.soeurmarieaimeedejesus.carmel-creteil.org\"><strong><em>www.soeurmarieaimee<\/em><\/strong><\/a><\/p>\n\n\n\n<p class=\"has-text-align-center has-large-font-size\"><a href=\"http:\/\/www.soeurmarieaimeedejesus.carmel-creteil.org\"><strong><em>dejesus.carmel-creteil.org<\/em><\/strong><\/a><\/p>\n\n\n\n<div style=\"height:40px\" aria-hidden=\"true\" class=\"wp-block-spacer\"><\/div>\n\n\n\n<p class=\"has-text-align-right has-medium-font-size\">D\u00e9couvrir <a href=\"https:\/\/carmel-creteil.org\/index.php\/notre-histoire\/figures-venerees\/mere-camille-site-carmel\/\" data-type=\"page\" data-id=\"662\"><strong><em>M\u00e8re Camille <\/em><\/strong><\/a><\/p>\n\n\n\n<div style=\"height:76px\" aria-hidden=\"true\" class=\"wp-block-spacer\"><\/div>\n\n\n<nav class=\"is-responsive items-justified-center wp-block-navigation is-content-justification-center is-layout-flex wp-container-core-navigation-is-layout-a89b3969 wp-block-navigation-is-layout-flex\" aria-label=\"Menu 2\" \n\t\t data-wp-interactive=\"core\/navigation\" data-wp-context='{\"overlayOpenedBy\":{\"click\":false,\"hover\":false,\"focus\":false},\"type\":\"overlay\",\"roleAttribute\":\"\",\"ariaLabel\":\"Menu\"}'><button aria-haspopup=\"dialog\" aria-label=\"Ouvrir le menu\" class=\"wp-block-navigation__responsive-container-open\" \n\t\t\t\tdata-wp-on--click=\"actions.openMenuOnClick\"\n\t\t\t\tdata-wp-on--keydown=\"actions.handleMenuKeydown\"\n\t\t\t><svg width=\"24\" height=\"24\" xmlns=\"http:\/\/www.w3.org\/2000\/svg\" viewBox=\"0 0 24 24\"><path d=\"M5 5v1.5h14V5H5z\"><\/path><path d=\"M5 12.8h14v-1.5H5v1.5z\"><\/path><path d=\"M5 19h14v-1.5H5V19z\"><\/path><\/svg><\/button>\n\t\t\t\t<div class=\"wp-block-navigation__responsive-container  has-text-color has-custom-marron-fonc-color has-background has-custom-cr-me-opaque-background-color\"  id=\"modal-4\" \n\t\t\t\tdata-wp-class--has-modal-open=\"state.isMenuOpen\"\n\t\t\t\tdata-wp-class--is-menu-open=\"state.isMenuOpen\"\n\t\t\t\tdata-wp-watch=\"callbacks.initMenu\"\n\t\t\t\tdata-wp-on--keydown=\"actions.handleMenuKeydown\"\n\t\t\t\tdata-wp-on--focusout=\"actions.handleMenuFocusout\"\n\t\t\t\ttabindex=\"-1\"\n\t\t\t>\n\t\t\t\t\t<div class=\"wp-block-navigation__responsive-close\" tabindex=\"-1\">\n\t\t\t\t\t\t<div class=\"wp-block-navigation__responsive-dialog\" \n\t\t\t\tdata-wp-bind--aria-modal=\"state.ariaModal\"\n\t\t\t\tdata-wp-bind--aria-label=\"state.ariaLabel\"\n\t\t\t\tdata-wp-bind--role=\"state.roleAttribute\"\n\t\t\t>\n\t\t\t\t\t\t\t<button aria-label=\"Fermer le menu\" class=\"wp-block-navigation__responsive-container-close\" \n\t\t\t\tdata-wp-on--click=\"actions.closeMenuOnClick\"\n\t\t\t><svg xmlns=\"http:\/\/www.w3.org\/2000\/svg\" viewBox=\"0 0 24 24\" width=\"24\" height=\"24\" aria-hidden=\"true\" focusable=\"false\"><path d=\"m13.06 12 6.47-6.47-1.06-1.06L12 10.94 5.53 4.47 4.47 5.53 10.94 12l-6.47 6.47 1.06 1.06L12 13.06l6.47 6.47 1.06-1.06L13.06 12Z\"><\/path><\/svg><\/button>\n\t\t\t\t\t\t\t<div class=\"wp-block-navigation__responsive-container-content\" \n\t\t\t\tdata-wp-watch=\"callbacks.focusFirstElement\"\n\t\t\t id=\"modal-4-content\">\n\t\t\t\t\t\t\t\t<ul class=\"wp-block-navigation__container is-responsive items-justified-center wp-block-navigation\"><li style=\"text-decoration:underline;\" class=\" wp-block-navigation-item wp-block-navigation-link\"><a class=\"wp-block-navigation-item__content\"  href=\"https:\/\/carmel-creteil.org\/\"><span class=\"wp-block-navigation-item__label\">Accueil<\/span><\/a><\/li><li style=\"text-decoration:underline;\" class=\" wp-block-navigation-item wp-block-navigation-link\"><a class=\"wp-block-navigation-item__content\"  href=\"https:\/\/carmel-creteil.org\/?page_id=297&#038;preview=true\"><span class=\"wp-block-navigation-item__label\">Notre Histoire<\/span><\/a><\/li><li style=\"text-decoration:underline;\" class=\" wp-block-navigation-item wp-block-navigation-link\"><a class=\"wp-block-navigation-item__content\"  href=\"https:\/\/carmel-creteil.org\/index.php\/le-monastere-aujourdhui-a-creteil\/\"><span class=\"wp-block-navigation-item__label\">Le monast\u00e8re aujourd\u2019hui<\/span><\/a><\/li><li style=\"text-decoration:underline;\" class=\" wp-block-navigation-item wp-block-navigation-link\"><a class=\"wp-block-navigation-item__content\"  href=\"https:\/\/carmel-creteil.org\/index.php\/venir-prier\/\"><span class=\"wp-block-navigation-item__label\">Venir prier<\/span><\/a><\/li><li style=\"text-decoration:underline;\" class=\" wp-block-navigation-item wp-block-navigation-link\"><a class=\"wp-block-navigation-item__content\"  href=\"https:\/\/carmel-creteil.org\/index.php\/notre-travail\/\"><span class=\"wp-block-navigation-item__label\">Notre travail<\/span><\/a><\/li><li style=\"text-decoration:underline;\" class=\" wp-block-navigation-item wp-block-navigation-link\"><a class=\"wp-block-navigation-item__content\"  href=\"https:\/\/carmel-creteil.org\/index.php\/coordonnees-et-offices\/\"><span class=\"wp-block-navigation-item__label\">Nous contacter<\/span><\/a><\/li><li style=\"text-decoration:underline;\" class=\" wp-block-navigation-item wp-block-navigation-link\"><a class=\"wp-block-navigation-item__content\"  href=\"https:\/\/carmel-creteil.org\/index.php\/nous-aider\/\"><span class=\"wp-block-navigation-item__label\">Nous aider<\/span><\/a><\/li><\/ul>\n\t\t\t\t\t\t\t<\/div>\n\t\t\t\t\t\t<\/div>\n\t\t\t\t\t<\/div>\n\t\t\t\t<\/div><\/nav>\n\n\n<div style=\"height:50px\" aria-hidden=\"true\" class=\"wp-block-spacer\"><\/div>\n\n\n\n<p class=\"has-text-align-center\">\u00a9<em>Tous droits r\u00e9serv\u00e9s \u2013 Carmel sainte Th\u00e9r\u00e8se de Cr\u00e9teil<\/em><\/p>\n\n\n\n<p><\/p>\n","protected":false},"excerpt":{"rendered":"<p>\u00abVous qui venez de quitter le monde, est-il bien vrai qu\u2019il y a des \u00e2mes qui n\u2019aiment pas notre J\u00e9sus&nbsp;?&nbsp;\u00bb&nbsp;: ainsi s\u2019adressait S\u0153ur Marie-Aim\u00e9e de J\u00e9sus, \u00e0 l\u2019une de ses novices. \u00abH\u00e9las, oui&nbsp;!\u2026\u00bb \u00abCe n\u2019est pas la premi\u00e8re fois qu\u2019on me le dit, r\u00e9pliqua Soeur Marie-Aim\u00e9e, je le crois un instant, et apr\u00e8s, je ne [&hellip;]<\/p>\n","protected":false},"author":1,"featured_media":0,"parent":428,"menu_order":6,"comment_status":"closed","ping_status":"closed","template":"","meta":{"footnotes":""},"class_list":["post-1390","page","type-page","status-publish","hentry"],"_links":{"self":[{"href":"https:\/\/carmel-creteil.org\/index.php\/wp-json\/wp\/v2\/pages\/1390","targetHints":{"allow":["GET"]}}],"collection":[{"href":"https:\/\/carmel-creteil.org\/index.php\/wp-json\/wp\/v2\/pages"}],"about":[{"href":"https:\/\/carmel-creteil.org\/index.php\/wp-json\/wp\/v2\/types\/page"}],"author":[{"embeddable":true,"href":"https:\/\/carmel-creteil.org\/index.php\/wp-json\/wp\/v2\/users\/1"}],"replies":[{"embeddable":true,"href":"https:\/\/carmel-creteil.org\/index.php\/wp-json\/wp\/v2\/comments?post=1390"}],"version-history":[{"count":49,"href":"https:\/\/carmel-creteil.org\/index.php\/wp-json\/wp\/v2\/pages\/1390\/revisions"}],"predecessor-version":[{"id":1735,"href":"https:\/\/carmel-creteil.org\/index.php\/wp-json\/wp\/v2\/pages\/1390\/revisions\/1735"}],"up":[{"embeddable":true,"href":"https:\/\/carmel-creteil.org\/index.php\/wp-json\/wp\/v2\/pages\/428"}],"wp:attachment":[{"href":"https:\/\/carmel-creteil.org\/index.php\/wp-json\/wp\/v2\/media?parent=1390"}],"curies":[{"name":"wp","href":"https:\/\/api.w.org\/{rel}","templated":true}]}}