{"id":224,"date":"2025-07-25T08:09:11","date_gmt":"2025-07-25T08:09:11","guid":{"rendered":"https:\/\/carmel-creteil.org\/?page_id=224"},"modified":"2026-04-11T17:33:15","modified_gmt":"2026-04-11T17:33:15","slug":"aujourdhui","status":"publish","type":"page","link":"https:\/\/carmel-creteil.org\/index.php\/le-monastere-aujourdhui-a-creteil\/aujourdhui\/","title":{"rendered":"Une journ\u00e9e au Carmel"},"content":{"rendered":"<nav class=\"is-responsive items-justified-center wp-block-navigation is-content-justification-center is-layout-flex wp-container-core-navigation-is-layout-a89b3969 wp-block-navigation-is-layout-flex\" aria-label=\"Menu\" \n\t\t data-wp-interactive=\"core\/navigation\" data-wp-context='{\"overlayOpenedBy\":{\"click\":false,\"hover\":false,\"focus\":false},\"type\":\"overlay\",\"roleAttribute\":\"\",\"ariaLabel\":\"Menu\"}'><button aria-haspopup=\"dialog\" aria-label=\"Ouvrir le menu\" class=\"wp-block-navigation__responsive-container-open\" \n\t\t\t\tdata-wp-on--click=\"actions.openMenuOnClick\"\n\t\t\t\tdata-wp-on--keydown=\"actions.handleMenuKeydown\"\n\t\t\t><svg width=\"24\" height=\"24\" xmlns=\"http:\/\/www.w3.org\/2000\/svg\" viewBox=\"0 0 24 24\"><path d=\"M5 5v1.5h14V5H5z\"><\/path><path d=\"M5 12.8h14v-1.5H5v1.5z\"><\/path><path d=\"M5 19h14v-1.5H5V19z\"><\/path><\/svg><\/button>\n\t\t\t\t<div class=\"wp-block-navigation__responsive-container  has-text-color has-custom-marron-fonc-color has-background has-custom-cr-me-opaque-background-color\"  id=\"modal-1\" \n\t\t\t\tdata-wp-class--has-modal-open=\"state.isMenuOpen\"\n\t\t\t\tdata-wp-class--is-menu-open=\"state.isMenuOpen\"\n\t\t\t\tdata-wp-watch=\"callbacks.initMenu\"\n\t\t\t\tdata-wp-on--keydown=\"actions.handleMenuKeydown\"\n\t\t\t\tdata-wp-on--focusout=\"actions.handleMenuFocusout\"\n\t\t\t\ttabindex=\"-1\"\n\t\t\t>\n\t\t\t\t\t<div class=\"wp-block-navigation__responsive-close\" tabindex=\"-1\">\n\t\t\t\t\t\t<div class=\"wp-block-navigation__responsive-dialog\" \n\t\t\t\tdata-wp-bind--aria-modal=\"state.ariaModal\"\n\t\t\t\tdata-wp-bind--aria-label=\"state.ariaLabel\"\n\t\t\t\tdata-wp-bind--role=\"state.roleAttribute\"\n\t\t\t>\n\t\t\t\t\t\t\t<button aria-label=\"Fermer le menu\" class=\"wp-block-navigation__responsive-container-close\" \n\t\t\t\tdata-wp-on--click=\"actions.closeMenuOnClick\"\n\t\t\t><svg xmlns=\"http:\/\/www.w3.org\/2000\/svg\" viewBox=\"0 0 24 24\" width=\"24\" height=\"24\" aria-hidden=\"true\" focusable=\"false\"><path d=\"m13.06 12 6.47-6.47-1.06-1.06L12 10.94 5.53 4.47 4.47 5.53 10.94 12l-6.47 6.47 1.06 1.06L12 13.06l6.47 6.47 1.06-1.06L13.06 12Z\"><\/path><\/svg><\/button>\n\t\t\t\t\t\t\t<div class=\"wp-block-navigation__responsive-container-content\" \n\t\t\t\tdata-wp-watch=\"callbacks.focusFirstElement\"\n\t\t\t id=\"modal-1-content\">\n\t\t\t\t\t\t\t\t<ul class=\"wp-block-navigation__container is-responsive items-justified-center wp-block-navigation\"><li style=\"text-decoration:underline;\" class=\" wp-block-navigation-item wp-block-navigation-link\"><a class=\"wp-block-navigation-item__content\"  href=\"https:\/\/carmel-creteil.org\/\"><span class=\"wp-block-navigation-item__label\">Accueil<\/span><\/a><\/li><li style=\"text-decoration:underline;\" class=\" wp-block-navigation-item wp-block-navigation-link\"><a class=\"wp-block-navigation-item__content\"  href=\"https:\/\/carmel-creteil.org\/?page_id=297&#038;preview=true\"><span class=\"wp-block-navigation-item__label\">Notre Histoire<\/span><\/a><\/li><li style=\"text-decoration:underline;\" class=\" wp-block-navigation-item wp-block-navigation-link\"><a class=\"wp-block-navigation-item__content\"  href=\"https:\/\/carmel-creteil.org\/index.php\/le-monastere-aujourdhui-a-creteil\/\"><span class=\"wp-block-navigation-item__label\">Le monast\u00e8re aujourd\u2019hui<\/span><\/a><\/li><li style=\"text-decoration:underline;\" class=\" wp-block-navigation-item wp-block-navigation-link\"><a class=\"wp-block-navigation-item__content\"  href=\"https:\/\/carmel-creteil.org\/index.php\/venir-prier\/\"><span class=\"wp-block-navigation-item__label\">Venir prier<\/span><\/a><\/li><li style=\"text-decoration:underline;\" class=\" wp-block-navigation-item wp-block-navigation-link\"><a class=\"wp-block-navigation-item__content\"  href=\"https:\/\/carmel-creteil.org\/index.php\/notre-travail\/\"><span class=\"wp-block-navigation-item__label\">Notre travail<\/span><\/a><\/li><li style=\"text-decoration:underline;\" class=\" wp-block-navigation-item wp-block-navigation-link\"><a class=\"wp-block-navigation-item__content\"  href=\"https:\/\/carmel-creteil.org\/index.php\/coordonnees-et-offices\/\"><span class=\"wp-block-navigation-item__label\">Nous contacter<\/span><\/a><\/li><li style=\"text-decoration:underline;\" class=\" wp-block-navigation-item wp-block-navigation-link\"><a class=\"wp-block-navigation-item__content\"  href=\"https:\/\/carmel-creteil.org\/index.php\/nous-aider\/\"><span class=\"wp-block-navigation-item__label\">Nous aider<\/span><\/a><\/li><\/ul>\n\t\t\t\t\t\t\t<\/div>\n\t\t\t\t\t\t<\/div>\n\t\t\t\t\t<\/div>\n\t\t\t\t<\/div><\/nav>\n\n\n<div style=\"height:66px\" aria-hidden=\"true\" class=\"wp-block-spacer\"><\/div>\n\n\n\n<h2 class=\"wp-block-heading has-x-large-font-size\">Une journ\u00e9e au Carmel<\/h2>\n\n\n\n<div style=\"height:39px\" aria-hidden=\"true\" class=\"wp-block-spacer\"><\/div>\n\n\n\n<div class=\"wp-block-group is-layout-constrained wp-block-group-is-layout-constrained\">\n<div class=\"wp-block-columns is-layout-flex wp-container-core-columns-is-layout-28f84493 wp-block-columns-is-layout-flex\">\n<div class=\"wp-block-column is-layout-flow wp-block-column-is-layout-flow\" style=\"flex-basis:20%\"><\/div>\n\n\n\n<div class=\"wp-block-column is-layout-flow wp-block-column-is-layout-flow\" style=\"flex-basis:80%\">\n<div class=\"wp-block-cover\"><img loading=\"lazy\" decoding=\"async\" width=\"1024\" height=\"768\" class=\"wp-block-cover__image-background wp-image-741\" alt=\"\" src=\"https:\/\/carmel-creteil.org\/wp-content\/uploads\/2025\/07\/Coucher-de-soleil-1024x768.jpg\" style=\"object-position:61% 80%\" data-object-fit=\"cover\" data-object-position=\"61% 80%\"\/><span aria-hidden=\"true\" class=\"wp-block-cover__background has-background-dim-0 has-background-dim\"><\/span><div class=\"wp-block-cover__inner-container is-layout-flow wp-block-cover-is-layout-flow\">\n<div style=\"height:23px\" aria-hidden=\"true\" class=\"wp-block-spacer\"><\/div>\n\n\n\n<div style=\"height:40px\" aria-hidden=\"true\" class=\"wp-block-spacer\"><\/div>\n\n\n\n<div style=\"height:100px\" aria-hidden=\"true\" class=\"wp-block-spacer\"><\/div>\n\n\n\n<div style=\"height:41px\" aria-hidden=\"true\" class=\"wp-block-spacer\"><\/div>\n\n\n\n<div style=\"height:43px\" aria-hidden=\"true\" class=\"wp-block-spacer\"><\/div>\n\n\n\n<div style=\"height:73px\" aria-hidden=\"true\" class=\"wp-block-spacer\"><\/div>\n\n\n\n<p class=\"has-text-align-right\">Lever de soleil un matin d&rsquo;hiver<\/p>\n<\/div><\/div>\n<\/div>\n<\/div>\n<\/div>\n\n\n\n<div style=\"height:40px\" aria-hidden=\"true\" class=\"wp-block-spacer\"><\/div>\n\n\n\n<p><strong>Lever<\/strong> \u00e0 5h45<\/p>\n\n\n\n<div style=\"height:40px\" aria-hidden=\"true\" class=\"wp-block-spacer\"><\/div>\n\n\n\n<div class=\"wp-block-group is-vertical is-layout-flex wp-container-core-group-is-layout-fe9cc265 wp-block-group-is-layout-flex\">\n<div class=\"wp-block-media-text is-stacked-on-mobile\" style=\"grid-template-columns:56% auto\"><figure class=\"wp-block-media-text__media\"><img loading=\"lazy\" decoding=\"async\" width=\"1024\" height=\"768\" src=\"https:\/\/carmel-creteil.org\/wp-content\/uploads\/2025\/07\/Le-choeur-1024x768.png\" alt=\"\" class=\"wp-image-734 size-full\"\/><\/figure><div class=\"wp-block-media-text__content\">\n<div style=\"height:40px\" aria-hidden=\"true\" class=\"wp-block-spacer\"><\/div>\n\n\n\n<p class=\"has-medium-font-size\">De 6h \u00e0 7h : <strong>Oraison<\/strong> silencieuse au <strong>Choeur<\/strong><\/p>\n<\/div><\/div>\n<\/div>\n\n\n\n<div style=\"height:40px\" aria-hidden=\"true\" class=\"wp-block-spacer\"><\/div>\n\n\n\n<div class=\"wp-block-columns is-layout-flex wp-container-core-columns-is-layout-28f84493 wp-block-columns-is-layout-flex\">\n<div class=\"wp-block-column is-layout-flow wp-block-column-is-layout-flow\" style=\"flex-basis:30%\"><\/div>\n\n\n\n<div class=\"wp-block-column is-layout-flow wp-block-column-is-layout-flow\" style=\"flex-basis:70%\">\n<blockquote class=\"wp-block-quote is-layout-flow wp-block-quote-is-layout-flow\" style=\"border-radius:0px;padding-top:var(--wp--preset--spacing--50);padding-right:var(--wp--preset--spacing--80);padding-bottom:var(--wp--preset--spacing--50);padding-left:var(--wp--preset--spacing--80);line-height:1.6\">\n<p style=\"margin-top:0;margin-right:0;margin-bottom:0;margin-left:0;font-size:25px\"><em> <strong>\u00ab\u00a0&#8230;l\u2019oraison mentale n\u2019est rien d\u2019autre, \u00e0 mon avis, qu\u2019un commerce d\u2019amiti\u00e9 o\u00f9 l\u2019on s\u2019entretient souvent et intimement avec Celui dont nous savons qu\u2019il nous aime.<\/strong><br><\/em><\/p>\n<cite>Notre M\u00e8re Sainte Th\u00e9r\u00e8se d\u2019Avila, <em>Vie<\/em> 8<\/cite><\/blockquote>\n<\/div>\n<\/div>\n\n\n\n<p class=\"has-text-align-right\">. <\/p>\n\n\n\n<p>7h Frustulum au r\u00e9fectoire<\/p>\n\n\n\n<div style=\"height:40px\" aria-hidden=\"true\" class=\"wp-block-spacer\"><\/div>\n\n\n\n<div class=\"wp-block-media-text alignwide is-stacked-on-mobile is-vertically-aligned-top is-image-fill-element\"><figure class=\"wp-block-media-text__media\"><img loading=\"lazy\" decoding=\"async\" width=\"1024\" height=\"790\" src=\"https:\/\/carmel-creteil.org\/wp-content\/uploads\/2025\/07\/Au-choeur-1024x790.jpg\" alt=\"\" class=\"wp-image-750 size-full\" style=\"object-position:50% 50%\"\/><\/figure><div class=\"wp-block-media-text__content\">\n<div style=\"height:52px\" aria-hidden=\"true\" class=\"wp-block-spacer\"><\/div>\n\n\n\n<p class=\"has-text-align-center\">7h10 <strong>Laudes et martyrologe<\/strong><\/p>\n\n\n\n<p class=\"has-text-align-left\">L&rsquo;Office divin est psalmodi\u00e9 <strong>recto tono, dans la tradition d\u00e9pouill\u00e9e du Carmel<\/strong>, avec le <strong>br\u00e9viaire romain en latin.<\/strong><\/p>\n\n\n\n<p style=\"line-height:1.3\"><\/p>\n<\/div><\/div>\n\n\n\n<div class=\"wp-block-media-text has-media-on-the-right is-stacked-on-mobile\" style=\"grid-template-columns:auto 44%\"><div class=\"wp-block-media-text__content\">\n<div style=\"height:54px\" aria-hidden=\"true\" class=\"wp-block-spacer\"><\/div>\n\n\n\n<p>8h15 Tierce<\/p>\n\n\n\n<p class=\"has-text-align-left\">Les jours de f\u00eate, on porte le manteau blanc comme \u00e0 <strong>la messe quotidienne de 8h30<\/strong>.<\/p>\n\n\n\n<p class=\"has-text-align-left\"><strong>Les dimanches et f\u00eates, la sainte messe est chant\u00e9e avec le Kyriale en gr\u00e9gorien.<\/strong><\/p>\n\n\n\n<p class=\"has-text-align-left\">Voir : <a href=\"https:\/\/carmel-creteil.org\/index.php\/venir-prier\/\" data-type=\"page\" data-id=\"226\"><em><strong>Venir prier<\/strong><\/em><\/a><\/p>\n\n\n\n<p>Le chapelet est r\u00e9cit\u00e9 en commun, r\u00e9parti apr\u00e8s les offices et les r\u00e9cr\u00e9ations.<\/p>\n<\/div><figure class=\"wp-block-media-text__media\"><img loading=\"lazy\" decoding=\"async\" width=\"768\" height=\"1024\" src=\"https:\/\/carmel-creteil.org\/wp-content\/uploads\/2025\/07\/IMG_20250722_090603_7-768x1024.jpg\" alt=\"\" class=\"wp-image-881 size-full\"\/><\/figure><\/div>\n\n\n\n<div style=\"height:80px\" aria-hidden=\"true\" class=\"wp-block-spacer\"><\/div>\n\n\n\n<div class=\"wp-block-columns is-layout-flex wp-container-core-columns-is-layout-28f84493 wp-block-columns-is-layout-flex\">\n<div class=\"wp-block-column is-layout-flow wp-block-column-is-layout-flow\" style=\"flex-basis:0%\"><\/div>\n\n\n\n<div class=\"wp-block-column is-layout-flow wp-block-column-is-layout-flow\" style=\"flex-basis:100%\">\n<div class=\"wp-block-media-text has-media-on-the-right is-stacked-on-mobile is-image-fill-element\" style=\"grid-template-columns:auto 44%\"><div class=\"wp-block-media-text__content\">\n<div class=\"wp-block-media-text has-media-on-the-right is-stacked-on-mobile is-vertically-aligned-center\" style=\"grid-template-columns:auto 58%\"><div class=\"wp-block-media-text__content\">\n<p class=\"has-text-align-left\">Entre l&rsquo;Office et la sainte messe, travail, rangement de <strong>la cellule<\/strong>&#8230;<\/p>\n<\/div><figure class=\"wp-block-media-text__media\"><img loading=\"lazy\" decoding=\"async\" width=\"1024\" height=\"972\" src=\"https:\/\/carmel-creteil.org\/wp-content\/uploads\/2025\/07\/Cellule-1024x972.png\" alt=\"\" class=\"wp-image-735 size-full\"\/><\/figure><\/div>\n\n\n\n<div style=\"height:58px\" aria-hidden=\"true\" class=\"wp-block-spacer\"><\/div>\n\n\n\n<figure class=\"wp-block-pullquote\" style=\"padding-top:var(--wp--preset--spacing--50);padding-bottom:var(--wp--preset--spacing--50);line-height:1.4;text-transform:none\"><blockquote><p><em>Que chacun demeure seul dans sa cellule,<br>m\u00e9ditant jour et nuit la loi du Seigneur<br>et veillant dans la pri\u00e8re, \u00e0 moins qu\u2019il ne soit l\u00e9gitimement occup\u00e9 \u00e0 autre chose<\/em><\/p><cite>Regle du carmel <\/cite><\/blockquote><\/figure>\n<\/div><figure class=\"wp-block-media-text__media\"><img loading=\"lazy\" decoding=\"async\" width=\"768\" height=\"1024\" src=\"https:\/\/carmel-creteil.org\/wp-content\/uploads\/2025\/07\/IMG_20250706_103448_3-768x1024.jpg\" alt=\"\" class=\"wp-image-736 size-full\" style=\"object-position:100% 38%\"\/><\/figure><\/div>\n\n\n\n<div style=\"height:53px\" aria-hidden=\"true\" class=\"wp-block-spacer\"><\/div>\n\n\n\n<figure class=\"wp-block-image aligncenter size-full is-resized\"><img loading=\"lazy\" decoding=\"async\" width=\"400\" height=\"300\" src=\"https:\/\/carmel-creteil.org\/wp-content\/uploads\/2025\/07\/IMG_0968-scaled-e1752934967415.jpg\" alt=\"\" class=\"wp-image-733\" style=\"width:464px;height:auto\"\/><\/figure>\n\n\n\n<div style=\"height:40px\" aria-hidden=\"true\" class=\"wp-block-spacer\"><\/div>\n\n\n\n<p>Apr\u00e8s la messe, un quart d&rsquo;heure d&rsquo;action de gr\u00e2ce puis chacune se rend <strong>\u00e0 son travail<\/strong>.<\/p>\n\n\n\n<figure class=\"wp-block-pullquote\" style=\"border-radius:0px;padding-top:var(--wp--preset--spacing--50);padding-bottom:var(--wp--preset--spacing--50);font-size:14px;line-height:1.6\"><blockquote><p><em>Vous devez vous livrer \u00e0 <strong>quelque travail<\/strong>, afin que le diable vous trouve toujours occup\u00e9s et que votre oisivet\u00e9 ne lui permette pas d\u2019avoir acc\u00e8s \u00e0 vos \u00e2mes. Vous avez en ceci l\u2019enseignement aussi bien que l\u2019exemple de l\u2019ap\u00f4tre saint Paul par la bouche duquel parlait le Christ et qui \u00e9t\u00e9 \u00e9tabli pr\u00e9dicateur et docteur des nations dans la foi et la v\u00e9rit\u00e9 ; si vous le suivez vous ne pourrez pas vous \u00e9garer. C\u2019est dans le labeur, dit-il, et dans la fatigue que nous avons \u00e9t\u00e9 au milieu de vous, travaillant nuit et jour pour n\u2019\u00eatre \u00e0 charge \u00e0 personne. Ce n\u2019est pas que nous n\u2019en eussions le droit, mais c\u2019\u00e9tait afin de vous donner en nous-m\u00eame un exemple \u00e0 imiter. Car, lorsque nous \u00e9tions aupr\u00e8s de vous, nous vous d\u00e9clarions que si quelqu\u2019un ne veut pas travailler il ne doit pas manger. Nous avons appris, en effet, qu\u2019il y en a parmi vous qui errent dans l\u2019inqui\u00e9tude et l\u2019oisivet\u00e9. A ceux qui se comportent de cette mani\u00e8re nous ordonnons donc et nous les conjurons par le Seigneur J\u00e9sus-Christ de <strong>travailler dans le silence et de manger un pain qui leur appartienne<\/strong> (cf.2 Th 3, 7-12). <strong>Telle est la voie sainte et bonne ; suivez-la.<\/strong><\/em><\/p><cite>regle du carmel<\/cite><\/blockquote><\/figure>\n<\/div>\n<\/div>\n\n\n\n<div style=\"height:40px\" aria-hidden=\"true\" class=\"wp-block-spacer\"><\/div>\n\n\n\n<p class=\"has-text-align-center\"><strong>Les travaux sont vari\u00e9s<\/strong> de l&rsquo;artisanat divers au soin des poules, de la couture \u00e0 la comptabilit\u00e9 en passant par les travaux du jardin<\/p>\n\n\n\n<p class=\"has-text-align-center\">et toutes les t\u00e2ches domestiques d&rsquo;une grande famille.<\/p>\n\n\n\n<div style=\"height:40px\" aria-hidden=\"true\" class=\"wp-block-spacer\"><\/div>\n\n\n\n<div class=\"wp-block-columns is-layout-flex wp-container-core-columns-is-layout-28f84493 wp-block-columns-is-layout-flex\">\n<div class=\"wp-block-column is-layout-flow wp-block-column-is-layout-flow\">\n<figure class=\"wp-block-image alignright size-large is-resized\"><img loading=\"lazy\" decoding=\"async\" width=\"768\" height=\"1024\" src=\"https:\/\/carmel-creteil.org\/wp-content\/uploads\/2025\/07\/couture-768x1024.jpg\" alt=\"\" class=\"wp-image-1025\" style=\"width:257px;height:auto\" srcset=\"https:\/\/carmel-creteil.org\/wp-content\/uploads\/2025\/07\/couture-768x1024.jpg 768w, https:\/\/carmel-creteil.org\/wp-content\/uploads\/2025\/07\/couture-225x300.jpg 225w, https:\/\/carmel-creteil.org\/wp-content\/uploads\/2025\/07\/couture-1152x1536.jpg 1152w, https:\/\/carmel-creteil.org\/wp-content\/uploads\/2025\/07\/couture-1536x2048.jpg 1536w, https:\/\/carmel-creteil.org\/wp-content\/uploads\/2025\/07\/couture-scaled.jpg 1920w\" sizes=\"auto, (max-width: 768px) 100vw, 768px\" \/><\/figure>\n<\/div>\n\n\n\n<div class=\"wp-block-column is-layout-flow wp-block-column-is-layout-flow\">\n<figure class=\"wp-block-image size-large is-resized\"><img loading=\"lazy\" decoding=\"async\" width=\"1024\" height=\"907\" src=\"https:\/\/carmel-creteil.org\/wp-content\/uploads\/2025\/07\/scp-1024x907.jpg\" alt=\"\" class=\"wp-image-1026\" style=\"width:273px;height:auto\"\/><\/figure>\n<\/div>\n\n\n\n<div class=\"wp-block-column is-layout-flow wp-block-column-is-layout-flow\">\n<figure class=\"wp-block-image size-large is-resized\"><img loading=\"lazy\" decoding=\"async\" width=\"768\" height=\"1024\" src=\"https:\/\/carmel-creteil.org\/wp-content\/uploads\/2025\/08\/Tondeuse-potager-768x1024.jpg\" alt=\"\" class=\"wp-image-1155\" style=\"width:210px;height:auto\"\/><\/figure>\n<\/div>\n<\/div>\n\n\n\n<div style=\"height:40px\" aria-hidden=\"true\" class=\"wp-block-spacer\"><\/div>\n\n\n\n<div style=\"height:40px\" aria-hidden=\"true\" class=\"wp-block-spacer\"><\/div>\n\n\n\n<div class=\"wp-block-media-text is-stacked-on-mobile\" style=\"grid-template-columns:25% auto\"><figure class=\"wp-block-media-text__media\"><img loading=\"lazy\" decoding=\"async\" width=\"592\" height=\"1024\" src=\"https:\/\/carmel-creteil.org\/wp-content\/uploads\/2025\/07\/Poulailler-592x1024.png\" alt=\"\" class=\"wp-image-755 size-full\"\/><\/figure><div class=\"wp-block-media-text__content\">\n<p>\u00ab\u00a0<em>Qu\u2019aucun des fr\u00e8res ne dise que quelque chose lui appartient en propre ; mais que tout vous soit commun et soit distribu\u00e9 \u00e0 chacun par la main du Prieur&#8230; Il vous sera permis d&rsquo;avoir&#8230; <strong>quelques volailles<\/strong> pour subvenir \u00e0 votre nourriture..<\/em>.\u00a0\u00bb<\/p>\n\n\n\n<p class=\"has-small-font-size\">REGLE DU CARMEL<\/p>\n<\/div><\/div>\n\n\n\n<div style=\"height:110px\" aria-hidden=\"true\" class=\"wp-block-spacer\"><\/div>\n\n\n\n<div class=\"wp-block-columns is-layout-flex wp-container-core-columns-is-layout-28f84493 wp-block-columns-is-layout-flex\">\n<div class=\"wp-block-column is-layout-flow wp-block-column-is-layout-flow\" style=\"flex-basis:80%\">\n<figure class=\"wp-block-image size-large is-style-rounded wp-duotone-unset-2\" style=\"margin-top:0;margin-right:0;margin-bottom:0;margin-left:0\"><img loading=\"lazy\" decoding=\"async\" width=\"1024\" height=\"768\" src=\"https:\/\/carmel-creteil.org\/wp-content\/uploads\/2025\/07\/IMG_0969-1024x768.jpg\" alt=\"\" class=\"wp-image-730\"\/><\/figure>\n<\/div>\n\n\n\n<div class=\"wp-block-column is-layout-flow wp-block-column-is-layout-flow\" style=\"flex-basis:30%\">\n<div style=\"height:72px\" aria-hidden=\"true\" class=\"wp-block-spacer\"><\/div>\n\n\n\n<figure class=\"wp-block-image alignright size-large is-resized\"><img loading=\"lazy\" decoding=\"async\" width=\"557\" height=\"1024\" src=\"https:\/\/carmel-creteil.org\/wp-content\/uploads\/2025\/07\/Cloitre-avec-soeur-557x1024.png\" alt=\"\" class=\"wp-image-732\" style=\"width:195px;height:auto\"\/><\/figure>\n<\/div>\n<\/div>\n\n\n\n<div style=\"height:50px\" aria-hidden=\"true\" class=\"wp-block-spacer\"><\/div>\n\n\n\n<blockquote class=\"wp-block-quote is-layout-flow wp-block-quote-is-layout-flow\">\n<p><\/p>\n<\/blockquote>\n\n\n\n<blockquote class=\"wp-block-quote is-layout-flow wp-block-quote-is-layout-flow\" style=\"line-height:1.6\">\n<div class=\"wp-block-columns is-layout-flex wp-container-core-columns-is-layout-28f84493 wp-block-columns-is-layout-flex\">\n<div class=\"wp-block-column is-layout-flow wp-block-column-is-layout-flow\" style=\"flex-basis:80%\">\n<p class=\"has-text-align-left\" style=\"margin-top:0;margin-bottom:0;padding-top:0;padding-right:var(--wp--preset--spacing--80);padding-bottom:0;padding-left:var(--wp--preset--spacing--80)\"><strong>L\u2019Ap\u00f4tre nous recommande le silence<\/strong> lorsqu\u2019il nous ordonne de travailler en le gardant. Et le Proph\u00e8te t\u00e9moigne \u00e9galement que le silence est le culte de la justice (cf. Is 32,17). Et ailleurs&nbsp;: \u00ab&nbsp;<strong>Dans le silence et l\u2019esp\u00e9rance sera votre force<\/strong>&nbsp;\u00bb (Is 30, 15).<\/p>\n<\/div>\n\n\n\n<div class=\"wp-block-column is-layout-flow wp-block-column-is-layout-flow\" style=\"flex-basis:50%\"><\/div>\n<\/div>\n<\/blockquote>\n\n\n\n<p class=\"has-text-align-center has-small-font-size\">REGLE DU CARMEL<\/p>\n\n\n\n<div style=\"height:50px\" aria-hidden=\"true\" class=\"wp-block-spacer\"><\/div>\n\n\n\n<p><\/p>\n\n\n\n<p>11 h <strong>Sexte<\/strong> &#8211; Examen de conscience<\/p>\n\n\n\n<p>Puis on se rend en procession au <strong>R\u00e9fectoire<\/strong>.<\/p>\n\n\n\n<div style=\"height:50px\" aria-hidden=\"true\" class=\"wp-block-spacer\"><\/div>\n\n\n\n<div class=\"wp-block-media-text is-stacked-on-mobile is-image-fill-element\" style=\"grid-template-columns:57% auto\"><figure class=\"wp-block-media-text__media\"><img loading=\"lazy\" decoding=\"async\" width=\"1024\" height=\"610\" src=\"https:\/\/carmel-creteil.org\/wp-content\/uploads\/2025\/07\/Refectoire-grd-2-1024x610.png\" alt=\"\" class=\"wp-image-776 size-full\" style=\"object-position:50% 52%\"\/><\/figure><div class=\"wp-block-media-text__content\">\n<p>\u00ab\u00a0<em>Vous prendrez dans un r\u00e9fectoire commun la nourriture que l\u2019on vous aura distribu\u00e9e, \u00e9coutant ensemble la lecture d\u2019un passage de la Sainte \u00c9criture, lorsque cela pourra se faire commod\u00e9ment.<\/em>\u00ab\u00a0<\/p>\n\n\n\n<p class=\"has-text-align-center has-small-font-size\">REGLE DU CARMEL<\/p>\n<\/div><\/div>\n\n\n\n<div style=\"height:60px\" aria-hidden=\"true\" class=\"wp-block-spacer\"><\/div>\n\n\n\n<p>12 h <strong>Angelus<\/strong><\/p>\n\n\n\n<p>        Vaisselle en commun et <strong>R\u00e9cr\u00e9ation<\/strong>.<\/p>\n\n\n\n<div style=\"height:39px\" aria-hidden=\"true\" class=\"wp-block-spacer\"><\/div>\n\n\n\n<div class=\"wp-block-group is-layout-constrained wp-block-group-is-layout-constrained\">\n<div class=\"wp-block-cover\"><span aria-hidden=\"true\" class=\"wp-block-cover__background has-background-dim\"><\/span><div class=\"wp-block-cover__inner-container is-layout-flow wp-block-cover-is-layout-flow\">\n<div class=\"wp-block-group is-layout-constrained wp-block-group-is-layout-constrained\">\n<p class=\"has-text-align-center\">La R\u00e9cr\u00e9ation est un temps privil\u00e9gi\u00e9 de la journ\u00e9e au Carmel, o\u00f9 les Soeurs se retrouvent toutes ensemble dans un <strong>climat fraternel<\/strong> fait de bienveillance, de joie et de charit\u00e9 mutuelle. Chacune y apporte son ouvrage sauf le dimanche et f\u00eates ch\u00f4m\u00e9es.<\/p>\n\n\n\n<p class=\"has-text-align-center\">C&rsquo;est aussi l&rsquo;occasion de cueillettes en commun au potager ou sur les arbres fruitiers&#8230; <\/p>\n\n\n\n<div class=\"wp-block-media-text is-stacked-on-mobile is-vertically-aligned-center is-style-rounded\" style=\"grid-template-columns:41% auto\"><figure class=\"wp-block-media-text__media\"><img loading=\"lazy\" decoding=\"async\" width=\"768\" height=\"1024\" src=\"https:\/\/carmel-creteil.org\/wp-content\/uploads\/2025\/07\/Recreation-prunes-768x1024.jpg\" alt=\"\" class=\"wp-image-777 size-full\"\/><\/figure><div class=\"wp-block-media-text__content\">\n<blockquote class=\"wp-block-quote has-small-font-size is-layout-flow wp-block-quote-is-layout-flow\">\n<p><em>Je me bornerai \u00e0 vous expliquer trois points de la Constitution, car il importe beaucoup que nous comprenions combien il est indispensable que nous les gardions, si nous voulons poss\u00e9der la paix int\u00e9rieure et ext\u00e9rieure que le Seigneur nous a tant recommand\u00e9e. <strong>Le premier est l&rsquo;amour que nous devons avoir les unes pour les autres<\/strong> ; le second, le d\u00e9tachement de tout ce qui est cr\u00e9\u00e9 ; le troisi\u00e8me, l&rsquo;humilit\u00e9 v\u00e9ritable qui, bien que je le cite en dernier, est le principal et embrasse toutes les vertus.<\/em><\/p>\n\n\n\n<p class=\"has-normal-font-size\">Notre M\u00e8re Sainte Th\u00e9r\u00e8se d&rsquo;Avila, Chemin de perfection<\/p>\n<\/blockquote>\n<\/div><\/div>\n<\/div>\n<\/div><\/div>\n\n\n\n<div style=\"height:40px\" aria-hidden=\"true\" class=\"wp-block-spacer\"><\/div>\n<\/div>\n\n\n\n<p>13 h \u00e0 14 h <strong>Travail<\/strong><\/p>\n\n\n\n<div style=\"height:24px\" aria-hidden=\"true\" class=\"wp-block-spacer\"><\/div>\n\n\n\n<p>14 h Office de <strong>None<\/strong><\/p>\n\n\n\n<div style=\"height:40px\" aria-hidden=\"true\" class=\"wp-block-spacer\"><\/div>\n\n\n\n<div class=\"wp-block-columns are-vertically-aligned-top is-layout-flex wp-container-core-columns-is-layout-28f84493 wp-block-columns-is-layout-flex\">\n<div class=\"wp-block-column is-layout-flow wp-block-column-is-layout-flow\" style=\"flex-basis:30%\">\n<figure class=\"wp-block-image is-resized is-style-default wp-duotone-unset-3\" style=\"margin-top:0;margin-right:0;margin-bottom:0;margin-left:0\"><img loading=\"lazy\" decoding=\"async\" width=\"768\" height=\"1024\" src=\"https:\/\/carmel-creteil.org\/wp-content\/uploads\/2025\/07\/IMG_20250706_103448_3-768x1024.jpg\" alt=\"\" class=\"wp-image-736\" style=\"width:213px;height:auto\"\/><\/figure>\n<\/div>\n\n\n\n<div class=\"wp-block-column is-layout-flow wp-block-column-is-layout-flow\" style=\"flex-basis:42%\">\n<p>14 h 30 \u00e0 15 h<\/p>\n\n\n\n<p> <strong>Lecture spirituelle<\/strong> en cellule<\/p>\n<\/div>\n\n\n\n<div class=\"wp-block-column is-layout-flow wp-block-column-is-layout-flow\" style=\"flex-basis:33.33%\"><\/div>\n<\/div>\n\n\n\n<div style=\"height:44px\" aria-hidden=\"true\" class=\"wp-block-spacer\"><\/div>\n\n\n\n<div class=\"wp-block-columns is-layout-flex wp-container-core-columns-is-layout-28f84493 wp-block-columns-is-layout-flex\">\n<div class=\"wp-block-column is-layout-flow wp-block-column-is-layout-flow\" style=\"flex-basis:100%\">\n<div class=\"wp-block-group is-content-justification-center is-nowrap is-layout-flex wp-container-core-group-is-layout-23441af8 wp-block-group-is-layout-flex\">\n<figure class=\"wp-block-image size-large is-resized is-style-rounded\"><img loading=\"lazy\" decoding=\"async\" width=\"1024\" height=\"768\" src=\"https:\/\/carmel-creteil.org\/wp-content\/uploads\/2025\/07\/IMG_1798-1024x768.jpg\" alt=\"\" class=\"wp-image-769\" style=\"width:369px;height:auto\"\/><\/figure>\n\n\n\n<p><strong>15 h <\/strong>: La cloche sonne 33 coups en m\u00e9moire des 33 ann\u00e9es de la vie de Notre-Seigneur et de sa mort sur la Croix.<\/p>\n\n\n\n<div style=\"height:100px;width:0px\" aria-hidden=\"true\" class=\"wp-block-spacer wp-container-content-9760934e\"><\/div>\n\n\n\n<div class=\"wp-block-group is-nowrap is-layout-flex wp-container-core-group-is-layout-6c531013 wp-block-group-is-layout-flex\">\n<figure class=\"wp-block-image size-full is-resized\"><img loading=\"lazy\" decoding=\"async\" width=\"164\" height=\"298\" src=\"https:\/\/carmel-creteil.org\/wp-content\/uploads\/2025\/07\/crucifix-r-e1753019006337.jpg\" alt=\"\" class=\"wp-image-659\" style=\"width:292px;height:auto\"\/><\/figure>\n<\/div>\n<\/div>\n<\/div>\n<\/div>\n\n\n\n<p><\/p>\n\n\n\n<figure class=\"wp-block-pullquote has-custom-cr-me-background-color has-background\" style=\"padding-top:var(--wp--preset--spacing--60);padding-bottom:var(--wp--preset--spacing--60);font-size:18px;font-style:normal;font-weight:100;line-height:1.6\"><blockquote><p>Pri\u00e8re de Trois Heures<br><em><strong>O mon adorable R\u00e9dempteur, qui avez daign\u00e9 pour l&rsquo;amour de moi na\u00eetre dans une \u00e9table, vivre dans les travaux, mourir sur une Croix et vous immoler sans cesse sur nos autels pour y \u00eatre notre victime et notre nourriture, dites je vous en supplie \u00e0 votre divin P\u00e8re \u00e0 l&rsquo;instant de ma mort : \u00ab\u00a0Mon P\u00e8re, pardonnez-lui\u00a0\u00bb. Dites \u00e0 votre M\u00e8re en ma faveur : \u00ab\u00a0Voil\u00e0 votre fille\u00a0\u00bb. Dites \u00e0 mon \u00e2me : \u00ab\u00a0Vous serez avec moi aujourd&rsquo;hui en Paradis\u00a0\u00bb. Mon Dieu, mon Dieu, ne m&rsquo;abandonnez pas. O Fontaine de Vie, j&rsquo;ai une soif extr\u00eame de vous poss\u00e9der. Mes jours s&rsquo;\u00e9coulent insensiblement et tout sera bient\u00f4t consomm\u00e9 pour moi. C&rsquo;est pourquoi, \u00f4 mon adorable R\u00e9dempteur, d\u00e8s ce moment et pour toujours, je remets mon \u00e2me entre vos mains.<\/strong><\/em><\/p><cite><strong>pri\u00e8re anonyme (probablement compos\u00e9e par l&rsquo;une de nos devanci\u00e8res ?) que chacune r\u00e9cite \u00e0 cette heure<\/strong><\/cite><\/blockquote><\/figure>\n\n\n\n<div style=\"height:50px\" aria-hidden=\"true\" class=\"wp-block-spacer\"><\/div>\n\n\n\n<p>15 h <strong>Travail<\/strong><\/p>\n\n\n\n<div style=\"height:40px\" aria-hidden=\"true\" class=\"wp-block-spacer\"><\/div>\n\n\n\n<div class=\"wp-block-columns is-layout-flex wp-container-core-columns-is-layout-28f84493 wp-block-columns-is-layout-flex\">\n<div class=\"wp-block-column is-layout-flow wp-block-column-is-layout-flow\" style=\"flex-basis:100%\">\n<div class=\"wp-block-group is-layout-constrained wp-block-group-is-layout-constrained\">\n<div class=\"wp-block-media-text is-image-fill-element\" style=\"grid-template-columns:33% auto\"><figure class=\"wp-block-media-text__media\"><img loading=\"lazy\" decoding=\"async\" width=\"637\" height=\"1024\" src=\"https:\/\/carmel-creteil.org\/wp-content\/uploads\/2025\/07\/Immaculee-637x1024.jpg\" alt=\"\" class=\"wp-image-786 size-full\" style=\"object-position:50% 50%\"\/><\/figure><div class=\"wp-block-media-text__content\">\n<p>16h30 Le samedi<strong> Chant du Salve Regina<\/strong><\/p>\n\n\n\n<div style=\"height:57px\" aria-hidden=\"true\" class=\"wp-block-spacer\"><\/div>\n\n\n\n<p>16 h 45 (16h30 aux f\u00eates) <strong>V\u00eapres<\/strong><\/p>\n\n\n\n<div style=\"height:62px\" aria-hidden=\"true\" class=\"wp-block-spacer\"><\/div>\n\n\n\n<p>17 h les dimanches, f\u00eates et 1ers vendredis du mois <strong>Salut du Saint Sacrement<\/strong><\/p>\n<\/div><\/div>\n<\/div>\n<\/div>\n<\/div>\n\n\n\n<div style=\"height:30px\" aria-hidden=\"true\" class=\"wp-block-spacer\"><\/div>\n\n\n\n<p>17 h \u00e0 18 h <strong>Oraison<\/strong><\/p>\n\n\n\n<div style=\"height:40px\" aria-hidden=\"true\" class=\"wp-block-spacer\"><\/div>\n\n\n\n<div class=\"wp-block-columns is-layout-flex wp-container-core-columns-is-layout-28f84493 wp-block-columns-is-layout-flex\">\n<div class=\"wp-block-column is-layout-flow wp-block-column-is-layout-flow\" style=\"flex-basis:50%\">\n<blockquote class=\"wp-block-quote is-layout-flow wp-block-quote-is-layout-flow\">\n<p style=\"line-height:1.7\">\u00ab\u00a0<em><strong>Pour moi, la pri\u00e8re, c\u2019est un \u00e9lan du c\u0153ur, c\u2019est un simple regard jet\u00e9 vers le Ciel, c\u2019est un cri de reconnaissance et d\u2019amour au sein de l\u2019\u00e9preuve comme au sein de la joie&nbsp;; enfin c\u2019est quelque chose de grand, de surnaturel, qui me dilate l\u2019\u00e2me et m\u2019unit \u00e0 J\u00e9sus.\u00a0\u00bb<\/strong> <\/em><\/p>\n\n\n\n<p class=\"has-text-align-right\" style=\"line-height:1.7\">Sainte Th\u00e9r\u00e8se de l&rsquo;Enfant-J\u00e9sus <\/p>\n\n\n\n<p class=\"has-text-align-right\" style=\"line-height:1.7\"><em>(Ms C, 25rv)<\/em><\/p>\n<\/blockquote>\n<\/div>\n\n\n\n<div class=\"wp-block-column is-layout-flow wp-block-column-is-layout-flow\" style=\"flex-basis:50%\">\n<figure class=\"wp-block-image alignright size-full is-resized is-style-rounded\"><img loading=\"lazy\" decoding=\"async\" width=\"293\" height=\"352\" src=\"https:\/\/carmel-creteil.org\/wp-content\/uploads\/2025\/07\/Capture-decran-2025-07-17-160454.png\" alt=\"\" class=\"wp-image-598\" style=\"width:318px;height:auto\" srcset=\"https:\/\/carmel-creteil.org\/wp-content\/uploads\/2025\/07\/Capture-decran-2025-07-17-160454.png 293w, https:\/\/carmel-creteil.org\/wp-content\/uploads\/2025\/07\/Capture-decran-2025-07-17-160454-250x300.png 250w\" sizes=\"auto, (max-width: 293px) 100vw, 293px\" \/><\/figure>\n<\/div>\n<\/div>\n\n\n\n<div class=\"wp-block-columns is-layout-flex wp-container-core-columns-is-layout-28f84493 wp-block-columns-is-layout-flex\">\n<div class=\"wp-block-column is-layout-flow wp-block-column-is-layout-flow\" style=\"flex-basis:66.66%\"><\/div>\n\n\n\n<div class=\"wp-block-column is-layout-flow wp-block-column-is-layout-flow\" style=\"flex-basis:33.33%\"><\/div>\n<\/div>\n\n\n\n<div style=\"height:40px\" aria-hidden=\"true\" class=\"wp-block-spacer\"><\/div>\n\n\n\n<p>18h <strong>Travail<\/strong><\/p>\n\n\n\n<div style=\"height:40px\" aria-hidden=\"true\" class=\"wp-block-spacer\"><\/div>\n\n\n\n<p>18h30 <strong>R\u00e9fectoire<\/strong><\/p>\n\n\n\n<div style=\"height:40px\" aria-hidden=\"true\" class=\"wp-block-spacer\"><\/div>\n\n\n\n<div class=\"wp-block-columns is-layout-flex wp-container-core-columns-is-layout-28f84493 wp-block-columns-is-layout-flex\">\n<div class=\"wp-block-column is-layout-flow wp-block-column-is-layout-flow\">\n<p style=\"font-size:20px\">\u00ab\u00a0Je me sentais hors d&rsquo;\u00e9tat de prendre de la nourriture&#8230; cependant&#8230; je me fis violence et pla\u00e7ai du pain devant moi, dans l&rsquo;intention de faire un effort pour le manger.<\/p>\n\n\n\n<p style=\"font-size:20px\">A ce moment, <strong>J\u00e9sus-Christ m&rsquo;apparut.<\/strong> Il me sembla qu&rsquo;Il rompait ce pain et m&rsquo;en portait un morceau \u00e0 la bouche en disant : <strong>\u00ab\u00a0Mange, ma fille, et r\u00e9signe-toi de ton mieux. J&rsquo;ai de la peine de te voir souffrir, mais c&rsquo;est l\u00e0 maintenant ce qui te convient.\u00a0\u00bb<\/strong> Je me sentis d\u00e9livr\u00e9e de mon tourment et toute consol\u00e9e&#8230;<\/p>\n\n\n\n<p style=\"font-size:20px\">Je remarquai cette parole de Notre Seigneur : \u00ab\u00a0J&rsquo;ai de la peine\u00a0\u00bb [de te voir souffrir]&#8230;<\/p>\n\n\n\n<p class=\"has-text-align-right has-small-font-size\">Notre Sainte M\u00e8re Th\u00e9r\u00e8se d&rsquo;Avila &#8211; <em>Relations<\/em><\/p>\n<\/div>\n\n\n\n<div class=\"wp-block-column is-layout-flow wp-block-column-is-layout-flow\">\n<figure class=\"wp-block-image alignright size-large\"><img loading=\"lazy\" decoding=\"async\" width=\"909\" height=\"1024\" src=\"https:\/\/carmel-creteil.org\/wp-content\/uploads\/2025\/07\/Ste-Therese-au-refectoire-909x1024.jpg\" alt=\"\" class=\"wp-image-911\"\/><\/figure>\n<\/div>\n<\/div>\n\n\n\n<div style=\"height:40px\" aria-hidden=\"true\" class=\"wp-block-spacer\"><\/div>\n\n\n\n<p>19h <strong>Vaisselle en commun &#8211; R\u00e9cr\u00e9ation<\/strong><\/p>\n\n\n\n<div style=\"height:40px\" aria-hidden=\"true\" class=\"wp-block-spacer\"><\/div>\n\n\n\n<p>20h <strong>Complies<\/strong><\/p>\n\n\n\n<div style=\"height:40px\" aria-hidden=\"true\" class=\"wp-block-spacer\"><\/div>\n\n\n\n<div class=\"wp-block-columns is-layout-flex wp-container-core-columns-is-layout-28f84493 wp-block-columns-is-layout-flex\">\n<div class=\"wp-block-column is-layout-flow wp-block-column-is-layout-flow\" style=\"flex-basis:22.67%\">\n<p><strong>Les complies se terminent par l&rsquo;antienne mariale.<\/strong><\/p>\n\n\n\n<p>Ici, la Vierge \u00e0 l&rsquo;enfant qui pr\u00e9side au choeur<strong>. <\/strong>Son histoire est bien particuli\u00e8re :<\/p>\n\n\n\n<p class=\"has-normal-font-size\"><em><strong>La statue de Notre Dame de Consolation appartenait \u00e0 M de Valfons,<\/strong> ancien capitaine revenu \u00e0 la religion sous l&rsquo;influence d&rsquo;un pr\u00eatre de St-Roch, l&rsquo;Abb\u00e9 Guilleminet.<\/em><\/p>\n<\/div>\n\n\n\n<div class=\"wp-block-column is-layout-flow wp-block-column-is-layout-flow\" style=\"flex-basis:44%\">\n<p class=\"has-text-align-center has-large-font-size\"><strong>Notre Dame de Consolation<\/strong><\/p>\n\n\n\n<figure class=\"wp-block-image\"><img loading=\"lazy\" decoding=\"async\" width=\"768\" height=\"1024\" src=\"https:\/\/carmel-creteil.org\/wp-content\/uploads\/2025\/07\/IMG_1613-768x1024.jpg\" alt=\"\" class=\"wp-image-909\"\/><\/figure>\n<\/div>\n\n\n\n<div class=\"wp-block-column is-layout-flow wp-block-column-is-layout-flow\" style=\"flex-basis:33.33%\">\n<p class=\"has-normal-font-size\"><\/p>\n\n\n\n<p class=\"has-normal-font-size\"><em>Lorsque ce dernier fut incarc\u00e9r\u00e9 aux Carmes, M de Valfons ne voulut pas le quitter et se constitua prisonnier avec lui.<\/em><\/p>\n\n\n\n<p class=\"has-normal-font-size\"><em><strong>Apr\u00e8s sa mort h\u00e9ro\u00efque le 2 septembre 1792<\/strong>, sa tante chercha \u00e0 accomplir <strong>ses derni\u00e8res volont\u00e9s : donner \u00e0 des Carm\u00e9lites la statue de Notre Dame de Consolation<\/strong>. Elle eut connaissance d&rsquo;un groupe de Carm\u00e9lites r\u00e9fugi\u00e9es rue Cassette et une brave femme du peuple s&rsquo;offrit \u00e0 porter la statue \u00e0 destination, en la cachant dans une hotte.<\/em><\/p>\n\n\n\n<p class=\"has-normal-font-size\"><em>Depuis, la statue n&rsquo;a jamais quitt\u00e9 le Carmel dans toutes ses p\u00e9r\u00e9grinations.<\/em><\/p>\n<\/div>\n<\/div>\n\n\n\n<div style=\"height:40px\" aria-hidden=\"true\" class=\"wp-block-spacer\"><\/div>\n\n\n\n<p>20h30 <strong>Grand silence<\/strong> qui sera <strong>lev\u00e9 apr\u00e8s Laudes le lendemain matin<\/strong><\/p>\n\n\n\n<div style=\"height:40px\" aria-hidden=\"true\" class=\"wp-block-spacer\"><\/div>\n\n\n\n<figure class=\"wp-block-pullquote\" style=\"padding-top:var(--wp--preset--spacing--60);padding-bottom:var(--wp--preset--spacing--60);line-height:1.6\"><blockquote><p>&#8230;<strong>nous vous ordonnons de garder le silence depuis la fin de complies jusqu\u2019\u00e0 prime du jour suivant<\/strong>. Pour le reste du temps, bien que l\u2019observance du silence ne doive pas \u00eatre aussi rigoureuse, vous \u00e9viterez cependant avec grand soin de parler beaucoup.<\/p><cite>REGLE DU CARMEL<\/cite><\/blockquote><\/figure>\n\n\n\n<div style=\"height:40px\" aria-hidden=\"true\" class=\"wp-block-spacer\"><\/div>\n\n\n\n<p>21h30 <strong>Matines<\/strong> (appel\u00e9es plut\u00f4t aujourd&rsquo;hui Office des lectures)<\/p>\n\n\n\n<div style=\"height:40px\" aria-hidden=\"true\" class=\"wp-block-spacer\"><\/div>\n\n\n\n<div class=\"wp-block-columns is-layout-flex wp-container-core-columns-is-layout-28f84493 wp-block-columns-is-layout-flex\">\n<div class=\"wp-block-column is-layout-flow wp-block-column-is-layout-flow\" style=\"flex-basis:50%\">\n<p><\/p>\n<\/div>\n\n\n\n<div class=\"wp-block-column is-layout-flow wp-block-column-is-layout-flow\" style=\"flex-basis:80%\">\n<p>L&rsquo;office de <strong>Matines<\/strong> ou des <strong>vigiles<\/strong> est la premi\u00e8re pri\u00e8re de l&rsquo;Office divin, destin\u00e9 \u00e0 sanctifier le temps de la nuit. Il est caract\u00e9ris\u00e9 par une psalmodie prolong\u00e9e (r\u00e9citation de psaumes altern\u00e9s), entrecoup\u00e9e de lectures longues et du chant de r\u00e9pons destin\u00e9s \u00e0 l&rsquo;int\u00e9riorisation des lectures.<\/p>\n\n\n\n<div style=\"height:40px\" aria-hidden=\"true\" class=\"wp-block-spacer\"><\/div>\n<\/div>\n<\/div>\n\n\n\n<div style=\"height:40px\" aria-hidden=\"true\" class=\"wp-block-spacer\"><\/div>\n\n\n\n<p class=\"has-text-align-center\"><strong>\u00ab\u00a0Sonnez les Matines !\u00a0\u00bb<\/strong><\/p>\n\n\n\n<figure class=\"wp-block-image aligncenter size-large is-resized\"><img loading=\"lazy\" decoding=\"async\" width=\"768\" height=\"1024\" src=\"https:\/\/carmel-creteil.org\/wp-content\/uploads\/2025\/07\/Sonner-les-Matines-768x1024.jpg\" alt=\"\" class=\"wp-image-912\" style=\"width:410px;height:auto\"\/><\/figure>\n\n\n\n<div style=\"height:100px\" aria-hidden=\"true\" class=\"wp-block-spacer\"><\/div>\n\n\n\n<p>Vers 22h30 <strong>Coucher<\/strong><\/p>\n\n\n\n<div style=\"height:40px\" aria-hidden=\"true\" class=\"wp-block-spacer\"><\/div>\n\n\n\n<div class=\"wp-block-columns is-layout-flex wp-container-core-columns-is-layout-28f84493 wp-block-columns-is-layout-flex\">\n<div class=\"wp-block-column is-layout-flow wp-block-column-is-layout-flow\"><\/div>\n\n\n\n<div class=\"wp-block-column is-layout-flow wp-block-column-is-layout-flow\" style=\"flex-basis:85%\">\n<div class=\"wp-block-cover\" style=\"min-height:552px;aspect-ratio:unset;\"><img loading=\"lazy\" decoding=\"async\" width=\"768\" height=\"1024\" class=\"wp-block-cover__image-background wp-image-1954 size-large\" alt=\"\" src=\"https:\/\/carmel-creteil.org\/wp-content\/uploads\/2025\/09\/IMG_20250831_203836_11-768x1024.jpg\" style=\"object-position:46% 61%\" data-object-fit=\"cover\" data-object-position=\"46% 61%\"\/><span aria-hidden=\"true\" class=\"wp-block-cover__background has-background-dim-0 has-background-dim\" style=\"background-color:#786869\"><\/span><div class=\"wp-block-cover__inner-container is-layout-constrained wp-block-cover-is-layout-constrained\">\n<div class=\"wp-block-columns is-layout-flex wp-container-core-columns-is-layout-28f84493 wp-block-columns-is-layout-flex\">\n<div class=\"wp-block-column is-layout-flow wp-block-column-is-layout-flow\"><\/div>\n\n\n\n<div class=\"wp-block-column is-layout-flow wp-block-column-is-layout-flow\"><\/div>\n\n\n\n<div class=\"wp-block-column is-layout-flow wp-block-column-is-layout-flow\" style=\"flex-basis:25%\">\n<div style=\"height:470px\" aria-hidden=\"true\" class=\"wp-block-spacer\"><\/div>\n\n\n\n<p class=\"has-text-align-center\" style=\"font-size:18px\">Coucher de soleil derri\u00e8re le sanctuaire<\/p>\n<\/div>\n<\/div>\n<\/div><\/div>\n<\/div>\n\n\n\n<div class=\"wp-block-column is-layout-flow wp-block-column-is-layout-flow\"><\/div>\n<\/div>\n\n\n\n<div style=\"height:87px\" aria-hidden=\"true\" class=\"wp-block-spacer\"><\/div>\n\n\n\n<p class=\"has-text-align-right\">Voir : <a href=\"https:\/\/carmel-creteil.org\/index.php\/le-monastere-aujourdhui-a-creteil\/promenade-ou-oraison-au-jardin\/\" data-type=\"page\" data-id=\"793\"><strong><em>Promenade au jardin<\/em><\/strong><\/a><\/p>\n\n\n\n<p class=\"has-text-align-right\">Voir : <a href=\"https:\/\/carmel-creteil.org\/index.php\/le-monastere-aujourdhui-a-creteil\/devenir-carmelite\/\" data-type=\"page\" data-id=\"895\"><strong><em>Devenir carm\u00e9lite<\/em><\/strong><\/a><\/p>\n\n\n\n<div style=\"height:100px\" aria-hidden=\"true\" class=\"wp-block-spacer\"><\/div>\n\n\n<nav class=\"is-responsive items-justified-center wp-block-navigation is-content-justification-center is-layout-flex wp-container-core-navigation-is-layout-a89b3969 wp-block-navigation-is-layout-flex\" aria-label=\"Menu 2\" \n\t\t data-wp-interactive=\"core\/navigation\" data-wp-context='{\"overlayOpenedBy\":{\"click\":false,\"hover\":false,\"focus\":false},\"type\":\"overlay\",\"roleAttribute\":\"\",\"ariaLabel\":\"Menu\"}'><button aria-haspopup=\"dialog\" aria-label=\"Ouvrir le menu\" class=\"wp-block-navigation__responsive-container-open\" \n\t\t\t\tdata-wp-on--click=\"actions.openMenuOnClick\"\n\t\t\t\tdata-wp-on--keydown=\"actions.handleMenuKeydown\"\n\t\t\t><svg width=\"24\" height=\"24\" xmlns=\"http:\/\/www.w3.org\/2000\/svg\" viewBox=\"0 0 24 24\"><path d=\"M5 5v1.5h14V5H5z\"><\/path><path d=\"M5 12.8h14v-1.5H5v1.5z\"><\/path><path d=\"M5 19h14v-1.5H5V19z\"><\/path><\/svg><\/button>\n\t\t\t\t<div class=\"wp-block-navigation__responsive-container  has-text-color has-custom-marron-fonc-color has-background has-custom-cr-me-opaque-background-color\"  id=\"modal-4\" \n\t\t\t\tdata-wp-class--has-modal-open=\"state.isMenuOpen\"\n\t\t\t\tdata-wp-class--is-menu-open=\"state.isMenuOpen\"\n\t\t\t\tdata-wp-watch=\"callbacks.initMenu\"\n\t\t\t\tdata-wp-on--keydown=\"actions.handleMenuKeydown\"\n\t\t\t\tdata-wp-on--focusout=\"actions.handleMenuFocusout\"\n\t\t\t\ttabindex=\"-1\"\n\t\t\t>\n\t\t\t\t\t<div class=\"wp-block-navigation__responsive-close\" tabindex=\"-1\">\n\t\t\t\t\t\t<div class=\"wp-block-navigation__responsive-dialog\" \n\t\t\t\tdata-wp-bind--aria-modal=\"state.ariaModal\"\n\t\t\t\tdata-wp-bind--aria-label=\"state.ariaLabel\"\n\t\t\t\tdata-wp-bind--role=\"state.roleAttribute\"\n\t\t\t>\n\t\t\t\t\t\t\t<button aria-label=\"Fermer le menu\" class=\"wp-block-navigation__responsive-container-close\" \n\t\t\t\tdata-wp-on--click=\"actions.closeMenuOnClick\"\n\t\t\t><svg xmlns=\"http:\/\/www.w3.org\/2000\/svg\" viewBox=\"0 0 24 24\" width=\"24\" height=\"24\" aria-hidden=\"true\" focusable=\"false\"><path d=\"m13.06 12 6.47-6.47-1.06-1.06L12 10.94 5.53 4.47 4.47 5.53 10.94 12l-6.47 6.47 1.06 1.06L12 13.06l6.47 6.47 1.06-1.06L13.06 12Z\"><\/path><\/svg><\/button>\n\t\t\t\t\t\t\t<div class=\"wp-block-navigation__responsive-container-content\" \n\t\t\t\tdata-wp-watch=\"callbacks.focusFirstElement\"\n\t\t\t id=\"modal-4-content\">\n\t\t\t\t\t\t\t\t<ul class=\"wp-block-navigation__container is-responsive items-justified-center wp-block-navigation\"><li style=\"text-decoration:underline;\" class=\" wp-block-navigation-item wp-block-navigation-link\"><a class=\"wp-block-navigation-item__content\"  href=\"https:\/\/carmel-creteil.org\/\"><span class=\"wp-block-navigation-item__label\">Accueil<\/span><\/a><\/li><li style=\"text-decoration:underline;\" class=\" wp-block-navigation-item wp-block-navigation-link\"><a class=\"wp-block-navigation-item__content\"  href=\"https:\/\/carmel-creteil.org\/?page_id=297&#038;preview=true\"><span class=\"wp-block-navigation-item__label\">Notre Histoire<\/span><\/a><\/li><li style=\"text-decoration:underline;\" class=\" wp-block-navigation-item wp-block-navigation-link\"><a class=\"wp-block-navigation-item__content\"  href=\"https:\/\/carmel-creteil.org\/index.php\/le-monastere-aujourdhui-a-creteil\/\"><span class=\"wp-block-navigation-item__label\">Le monast\u00e8re aujourd\u2019hui<\/span><\/a><\/li><li style=\"text-decoration:underline;\" class=\" wp-block-navigation-item wp-block-navigation-link\"><a class=\"wp-block-navigation-item__content\"  href=\"https:\/\/carmel-creteil.org\/index.php\/venir-prier\/\"><span class=\"wp-block-navigation-item__label\">Venir prier<\/span><\/a><\/li><li style=\"text-decoration:underline;\" class=\" wp-block-navigation-item wp-block-navigation-link\"><a class=\"wp-block-navigation-item__content\"  href=\"https:\/\/carmel-creteil.org\/index.php\/notre-travail\/\"><span class=\"wp-block-navigation-item__label\">Notre travail<\/span><\/a><\/li><li style=\"text-decoration:underline;\" class=\" wp-block-navigation-item wp-block-navigation-link\"><a class=\"wp-block-navigation-item__content\"  href=\"https:\/\/carmel-creteil.org\/index.php\/coordonnees-et-offices\/\"><span class=\"wp-block-navigation-item__label\">Nous contacter<\/span><\/a><\/li><li style=\"text-decoration:underline;\" class=\" wp-block-navigation-item wp-block-navigation-link\"><a class=\"wp-block-navigation-item__content\"  href=\"https:\/\/carmel-creteil.org\/index.php\/nous-aider\/\"><span class=\"wp-block-navigation-item__label\">Nous aider<\/span><\/a><\/li><\/ul>\n\t\t\t\t\t\t\t<\/div>\n\t\t\t\t\t\t<\/div>\n\t\t\t\t\t<\/div>\n\t\t\t\t<\/div><\/nav>\n\n\n<div style=\"height:100px\" aria-hidden=\"true\" class=\"wp-block-spacer\"><\/div>\n\n\n\n<p class=\"has-text-align-center\"><em>\u00a9 Tous droits r\u00e9serv\u00e9s &#8211; Carmel Sainte Th\u00e9r\u00e8se de Cr\u00e9teil<\/em><\/p>\n","protected":false},"excerpt":{"rendered":"<p>Une journ\u00e9e au Carmel Lever \u00e0 5h45 De 6h \u00e0 7h : Oraison silencieuse au Choeur \u00ab\u00a0&#8230;l\u2019oraison mentale n\u2019est rien d\u2019autre, \u00e0 mon avis, qu\u2019un commerce d\u2019amiti\u00e9 o\u00f9 l\u2019on s\u2019entretient souvent et intimement avec Celui dont nous savons qu\u2019il nous aime. . 7h Frustulum au r\u00e9fectoire Entre l&rsquo;Office et la sainte messe, travail, rangement de [&hellip;]<\/p>\n","protected":false},"author":1,"featured_media":0,"parent":419,"menu_order":8,"comment_status":"closed","ping_status":"closed","template":"","meta":{"footnotes":""},"class_list":["post-224","page","type-page","status-publish","hentry"],"_links":{"self":[{"href":"https:\/\/carmel-creteil.org\/index.php\/wp-json\/wp\/v2\/pages\/224","targetHints":{"allow":["GET"]}}],"collection":[{"href":"https:\/\/carmel-creteil.org\/index.php\/wp-json\/wp\/v2\/pages"}],"about":[{"href":"https:\/\/carmel-creteil.org\/index.php\/wp-json\/wp\/v2\/types\/page"}],"author":[{"embeddable":true,"href":"https:\/\/carmel-creteil.org\/index.php\/wp-json\/wp\/v2\/users\/1"}],"replies":[{"embeddable":true,"href":"https:\/\/carmel-creteil.org\/index.php\/wp-json\/wp\/v2\/comments?post=224"}],"version-history":[{"count":102,"href":"https:\/\/carmel-creteil.org\/index.php\/wp-json\/wp\/v2\/pages\/224\/revisions"}],"predecessor-version":[{"id":2044,"href":"https:\/\/carmel-creteil.org\/index.php\/wp-json\/wp\/v2\/pages\/224\/revisions\/2044"}],"up":[{"embeddable":true,"href":"https:\/\/carmel-creteil.org\/index.php\/wp-json\/wp\/v2\/pages\/419"}],"wp:attachment":[{"href":"https:\/\/carmel-creteil.org\/index.php\/wp-json\/wp\/v2\/media?parent=224"}],"curies":[{"name":"wp","href":"https:\/\/api.w.org\/{rel}","templated":true}]}}