{"id":225,"date":"2025-07-18T16:07:21","date_gmt":"2025-07-18T16:07:21","guid":{"rendered":"https:\/\/carmel-creteil.org\/?page_id=225"},"modified":"2025-11-07T18:17:19","modified_gmt":"2025-11-07T18:17:19","slug":"notre-travail","status":"publish","type":"page","link":"https:\/\/carmel-creteil.org\/index.php\/notre-travail\/","title":{"rendered":"Notre travail"},"content":{"rendered":"<nav class=\"is-responsive items-justified-center wp-block-navigation is-content-justification-center is-layout-flex wp-container-core-navigation-is-layout-a89b3969 wp-block-navigation-is-layout-flex\" aria-label=\"Menu\" \n\t\t data-wp-interactive=\"core\/navigation\" data-wp-context='{\"overlayOpenedBy\":{\"click\":false,\"hover\":false,\"focus\":false},\"type\":\"overlay\",\"roleAttribute\":\"\",\"ariaLabel\":\"Menu\"}'><button aria-haspopup=\"dialog\" aria-label=\"Ouvrir le menu\" class=\"wp-block-navigation__responsive-container-open\" \n\t\t\t\tdata-wp-on--click=\"actions.openMenuOnClick\"\n\t\t\t\tdata-wp-on--keydown=\"actions.handleMenuKeydown\"\n\t\t\t><svg width=\"24\" height=\"24\" xmlns=\"http:\/\/www.w3.org\/2000\/svg\" viewBox=\"0 0 24 24\"><path d=\"M5 5v1.5h14V5H5z\"><\/path><path d=\"M5 12.8h14v-1.5H5v1.5z\"><\/path><path d=\"M5 19h14v-1.5H5V19z\"><\/path><\/svg><\/button>\n\t\t\t\t<div class=\"wp-block-navigation__responsive-container  has-text-color has-custom-marron-fonc-color has-background has-custom-cr-me-opaque-background-color\"  id=\"modal-1\" \n\t\t\t\tdata-wp-class--has-modal-open=\"state.isMenuOpen\"\n\t\t\t\tdata-wp-class--is-menu-open=\"state.isMenuOpen\"\n\t\t\t\tdata-wp-watch=\"callbacks.initMenu\"\n\t\t\t\tdata-wp-on--keydown=\"actions.handleMenuKeydown\"\n\t\t\t\tdata-wp-on--focusout=\"actions.handleMenuFocusout\"\n\t\t\t\ttabindex=\"-1\"\n\t\t\t>\n\t\t\t\t\t<div class=\"wp-block-navigation__responsive-close\" tabindex=\"-1\">\n\t\t\t\t\t\t<div class=\"wp-block-navigation__responsive-dialog\" \n\t\t\t\tdata-wp-bind--aria-modal=\"state.ariaModal\"\n\t\t\t\tdata-wp-bind--aria-label=\"state.ariaLabel\"\n\t\t\t\tdata-wp-bind--role=\"state.roleAttribute\"\n\t\t\t>\n\t\t\t\t\t\t\t<button aria-label=\"Fermer le menu\" class=\"wp-block-navigation__responsive-container-close\" \n\t\t\t\tdata-wp-on--click=\"actions.closeMenuOnClick\"\n\t\t\t><svg xmlns=\"http:\/\/www.w3.org\/2000\/svg\" viewBox=\"0 0 24 24\" width=\"24\" height=\"24\" aria-hidden=\"true\" focusable=\"false\"><path d=\"m13.06 12 6.47-6.47-1.06-1.06L12 10.94 5.53 4.47 4.47 5.53 10.94 12l-6.47 6.47 1.06 1.06L12 13.06l6.47 6.47 1.06-1.06L13.06 12Z\"><\/path><\/svg><\/button>\n\t\t\t\t\t\t\t<div class=\"wp-block-navigation__responsive-container-content\" \n\t\t\t\tdata-wp-watch=\"callbacks.focusFirstElement\"\n\t\t\t id=\"modal-1-content\">\n\t\t\t\t\t\t\t\t<ul class=\"wp-block-navigation__container is-responsive items-justified-center wp-block-navigation\"><li style=\"text-decoration:underline;\" class=\" wp-block-navigation-item wp-block-navigation-link\"><a class=\"wp-block-navigation-item__content\"  href=\"https:\/\/carmel-creteil.org\/\"><span class=\"wp-block-navigation-item__label\">Accueil<\/span><\/a><\/li><li style=\"text-decoration:underline;\" class=\" wp-block-navigation-item wp-block-navigation-link\"><a class=\"wp-block-navigation-item__content\"  href=\"https:\/\/carmel-creteil.org\/?page_id=297&#038;preview=true\"><span class=\"wp-block-navigation-item__label\">Notre Histoire<\/span><\/a><\/li><li style=\"text-decoration:underline;\" class=\" wp-block-navigation-item wp-block-navigation-link\"><a class=\"wp-block-navigation-item__content\"  href=\"https:\/\/carmel-creteil.org\/index.php\/le-monastere-aujourdhui-a-creteil\/\"><span class=\"wp-block-navigation-item__label\">Le monast\u00e8re aujourd\u2019hui<\/span><\/a><\/li><li style=\"text-decoration:underline;\" class=\" wp-block-navigation-item wp-block-navigation-link\"><a class=\"wp-block-navigation-item__content\"  href=\"https:\/\/carmel-creteil.org\/index.php\/venir-prier\/\"><span class=\"wp-block-navigation-item__label\">Venir prier<\/span><\/a><\/li><li style=\"text-decoration:underline;\" class=\" wp-block-navigation-item wp-block-navigation-link\"><a class=\"wp-block-navigation-item__content\"  href=\"https:\/\/carmel-creteil.org\/index.php\/notre-travail\/\"><span class=\"wp-block-navigation-item__label\">Notre travail<\/span><\/a><\/li><li style=\"text-decoration:underline;\" class=\" wp-block-navigation-item wp-block-navigation-link\"><a class=\"wp-block-navigation-item__content\"  href=\"https:\/\/carmel-creteil.org\/index.php\/coordonnees-et-offices\/\"><span class=\"wp-block-navigation-item__label\">Nous contacter<\/span><\/a><\/li><li style=\"text-decoration:underline;\" class=\" wp-block-navigation-item wp-block-navigation-link\"><a class=\"wp-block-navigation-item__content\"  href=\"https:\/\/carmel-creteil.org\/index.php\/nous-aider\/\"><span class=\"wp-block-navigation-item__label\">Nous aider<\/span><\/a><\/li><\/ul>\n\t\t\t\t\t\t\t<\/div>\n\t\t\t\t\t\t<\/div>\n\t\t\t\t\t<\/div>\n\t\t\t\t<\/div><\/nav>\n\n\n<p class=\"has-text-align-center has-background\" style=\"border-width:6px;background-color:#f6e4a4;margin-top:var(--wp--preset--spacing--40);margin-bottom:var(--wp--preset--spacing--40);padding-top:0;padding-bottom:0\"><em>Pour toute question ou commande<\/em> = Courriel : <a href=\"mailto:commandes@carmel-creteil.org\">commandes@carmel-creteil.org<\/a> <strong>Merci<\/strong><\/p>\n\n\n\n<div style=\"height:40px\" aria-hidden=\"true\" class=\"wp-block-spacer\"><\/div>\n\n\n\n<div class=\"wp-block-columns is-layout-flex wp-container-core-columns-is-layout-28f84493 wp-block-columns-is-layout-flex\">\n<div class=\"wp-block-column is-layout-flow wp-block-column-is-layout-flow\" style=\"flex-basis:100%\">\n<div class=\"wp-block-media-text is-stacked-on-mobile\" style=\"border-width:3px;grid-template-columns:30% auto\"><figure class=\"wp-block-media-text__media\"><img loading=\"lazy\" decoding=\"async\" width=\"1024\" height=\"918\" src=\"https:\/\/carmel-creteil.org\/wp-content\/uploads\/2025\/07\/IMG_20250716_131040_8-1024x918.jpg\" alt=\"\" class=\"wp-image-499 size-full\"\/><\/figure><div class=\"wp-block-media-text__content\">\n<p class=\"has-large-font-size\"><strong>Scapulaires de Notre Dame du Mont-Carmel 6x5cm<\/strong><\/p>\n\n\n\n<p class=\"has-medium-font-size\"><strong>TARIFS :<\/strong><\/p>\n\n\n\n<p class=\"has-medium-font-size\">Images <strong>Sepia<\/strong> (St Simon stock) :<strong> 4 euros<\/strong><\/p>\n\n\n\n<p class=\"has-medium-font-size\">Images <strong>couleur <\/strong>(Sacr\u00e9-Coeur)<strong> : 4.20 euros<\/strong><\/p>\n\n\n\n<blockquote class=\"wp-block-quote is-layout-flow wp-block-quote-is-layout-flow\" style=\"line-height:1.6\">\n<p style=\"padding-top:0;padding-right:var(--wp--preset--spacing--20);padding-bottom:0;padding-left:var(--wp--preset--spacing--20)\"><em><strong>On notera qu&rsquo;on ne commence pas par soi-m\u00eame \u00e0 porter le Saint Scapulaire mais il doit \u00eatre impos\u00e9 par un pr\u00eatre<\/strong>&nbsp;: par l\u2019interm\u00e9diaire de la Sainte Eglise, Notre Dame du Mont-Carmel nous offre sa protection maternelle (voir : <\/em><a href=\"https:\/\/carmel-creteil.org\/index.php\/notre-histoire\/histoire-de-lordre\/\" data-type=\"page\" data-id=\"421\"><strong><em>Histoire de l\u2019Ordre<\/em><\/strong><\/a><em>).<\/em><\/p>\n<\/blockquote>\n<\/div><\/div>\n<\/div>\n<\/div>\n\n\n\n<div style=\"height:35px\" aria-hidden=\"true\" class=\"wp-block-spacer\"><\/div>\n\n\n\n<div class=\"wp-block-columns is-layout-flex wp-container-core-columns-is-layout-28f84493 wp-block-columns-is-layout-flex\" style=\"border-width:3px\">\n<div class=\"wp-block-column is-layout-flow wp-block-column-is-layout-flow\" style=\"border-width:3px;flex-basis:25%\">\n<figure class=\"wp-block-image size-large\"><img loading=\"lazy\" decoding=\"async\" width=\"807\" height=\"1024\" src=\"https:\/\/carmel-creteil.org\/wp-content\/uploads\/2025\/11\/IMG_20251107_190615_4-807x1024.jpg\" alt=\"\" class=\"wp-image-2031\"\/><\/figure>\n\n\n\n<div style=\"height:40px\" aria-hidden=\"true\" class=\"wp-block-spacer\"><\/div>\n\n\n\n<p class=\"has-text-align-center\"><strong>7 euros<\/strong><\/p>\n<\/div>\n\n\n\n<div class=\"wp-block-column is-layout-flow wp-block-column-is-layout-flow\" style=\"flex-basis:50%\">\n<p class=\"has-text-align-center\">Chaque ann\u00e9e, nous proposons (les rubriques varient en fonction de la date de P\u00e2ques), <strong>un Ordo propre \u00e0 l&rsquo;Ordre<\/strong> qui int\u00e8gre <a href=\"https:\/\/carmel-creteil.org\/index.php\/venir-prier\/sanctoral-carmelitain\/\" data-type=\"page\" data-id=\"1110\"><strong><em>Le sanctoral sp\u00e9cifique du Carmel<\/em><\/strong><\/a>.<\/p>\n\n\n\n<p class=\"has-text-align-center\">Cet Ordo est destin\u00e9 \u00e0 ceux qui r\u00e9citent les pri\u00e8res du br\u00e9viaire et offre les indications n\u00e9cessaires \u00e0 la c\u00e9l\u00e9bration quotidienne de la messe.<\/p>\n\n\n\n<p class=\"has-text-align-center\"><strong>Un calendrier liturgique<\/strong>, simplifi\u00e9, est \u00e9galement \u00e0 la disposition des fid\u00e8les.<\/p>\n\n\n\n<p class=\"has-text-align-center\">Ordos et calendriers liturgiques sont <strong>vendus \u00e0 la boutique de l&rsquo;accueil (voir ci-dessous)<\/strong>. Ils <strong>peuvent \u00e9galement \u00eatre exp\u00e9di\u00e9s<\/strong> (voir <a href=\"https:\/\/carmel-creteil.org\/index.php\/coordonnees-et-offices\/\" data-type=\"page\" data-id=\"134\"><em><strong>Nous contacter<\/strong><\/em><\/a>)<\/p>\n<\/div>\n\n\n\n<div class=\"wp-block-column is-layout-flow wp-block-column-is-layout-flow\" style=\"border-width:3px;flex-basis:25%\">\n<figure class=\"wp-block-image size-large\"><img loading=\"lazy\" decoding=\"async\" width=\"766\" height=\"1024\" src=\"https:\/\/carmel-creteil.org\/wp-content\/uploads\/2025\/11\/IMG_20251107_190601_4-766x1024.jpg\" alt=\"\" class=\"wp-image-2033\"\/><\/figure>\n\n\n\n<div style=\"height:40px\" aria-hidden=\"true\" class=\"wp-block-spacer\"><\/div>\n\n\n\n<p class=\"has-text-align-center\"><strong>2.70 euros<\/strong><\/p>\n<\/div>\n<\/div>\n\n\n\n<div style=\"height:40px\" aria-hidden=\"true\" class=\"wp-block-spacer\"><\/div>\n\n\n\n<div class=\"wp-block-columns is-layout-flex wp-container-core-columns-is-layout-28f84493 wp-block-columns-is-layout-flex\" style=\"border-width:3px\">\n<div class=\"wp-block-column is-layout-flow wp-block-column-is-layout-flow\" style=\"flex-basis:100%\">\n<div class=\"wp-block-columns is-layout-flex wp-container-core-columns-is-layout-28f84493 wp-block-columns-is-layout-flex\">\n<div class=\"wp-block-column is-layout-flow wp-block-column-is-layout-flow\" style=\"flex-basis:33.34%\">\n<div class=\"wp-block-group is-vertical is-layout-flex wp-container-core-group-is-layout-fe9cc265 wp-block-group-is-layout-flex\">\n<figure class=\"wp-block-image size-large is-resized is-style-default wp-container-content-69bc4bdf\" style=\"margin-top:var(--wp--preset--spacing--60);margin-right:0;margin-bottom:var(--wp--preset--spacing--60);margin-left:0\"><img loading=\"lazy\" decoding=\"async\" width=\"900\" height=\"1024\" src=\"https:\/\/carmel-creteil.org\/wp-content\/uploads\/2025\/07\/Chapelets-bois-fonce-et-clair-900x1024.jpg\" alt=\"\" class=\"wp-image-501\" style=\"width:295px;height:auto\"\/><\/figure>\n\n\n\n<p class=\"has-text-align-center has-x-large-font-size wp-container-content-69bc4bdf\"><strong>Fabrication<\/strong> et <strong>r\u00e9paration<\/strong> de toutes sortes de<\/p>\n\n\n\n<div style=\"height:0px\" aria-hidden=\"true\" class=\"wp-block-spacer wp-container-content-9760934e\"><\/div>\n<\/div>\n<\/div>\n\n\n\n<div class=\"wp-block-column is-layout-flow wp-block-column-is-layout-flow\" style=\"flex-basis:33.34%\">\n<figure class=\"wp-block-image size-large is-resized is-style-rounded\"><img loading=\"lazy\" decoding=\"async\" width=\"724\" height=\"1024\" src=\"https:\/\/carmel-creteil.org\/wp-content\/uploads\/2025\/07\/Olivier-724x1024.jpg\" alt=\"\" class=\"wp-image-503\" style=\"width:283px;height:auto\"\/><\/figure>\n\n\n\n<div style=\"height:24px\" aria-hidden=\"true\" class=\"wp-block-spacer\"><\/div>\n\n\n\n<p class=\"has-text-align-left\" style=\"font-size:60px\"> <strong>chapelets<\/strong><\/p>\n<\/div>\n\n\n\n<div class=\"wp-block-column is-layout-flow wp-block-column-is-layout-flow\" style=\"flex-basis:33.33%\">\n<figure class=\"wp-block-image size-large is-resized is-style-rounded\"><img loading=\"lazy\" decoding=\"async\" width=\"724\" height=\"1024\" src=\"https:\/\/carmel-creteil.org\/wp-content\/uploads\/2025\/07\/chaine-724x1024.jpg\" alt=\"\" class=\"wp-image-502\" style=\"width:257px;height:auto\"\/><\/figure>\n\n\n\n<figure class=\"wp-block-image size-full is-resized\"><img loading=\"lazy\" decoding=\"async\" width=\"150\" height=\"152\" src=\"https:\/\/carmel-creteil.org\/wp-content\/uploads\/2025\/07\/Dizainier-clair-Copie-e1753965215681.png\" alt=\"\" class=\"wp-image-1152\" style=\"width:205px;height:auto\"\/><\/figure>\n<\/div>\n<\/div>\n<\/div>\n<\/div>\n\n\n\n<div style=\"height:37px\" aria-hidden=\"true\" class=\"wp-block-spacer\"><\/div>\n\n\n\n<div class=\"wp-block-media-text has-media-on-the-right is-stacked-on-mobile\" style=\"border-width:3px;grid-template-columns:auto 43%\"><div class=\"wp-block-media-text__content\">\n<p class=\"has-text-align-center has-x-large-font-size\"><strong>VENTE D&rsquo;OEUFS<\/strong><\/p>\n\n\n\n<p class=\"has-text-align-center has-x-large-font-size\">s&rsquo;adresser \u00e0 la personne de l&rsquo;accueil<\/p>\n\n\n\n<p class=\"has-text-align-center\">4 euros la douzaine (2 euros les 6)<\/p>\n<\/div><figure class=\"wp-block-media-text__media\"><img loading=\"lazy\" decoding=\"async\" width=\"1024\" height=\"768\" src=\"https:\/\/carmel-creteil.org\/wp-content\/uploads\/2025\/07\/IMG_1787-1024x768.jpg\" alt=\"\" class=\"wp-image-504 size-full\" srcset=\"https:\/\/carmel-creteil.org\/wp-content\/uploads\/2025\/07\/IMG_1787-1024x768.jpg 1024w, https:\/\/carmel-creteil.org\/wp-content\/uploads\/2025\/07\/IMG_1787-300x225.jpg 300w, https:\/\/carmel-creteil.org\/wp-content\/uploads\/2025\/07\/IMG_1787-768x576.jpg 768w, https:\/\/carmel-creteil.org\/wp-content\/uploads\/2025\/07\/IMG_1787-1536x1152.jpg 1536w, https:\/\/carmel-creteil.org\/wp-content\/uploads\/2025\/07\/IMG_1787-2048x1536.jpg 2048w\" sizes=\"auto, (max-width: 1024px) 100vw, 1024px\" \/><\/figure><\/div>\n\n\n\n<div style=\"height:41px\" aria-hidden=\"true\" class=\"wp-block-spacer\"><\/div>\n\n\n\n<div class=\"wp-block-group is-layout-constrained wp-block-group-is-layout-constrained\">\n<div class=\"wp-block-group is-layout-constrained wp-block-group-is-layout-constrained\" style=\"border-width:3px\">\n<div class=\"wp-block-media-text is-stacked-on-mobile\" style=\"grid-template-columns:59% auto\"><figure class=\"wp-block-media-text__media\"><img loading=\"lazy\" decoding=\"async\" width=\"800\" height=\"600\" src=\"https:\/\/carmel-creteil.org\/wp-content\/uploads\/2025\/07\/boutique-r.jpg\" alt=\"\" class=\"wp-image-655 size-full\" srcset=\"https:\/\/carmel-creteil.org\/wp-content\/uploads\/2025\/07\/boutique-r.jpg 800w, https:\/\/carmel-creteil.org\/wp-content\/uploads\/2025\/07\/boutique-r-300x225.jpg 300w, https:\/\/carmel-creteil.org\/wp-content\/uploads\/2025\/07\/boutique-r-768x576.jpg 768w\" sizes=\"auto, (max-width: 800px) 100vw, 800px\" \/><\/figure><div class=\"wp-block-media-text__content\">\n<div class=\"wp-block-columns is-layout-flex wp-container-core-columns-is-layout-28f84493 wp-block-columns-is-layout-flex\">\n<div class=\"wp-block-column is-layout-flow wp-block-column-is-layout-flow\"><\/div>\n\n\n\n<div class=\"wp-block-column is-layout-flow wp-block-column-is-layout-flow\">\n<figure class=\"wp-block-image size-full\"><img loading=\"lazy\" decoding=\"async\" width=\"450\" height=\"600\" src=\"https:\/\/carmel-creteil.org\/wp-content\/uploads\/2025\/07\/accueil-r.jpg\" alt=\"\" class=\"wp-image-1085\" srcset=\"https:\/\/carmel-creteil.org\/wp-content\/uploads\/2025\/07\/accueil-r.jpg 450w, https:\/\/carmel-creteil.org\/wp-content\/uploads\/2025\/07\/accueil-r-225x300.jpg 225w\" sizes=\"auto, (max-width: 450px) 100vw, 450px\" \/><\/figure>\n<\/div>\n<\/div>\n\n\n\n<p class=\"has-large-font-size\"><strong>Artisanat divers<\/strong> \u00e0 la <strong>BOUTIQUE<\/strong> de l&rsquo;accueil<\/p>\n\n\n\n<ul class=\"wp-block-list\">\n<li class=\"has-medium-font-size\">Livres religieux<\/li>\n\n\n\n<li class=\"has-medium-font-size\">M\u00e9dailles, cha\u00eenes<\/li>\n\n\n\n<li class=\"has-medium-font-size\">Chapelets<\/li>\n\n\n\n<li class=\"has-medium-font-size\">Cartes diverses<\/li>\n\n\n\n<li class=\"has-medium-font-size\">Jouets en laine etc&#8230;<\/li>\n<\/ul>\n\n\n\n<p class=\"has-medium-font-size\">Ouverte aux m\u00eames horaires que l&rsquo;accueil du monast\u00e8re (Voir <strong><em><a href=\"https:\/\/carmel-creteil.org\/index.php\/coordonnees-et-offices\/\" data-type=\"page\" data-id=\"134\">Nous contacter)<\/a><\/em><\/strong><\/p>\n<\/div><\/div>\n\n\n\n<p class=\"has-large-font-size\"><strong>D\u00e9tails :<\/strong><\/p>\n\n\n\n<figure class=\"wp-block-image aligncenter size-full\"><img loading=\"lazy\" decoding=\"async\" width=\"800\" height=\"600\" src=\"https:\/\/carmel-creteil.org\/wp-content\/uploads\/2025\/07\/boutique3-r.jpg\" alt=\"\" class=\"wp-image-658\" srcset=\"https:\/\/carmel-creteil.org\/wp-content\/uploads\/2025\/07\/boutique3-r.jpg 800w, https:\/\/carmel-creteil.org\/wp-content\/uploads\/2025\/07\/boutique3-r-300x225.jpg 300w, https:\/\/carmel-creteil.org\/wp-content\/uploads\/2025\/07\/boutique3-r-768x576.jpg 768w\" sizes=\"auto, (max-width: 800px) 100vw, 800px\" \/><figcaption class=\"wp-element-caption\"><strong>Livres religieux divers<\/strong>,<strong> chapelets mont\u00e9s sur cordes, ordos et calendriers liturgiques, cha\u00eenes et m\u00e9dailles&#8230;<\/strong><\/figcaption><\/figure>\n\n\n\n<div class=\"wp-block-columns is-layout-flex wp-container-core-columns-is-layout-28f84493 wp-block-columns-is-layout-flex\">\n<div class=\"wp-block-column is-layout-flow wp-block-column-is-layout-flow\">\n<figure class=\"wp-block-image size-large\"><img loading=\"lazy\" decoding=\"async\" width=\"768\" height=\"1024\" src=\"https:\/\/carmel-creteil.org\/wp-content\/uploads\/2025\/07\/IMG_20250726_131342_2-768x1024.jpg\" alt=\"\" class=\"wp-image-1095\"\/><\/figure>\n<\/div>\n\n\n\n<div class=\"wp-block-column is-layout-flow wp-block-column-is-layout-flow\">\n<div style=\"height:31px\" aria-hidden=\"true\" class=\"wp-block-spacer\"><\/div>\n\n\n\n<figure class=\"wp-block-image aligncenter size-large is-resized\"><img loading=\"lazy\" decoding=\"async\" width=\"450\" height=\"600\" src=\"https:\/\/carmel-creteil.org\/wp-content\/uploads\/2025\/07\/boutique1-r.jpg\" alt=\"\" class=\"wp-image-656\" style=\"width:403px;height:auto\" srcset=\"https:\/\/carmel-creteil.org\/wp-content\/uploads\/2025\/07\/boutique1-r.jpg 450w, https:\/\/carmel-creteil.org\/wp-content\/uploads\/2025\/07\/boutique1-r-225x300.jpg 225w\" sizes=\"auto, (max-width: 450px) 100vw, 450px\" \/><figcaption class=\"wp-element-caption\"><strong>Cartes et images religieuses, chapelets mont\u00e9s sur cha\u00eene<\/strong><\/figcaption><\/figure>\n<\/div>\n<\/div>\n\n\n\n<div class=\"wp-block-columns is-layout-flex wp-container-core-columns-is-layout-28f84493 wp-block-columns-is-layout-flex\">\n<div class=\"wp-block-column is-layout-flow wp-block-column-is-layout-flow\">\n<figure class=\"wp-block-image size-large\"><img loading=\"lazy\" decoding=\"async\" width=\"800\" height=\"600\" src=\"https:\/\/carmel-creteil.org\/wp-content\/uploads\/2025\/07\/boutique2-r.jpg\" alt=\"\" class=\"wp-image-657\" srcset=\"https:\/\/carmel-creteil.org\/wp-content\/uploads\/2025\/07\/boutique2-r.jpg 800w, https:\/\/carmel-creteil.org\/wp-content\/uploads\/2025\/07\/boutique2-r-300x225.jpg 300w, https:\/\/carmel-creteil.org\/wp-content\/uploads\/2025\/07\/boutique2-r-768x576.jpg 768w\" sizes=\"auto, (max-width: 800px) 100vw, 800px\" \/><figcaption class=\"wp-element-caption\"><strong>Jouets en laine, bavoirs&#8230;                                   Statuettes, scapulaires&#8230;<\/strong><\/figcaption><\/figure>\n<\/div>\n\n\n\n<div class=\"wp-block-column is-layout-flow wp-block-column-is-layout-flow\">\n<figure class=\"wp-block-image size-full\"><img loading=\"lazy\" decoding=\"async\" width=\"800\" height=\"600\" src=\"https:\/\/carmel-creteil.org\/wp-content\/uploads\/2025\/07\/boutique4-r.jpg\" alt=\"\" class=\"wp-image-1086\" srcset=\"https:\/\/carmel-creteil.org\/wp-content\/uploads\/2025\/07\/boutique4-r.jpg 800w, https:\/\/carmel-creteil.org\/wp-content\/uploads\/2025\/07\/boutique4-r-300x225.jpg 300w, https:\/\/carmel-creteil.org\/wp-content\/uploads\/2025\/07\/boutique4-r-768x576.jpg 768w\" sizes=\"auto, (max-width: 800px) 100vw, 800px\" \/><figcaption class=\"wp-element-caption\"><strong>Cartes ou reproductions de nos peintures et aquarelles<\/strong><\/figcaption><\/figure>\n<\/div>\n<\/div>\n<\/div>\n<\/div>\n\n\n\n<div style=\"height:76px\" aria-hidden=\"true\" class=\"wp-block-spacer\"><\/div>\n\n\n<nav class=\"is-responsive items-justified-center wp-block-navigation is-content-justification-center is-layout-flex wp-container-core-navigation-is-layout-a89b3969 wp-block-navigation-is-layout-flex\" aria-label=\"Menu 2\" \n\t\t data-wp-interactive=\"core\/navigation\" data-wp-context='{\"overlayOpenedBy\":{\"click\":false,\"hover\":false,\"focus\":false},\"type\":\"overlay\",\"roleAttribute\":\"\",\"ariaLabel\":\"Menu\"}'><button aria-haspopup=\"dialog\" aria-label=\"Ouvrir le menu\" class=\"wp-block-navigation__responsive-container-open\" \n\t\t\t\tdata-wp-on--click=\"actions.openMenuOnClick\"\n\t\t\t\tdata-wp-on--keydown=\"actions.handleMenuKeydown\"\n\t\t\t><svg width=\"24\" height=\"24\" xmlns=\"http:\/\/www.w3.org\/2000\/svg\" viewBox=\"0 0 24 24\"><path d=\"M5 5v1.5h14V5H5z\"><\/path><path d=\"M5 12.8h14v-1.5H5v1.5z\"><\/path><path d=\"M5 19h14v-1.5H5V19z\"><\/path><\/svg><\/button>\n\t\t\t\t<div class=\"wp-block-navigation__responsive-container  has-text-color has-custom-marron-fonc-color has-background has-custom-cr-me-opaque-background-color\"  id=\"modal-2\" \n\t\t\t\tdata-wp-class--has-modal-open=\"state.isMenuOpen\"\n\t\t\t\tdata-wp-class--is-menu-open=\"state.isMenuOpen\"\n\t\t\t\tdata-wp-watch=\"callbacks.initMenu\"\n\t\t\t\tdata-wp-on--keydown=\"actions.handleMenuKeydown\"\n\t\t\t\tdata-wp-on--focusout=\"actions.handleMenuFocusout\"\n\t\t\t\ttabindex=\"-1\"\n\t\t\t>\n\t\t\t\t\t<div class=\"wp-block-navigation__responsive-close\" tabindex=\"-1\">\n\t\t\t\t\t\t<div class=\"wp-block-navigation__responsive-dialog\" \n\t\t\t\tdata-wp-bind--aria-modal=\"state.ariaModal\"\n\t\t\t\tdata-wp-bind--aria-label=\"state.ariaLabel\"\n\t\t\t\tdata-wp-bind--role=\"state.roleAttribute\"\n\t\t\t>\n\t\t\t\t\t\t\t<button aria-label=\"Fermer le menu\" class=\"wp-block-navigation__responsive-container-close\" \n\t\t\t\tdata-wp-on--click=\"actions.closeMenuOnClick\"\n\t\t\t><svg xmlns=\"http:\/\/www.w3.org\/2000\/svg\" viewBox=\"0 0 24 24\" width=\"24\" height=\"24\" aria-hidden=\"true\" focusable=\"false\"><path d=\"m13.06 12 6.47-6.47-1.06-1.06L12 10.94 5.53 4.47 4.47 5.53 10.94 12l-6.47 6.47 1.06 1.06L12 13.06l6.47 6.47 1.06-1.06L13.06 12Z\"><\/path><\/svg><\/button>\n\t\t\t\t\t\t\t<div class=\"wp-block-navigation__responsive-container-content\" \n\t\t\t\tdata-wp-watch=\"callbacks.focusFirstElement\"\n\t\t\t id=\"modal-2-content\">\n\t\t\t\t\t\t\t\t<ul class=\"wp-block-navigation__container is-responsive items-justified-center wp-block-navigation\"><li style=\"text-decoration:underline;\" class=\" wp-block-navigation-item wp-block-navigation-link\"><a class=\"wp-block-navigation-item__content\"  href=\"https:\/\/carmel-creteil.org\/\"><span class=\"wp-block-navigation-item__label\">Accueil<\/span><\/a><\/li><li style=\"text-decoration:underline;\" class=\" wp-block-navigation-item wp-block-navigation-link\"><a class=\"wp-block-navigation-item__content\"  href=\"https:\/\/carmel-creteil.org\/?page_id=297&#038;preview=true\"><span class=\"wp-block-navigation-item__label\">Notre Histoire<\/span><\/a><\/li><li style=\"text-decoration:underline;\" class=\" wp-block-navigation-item wp-block-navigation-link\"><a class=\"wp-block-navigation-item__content\"  href=\"https:\/\/carmel-creteil.org\/index.php\/le-monastere-aujourdhui-a-creteil\/\"><span class=\"wp-block-navigation-item__label\">Le monast\u00e8re aujourd\u2019hui<\/span><\/a><\/li><li style=\"text-decoration:underline;\" class=\" wp-block-navigation-item wp-block-navigation-link\"><a class=\"wp-block-navigation-item__content\"  href=\"https:\/\/carmel-creteil.org\/index.php\/venir-prier\/\"><span class=\"wp-block-navigation-item__label\">Venir prier<\/span><\/a><\/li><li style=\"text-decoration:underline;\" class=\" wp-block-navigation-item wp-block-navigation-link\"><a class=\"wp-block-navigation-item__content\"  href=\"https:\/\/carmel-creteil.org\/index.php\/notre-travail\/\"><span class=\"wp-block-navigation-item__label\">Notre travail<\/span><\/a><\/li><li style=\"text-decoration:underline;\" class=\" wp-block-navigation-item wp-block-navigation-link\"><a class=\"wp-block-navigation-item__content\"  href=\"https:\/\/carmel-creteil.org\/index.php\/coordonnees-et-offices\/\"><span class=\"wp-block-navigation-item__label\">Nous contacter<\/span><\/a><\/li><li style=\"text-decoration:underline;\" class=\" wp-block-navigation-item wp-block-navigation-link\"><a class=\"wp-block-navigation-item__content\"  href=\"https:\/\/carmel-creteil.org\/index.php\/nous-aider\/\"><span class=\"wp-block-navigation-item__label\">Nous aider<\/span><\/a><\/li><\/ul>\n\t\t\t\t\t\t\t<\/div>\n\t\t\t\t\t\t<\/div>\n\t\t\t\t\t<\/div>\n\t\t\t\t<\/div><\/nav>\n\n\n<div style=\"height:100px\" aria-hidden=\"true\" class=\"wp-block-spacer\"><\/div>\n\n\n\n<p class=\"has-text-align-center\"><em>\u00a9 Tous droits r\u00e9serv\u00e9s &#8211; Carmel Sainte Th\u00e9r\u00e8se de Cr\u00e9teil<\/em><\/p>\n\n\n\n<p><\/p>\n","protected":false},"excerpt":{"rendered":"<p>Pour toute question ou commande = Courriel : commandes@carmel-creteil.org Merci Scapulaires de Notre Dame du Mont-Carmel 6x5cm TARIFS : Images Sepia (St Simon stock) : 4 euros Images couleur (Sacr\u00e9-Coeur) : 4.20 euros On notera qu&rsquo;on ne commence pas par soi-m\u00eame \u00e0 porter le Saint Scapulaire mais il doit \u00eatre impos\u00e9 par un pr\u00eatre&nbsp;: par [&hellip;]<\/p>\n","protected":false},"author":1,"featured_media":0,"parent":0,"menu_order":11,"comment_status":"closed","ping_status":"closed","template":"","meta":{"footnotes":""},"class_list":["post-225","page","type-page","status-publish","hentry"],"_links":{"self":[{"href":"https:\/\/carmel-creteil.org\/index.php\/wp-json\/wp\/v2\/pages\/225","targetHints":{"allow":["GET"]}}],"collection":[{"href":"https:\/\/carmel-creteil.org\/index.php\/wp-json\/wp\/v2\/pages"}],"about":[{"href":"https:\/\/carmel-creteil.org\/index.php\/wp-json\/wp\/v2\/types\/page"}],"author":[{"embeddable":true,"href":"https:\/\/carmel-creteil.org\/index.php\/wp-json\/wp\/v2\/users\/1"}],"replies":[{"embeddable":true,"href":"https:\/\/carmel-creteil.org\/index.php\/wp-json\/wp\/v2\/comments?post=225"}],"version-history":[{"count":48,"href":"https:\/\/carmel-creteil.org\/index.php\/wp-json\/wp\/v2\/pages\/225\/revisions"}],"predecessor-version":[{"id":2034,"href":"https:\/\/carmel-creteil.org\/index.php\/wp-json\/wp\/v2\/pages\/225\/revisions\/2034"}],"wp:attachment":[{"href":"https:\/\/carmel-creteil.org\/index.php\/wp-json\/wp\/v2\/media?parent=225"}],"curies":[{"name":"wp","href":"https:\/\/api.w.org\/{rel}","templated":true}]}}