{"id":32,"date":"2025-07-02T13:40:23","date_gmt":"2025-07-02T13:40:23","guid":{"rendered":"https:\/\/carmel-creteil.org\/?page_id=32"},"modified":"2025-09-08T07:57:13","modified_gmt":"2025-09-08T07:57:13","slug":"perigrinations","status":"publish","type":"page","link":"https:\/\/carmel-creteil.org\/index.php\/notre-histoire\/histoire\/perigrinations\/","title":{"rendered":"P\u00e9r\u00e9grinations&#8230; mais stabilit\u00e9"},"content":{"rendered":"<nav class=\"is-responsive items-justified-center wp-block-navigation is-content-justification-center is-layout-flex wp-container-core-navigation-is-layout-a89b3969 wp-block-navigation-is-layout-flex\" aria-label=\"Menu\" \n\t\t data-wp-interactive=\"core\/navigation\" data-wp-context='{\"overlayOpenedBy\":{\"click\":false,\"hover\":false,\"focus\":false},\"type\":\"overlay\",\"roleAttribute\":\"\",\"ariaLabel\":\"Menu\"}'><button aria-haspopup=\"dialog\" aria-label=\"Ouvrir le menu\" class=\"wp-block-navigation__responsive-container-open\" \n\t\t\t\tdata-wp-on--click=\"actions.openMenuOnClick\"\n\t\t\t\tdata-wp-on--keydown=\"actions.handleMenuKeydown\"\n\t\t\t><svg width=\"24\" height=\"24\" xmlns=\"http:\/\/www.w3.org\/2000\/svg\" viewBox=\"0 0 24 24\"><path d=\"M5 5v1.5h14V5H5z\"><\/path><path d=\"M5 12.8h14v-1.5H5v1.5z\"><\/path><path d=\"M5 19h14v-1.5H5V19z\"><\/path><\/svg><\/button>\n\t\t\t\t<div class=\"wp-block-navigation__responsive-container  has-text-color has-custom-marron-fonc-color has-background has-custom-cr-me-opaque-background-color\"  id=\"modal-1\" \n\t\t\t\tdata-wp-class--has-modal-open=\"state.isMenuOpen\"\n\t\t\t\tdata-wp-class--is-menu-open=\"state.isMenuOpen\"\n\t\t\t\tdata-wp-watch=\"callbacks.initMenu\"\n\t\t\t\tdata-wp-on--keydown=\"actions.handleMenuKeydown\"\n\t\t\t\tdata-wp-on--focusout=\"actions.handleMenuFocusout\"\n\t\t\t\ttabindex=\"-1\"\n\t\t\t>\n\t\t\t\t\t<div class=\"wp-block-navigation__responsive-close\" tabindex=\"-1\">\n\t\t\t\t\t\t<div class=\"wp-block-navigation__responsive-dialog\" \n\t\t\t\tdata-wp-bind--aria-modal=\"state.ariaModal\"\n\t\t\t\tdata-wp-bind--aria-label=\"state.ariaLabel\"\n\t\t\t\tdata-wp-bind--role=\"state.roleAttribute\"\n\t\t\t>\n\t\t\t\t\t\t\t<button aria-label=\"Fermer le menu\" class=\"wp-block-navigation__responsive-container-close\" \n\t\t\t\tdata-wp-on--click=\"actions.closeMenuOnClick\"\n\t\t\t><svg xmlns=\"http:\/\/www.w3.org\/2000\/svg\" viewBox=\"0 0 24 24\" width=\"24\" height=\"24\" aria-hidden=\"true\" focusable=\"false\"><path d=\"m13.06 12 6.47-6.47-1.06-1.06L12 10.94 5.53 4.47 4.47 5.53 10.94 12l-6.47 6.47 1.06 1.06L12 13.06l6.47 6.47 1.06-1.06L13.06 12Z\"><\/path><\/svg><\/button>\n\t\t\t\t\t\t\t<div class=\"wp-block-navigation__responsive-container-content\" \n\t\t\t\tdata-wp-watch=\"callbacks.focusFirstElement\"\n\t\t\t id=\"modal-1-content\">\n\t\t\t\t\t\t\t\t<ul class=\"wp-block-navigation__container is-responsive items-justified-center wp-block-navigation\"><li style=\"text-decoration:underline;\" class=\" wp-block-navigation-item wp-block-navigation-link\"><a class=\"wp-block-navigation-item__content\"  href=\"https:\/\/carmel-creteil.org\/\"><span class=\"wp-block-navigation-item__label\">Accueil<\/span><\/a><\/li><li style=\"text-decoration:underline;\" class=\" wp-block-navigation-item wp-block-navigation-link\"><a class=\"wp-block-navigation-item__content\"  href=\"https:\/\/carmel-creteil.org\/?page_id=297&#038;preview=true\"><span class=\"wp-block-navigation-item__label\">Notre Histoire<\/span><\/a><\/li><li style=\"text-decoration:underline;\" class=\" wp-block-navigation-item wp-block-navigation-link\"><a class=\"wp-block-navigation-item__content\"  href=\"https:\/\/carmel-creteil.org\/index.php\/le-monastere-aujourdhui-a-creteil\/\"><span class=\"wp-block-navigation-item__label\">Le monast\u00e8re aujourd\u2019hui<\/span><\/a><\/li><li style=\"text-decoration:underline;\" class=\" wp-block-navigation-item wp-block-navigation-link\"><a class=\"wp-block-navigation-item__content\"  href=\"https:\/\/carmel-creteil.org\/index.php\/venir-prier\/\"><span class=\"wp-block-navigation-item__label\">Venir prier<\/span><\/a><\/li><li style=\"text-decoration:underline;\" class=\" wp-block-navigation-item wp-block-navigation-link\"><a class=\"wp-block-navigation-item__content\"  href=\"https:\/\/carmel-creteil.org\/index.php\/notre-travail\/\"><span class=\"wp-block-navigation-item__label\">Notre travail<\/span><\/a><\/li><li style=\"text-decoration:underline;\" class=\" wp-block-navigation-item wp-block-navigation-link\"><a class=\"wp-block-navigation-item__content\"  href=\"https:\/\/carmel-creteil.org\/index.php\/coordonnees-et-offices\/\"><span class=\"wp-block-navigation-item__label\">Nous contacter<\/span><\/a><\/li><li style=\"text-decoration:underline;\" class=\" wp-block-navigation-item wp-block-navigation-link\"><a class=\"wp-block-navigation-item__content\"  href=\"https:\/\/carmel-creteil.org\/index.php\/nous-aider\/\"><span class=\"wp-block-navigation-item__label\">Nous aider<\/span><\/a><\/li><\/ul>\n\t\t\t\t\t\t\t<\/div>\n\t\t\t\t\t\t<\/div>\n\t\t\t\t\t<\/div>\n\t\t\t\t<\/div><\/nav>\n\n\n<div style=\"height:40px\" aria-hidden=\"true\" class=\"wp-block-spacer\"><\/div>\n\n\n\n<p class=\"has-large-font-size\"><strong>P\u00e9r\u00e9grinations&#8230; mais stabilit\u00e9<\/strong><\/p>\n\n\n\n<div style=\"height:52px\" aria-hidden=\"true\" class=\"wp-block-spacer\"><\/div>\n\n\n\n<h4 class=\"wp-block-heading has-large-font-size\"><strong>Une cons\u00e9quence providentielle de la Fronde<\/strong><\/h4>\n\n\n\n<p style=\"padding-top:var(--wp--preset--spacing--50);padding-bottom:var(--wp--preset--spacing--50)\">Le 15 octobre 1604 arrivaient \u00e0 Paris les compagnes m\u00eames de sainte Th\u00e9r\u00e8se, et le 18, en la f\u00eate de Saint-Luc, \u00e9tait \u00e9tabli le premier Carmel de France, le Couvent de l&rsquo;Incarnation. Or, lorsque, en 1648, \u00e9clata la Fronde, la situation du monast\u00e8re qui se trouvait \u00e0 l&rsquo;extr\u00e9mit\u00e9 du faubourg Saint-Jacques, et par l\u00e0 sans d\u00e9fense, se r\u00e9v\u00e9la d&rsquo;une grande ins\u00e9curit\u00e9. Craignant de nouveaux troubles, les Carm\u00e9lites jug\u00e8rent opportun de se m\u00e9nager une retraite dans Paris. C&rsquo;est ainsi que l&rsquo;on acheta en 1657, pour servir de refuge, quelques maisons de la rue du Bouloy, o\u00f9 s&rsquo;install\u00e8rent treize religieuses, petit essaim qui d\u00e9pendait en tout du grand couvent.<\/p>\n\n\n\n<h4 class=\"wp-block-heading has-large-font-size\"><strong>\u00ab\u00a0El reconocido de Dios\u00a0\u00bb<\/strong><\/h4>\n\n\n\n<div style=\"height:40px\" aria-hidden=\"true\" class=\"wp-block-spacer\"><\/div>\n\n\n\n<p style=\"padding-top:0;padding-bottom:0\">Rue du Bouloy\u2026 Nous sommes l\u00e0 \u00e0 quelques pas du Louvre. Ce royal voisinage va avoir des cons\u00e9quences inattendues. En 1660, apr\u00e8s le fameux trait\u00e9 des Pyr\u00e9n\u00e9es, Paris accueille sa nouvelle reine, Marie-Th\u00e9r\u00e8se, Infante d&rsquo;Espagne.<\/p>\n\n\n\n<p>Que l&rsquo;on imagine la joie de la Princesse, qui est tr\u00e8s pieuse, en d\u00e9couvrant tout pr\u00e8s du palais un petit Carmel comme ceux de la Madre Teresa. Pour comble de bonheur, deux de ses religieuses connaissent l&rsquo;espagnol. Sans tarder la Reine s&rsquo;y rend. Charm\u00e9e par la pauvret\u00e9 du lieu qui lui rappelle tant les Carmels d&rsquo;Espagne, par le silence, le recueillement qui y r\u00e8gnent, elle entra\u00eene bient\u00f4t avec elle la reine Anne d&rsquo;Autriche dans ce qu&rsquo;elle nomme si joliment El reconocido de Dios (difficilement traduisible en fran\u00e7ais \u00ab\u00a0le lieu o\u00f9 Dieu se compla\u00eet\u00a0\u00bb), et toutes les deux vont se lier avec les Carm\u00e9lites d&rsquo;une v\u00e9ritable amiti\u00e9.<\/p>\n\n\n\n<div style=\"height:48px\" aria-hidden=\"true\" class=\"wp-block-spacer\"><\/div>\n\n\n\n<h4 class=\"wp-block-heading has-large-font-size\"><strong>La fondation<\/strong><\/h4>\n\n\n\n<p style=\"padding-top:var(--wp--preset--spacing--60);padding-bottom:var(--wp--preset--spacing--60)\">Mais un jour, en arrivant rue du Bouloy, les Reines demandent en vain leur grande amie : la M\u00e8re Th\u00e9r\u00e8se de Remenecour. Cette derni\u00e8re vient d&rsquo;\u00eatre rappel\u00e9e au Grand Couvent. La d\u00e9ception d&rsquo;Anne d&rsquo;Autriche et de Marie-Th\u00e9r\u00e8se est grande. Elles obtiennent cependant le retour de la M\u00e8re Th\u00e9r\u00e8se ; mais comprenant que semblable incident pourrait bien se renouveler, elles recourent au seul rem\u00e8de : \u00e9riger le refuge de la rue du Bouloy en monast\u00e8re ind\u00e9pendant. \u00ab\u00a0Serrez-moi la main\u00a0\u00bb, dit Anne d&rsquo;Autriche \u00e0 la M\u00e8re Th\u00e9r\u00e8se et \u00e0 la M\u00e8re Fran\u00e7oise de la Croix, \u00ab\u00a0si je vous fais plaisir en changeant l&rsquo;hospice en monast\u00e8re\u00a0\u00bb. La Reine est ob\u00e9ie, et le Roi ayant donn\u00e9 l&rsquo;autorisation n\u00e9cessaire, la fondation a lieu le 12 janvier 1664.<\/p>\n\n\n\n<h4 class=\"wp-block-heading has-large-font-size\"><strong>La Sainte Face miraculeuse<\/strong><\/h4>\n\n\n\n<div style=\"height:50px\" aria-hidden=\"true\" class=\"wp-block-spacer\"><\/div>\n\n\n\n<figure class=\"wp-block-image aligncenter size-full is-resized\"><img loading=\"lazy\" decoding=\"async\" width=\"576\" height=\"800\" src=\"https:\/\/carmel-creteil.org\/wp-content\/uploads\/2025\/07\/christ-sainte-face-miraculeuse-creteil-e1752488575768.jpg\" alt=\"\" class=\"wp-image-388\" style=\"width:418px;height:auto\" srcset=\"https:\/\/carmel-creteil.org\/wp-content\/uploads\/2025\/07\/christ-sainte-face-miraculeuse-creteil-e1752488575768.jpg 576w, https:\/\/carmel-creteil.org\/wp-content\/uploads\/2025\/07\/christ-sainte-face-miraculeuse-creteil-e1752488575768-216x300.jpg 216w\" sizes=\"auto, (max-width: 576px) 100vw, 576px\" \/><\/figure>\n\n\n\n<div style=\"height:40px\" aria-hidden=\"true\" class=\"wp-block-spacer\"><\/div>\n\n\n\n<p>Les largesses des Reines pour leur Carmel se multiplient. Elles s&rsquo;ing\u00e9nient \u00e0 deviner les besoins sans qu&rsquo;on les leur dise ; de plus, elles se plaisent \u00e0 laisser aux Carm\u00e9lites de pr\u00e9cieux tr\u00e9sors ; <strong>entre autres, Marie-Th\u00e9r\u00e8se fait don d&rsquo;un peinture de la Sainte Face arrach\u00e9e aux Maures qui avaient vainement essay\u00e9 de la lac\u00e9rer \u00e0 coups de couteau, puis de la br\u00fbler. On voit encore le sang qui coula des blessures et les marques des lac\u00e9rations. <\/strong>Conserv\u00e9e au tr\u00e9sor de la cath\u00e9drale de Tol\u00e8de, elle avait \u00e9t\u00e9 donn\u00e9e \u00e0 la Reine Isabelle qui, \u00e0 sa mort, la remit \u00e0 sa fille. Marie-Th\u00e9r\u00e8se offrit aussi un crucifix miraculeux venant du si\u00e8ge de Besan\u00e7on, o\u00f9 on l&rsquo;avait trouv\u00e9 intact au milieu des flammes et &#8211; don pr\u00e9cieux entre tous &#8211; : d&rsquo;importantes parcelles de la vraie Croix magnifiquement ench\u00e2ss\u00e9es.<\/p>\n\n\n\n<p>Anne d&rsquo;Autriche mourut deux ans apr\u00e8s la fondation, mais pendant pr\u00e8s de vingt ans encore, la reine Marie-Th\u00e9r\u00e8se restera la plus fid\u00e8le amie de ses ch\u00e8res Carm\u00e9lites. Comment omettre de parler ici de celle qui est la fondatrice de ce Carmel ?<\/p>\n\n\n\n<figure class=\"wp-block-pullquote alignright\" style=\"margin-top:var(--wp--preset--spacing--60);margin-bottom:var(--wp--preset--spacing--60);padding-top:var(--wp--preset--spacing--30);padding-bottom:var(--wp--preset--spacing--30);line-height:1.6\"><blockquote><p><em>NB : On peut se procurer cette image en carte postale \u00e0 l&rsquo;accueil du Carmel<\/em> ou par correspondance <br>(voir : <a href=\"https:\/\/carmel-creteil.org\/index.php\/coordonnees-et-offices\/\" data-type=\"page\" data-id=\"134\"><strong><em>Nous contacter<\/em><\/strong><\/a>)<\/p><\/blockquote><\/figure>\n\n\n\n<div style=\"height:40px\" aria-hidden=\"true\" class=\"wp-block-spacer\"><\/div>\n\n\n\n<h4 class=\"wp-block-heading has-large-font-size\"><strong>Une grande Reine trop peu connue<\/strong><\/h4>\n\n\n\n<div style=\"height:80px\" aria-hidden=\"true\" class=\"wp-block-spacer\"><\/div>\n\n\n\n<figure class=\"wp-block-image aligncenter size-full is-resized\"><img loading=\"lazy\" decoding=\"async\" width=\"436\" height=\"600\" src=\"https:\/\/carmel-creteil.org\/wp-content\/uploads\/2025\/07\/Reine-r.jpg\" alt=\"\" class=\"wp-image-254\" style=\"width:436px;height:auto\" srcset=\"https:\/\/carmel-creteil.org\/wp-content\/uploads\/2025\/07\/Reine-r.jpg 436w, https:\/\/carmel-creteil.org\/wp-content\/uploads\/2025\/07\/Reine-r-218x300.jpg 218w\" sizes=\"auto, (max-width: 436px) 100vw, 436px\" \/><\/figure>\n\n\n\n<div style=\"height:40px\" aria-hidden=\"true\" class=\"wp-block-spacer\"><\/div>\n\n\n\n<p>                     Qui est cette Reine si m\u00e9connue ? Fille unique du roi Philippe IV et de la reine Isabelle, la petite Infante est d&rsquo;abord l&rsquo;idole de la Cour d&rsquo;Espagne, adul\u00e9e, f\u00eat\u00e9e au point que cette Cour enti\u00e8re se soul\u00e8ve un jour contre la gouvernante coupable d&rsquo;avoir adress\u00e9 \u00e0 la princesse une r\u00e9primande justifi\u00e9e et exige son renvoi. H\u00e9riti\u00e8re pr\u00e9somptive de cet immense empire sur lequel \u00ab\u00a0le soleil ne se couche jamais\u00a0\u00bb, elle voit reposer sur elle les espoirs de toute l&rsquo;Espagne. Gr\u00e2ce \u00e0 Dieu elle est dou\u00e9e de s\u00e9rieuses qualit\u00e9s que la flatterie et l&rsquo;ambition laisseront intactes. De plus, elle est dirig\u00e9e spirituellement par un saint religieux qui lui donne tant de go\u00fbt pour l&rsquo;oraison qu&rsquo;elle y consacre deux heures par jour, quelles que soient ses occupations.<\/p>\n\n\n\n<p>Mais voil\u00e0 que le tr\u00f4ne prestigieux lui \u00e9chappe : d&rsquo;un second mariage, Philippe IV vient d&rsquo;avoir un fils. Le combat int\u00e9rieur est terrible. Tels sont le courage et la foi de l&rsquo;Infante qu&rsquo;elle triomphe d&rsquo;elle-m\u00eame, fait \u00e0 Dieu son sacrifice complet, s&rsquo;interdisant tout regret, s&rsquo;unissant sinc\u00e8rement \u00e0 la joie g\u00e9n\u00e9rale. Abandonn\u00e9e \u00e0 la volont\u00e9 de Dieu, elle s&rsquo;en remet enti\u00e8rement \u00e0 Lui pour son avenir. Un jour, au passage, le Roi lui jette ces mots : \u00ab\u00a0Ma fille, le bien de la Chr\u00e9tient\u00e9 et celui de mes \u00e9tats m&rsquo;oblige \u00e0 vous donner au Roi de France, mon neveu\u00a0\u00bb. Rien de plus. On l&#8217;emm\u00e8ne \u00e0 l&rsquo;\u00eele de la Conf\u00e9rence sans m\u00eame qu&rsquo;elle sache le but du voyage. Elle ne reverra plus l&rsquo;Espagne. Epous\u00e9e par procuration au nom de Louis XIV, elle franchit le 11 juin 1660 la Bidassoa et la voici Reine de France.<\/p>\n\n\n\n<p>Fran\u00e7aise, elle le devient alors de tout son c\u0153ur. Plus tard, lors de la rupture de la paix avec l&rsquo;Espagne, elle affirmera vouloir rester fid\u00e8le \u00e0 cette consigne de son p\u00e8re : \u00ab\u00a0Vous devez oublier que vous avez \u00e9t\u00e9 Infante pour vous souvenir seulement que vous \u00eates Reine de France\u00a0\u00bb. Aussi, s\u00fbr d&rsquo;elle, Louis XIV lui confiera la R\u00e9gence du royaume pendant la guerre de Hollande.<\/p>\n\n\n\n<p>Marie-Th\u00e9r\u00e8se aima Louis XIV, et dans un profond esprit de foi, elle se fit une loi de lui ob\u00e9ir comme \u00e0 celui qui, pr\u00e8s d&rsquo;elle, tenait la place de Dieu. Cet esprit de foi est un des plus beaux traits de sa physionomie. Elle-m\u00eame avouait ing\u00e9nument admirer beaucoup saint Louis et les vertus de ce Roi, sans pouvoir l&rsquo;imiter, sauf, lui semblait-il, pour la fermet\u00e9 de la foi.<\/p>\n\n\n\n<p>Au milieu d&rsquo;une Cour dont la conduite \u00e9tait loin d&rsquo;\u00eatre toujours irr\u00e9prochable, Dieu seul sait ce qu&rsquo;elle souffrit et aussi ce qu&rsquo;elle m\u00e9rita, restant fid\u00e8le \u00e0 tous ses devoirs. On lui repr\u00e9senta un jour que, si elle renon\u00e7ait \u00e0 la communion du dimanche, elle pourrait assister \u00e0 un certain souper de minuit, o\u00f9 sa pr\u00e9sence, pensait-on, emp\u00eacherait des exc\u00e8s. Elle n&rsquo;h\u00e9sita pas \u00e0 faire ce sacrifice, mettant son devoir au-dessus de tout. Attentive \u00e0 ne jamais dire du mal de personne, \u00e0 ne jamais railler, elle fait le bien si discr\u00e8tement, elle reste si constamment douce et aimable qu&rsquo;on la juge mal. On la m\u00e9connait.<\/p>\n\n\n\n<p>A ses enfants, elle se donne toute enti\u00e8re. Elle aurait pu trouver l\u00e0 compensation, consolation\u2026 mais c&rsquo;est encore la croix. Le petit Dauphin fera une dangereuse maladie pendant laquelle on peut s&rsquo;attendre au pire. \u00ab\u00a0Dieu sait bien ce qu&rsquo;Il fait, et j&rsquo;aimerais mieux perdre tous mes enfants que d&rsquo;en voir un seul en p\u00e9ril de son salut\u00a0\u00bb, dit seulement la Reine \u00e0 ses intimes qui savent ce qu&rsquo;elle souffre. De fait, elle verra mourir trois de ses enfants, et la mort de l&rsquo;aimable petit Duc d&rsquo;Anjou lui sera particuli\u00e8rement douloureuse. Elle sait bien que ce malheur est imputable \u00e0 la n\u00e9gligence des m\u00e9decins, mais ne voulant pas attirer un ch\u00e2timent sur les coupables, elle se tait. Seules les Carm\u00e9lites auront le secret de sa peine. O\u00f9 puise-t-elle donc une telle force d&rsquo;\u00e2me, sinon en Dieu ? On comprend alors combien les s\u00e9jours dans le silence et la solitude de son petit Carmel lui sont chers. Elle les multiplie et passe l\u00e0 un temps consid\u00e9rable en oraison, au ch\u0153ur, sans appui, sur le carreau, ou s&rsquo;occupant \u00e0 des travaux d&rsquo;aiguille tout comme une simple religieuse.<\/p>\n\n\n\n<div style=\"height:34px\" aria-hidden=\"true\" class=\"wp-block-spacer\"><\/div>\n\n\n\n<h4 class=\"wp-block-heading has-large-font-size\"><strong>Les m\u00e9faits du petit Dauphin<\/strong><\/h4>\n\n\n\n<div style=\"height:40px\" aria-hidden=\"true\" class=\"wp-block-spacer\"><\/div>\n\n\n\n<p>Plus d&rsquo;une fois, Marie-Th\u00e9r\u00e8se emm\u00e8ne le petit Dauphin rue du Bouloy. On conserve au Carmel le souvenir d&rsquo;un curieux document o\u00f9 l&rsquo;enfant royal confesse tous ses m\u00e9faits :<\/p>\n\n\n\n<p>\u00ab\u00a0M\u00e9moire de ce que moi, fils unique du Roy ay cass\u00e9 aux petites Carm\u00e9lites <\/p>\n\n\n\n<p>cette ann\u00e9e 1665 :<\/p>\n\n\n\n<p>Premi\u00e8rement, un petit cabinet de jayes au mois de septembre, que pour mon plaisir j&rsquo;ay cass\u00e9 en mille morceaux.<\/p>\n\n\n\n<p>Plus le marmouzet du bateau de la petite fontaine, auquel j&rsquo;ay cass\u00e9 le nez et rompu les rubans qui tenaient le bateau. Je jettay tout et le bateau que je mis en mille pi\u00e8ces dans la fontaine.<\/p>\n\n\n\n<p>Plus j&rsquo;ay cass\u00e9 un \u00e2ne \u00e0 la cr\u00e8che pour mon plaisir, auquel j&rsquo;ay arrach\u00e9 les oreilles, et puis, la pauvre b\u00eate, je l&rsquo;ay prise des deux mains par-dessus ma t\u00eate pour la mieux mettre \u00e0 mon plaisir en mille morceaux\u2026\u00a0\u00bb<\/p>\n\n\n\n<p>Apr\u00e8s l&rsquo;\u00e9num\u00e9ration de treize autres m\u00e9faits de ce genre, vient la signature du petit Prince, sa premi\u00e8re signature ! &#8211; il a quatre ans &#8211; : \u00ab\u00a0Moy Dauphin, fils unique\u00a0\u00bb.<\/p>\n\n\n\n<p>Ne s&rsquo;avise-t-il pas une autre fois, trouvant un sermon trop long, de quitter les genoux de la M\u00e8re fondatrice et de crier bien fort, en enflant sa petite voix : \u00ab\u00a0Adieu Monseigneur d&rsquo;Amiens, vous avez assez p\u00e9c\u00e9\u00a0\u00bb &#8211; \u00ab\u00a0Monseigneur, c&rsquo;est un ordre\u00a0\u00bb r\u00e9plique le pr\u00e9lat qui s&rsquo;arr\u00eate aussit\u00f4t. Ce qui n&#8217;emp\u00eache pas le Dauphin d&rsquo;\u00eatre s\u00e9v\u00e8rement repris par sa m\u00e8re qui profita de l&rsquo;occasion pour enseigner au jeune prince le respect de la parole de Dieu.<\/p>\n\n\n\n<p>C&rsquo;est le 30 juillet 1683 que s&rsquo;\u00e9teignit doucement, sans agonie et sans bruit, cette Reine qui fut grande par la fermet\u00e9 de sa foi et la dignit\u00e9 de son caract\u00e8re, au sein d&rsquo;une Cour que sa vertu prot\u00e9geait. Pour les Carm\u00e9lites, c&rsquo;\u00e9tait, bien s\u00fbr, la mort d&rsquo;une insigne bienfaitrice, mais plus encore celle d&rsquo;une amie intime.<\/p>\n\n\n\n<div style=\"height:40px\" aria-hidden=\"true\" class=\"wp-block-spacer\"><\/div>\n\n\n\n<h4 class=\"wp-block-heading has-large-font-size\"><strong>Quand la rue de Grenelle \u00e9tait un d\u00e9sert<\/strong><\/h4>\n\n\n\n<div style=\"height:40px\" aria-hidden=\"true\" class=\"wp-block-spacer\"><\/div>\n\n\n\n<p>Un d\u00e9sert solitaire \u00e0 souhait, une vraie Th\u00e9ba\u00efde o\u00f9 l&rsquo;on n&rsquo;entend que le chant des oiseaux et d&rsquo;o\u00f9 l&rsquo;on jouit d&rsquo;une vue \u00e9tendue sur la Seine et les campagnes environnantes, tel est l&#8217;emplacement r\u00eav\u00e9 pour un Carmel. La rue du Bouloy s&rsquo;av\u00e8re vraiment trop resserr\u00e9e, on y manque d&rsquo;air. En cons\u00e9quence, le transfert est d\u00e9cid\u00e9 et le 23 septembre 1689 &#8211; premier d\u00e9m\u00e9nagement ! &#8211; les Carm\u00e9lites quittent, non sans quelques regrets le cher petit refuge. Sur le pas de leur porte, les voisines manifestent un m\u00e9contentement \u00e9vident quand elles voient partir aussi les corps des Carm\u00e9lites enterr\u00e9es l\u00e0. \u00ab\u00a0On nous enl\u00e8ve nos saintes !\u00a0\u00bb se plaignent-elles, persuad\u00e9es qu&rsquo;on leur enl\u00e8ve toutes les b\u00e9n\u00e9dictions du Ciel\u2026<\/p>\n\n\n\n<div style=\"height:40px\" aria-hidden=\"true\" class=\"wp-block-spacer\"><\/div>\n\n\n\n<h4 class=\"wp-block-heading has-large-font-size\"><strong>Les attentions de dame Pauvret\u00e9<\/strong><\/h4>\n\n\n\n<div style=\"height:40px\" aria-hidden=\"true\" class=\"wp-block-spacer\"><\/div>\n\n\n\n<p>Alors commence une p\u00e9riode critique par suite de grosses difficult\u00e9s financi\u00e8res. La Reine n&rsquo;est plus l\u00e0 pour aider les Carm\u00e9lites. Cela va m\u00eame si loin que l&rsquo;on se voit \u00e0 la veille d&rsquo;une ruine compl\u00e8te. L&rsquo;intervention de Madame de Maintenon sauve la communaut\u00e9. Cependant, on conna\u00eet des jours h\u00e9ro\u00efques o\u00f9 la Providence n&rsquo;envoie rien pour le repas. Ces jours-l\u00e0, on dit deux fois les pri\u00e8res de l&rsquo;action de gr\u00e2ces pour b\u00e9nir Dieu de cette authentique pauvret\u00e9. Une fois, la d\u00e9positaire cherche en vain ce qu&rsquo;elle pourra faire appr\u00eater pour le d\u00eener\u2026 faute de mieux, on fait frire des feuilles de vigne. \u00ab\u00a0Oh ! des soles !\u00a0\u00bb s&rsquo;\u00e9tonne une S\u0153ur pour ce met rarissime, elle ne tarde pas \u00e0 revenir de sa m\u00e9prise en voyant la dite sole r\u00e9duite en poudre au premier coup de couteau.<\/p>\n\n\n\n<div style=\"height:40px\" aria-hidden=\"true\" class=\"wp-block-spacer\"><\/div>\n\n\n\n<h4 class=\"wp-block-heading has-large-font-size\"><strong>Les attentions de la Providence<\/strong><\/h4>\n\n\n\n<div style=\"height:40px\" aria-hidden=\"true\" class=\"wp-block-spacer\"><\/div>\n\n\n\n<p>Mais \u00ab\u00a0Celui qui nourrit les oiseaux du Ciel\u00a0\u00bb prend soin \u00e9galement de ses Carm\u00e9lites avec des d\u00e9licatesses de P\u00e8re. La provisoire de cette \u00e9poque se rend souvent \u00e0 l&rsquo;oraison du soir sans avoir rien pu pr\u00e9parer pour la collation. \u00ab\u00a0Que Notre-Seigneur\u00a0\u00bb, pense-t-elle, \u00ab\u00a0envoie quelque chose seulement un quart d&rsquo;heure avant le repas, cela me suffit pour avoir le temps de le mettre aux places.\u00a0\u00bb Touch\u00e9 de cette confiance, Notre-Seigneur donne le n\u00e9cessaire \u00e0 l&rsquo;instant fix\u00e9. Une autre fois, plus de bois, plus de brindille pour faire le feu ! \u00ab\u00a0Allons devant le Saint-Sacrement\u00a0\u00bb r\u00e9pond seulement la Prieure \u00e0 la S\u0153ur qui lui confie son embarras. Elles sont encore au Ch\u0153ur lorsqu&rsquo;on vient annoncer trois voitures de bois envoy\u00e9es par une personne inconnue. Faut-il citer encore ces poules \u00e9tonnantes qui fournissent \u00e0 n&rsquo;importe quelle \u00e9poque de l&rsquo;ann\u00e9e juste le nombre d&rsquo;\u0153ufs n\u00e9cessaires, et ce prunier qui semble in\u00e9puisable au moment o\u00f9 il est presque la seule ressource ? On ne peut \u00e9num\u00e9rer tous ces petits miracles de la Providence o\u00f9 paraissent \u00e9galement admirables la lib\u00e9ralit\u00e9 du Seigneur et la confiance des religieuses.<\/p>\n\n\n\n<div style=\"height:40px\" aria-hidden=\"true\" class=\"wp-block-spacer\"><\/div>\n\n\n\n<h4 class=\"wp-block-heading has-large-font-size\"><strong>La protection de Madame de Maintenon<\/strong><\/h4>\n\n\n\n<div style=\"height:40px\" aria-hidden=\"true\" class=\"wp-block-spacer\"><\/div>\n\n\n\n<p>Cette situation pr\u00e9caire dura jusqu&rsquo;en 1696 ; alors, \u00e0 l&rsquo;instigation de Madame de Maintenon, Louis XIV tint \u00e0 aider le Carmel. D&rsquo;aucuns suivent l&rsquo;exemple royal, pendant que les Carm\u00e9lites se livrent activement \u00e0 la confection de fleurs artificielles qui font fureur. C&rsquo;est assez pour se tirer d&#8217;embarras. Pour sa part, du reste, Madame de Maintenon s&rsquo;int\u00e9resse particuli\u00e8rement au Carmel, trois des \u00e9l\u00e8ves de Saint-Cyr \u00e9tant entr\u00e9es dans ce monast\u00e8re. N&rsquo;y a-t-il pas parmi elles cette aimable Pulch\u00e9rie de Veilleine qu&rsquo;elle ch\u00e9rit comme une fille et qui entendit l&rsquo;appel \u00e0 la vie religieuse en jouant Esther devant la Cour ? Les visites de cette grande Dame rue de Grenelle sont fr\u00e9quentes. Un jour, avant de repartir, elle demande \u00e0 partager au r\u00e9fectoire le repas des religieuses. \u00ab\u00a0Que voil\u00e0 de longues pri\u00e8res pour un mauvais d\u00eener !\u00a0\u00bb ne peut-elle s&#8217;emp\u00eacher de soupirer apr\u00e8s les pri\u00e8res d&rsquo;action de gr\u00e2ces.<\/p>\n\n\n\n<div style=\"height:40px\" aria-hidden=\"true\" class=\"wp-block-spacer\"><\/div>\n\n\n\n<h4 class=\"wp-block-heading has-large-font-size\"><strong>Loin de tout jans\u00e9nisme<\/strong><\/h4>\n\n\n\n<div style=\"height:40px\" aria-hidden=\"true\" class=\"wp-block-spacer\"><\/div>\n\n\n\n<p>C&rsquo;est \u00e0 cette \u00e9poque qu&rsquo;il faut placer l&rsquo;incident suivant : un soir, un inconnu se pr\u00e9sente au Carmel, propose \u00e0 la M\u00e8re Marie-C\u00e9cile de payer toutes les dettes du monast\u00e8re si elle veut bien faire lire \u00e0 la communaut\u00e9 certains livres qu&rsquo;il lui offre : ils sont de tendance jans\u00e9niste ! Un refus tout net est la seule r\u00e9ponse \u00e0 pareille proposition. C&rsquo;est un fait que jamais ne p\u00e9n\u00e9trera rue de Grenelle la moindre infiltration jans\u00e9niste, rien ne viendra assombrir l&rsquo;atmosph\u00e8re de paix joyeuse et d&rsquo;aimable affection fraternelle qui y r\u00e8gne ; aussi la d\u00e9votion au Sacr\u00e9-C\u0153ur s&rsquo;y d\u00e9veloppe tout naturellement, dilatant les \u00e2mes dans la confiance et l&rsquo;amour.<\/p>\n\n\n\n<div style=\"height:40px\" aria-hidden=\"true\" class=\"wp-block-spacer\"><\/div>\n\n\n\n<h4 class=\"wp-block-heading has-large-font-size\"><strong>L&rsquo;amiti\u00e9 de Madame Louise de France<\/strong><\/h4>\n\n\n\n<div style=\"height:40px\" aria-hidden=\"true\" class=\"wp-block-spacer\"><\/div>\n\n\n\n<figure class=\"wp-block-image aligncenter size-large is-resized has-custom-border is-style-default\"><img loading=\"lazy\" decoding=\"async\" width=\"768\" height=\"1024\" src=\"https:\/\/carmel-creteil.org\/wp-content\/uploads\/2025\/07\/Madame-Louise-768x1024.jpg\" alt=\"\" class=\"wp-image-391\" style=\"border-style:none;border-width:0px;border-radius:0px;width:380px;height:auto\"\/><figcaption class=\"wp-element-caption\"><mark style=\"background-color:rgba(0, 0, 0, 0);color:#202020\" class=\"has-inline-color\"><strong>Madame Louise de France, <br>fille de Louis XV, devenue carm\u00e9lite au Carmel de Saint-Denis, affectionnait le Carmel de la rue de Grenelle.<\/strong><\/mark><\/figcaption><\/figure>\n\n\n\n<p>En 1751, grand \u00e9v\u00e9nement \u00e0 la Cour ! la comtesse de Rupelmonde, amie intime de la reine Marie Leczinska entre au Carmel de Grenelle. Le 7 octobre, la Reine assiste \u00e0 sa prise d&rsquo;habit, entour\u00e9e de Mesdames. La jeune princesse Louise, \u00e2g\u00e9e de treize ans, est l\u00e0 parmi ses s\u0153urs. En voyant la simple bure brune remplacer les brocards et le somptueux manteau de Cour, l&rsquo;appel de Dieu se pr\u00e9cise pour elle, qui, d\u00e8s lors, n&rsquo;ambitionne plus autre chose que de devenir, elle aussi, une pauvre Carm\u00e9lite.<\/p>\n\n\n\n<div class=\"wp-block-group is-nowrap is-layout-flex wp-container-core-group-is-layout-6c531013 wp-block-group-is-layout-flex\">\n<p><strong>Si plusieurs raisons l&#8217;emp\u00eachent de choisir le Carmel fond\u00e9 par son a\u00efeule, devenue dans celui de Saint-Denis S\u0153ur Th\u00e9r\u00e8se de Saint-Augustin, elle regardera toujours comme sien le monast\u00e8re qui vit na\u00eetre sa vocation et c&rsquo;est avec affection qu&rsquo;elle parle de \u00ab\u00a0ses ch\u00e8res Grenelloises\u00a0\u00bb.<\/strong> C&rsquo;est \u00e0 sa pri\u00e8re que celles-ci accueillent en 1783 une partie des Carm\u00e9lites expuls\u00e9es des Pays-Bas. On ne se doute pas alors que cette hospitalit\u00e9 fraternellement offerte va avoir sa r\u00e9ciproque dans peu de temps, lorsque la r\u00e9volution mena\u00e7ante va fondre sur la France.<\/p>\n<\/div>\n\n\n\n<div style=\"height:40px\" aria-hidden=\"true\" class=\"wp-block-spacer\"><\/div>\n\n\n\n<h4 class=\"wp-block-heading has-large-font-size\"><strong>Dans la tourmente<\/strong><\/h4>\n\n\n\n<div style=\"height:40px\" aria-hidden=\"true\" class=\"wp-block-spacer\"><\/div>\n\n\n\n<p>Cela ne fait pas beaucoup de bruit dans Paris le couvent de vingt pauvres Carm\u00e9lites ; pourtant cette retraite silencieuse ne trouvera pas gr\u00e2ce aux yeux des \u00ab\u00a0patriotes\u00a0\u00bb. Septembre 1792\u2026 La troupe a d\u00e9j\u00e0 fouill\u00e9 une premi\u00e8re fois le monast\u00e8re de fond en comble. Simple alerte, mais on s&rsquo;attend au pire. Les sup\u00e9rieurs ont bien donn\u00e9 la permission de partir, mais la prieure, M\u00e8re Nathalie a affirm\u00e9 : \u00ab\u00a0Je pr\u00e9f\u00e8re m&rsquo;abandonner entre les mains de Dieu que de sortir de mon clo\u00eetre, et pour le quitter, j&rsquo;attendrai d&rsquo;y \u00eatre contrainte par la force\u00a0\u00bb. Unanimement toutes ses filles prennent la m\u00eame d\u00e9termination et par une pri\u00e8re intense elles se pr\u00e9parent \u00e0 tout \u00e9v\u00e9nement. On ne les laissera pas longtemps attendre\u2026 quelques jours apr\u00e8s, c&rsquo;est le pillage, la solitude viol\u00e9e, saccag\u00e9e. Ordre est donn\u00e9 de laisser la foule entrer librement. C&rsquo;est tout dire\u2026<\/p>\n\n\n\n<p>Quatorze septembre. \u00ab\u00a0Salut \u00f4 Croix, notre unique esp\u00e9rance\u00a0\u00bb chante la liturgie de cette f\u00eate de l&rsquo;Exaltation de la sainte Croix, aujourd&rsquo;hui on expulse de leur monast\u00e8re les Carm\u00e9lites de la rue de Grenelle. Bris\u00e9s les vases sacr\u00e9s, bris\u00e9s les reliquaires\u2026 Le regard \u00e9mouvant du Christ a-t-il touch\u00e9 une de ces brutes ? D&rsquo;un geste inattendu, un des hommes ramasse et remet \u00e0 la M\u00e8re Nathalie la sainte image de la sainte Face, ainsi deux fois miraculeuse. Puis devant la foule hurlante, vocif\u00e9rant les plus basses injures et ne se contentant pas seulement de mots pour exprimer la haine dont on l&rsquo;a nourrie, on fait sortir les religieuses une \u00e0 une.<\/p>\n\n\n\n<p>Septembre\u2026 Bient\u00f4t l&rsquo;automne. Quand le vent souffle en rafales, les premi\u00e8res feuilles se d\u00e9tachent, tournoient, emport\u00e9es on ne sait o\u00f9 dans la poussi\u00e8re des rues. Une \u00e0 une aussi sont parties les Carm\u00e9lites emport\u00e9es par la tourmente qui ravage la France. Du monast\u00e8re il ne restera pas pierre sur pierre (L&#8217;emplacement du monast\u00e8re de la rue de Grenelle est actuellement celui de l&rsquo;\u00e9glise Sainte-Clotilde).<\/p>\n\n\n\n<div style=\"height:40px\" aria-hidden=\"true\" class=\"wp-block-spacer\"><\/div>\n\n\n\n<h4 class=\"wp-block-heading has-large-font-size\"><strong>Tribunaux et prisons<\/strong><\/h4>\n\n\n\n<div style=\"height:40px\" aria-hidden=\"true\" class=\"wp-block-spacer\"><\/div>\n\n\n\n<p>La salle du Tribunal r\u00e9volutionnaire, la foule houleuse, les cris fusant de toutes parts : \u00ab\u00a0Faites le serment ! Faites le serment !\u00a0\u00bb En face de ce d\u00e9cha\u00eenement, les accus\u00e9es tr\u00e8s calmes. Elles en ont tant vu, elles ont tant souffert depuis leur arrestation rue Cassette en la f\u00eate de Saint-Andr\u00e9 1793 : les interrogatoires interminables, le froid, la faim, le d\u00e9labrement des prisons successives ! Que d\u00e9sirent-elles sinon le martyre ? Alors qui pourrait les contraindre \u00e0 pr\u00eater ce fameux serment de \u00ab\u00a0Libert\u00e9 et d&rsquo;Egalit\u00e9\u00a0\u00bb que la Convention exige des religieuses et qui va contre leur conscience ? De quoi les accuse-t-on ? De nuire \u00e0 la s\u00e9curit\u00e9 de la Patrie, de comploter ? ce serait risible si les circonstances n&rsquo;\u00e9taient pas si tragiques. \u00ab\u00a0J&rsquo;aime tendrement ma patrie\u00a0\u00bb, a d\u00e9clar\u00e9 fi\u00e8rement S\u0153ur Louise-Th\u00e9r\u00e8se en face de la populace saisie par la fermet\u00e9 du ton et de l&rsquo;attitude, \u00ab\u00a0mais je suis avant tout chr\u00e9tienne, catholique et religieuse\u00a0\u00bb. La R\u00e9volution peut bien les d\u00e9pouiller de l&rsquo;habit religieux, les chasser du Carmel, le Carmel c&rsquo;est une \u00e2me et cette \u00e2me vit dans les petits essaims diss\u00e9min\u00e9s dans le grand Paris hostile, en quatre refuges pr\u00e9vus par la sage Prieure. Vie de pri\u00e8re, avec la r\u00e9citation du Saint Office aux heures prescrites. On fait p\u00e9nitence, on je\u00fbne m\u00eame plus souvent que la R\u00e8gle ne le prescrit, malgr\u00e9 le travail assidu auquel on doit se livrer. En prison aussi on observe la R\u00e8gle ; oui, le soir m\u00eame de leur incarc\u00e9ration, arrivant vers minuit, mourant de faim, grelottant de froid, les six Carm\u00e9lites de la rue Cassette ont r\u00e9cit\u00e9 le long office des Matines du premier dimanche de l&rsquo;Avent : \u00ab\u00a0Illuminez en ce moment nos c\u0153urs, embrasez-les de votre amour\u00a0\u00bb, jamais sans doute ces paroles de l&rsquo;hymne sacr\u00e9e n&rsquo;avaient \u00e9t\u00e9 dites avec autant de ferveur.<\/p>\n\n\n\n<p>Maintenant leur sort va se d\u00e9cider. Apr\u00e8s d\u00e9lib\u00e9ration, le Tribunal rappelle les accus\u00e9es et les d\u00e9clare coupables d&rsquo;avoir form\u00e9 un \u00ab\u00a0rassemblement fanatique\u00a0\u00bb, d&rsquo;avoir refus\u00e9 de dire le nom de leurs pr\u00eatres, et, en cons\u00e9quence, les condamne \u00e0 la d\u00e9portation. En attendant elles sont envoy\u00e9es \u00e0 la Salp\u00eatri\u00e8re. La Salp\u00eatri\u00e8re !\u2026 S\u0153ur Victoire tressaille, elle qui a d\u00e9j\u00e0 connu avec ses compagnes du groupe de la rue Mouffetard semblable emprisonnement, \u00e0 Sainte-P\u00e9lagie, avec les filles perdues ; elle se rappelle avec effroi l&rsquo;arriv\u00e9e de nuit \u00e0 la lueur des torches, les cris de ces filles d\u00e9cha\u00een\u00e9es, leurs menaces\u2026 Qu&rsquo;il est enviable le martyre du sang \u00e0 c\u00f4t\u00e9 de celui-ci ! C&rsquo;est pendant huit longs mois qu&rsquo;il leur faudra endurer les cachots obscurs, sans fen\u00eatre, la vermine, le froid. Cependant tout cela n&rsquo;est rien \u00e0 c\u00f4t\u00e9 du vacarme que font les malheureuses enferm\u00e9es l\u00e0, leurs odieux blasph\u00e8mes\u2026 \u00ab\u00a0Il n&rsquo;y a que la volont\u00e9 de Dieu qui puisse adoucir l&rsquo;amertume du calice\u00a0\u00bb \u00e9crit l&rsquo;une d&rsquo;elles. Enfin le coup d&rsquo;\u00e9tat du 9 Thermidor viendra mettre fin \u00e0 la terrible r\u00e9clusion. R\u00e9fugi\u00e9es en Flandres, la pers\u00e9cution dans les Pays-Bas, chassera de cet asile, les six Carm\u00e9lites qui ne retrouveront pas avant 1800 leurs autres S\u0153urs, alors regroup\u00e9es au Couvent des Carmes par M\u00e8re Camille. Qu&rsquo;est-ce que tout ceci, sinon le martyre ? Ne m\u00e9ritent-elles pas la palme tant d\u00e9sir\u00e9e ?<\/p>\n\n\n\n<div style=\"height:44px\" aria-hidden=\"true\" class=\"wp-block-spacer\"><\/div>\n\n\n\n<h4 class=\"wp-block-heading has-large-font-size\"><strong>Pour sauver un sanctuaire<\/strong><\/h4>\n\n\n\n<div style=\"height:40px\" aria-hidden=\"true\" class=\"wp-block-spacer\"><\/div>\n\n\n\n<p>Une maison de modeste apparence, rue Saint-Jacques, une ancienne auberge. L&rsquo;enseigne <\/p>\n\n\n\n<p>\u00ab\u00a0A la Vache-noire\u00a0\u00bb n&rsquo;annonce gu\u00e8re un couvent, et pourtant il ne manque ni la chapelle, ni les cellules, ni le r\u00e9fectoire. Il n&rsquo;est pas question de cl\u00f4ture \u00e9videmment, encore moins d&rsquo;habit religieux, nous ne sommes qu&rsquo;en 1795, et les temps sont encore troubl\u00e9s. Cependant il fait bon se retrouver l\u00e0 entre S\u0153urs apr\u00e8s les terribles ann\u00e9es qui viennent de s&rsquo;\u00e9couler. Elles sont neuf pour commencer, neuf Carm\u00e9lites de la rue de Grenelle r\u00e9unies autour de leur Prieure, M\u00e8re Nathalie, gr\u00e2ce aux prodiges de courage, de z\u00e8le, de t\u00e9nacit\u00e9 de S\u0153ur Camille de l&rsquo;Enfant-J\u00e9sus.<\/p>\n\n\n\n<div class=\"wp-block-columns is-layout-flex wp-container-core-columns-is-layout-28f84493 wp-block-columns-is-layout-flex\">\n<div class=\"wp-block-column is-layout-flow wp-block-column-is-layout-flow\">\n<figure class=\"wp-block-image size-full is-resized has-custom-border\" style=\"margin-top:var(--wp--preset--spacing--70);margin-bottom:var(--wp--preset--spacing--70)\"><img loading=\"lazy\" decoding=\"async\" width=\"350\" height=\"259\" src=\"https:\/\/carmel-creteil.org\/wp-content\/uploads\/2025\/07\/Capture-decran-2025-07-23-154449-e1753278475697.png\" alt=\"\" class=\"wp-image-838\" style=\"border-style:none;border-width:0px;width:488px;height:auto\"\/><figcaption class=\"wp-element-caption\"><strong>M\u00e8re Camille accueillant les carm\u00e9lites dispers\u00e9es devant Saint Joseph des Carmes.<\/strong><\/figcaption><\/figure>\n<\/div>\n\n\n\n<div class=\"wp-block-column is-layout-flow wp-block-column-is-layout-flow\">\n<p>Peu \u00e0 peu, reviennent au nid les oiseaux dispers\u00e9s par la temp\u00eate. <strong>Mais voici qu&rsquo;un plus bel asile leur est offert : l&rsquo;ancien couvent des Carmes, rue de Vaugirard,<\/strong> t\u00e9moin des odieux massacres de 1792, qui est menac\u00e9 de destruction. Il n&rsquo;y a pas \u00e0 h\u00e9siter. S\u0153ur Camille en fait l&rsquo;acquisition. Sur des conseils pressants, et malgr\u00e9 sa crainte de ne plus \u00eatre pauvre, elle a sollicit\u00e9 du Saint-P\u00e8re l&rsquo;autorisation de rentrer en possession de l&rsquo;h\u00e9ritage qui lui revient de ses parents, victimes de la r\u00e9volution. <\/p>\n<\/div>\n<\/div>\n\n\n\n<p>Elle revoit cette fen\u00eatre d&rsquo;o\u00f9, \u00e0 la d\u00e9rob\u00e9e, il y a trois ans, elle aper\u00e7ut une derni\u00e8re fois son p\u00e8re tant aim\u00e9, avant qu&rsquo;il ne parte pour l&rsquo;\u00e9chafaud ; elle foule les marches du petit perron encore macul\u00e9 de sang autour duquel furent massacr\u00e9s une centaine de pr\u00eatres martyrs ; puis elle se recueille dans la cellule o\u00f9 fut emprisonn\u00e9 son p\u00e8re et dont elle fera sa cellule de Carm\u00e9lite. Le couvent est en piteux \u00e9tat : pl\u00e2tras, d\u00e9combres, d\u00e9tritus, envahissent tout et l&rsquo;on devra pour commencer coucher sur des bottes de paille. Le courage ne manque pas\u2026 et le 24 ao\u00fbt 1797, la premi\u00e8re messe peut \u00eatre c\u00e9l\u00e9br\u00e9e. Est-ce le calme ? Pas encore. Ne verra-t-on pas un beau matin une pi\u00e8ce de canon s&rsquo;installer devant la chapelle, mena\u00e7ant le premier pr\u00eatre qui voudrait monter \u00e0 l&rsquo;autel ? S\u0153ur Camille intr\u00e9pide, n&rsquo;h\u00e9site pas : \u00ab\u00a0S&rsquo;il part un coup de canon, je le recevrai\u00a0\u00bb et elle s&rsquo;installe devant la porte. Les canonniers se retirent. A l&rsquo;int\u00e9rieur, quel travail pour d\u00e9blayer, remettre en \u00e9tat les b\u00e2timents qui menacent ruine ; mais qu&rsquo;importe ! le Carmel peut reprendre une vie \u00e0 peu pr\u00e8s r\u00e9guli\u00e8re, et dans les clo\u00eetres, les jardins, les \u00e2mes retrouvent avec joie le silence, la solitude. En 1800, S\u0153ur Camille est mise \u00e0 la t\u00eate de la communaut\u00e9. Avec quelle fid\u00e9lit\u00e9 elle transmettra aux nouvelles venues les traditions du Carmel ! Gr\u00e2ce \u00e0 elle, c&rsquo;est le Carmel de Grenelle qui va continuer, sans rupture avec le pass\u00e9.<\/p>\n\n\n\n<div style=\"height:40px\" aria-hidden=\"true\" class=\"wp-block-spacer\"><\/div>\n\n\n\n<h4 class=\"wp-block-heading has-large-font-size\"><strong>Le pied \u00e0 terre du Sacr\u00e9-Coll\u00e8ge<\/strong><\/h4>\n\n\n\n<div style=\"height:40px\" aria-hidden=\"true\" class=\"wp-block-spacer\"><\/div>\n\n\n\n<p>\u00ab\u00a0Monseigneur, vous avez poss\u00e9d\u00e9 pendant quelque temps les clefs de Saint-Pierre, veuillez accepter maintenant celles du jardin des Carm\u00e9lites\u00a0\u00bb. On ne peut offrir plus gracieusement l&rsquo;hospitalit\u00e9, et l&rsquo;accueil de M\u00e8re Camille au cardinal di Pietro est un r\u00e9confort pour l&rsquo;exil\u00e9. &#8211; Il ne fait pas bon s&rsquo;opposer \u00e0 Napol\u00e9on, alors au fa\u00eete de sa puissance. C&rsquo;est ce qu&rsquo;apprennent \u00e0 leurs d\u00e9pens les treize cardinaux qui, ayant refus\u00e9 d&rsquo;assister \u00e0 son mariage avec Marie-Louise, se voient d\u00e9pouill\u00e9s des insignes de leur dignit\u00e9 (d&rsquo;o\u00f9 leur nom de cardinaux noirs) et absolument sans ressources, s\u00e9par\u00e9s du Pape en exil \u00e0 Savone, traqu\u00e9s, surveill\u00e9s sans arr\u00eat. Mais la devise de Jeanne d&rsquo;Arc est celle de M\u00e8re Camille \u00ab\u00a0Du Christ ou de l&rsquo;Eglise, c&rsquo;est tout un\u00a0\u00bb et elle agit si maternellement avec ceux qu&rsquo;elle nomme \u00ab\u00a0les a\u00een\u00e9s de la famille militante de Dieu\u00a0\u00bb, que ceux-ci l&rsquo;appelleront avec \u00e9motion \u00ab\u00a0la M\u00e8re des Tribul\u00e9s\u00a0\u00bb. D&rsquo;ailleurs, M\u00e8re Camille et ses filles vont faire plus que de secourir les exil\u00e9s, elles partageront leurs souffrances. Le d\u00e9vouement au Saint-Si\u00e8ge de la Prieure du Carmel, et surtout la part prise \u00e0 la diffusion de la Bulle de Pie VII excommuniant l&rsquo;Empereur, finissent par irriter Napol\u00e9on, et l&rsquo;on imagine l&rsquo;\u00e9moi et la d\u00e9solation des Carm\u00e9lites lorsque le 9 janvier 1810, les agents de la police viennent arr\u00eater leur M\u00e8re. \u00ab\u00a0Eh ! Madame, vous \u00eates donc la M\u00e8re de ces religieuses qu&rsquo;elles pleurent toutes ?\u00a0\u00bb demande \u00e0 M\u00e8re Camille un de ses ge\u00f4liers. Pendant son exil \u00e0 Guise, la communaut\u00e9 souffrira menaces, pers\u00e9cution sourde, mesures vexatoires de toutes sortes, si bien qu&rsquo;un beau jour, M\u00e8re Camille n&rsquo;y tenant plus quitte Guise \u00e0 la d\u00e9rob\u00e9e pour venir encourager et aider ses filles. Courts instants de joie et d&rsquo;\u00e9panchement, abr\u00e9g\u00e9s par une perquisition de la police \u00e0 laquelle la fugitive \u00e9chappe de justesse sous un d\u00e9guisement de mendiante et en contrefaisant la boiteuse.<\/p>\n\n\n\n<p>1813\u2026 Le vent tourne, le colossal Empire craque de toutes parts, l&rsquo;Empereur devient plus conciliant. Au retour de son exil, M\u00e8re Camille a pu voir le Saint-P\u00e8re \u00e0 Fontainebleau. Pie VII et les cardinaux ne tardent pas \u00e0 reprendre le chemin de Rome. Les adieux du Sacr\u00e9-Coll\u00e8ge aux ch\u00e8res Carm\u00e9lites sont \u00e9mouvants. Avant de quitter le couvent hospitalier, devenu \u00ab\u00a0pied \u00e0 terre\u00a0\u00bb du Sacr\u00e9-Coll\u00e8ge, tous les cardinaux b\u00e9nissent ensemble la communaut\u00e9. De Rome, le cardinal di Pietro continuera \u00e0 correspondre avec M\u00e8re Camille et dira avec <\/p>\n\n\n\n<p>\u00e9motion : \u00ab\u00a0C&rsquo;est une grande Fran\u00e7aise que cette dame du Carmel ! elle a fait pour moi ce qu&rsquo;une m\u00e8re eut fait pour son fils\u00a0\u00bb. Chacun des autres Cardinaux envoya son portrait, en t\u00e9moignage de reconnaissance.<\/p>\n\n\n\n<div style=\"height:40px\" aria-hidden=\"true\" class=\"wp-block-spacer\"><\/div>\n\n\n\n<h4 class=\"wp-block-heading has-large-font-size\"><strong>Adieux au Couvent des Carmes<\/strong><\/h4>\n\n\n\n<div style=\"height:40px\" aria-hidden=\"true\" class=\"wp-block-spacer\"><\/div>\n\n\n\n<p class=\"has-text-align-left\">\u00ab\u00a0Mon P\u00e8re, j&rsquo;ai besoin de lumi\u00e8re, voulez-vous bien, demain, dire la messe \u00e0 mes <\/p>\n\n\n\n<p class=\"has-text-align-left\">intentions ?\u00a0\u00bb Dans la voix de son interlocutrice, le P\u00e8re Chaveton, son confesseur, qui a sa confiance, a per\u00e7u une angoisse, une inqui\u00e9tude. \u00ab\u00a0Volontiers\u00a0\u00bb, r\u00e9pond-il, \u00ab\u00a0je viendrai ici m\u00eame la c\u00e9l\u00e9brer afin que vous puissiez y assister.\u00a0\u00bb Le lendemain, apr\u00e8s la messe, M\u00e8re Camille a retrouv\u00e9 sa s\u00e9r\u00e9nit\u00e9. Elle sait maintenant, elle sait clairement que Dieu lui demande un supr\u00eame sacrifice : quitter le cher couvent des Carmes, ce monast\u00e8re, o\u00f9 depuis quarante-quatre ans elle c\u00f4toie chaque jour les douloureux et glorieux souvenirs des pr\u00eatres martyrs et de son p\u00e8re, souvenirs qu&rsquo;elle a mis tant de touchante fid\u00e9lit\u00e9 \u00e0 conserver intacts. Oui, le couvent est bien trop vaste pour vingt pauvres Carm\u00e9lites ! Elle ne l&rsquo;ignorait pas certes, mais son c\u0153ur lui semblait encha\u00een\u00e9 \u00e0 cette \u00ab\u00a0terre sainte\u00a0\u00bb par des liens si forts que les couper lui paraissait au-dessus de ses possibilit\u00e9s. Mais Dieu le veut\u2026 alors le 23 juillet 1841, elle donne h\u00e9ro\u00efquement son assentiment \u00e0 l&rsquo;archev\u00eaque de Paris qui veut installer l\u00e0 une \u00e9cole de Hautes Etudes Eccl\u00e9siastiques. Elle a 84 ans !\u2026<\/p>\n\n\n\n<div style=\"height:40px\" aria-hidden=\"true\" class=\"wp-block-spacer\"><\/div>\n\n\n\n<div class=\"wp-block-columns is-layout-flex wp-container-core-columns-is-layout-28f84493 wp-block-columns-is-layout-flex\">\n<div class=\"wp-block-column is-layout-flow wp-block-column-is-layout-flow\" style=\"flex-basis:50%\">\n<figure class=\"wp-block-image aligncenter size-large is-resized\" style=\"margin-top:var(--wp--preset--spacing--50);margin-bottom:var(--wp--preset--spacing--50)\"><img loading=\"lazy\" decoding=\"async\" width=\"617\" height=\"1024\" src=\"https:\/\/carmel-creteil.org\/wp-content\/uploads\/2025\/07\/vaugirard-617x1024.jpg\" alt=\"\" class=\"wp-image-842\" style=\"width:388px;height:auto\"\/><figcaption class=\"wp-element-caption\">Chapelle de la Vierge en face du choeur des carm\u00e9lites, au 89 rue de Vaugirard<\/figcaption><\/figure>\n<\/div>\n\n\n\n<div class=\"wp-block-column is-layout-flow wp-block-column-is-layout-flow\" style=\"flex-basis:40%\">\n<p>Intr\u00e9pide, elle transf\u00e8re sa communaut\u00e9 au 89 de la rue de Vaugirard, <strong>apr\u00e8s y avoir fait construire une chapelle, chef-d&rsquo;\u0153uvre de bon go\u00fbt<\/strong> ; tel est son principe : <\/p>\n\n\n\n<p>\u00ab\u00a0Pauvret\u00e9 pour soi, largeur pour autrui, magnificence pour Dieu !\u00a0\u00bb Le 23 avril 1845, elle-m\u00eame entonne le premier office dans le nouveau ch\u0153ur, mais terrass\u00e9e par l&rsquo;\u00e9motion elle doit se retirer\u2026 Sa t\u00e2che est accomplie. Quitter les Carmes fut le plus rude sacrifice de celle qui en avait tant consentis.<\/p>\n<\/div>\n<\/div>\n\n\n\n<div style=\"height:40px\" aria-hidden=\"true\" class=\"wp-block-spacer\"><\/div>\n\n\n\n<h4 class=\"wp-block-heading has-large-font-size\"><strong>La protection de saint Joseph<\/strong><\/h4>\n\n\n\n<div style=\"height:40px\" aria-hidden=\"true\" class=\"wp-block-spacer\"><\/div>\n\n\n\n<p>Dieu va-t-il exiger de M\u00e8re Camille un supr\u00eame renoncement avant qu&rsquo;elle ne meure le 9 mai 1849 ? Oui, il lui faut encore apprendre que ce monast\u00e8re pr\u00e9par\u00e9 avec tant d&rsquo;amour va \u00eatre expropri\u00e9 par suite du percement de la rue de Rennes ; les arpenteurs de la ville de Paris prenant des mesures dans le Carmel ne lui laissent pas d&rsquo;illusion.<\/p>\n\n\n\n<p>M\u00e8re El\u00e9onore qui a succ\u00e9d\u00e9 \u00e0 M\u00e8re Camille &#8211; prieure jusqu&rsquo;\u00e0 sa mort &#8211; doit assurer le transfert. Mais o\u00f9 aller ? avec quels moyens ? <strong>\u00ab\u00a0Je ne me souviens pas d&rsquo;avoir jamais rien demand\u00e9 au bon saint Joseph qu&rsquo;il ne me l&rsquo;ait accord\u00e9, gr\u00e2ces lui soient rendues !\u00a0\u00bb disait sainte Th\u00e9r\u00e8se.<\/strong> Cette confiance vit toujours au c\u0153ur de ses filles. En cons\u00e9quence la nouvelle Prieure fait un v\u0153u au c\u00e9leste Protecteur du Carmel qui, se jouant des difficult\u00e9s, s&rsquo;arrange en sorte que le 16 mai 1854, la premi\u00e8re pierre d&rsquo;un monast\u00e8re soit pos\u00e9e, <strong>avenue de Saxe. Le 21 ao\u00fbt 1855, la communaut\u00e9 s&rsquo;y installe.<\/strong><\/p>\n\n\n\n<div style=\"height:40px\" aria-hidden=\"true\" class=\"wp-block-spacer\"><\/div>\n\n\n\n<p class=\"has-text-align-left\" style=\"font-size:16px\"><strong>Statue de Saint Joseph ornant la fa\u00e7ade du Carmel de Saint Joseph d&rsquo;Avila<\/strong><\/p>\n\n\n\n<div style=\"height:20px\" aria-hidden=\"true\" class=\"wp-block-spacer\"><\/div>\n\n\n\n<div class=\"wp-block-media-text is-stacked-on-mobile is-image-fill-element\" style=\"grid-template-columns:56% auto\"><figure class=\"wp-block-media-text__media\"><img loading=\"lazy\" decoding=\"async\" width=\"780\" height=\"1024\" src=\"https:\/\/carmel-creteil.org\/wp-content\/uploads\/2025\/07\/St-Joseph-et-Enfant-Jesus-780x1024.jpg\" alt=\"\" class=\"wp-image-638 size-full\" style=\"object-position:50% 50%\"\/><\/figure><div class=\"wp-block-media-text__content\">\n<p class=\"has-medium-font-size\">On se rappelle comment un jour, les lourds chariots de sainte Th\u00e9r\u00e8se, \u00e9gar\u00e9s dans la Sierra, furent guid\u00e9s par une voix myst\u00e9rieuse. <strong>Saint Joseph<\/strong>, que la Sainte avait appel\u00e9 au secours, la sauva, elle et ses filles, du pr\u00e9cipice. Ici, m\u00eame circonstance providentielle : on avait \u00e9t\u00e9 sur le point d&rsquo;acheter un terrain qui plus tard se r\u00e9v\u00e9la dangereux, se trouvant sur des carri\u00e8res qui s&rsquo;effondr\u00e8rent. Le nouveau monast\u00e8re, parfaitement r\u00e9gulier, dans un cadre solitaire et silencieux \u00e0 souhait est bien l&rsquo;\u0153uvre de saint Joseph. Oui, gr\u00e2ces lui soient rendues !<\/p>\n<\/div><\/div>\n\n\n\n<div style=\"height:40px\" aria-hidden=\"true\" class=\"wp-block-spacer\"><\/div>\n\n\n\n<h4 class=\"wp-block-heading has-large-font-size\"><strong>Sous les obus des Prussiens<\/strong><\/h4>\n\n\n\n<div style=\"height:40px\" aria-hidden=\"true\" class=\"wp-block-spacer\"><\/div>\n\n\n\n<div class=\"wp-block-media-text is-stacked-on-mobile\"><figure class=\"wp-block-media-text__media\"><img loading=\"lazy\" decoding=\"async\" width=\"710\" height=\"1024\" src=\"https:\/\/carmel-creteil.org\/wp-content\/uploads\/2025\/07\/Saxe-chapelle-710x1024.jpg\" alt=\"\" class=\"wp-image-843 size-full\"\/><\/figure><div class=\"wp-block-media-text__content\">\n<p class=\"has-text-align-center\" style=\"font-size:20px\">La chapelle Avenue de Saxe<\/p>\n\n\n\n<div style=\"height:40px\" aria-hidden=\"true\" class=\"wp-block-spacer\"><\/div>\n\n\n\n<p>1870\u2026 La France est envahie, les arm\u00e9es prussiennes arrivent devant Paris, le Si\u00e8ge commence, et d\u00e8s le 5 janvier 1871, c&rsquo;est le bombardement de la ville. Rester dans le monast\u00e8re, <strong>laisser le Saint-Sacrement \u00e0 la chapelle<\/strong>, il n&rsquo;y faut pas songer, et les caves deviennent des catacombes. <\/p>\n<\/div><\/div>\n\n\n\n<div style=\"height:40px\" aria-hidden=\"true\" class=\"wp-block-spacer\"><\/div>\n\n\n\n<div class=\"wp-block-media-text has-media-on-the-right is-stacked-on-mobile\"><div class=\"wp-block-media-text__content\">\n<p>Le Seigneur est l\u00e0 au milieu de ses Carm\u00e9lites, leur apportant la force et la consolation de sa pr\u00e9sence. Non, m\u00eame \u00e0 Nazareth, Marie ne vivait pas plus pr\u00e8s de J\u00e9sus, aussi le souvenir de ces jours tragiques reste empreint d&rsquo;une grande douceur. Pendant ce temps, <strong>les Anges myst\u00e9rieusement prot\u00e8gent le Carmel qui voit passer au-dessus de lui plus de cinq cents obus, dont aucun ne l&rsquo;atteint.<\/strong><\/p>\n<\/div><figure class=\"wp-block-media-text__media\"><img loading=\"lazy\" decoding=\"async\" width=\"1024\" height=\"675\" src=\"https:\/\/carmel-creteil.org\/wp-content\/uploads\/2025\/07\/Saxe-cloitre-2-1024x675.jpg\" alt=\"\" class=\"wp-image-845 size-full\"\/><\/figure><\/div>\n\n\n\n<div style=\"height:40px\" aria-hidden=\"true\" class=\"wp-block-spacer\"><\/div>\n\n\n\n<figure class=\"wp-block-image aligncenter size-large is-resized\"><img loading=\"lazy\" decoding=\"async\" width=\"1024\" height=\"728\" src=\"https:\/\/carmel-creteil.org\/wp-content\/uploads\/2025\/07\/Saxe-jardin-1-1024x728.jpg\" alt=\"\" class=\"wp-image-846\" style=\"width:692px;height:auto\"\/><\/figure>\n\n\n\n<div style=\"height:100px\" aria-hidden=\"true\" class=\"wp-block-spacer\"><\/div>\n\n\n\n<p><strong>Heures tragiques de la Commune<\/strong><\/p>\n\n\n\n<div style=\"height:40px\" aria-hidden=\"true\" class=\"wp-block-spacer\"><\/div>\n\n\n\n<p><\/p>\n\n\n\n<p>Apr\u00e8s le feu des Prussiens, le ciel de Paris s&#8217;embrase des incendies de la Commune. La guerre civile est plus terrible encore ! Devant la pers\u00e9cution religieuse, on prend des pr\u00e9cautions. Le 26 avril, des agents, revolver au poing, demandent \u00e0 visiter le monast\u00e8re : \u00ab\u00a0Nous avons le droit d&rsquo;aller o\u00f9 bon nous semblera sans avoir besoin de vous\u00a0\u00bb d\u00e9clarent-il, pour tout pr\u00e9ambule, en ajoutant : \u00ab\u00a0Malheur \u00e0 vous si nous trouvons quelque chose, oui, malheur \u00e0 vous, vous allez voir !\u00a0\u00bb Et sur ces propos engageants, ils commencent la visite. L&rsquo;alerte est vive quand, \u00e0 un moment, ils r\u00e9clament le clef du tabernacle : on peut craindre le pire. R\u00e9fugi\u00e9e dans sa cellule et portant sur son c\u0153ur la pr\u00e9cieuse Custode, la sacristine, S\u0153ur Louise-Th\u00e9r\u00e8se invite S\u0153ur Aim\u00e9e \u00e0 se joindre \u00e0 elle pour adorer J\u00e9sus qui repose faible et livr\u00e9 entre ses mains. Mais tout \u00e0 coup, l&rsquo;adjudant s&rsquo;est calm\u00e9 : \u00ab\u00a0Je respecte la Vierge et les reliques\u00a0\u00bb dit-il, et le tabernacle n&rsquo;est pas ouvert. La visite se termine sans incident, les cellules des religieuses n&rsquo;ont m\u00eame pas un coup d&rsquo;\u0153il. \u00ab\u00a0Assur\u00e9ment il n&rsquo;y a pas de luxe ici ; elles sont pauvres, pauvres\u2026\u00a0\u00bb disent-ils en partant. Toute leur fureur est tomb\u00e9e.<\/p>\n\n\n\n<p>Le 17 mai suivant, une d\u00e9tonation formidable \u00e9branle le monast\u00e8re, et les religieuses qui se trouvent au ch\u0153ur sont pr\u00e9cipit\u00e9es \u00e0 terre. Au milieu de l&rsquo;effroi et du vacarme,<strong> la voix calme de S\u0153ur Aim\u00e9e de J\u00e9sus s&rsquo;\u00e9l\u00e8ve : \u00ab\u00a0Ne craignez rien, mes s\u0153urs, J\u00e9sus nous prot\u00e8ge, il ne nous arrivera rien\u00a0\u00bb<\/strong>. Effectivement la grille de fer du ch\u0153ur, haute de quatre m\u00e8tres, qui vacille et semble un instant se renverser, se replace sur sa base sans dommage, tandis que les vitres volent en \u00e9clat. Dans la suite, on apprenait qu&rsquo;une cartoucherie du voisinage avait explos\u00e9 au moment o\u00f9 les insurg\u00e9s se pr\u00e9paraient \u00e0 p\u00e9n\u00e9trer \u00e0 Notre-Dame des Victoires.<\/p>\n\n\n\n<p>Le 22 mai avait \u00e9t\u00e9 choisi pour chasser les Carm\u00e9lites de l&rsquo;avenue de Saxe. Et c&rsquo;\u00e9tait la d\u00e9livrance de Paris ! Une fois de plus, le Seigneur, visiblement, prot\u00e9geait son Carmel.<\/p>\n\n\n\n<div style=\"height:40px\" aria-hidden=\"true\" class=\"wp-block-spacer\"><\/div>\n\n\n\n<h4 class=\"wp-block-heading has-large-font-size\"><strong>L&rsquo;exil<\/strong><\/h4>\n\n\n\n<div style=\"height:40px\" aria-hidden=\"true\" class=\"wp-block-spacer\"><\/div>\n\n\n\n<p>1880, c&rsquo;est l&rsquo;ann\u00e9e o\u00f9 paraissent les d\u00e9crets d&rsquo;expulsion des religieux. Les inqui\u00e9tudes renaissent ; ce n&rsquo;est d&rsquo;abord qu&rsquo;une alerte, mais 1901 am\u00e8ne la loi Waldeck-Rousseau. L&rsquo;incertitude qui r\u00e8gne partout est grande, les avis donn\u00e9s \u00e0 M\u00e8re Marie de la Trinit\u00e9 sont tous diff\u00e9rents, les conseils re\u00e7us contradictoires. Cependant si l&rsquo;avenir doit compromettre et encha\u00eener la libert\u00e9 religieuse, la communaut\u00e9 pr\u00e9f\u00e8re s&rsquo;expatrier. Malgr\u00e9 le d\u00e9chirement des c\u0153urs, on s&rsquo;y r\u00e9sout et, laissant le monast\u00e8re au Patronage de la paroisse Saint-Fran\u00e7ois Xavier, <strong>on prend le chemin de Natoye, en Belgique.<\/strong><\/p>\n\n\n\n<p>Le 12 septembre, juste avant le d\u00e9part, a lieu une derni\u00e8re c\u00e9r\u00e9monie dans la chapelle du Carmel, la prise d&rsquo;habit de S\u0153ur Th\u00e9r\u00e8se de la Croix qui deviendra et restera longtemps le lien vivant avec tout le pass\u00e9 de l&rsquo;avenue de Saxe.<\/p>\n\n\n\n<p>Quatorze septembre\u2026 C&rsquo;est le d\u00e9part\u2026 Il y a juste cent neuf ans en ce jour que la communaut\u00e9 \u00e9tait chass\u00e9e du monast\u00e8re de la rue de Grenelle\u2026<\/p>\n\n\n\n<div style=\"height:40px\" aria-hidden=\"true\" class=\"wp-block-spacer\"><\/div>\n\n\n\n<h4 class=\"wp-block-heading has-large-font-size\"><strong>La Grande Guerre<\/strong><\/h4>\n\n\n\n<div style=\"height:40px\" aria-hidden=\"true\" class=\"wp-block-spacer\"><\/div>\n\n\n\n<div class=\"wp-block-media-text is-stacked-on-mobile\" style=\"grid-template-columns:60% auto\"><figure class=\"wp-block-media-text__media\"><img loading=\"lazy\" decoding=\"async\" width=\"1024\" height=\"649\" src=\"https:\/\/carmel-creteil.org\/wp-content\/uploads\/2025\/07\/Natoye-1024x649.jpg\" alt=\"\" class=\"wp-image-639 size-full\"\/><\/figure><div class=\"wp-block-media-text__content\">\n<p class=\"has-text-align-center\"><strong>Natoye\u2026<\/strong> Une grande propri\u00e9t\u00e9 silencieuse dans un site bois\u00e9. C&rsquo;est l\u00e0 que la guerre va surprendre le Carmel.<\/p>\n<\/div><\/div>\n\n\n\n<p>Le recueillement, le silence, le chant des oiseaux sont bient\u00f4t troubl\u00e9s par les canonnades de Dinant et de Namur. Fusillades, incendies, flots de Uhlans d\u00e9ferlant sur l&rsquo;hospitali\u00e8re Belgique\u2026 Soudain, le 2 octobre 1914, le monast\u00e8re est envahi par trois cents soldats allemands qui ont franchi les murs de cl\u00f4ture. Ils cherchent des soldats cach\u00e9s, des armes. La perquisition dure deux heures, semant partout un indescriptible d\u00e9sordre pendant que les S\u0153urs sont gard\u00e9es \u00e0 vue l\u00e0 o\u00f9 l&rsquo;envahisseur les a surprises. L&rsquo;ennemi se retire sans faire d&rsquo;autres dommages, mais des perquisitions de ce genre sont encore \u00e0 craindre. Que de souffrances durant cette guerre !\u2026 Du point de vue mat\u00e9riel, c&rsquo;est la disette, et pendant des mois, les orties seront la seule nourriture. A cela il faut ajouter l&rsquo;angoisse caus\u00e9e par l&rsquo;absence totale de nouvelles de France.<\/p>\n\n\n\n<p>Aussi lorsque en 1918, les troupes alli\u00e9es arrivent \u00e0 Natoye, l&rsquo;all\u00e9gresse est indescriptible. La cloche muette depuis quatre ans ne sonna jamais si joyeusement, ni si longuement. Va-t-on pouvoir bient\u00f4t envisager le retour en \u00ab\u00a0doulce France\u00a0\u00bb ?<\/p>\n\n\n\n<div style=\"height:40px\" aria-hidden=\"true\" class=\"wp-block-spacer\"><\/div>\n\n\n\n<h4 class=\"wp-block-heading has-large-font-size\"><strong>Le retour<\/strong><\/h4>\n\n\n\n<div style=\"height:40px\" aria-hidden=\"true\" class=\"wp-block-spacer\"><\/div>\n\n\n\n<div class=\"wp-block-media-text is-stacked-on-mobile\" style=\"grid-template-columns:32% auto\"><figure class=\"wp-block-media-text__media\"><img loading=\"lazy\" decoding=\"async\" width=\"250\" height=\"250\" src=\"https:\/\/carmel-creteil.org\/wp-content\/uploads\/2025\/07\/Mere-Cecile-en-rond-e1753365104173.png\" alt=\"\" class=\"wp-image-915 size-full\"\/><\/figure><div class=\"wp-block-media-text__content\">\n<p id=\"c'estqueled\u00e9sird'unretour\">C&rsquo;est que le d\u00e9sir d&rsquo;un retour \u00e0 Paris reste toujours bien vif dans les c\u0153urs. Il ne faut plus penser \u00e0 l&rsquo;avenue de Saxe, le monast\u00e8re, en partie expropri\u00e9, est devenu le Patronage du Bon-Conseil. Cependant la Providence permet que <strong>M\u00e8re C\u00e9cile du Calvaire<\/strong> (voir : <a href=\"https:\/\/carmel-creteil.org\/index.php\/notre-histoire\/famille\/\" data-type=\"page\" data-id=\"34\"><em><strong>Quelques portraits&#8230;<\/strong><\/em><\/a>) soit aiguill\u00e9e dans ses recherches vers Cr\u00e9teil, jadis fief des Soyecourt, o\u00f9 M\u00e8re Camille s\u00e9journa avant la r\u00e9volution\u2026 Le lien avec le pass\u00e9 vit toujours.<\/p>\n<\/div><\/div>\n\n\n\n<div class=\"wp-block-media-text is-stacked-on-mobile\"><figure class=\"wp-block-media-text__media\"><img loading=\"lazy\" decoding=\"async\" width=\"1024\" height=\"742\" src=\"https:\/\/carmel-creteil.org\/wp-content\/uploads\/2025\/07\/rue-du-moulin-1024x742.jpg\" alt=\"\" class=\"wp-image-848 size-full\"\/><\/figure><div class=\"wp-block-media-text__content\">\n<p>Le retour en octobre 1920 est joyeux ; mais l&rsquo;installation \u00e0 Cr\u00e9teil laborieuse, <strong>dans une maison difficile \u00e0 adapter parce que trop petite. La m\u00e2le \u00e9nergie de M\u00e8re C\u00e9cile et son savoir-faire triomphent des obstacles. Et le Carmel de Grenelle continue \u00e0 Cr\u00e9teil\u2026<\/strong><\/p>\n<\/div><\/div>\n\n\n\n<p><\/p>\n\n\n\n<div style=\"height:40px\" aria-hidden=\"true\" class=\"wp-block-spacer\"><\/div>\n\n\n\n<h4 class=\"wp-block-heading has-large-font-size\"><strong>L&rsquo;actuel monast\u00e8re<\/strong><\/h4>\n\n\n\n<div style=\"height:40px\" aria-hidden=\"true\" class=\"wp-block-spacer\"><\/div>\n\n\n\n<div style=\"height:40px\" aria-hidden=\"true\" class=\"wp-block-spacer\"><\/div>\n\n\n\n<p>Mais voil\u00e0 qu&rsquo;en 1930 le monast\u00e8re de la rue du Moulin est menac\u00e9 d&rsquo;expropriation. En 1939, M\u00e8re Th\u00e9r\u00e8se en re\u00e7oit l&rsquo;avis officiel. Avant de quitter le petit couvent intime, il faut conna\u00eetre les angoisses de la guerre, alertes, descentes \u00e0 la cave <strong>et cette nuit de P\u00e2ques 1944 o\u00f9 Cr\u00e9teil est bombard\u00e9. <\/strong>Le Carmel n&rsquo;a \u00e0 d\u00e9plorer que des d\u00e9g\u00e2ts mat\u00e9riels, au milieu des morts, des ruines, des souffrances qui l&rsquo;entourent\u2026<\/p>\n\n\n\n<div style=\"height:0px\" aria-hidden=\"true\" class=\"wp-block-spacer\"><\/div>\n\n\n\n<div style=\"height:0px\" aria-hidden=\"true\" class=\"wp-block-spacer\"><\/div>\n\n\n\n<div style=\"height:40px\" aria-hidden=\"true\" class=\"wp-block-spacer\"><\/div>\n\n\n\n<div class=\"wp-block-columns is-layout-flex wp-container-core-columns-is-layout-28f84493 wp-block-columns-is-layout-flex\">\n<div class=\"wp-block-column is-layout-flow wp-block-column-is-layout-flow\" style=\"flex-basis:100%\">\n<figure class=\"wp-block-gallery has-nested-images columns-default is-cropped wp-block-gallery-2 is-layout-flex wp-block-gallery-is-layout-flex\">\n<figure class=\"wp-block-image size-large\"><img loading=\"lazy\" decoding=\"async\" width=\"1024\" height=\"743\" data-id=\"888\" src=\"https:\/\/carmel-creteil.org\/wp-content\/uploads\/2025\/07\/Bomb-1-1024x743.jpg\" alt=\"\" class=\"wp-image-888\"\/><\/figure>\n\n\n\n<figure class=\"wp-block-image size-large\"><img loading=\"lazy\" decoding=\"async\" width=\"1024\" height=\"751\" data-id=\"889\" src=\"https:\/\/carmel-creteil.org\/wp-content\/uploads\/2025\/07\/Bomb-2-1024x751.jpg\" alt=\"\" class=\"wp-image-889\"\/><\/figure>\n<\/figure>\n<\/div>\n<\/div>\n\n\n\n<div style=\"height:40px\" aria-hidden=\"true\" class=\"wp-block-spacer\"><\/div>\n\n\n\n<p>Cependant il ne faut pas perdre de vue le transfert de la Communaut\u00e9 puisque l&rsquo;expropriation a commenc\u00e9 \u00e0 se r\u00e9aliser en 1941 par l&rsquo;amputation d&rsquo;une partie du jardin. Devant une accumulation d&rsquo;obstacles en apparence insurmontables en pleine guerre, M\u00e8re Th\u00e9r\u00e8se ne capitulera jamais : la volont\u00e9 de Dieu lui appara\u00eet clairement et rien ne peut l&#8217;emp\u00eacher de marcher vers le but. En pleine p\u00e9riode de guerre, elle fait de multiples recherches, en partie par elle-m\u00eame, dans tous les environs de Paris.<\/p>\n\n\n\n<p>Finalement c&rsquo;est \u00e0 Cr\u00e9teil encore qu&rsquo;elle d\u00e9couvre le coin solitaire qu&rsquo;elle s&#8217;empresse d&rsquo;acqu\u00e9rir. Involontairement tromp\u00e9e par le propri\u00e9taire n\u00e9gligent, elle a \u00e0 faire face pendant des ann\u00e9es \u00e0 un ancien locataire de mauvaise foi qui, \u00e0 la suite d&rsquo;un long proc\u00e8s, pr\u00e9tend rentrer dans les lieux, alors que le Carmel y est d\u00e9j\u00e0 install\u00e9. M\u00e8re Th\u00e9r\u00e8se conna\u00eet des jours angoissants ; mais gr\u00e2ce \u00e0 son esprit de foi, sa t\u00e9nacit\u00e9 invincible, elle ne capitule pas et poursuit co\u00fbte que co\u00fbte son but, aid\u00e9e par des amis incomparablement d\u00e9vou\u00e9s.<\/p>\n\n\n\n<div style=\"height:40px\" aria-hidden=\"true\" class=\"wp-block-spacer\"><\/div>\n\n\n\n<div class=\"wp-block-columns is-layout-flex wp-container-core-columns-is-layout-28f84493 wp-block-columns-is-layout-flex\">\n<div class=\"wp-block-column is-layout-flow wp-block-column-is-layout-flow\">\n<figure class=\"wp-block-gallery has-nested-images columns-default is-cropped wp-block-gallery-3 is-layout-flex wp-block-gallery-is-layout-flex\">\n<figure class=\"wp-block-image size-large\"><img loading=\"lazy\" decoding=\"async\" width=\"350\" height=\"348\" data-id=\"892\" src=\"https:\/\/carmel-creteil.org\/wp-content\/uploads\/2025\/07\/1ere-pierre-mgr-e1753335189256.jpg\" alt=\"\" class=\"wp-image-892\"\/><figcaption class=\"wp-element-caption\">B\u00e9n\u00e9diction de la 1\u00e8re pierre de la chapelle du monast\u00e8re actuel par Mgr Feltin.<\/figcaption><\/figure>\n\n\n\n<figure class=\"wp-block-image aligncenter size-large\"><img loading=\"lazy\" decoding=\"async\" width=\"350\" height=\"355\" data-id=\"891\" src=\"https:\/\/carmel-creteil.org\/wp-content\/uploads\/2025\/07\/1ere-pierre-1-e1753335060855.jpg\" alt=\"\" class=\"wp-image-891\"\/><figcaption class=\"wp-element-caption\">25 mars 1950<\/figcaption><\/figure>\n<\/figure>\n<\/div>\n\n\n\n<div class=\"wp-block-column is-layout-flow wp-block-column-is-layout-flow\">\n<p>Enfin, en 1949, c&rsquo;est le pittoresque d\u00e9m\u00e9nagement avec des moyens de fortune, <strong>et le 25 mars 1950, Son Excellence le cardinal Feltin vient b\u00e9nir la premi\u00e8re pierre de la chapelle. <\/strong><\/p>\n<\/div>\n<\/div>\n\n\n\n<div style=\"height:40px\" aria-hidden=\"true\" class=\"wp-block-spacer\"><\/div>\n\n\n\n<p>\u00ab\u00a0Ce qu&rsquo;il fallut d\u00e9penser d&rsquo;esprit d&rsquo;initiative dans l&rsquo;entreprise et de t\u00e9nacit\u00e9 dans l&rsquo;effort, Dieu seul le sait\u00a0\u00bb dira S. E. Monseigneur Blanchet, aux noces d&rsquo;or de M\u00e8re Th\u00e9r\u00e8se en parlant de ces ann\u00e9es, c&rsquo;\u00e9tait au temps de la guerre o\u00f9 les choses les plus simples devenaient impossibles. D&rsquo;o\u00f9 vint la r\u00e9ussite ? Demandons-en le secret \u00e0 l&rsquo;esprit du Carmel, <strong>tel que l&rsquo;exprima jadis la M\u00e8re Th\u00e9r\u00e8se<\/strong> : elle parle d&rsquo;<strong><em>\u00ab\u00a0une grande et d\u00e9cid\u00e9e d\u00e9termination de ne point s&rsquo;arr\u00eater avant d&rsquo;atteindre le but\u00a0\u00bb<\/em><\/strong> et elle ajoute ce mot de flamme : <em><strong>\u00ab\u00a0Vienne ce qui viendra, arrive ce qui arrivera, peine ce qui peinera, murmure qui voudra, quand bien m\u00eame le monde croulerait. Si le succ\u00e8s dont nous sommes les t\u00e9moins a \u00e9t\u00e9 possible, c&rsquo;est que Dieu, quand Il veut un r\u00e9sultat, choisit l&rsquo;ouvrier, et quand on ne lui refuse pas sa peine, Il sait b\u00e9nir l&rsquo;effort\u00a0\u00bb.<\/strong><\/em><\/p>\n\n\n\n<div style=\"height:40px\" aria-hidden=\"true\" class=\"wp-block-spacer\"><\/div>\n\n\n\n<h4 class=\"wp-block-heading has-large-font-size\"><strong>Quand un futur Pape vient au Carmel<\/strong><\/h4>\n\n\n\n<div style=\"height:40px\" aria-hidden=\"true\" class=\"wp-block-spacer\"><\/div>\n\n\n\n<figure class=\"wp-block-image alignright size-large is-resized is-style-rounded\"><img loading=\"lazy\" decoding=\"async\" width=\"588\" height=\"1024\" src=\"https:\/\/carmel-creteil.org\/wp-content\/uploads\/2025\/07\/Mere-Therese-588x1024.jpg\" alt=\"\" class=\"wp-image-640\" style=\"width:359px;height:auto\"\/><figcaption class=\"wp-element-caption\"><strong>M\u00e8re Th\u00e9r\u00e8se de la Croix qui fit construire le monast\u00e8re actuel au milieu de tant de difficult\u00e9s<\/strong><\/figcaption><\/figure>\n\n\n\n<p>Neuf novembre 1952\u2026 Les cloches sonnent gaiement, les Carm\u00e9lites f\u00eatent aujourd&rsquo;hui le jubil\u00e9 d&rsquo;or de celle qui leur a construit leur nouveau monast\u00e8re. Ce jour est m\u00e9morable entre tous, car <strong>celui qui deviendra dans quelques ann\u00e9es S. S. Jean XXIII pr\u00e9side cette c\u00e9r\u00e9monie<\/strong>. Myst\u00e9rieux dessein de la Providence : le t\u00e9l\u00e9gramme de la b\u00e9n\u00e9diction de S. S. Pie XII obtenu par l&rsquo;entremise de <strong>Monseigneur Roncalli<\/strong>, est sign\u00e9 : Montini, substitut. Trois Papes sont ainsi unis pour b\u00e9nir une humble Carm\u00e9lite, vraiment fille de l&rsquo;Eglise comme sainte Th\u00e9r\u00e8se. <\/p>\n\n\n\n<p><strong><em>\u00ab\u00a0Ah !\u00a0\u00bb<\/em><\/strong> dit Monseigneur Roncalli, une fois entr\u00e9 dans la cl\u00f4ture, \u00e0 M\u00e8re Th\u00e9r\u00e8se rest\u00e9e \u00e0 cause du froid dans la salle de communaut\u00e9, <strong><em>\u00ab\u00a0voil\u00e0 la violette qui se cache ; tout le monde l&rsquo;a bien f\u00eat\u00e9e : beau sermon, chants magnifiques, beaucoup de monde, d&rsquo;amis, il n&rsquo;y a que moi qui n&rsquo;aie rien fait\u2026 mais j&rsquo;ai tout de m\u00eame fait le principal puisque j&rsquo;ai c\u00e9l\u00e9br\u00e9 la sainte messe \u00e0 son intention\u00a0\u00bb<\/em><\/strong>.<\/p>\n\n\n\n<p>Puis Monseigneur s&rsquo;entretint paternellement avec la Communaut\u00e9. L&rsquo;aimable Nonce cite cette anecdote : Comme Pie XII, au t\u00e9l\u00e9phone, lui parlait de ses d\u00e9placements \u00e0 travers notre pays, et semblait les trouver un peu fr\u00e9quents, il r\u00e9pondit :<\/p>\n\n\n\n<p class=\"has-text-align-center\"><strong><em>\u00ab\u00a0Ah ! Tr\u00e8s Saint P\u00e8re, la France est si belle !\u00a0\u00bb<\/em><\/strong>.<\/p>\n\n\n\n<p>Monseigneur dit en quittant la cl\u00f4ture : <strong><em>\u00ab\u00a0Je reviendrai, faites-moi signe quand vous aurez besoin de moi\u00a0\u00bb<\/em><\/strong>. <\/p>\n\n\n\n<p>En b\u00e9nissant la communaut\u00e9, il ajouta : <strong><em>\u00ab\u00a0Priez pour moi, priez bien pour moi !\u00a0\u00bb<\/em><\/strong>.<\/p>\n\n\n\n<p>Avec le souvenir de sa simplicit\u00e9 charmante et de sa spontan\u00e9it\u00e9 joyeuse, Monseigneur Roncalli laissait l&rsquo;impression d&rsquo;un \u00e2me profond\u00e9ment int\u00e9rieure et surnaturelle. On imagine la joie du Carmel \u00e0 son \u00e9lection au tr\u00f4ne de saint Pierre. Le \u00ab\u00a0bon Pape Jean\u00a0\u00bb ne manqua pas d&rsquo;envoyer sa b\u00e9n\u00e9diction \u00e0 M\u00e8re Th\u00e9r\u00e8se en 1962 lors de son jubil\u00e9 de diamant.<\/p>\n\n\n\n<p>Les desseins de Dieu sont remplis de secrets : ce n&rsquo;est qu&rsquo;\u00e0 quelques heures de distance qu&rsquo;elle devait suivre dans la mort celui qu&rsquo;elle appelait joliment \u00ab\u00a0mon Pape\u00a0\u00bb, et ses obs\u00e8ques avaient lieu le jour m\u00eame o\u00f9 \u00e0 Rome on c\u00e9l\u00e9brait les fun\u00e9railles de S. S. Jean XXIII.<\/p>\n\n\n\n<div style=\"height:40px\" aria-hidden=\"true\" class=\"wp-block-spacer\"><\/div>\n\n\n\n<p><\/p>\n\n\n\n<p>En ce mois de juin 1963, on apprendra la d\u00e9molition totale du monast\u00e8re de l&rsquo;avenue de Saxe, berceau de la vie religieuse de M\u00e8re Th\u00e9r\u00e8se. Rupture avec le pass\u00e9 ?\u2026 Non, il ne peut y en avoir et il n&rsquo;y en eut jamais. Depuis la rue du Bouloy, l&rsquo;h\u00e9ritage re\u00e7u a \u00e9t\u00e9 fid\u00e8lement transmis. Par del\u00e0 les circonstances particuli\u00e8res, les nombreuses p\u00e9r\u00e9grinations, la vie est bien la m\u00eame, vie ardemment orient\u00e9e au service de la Sainte Eglise, dans le silence et la pri\u00e8re, vie cach\u00e9e de Nazareth\u2026<\/p>\n\n\n\n<div style=\"height:40px\" aria-hidden=\"true\" class=\"wp-block-spacer\"><\/div>\n\n\n\n<p class=\"has-text-align-right\"><a href=\"https:\/\/carmel-creteil.org\/index.php\/notre-histoire\/famille\/\" data-type=\"page\" data-id=\"34\"><em><strong>Voir fondatrices et quelques autres portraits<\/strong><\/em><\/a><\/p>\n\n\n\n<div style=\"height:40px\" aria-hidden=\"true\" class=\"wp-block-spacer\"><\/div>\n\n\n\n<div style=\"height:40px\" aria-hidden=\"true\" class=\"wp-block-spacer\"><\/div>\n\n\n<nav class=\"is-responsive items-justified-center wp-block-navigation is-content-justification-center is-layout-flex wp-container-core-navigation-is-layout-a89b3969 wp-block-navigation-is-layout-flex\" aria-label=\"Menu 2\" \n\t\t data-wp-interactive=\"core\/navigation\" data-wp-context='{\"overlayOpenedBy\":{\"click\":false,\"hover\":false,\"focus\":false},\"type\":\"overlay\",\"roleAttribute\":\"\",\"ariaLabel\":\"Menu\"}'><button aria-haspopup=\"dialog\" aria-label=\"Ouvrir le menu\" class=\"wp-block-navigation__responsive-container-open\" \n\t\t\t\tdata-wp-on--click=\"actions.openMenuOnClick\"\n\t\t\t\tdata-wp-on--keydown=\"actions.handleMenuKeydown\"\n\t\t\t><svg width=\"24\" height=\"24\" xmlns=\"http:\/\/www.w3.org\/2000\/svg\" viewBox=\"0 0 24 24\"><path d=\"M5 5v1.5h14V5H5z\"><\/path><path d=\"M5 12.8h14v-1.5H5v1.5z\"><\/path><path d=\"M5 19h14v-1.5H5V19z\"><\/path><\/svg><\/button>\n\t\t\t\t<div class=\"wp-block-navigation__responsive-container  has-text-color has-custom-marron-fonc-color has-background has-custom-cr-me-opaque-background-color\"  id=\"modal-4\" \n\t\t\t\tdata-wp-class--has-modal-open=\"state.isMenuOpen\"\n\t\t\t\tdata-wp-class--is-menu-open=\"state.isMenuOpen\"\n\t\t\t\tdata-wp-watch=\"callbacks.initMenu\"\n\t\t\t\tdata-wp-on--keydown=\"actions.handleMenuKeydown\"\n\t\t\t\tdata-wp-on--focusout=\"actions.handleMenuFocusout\"\n\t\t\t\ttabindex=\"-1\"\n\t\t\t>\n\t\t\t\t\t<div class=\"wp-block-navigation__responsive-close\" tabindex=\"-1\">\n\t\t\t\t\t\t<div class=\"wp-block-navigation__responsive-dialog\" \n\t\t\t\tdata-wp-bind--aria-modal=\"state.ariaModal\"\n\t\t\t\tdata-wp-bind--aria-label=\"state.ariaLabel\"\n\t\t\t\tdata-wp-bind--role=\"state.roleAttribute\"\n\t\t\t>\n\t\t\t\t\t\t\t<button aria-label=\"Fermer le menu\" class=\"wp-block-navigation__responsive-container-close\" \n\t\t\t\tdata-wp-on--click=\"actions.closeMenuOnClick\"\n\t\t\t><svg xmlns=\"http:\/\/www.w3.org\/2000\/svg\" viewBox=\"0 0 24 24\" width=\"24\" height=\"24\" aria-hidden=\"true\" focusable=\"false\"><path d=\"m13.06 12 6.47-6.47-1.06-1.06L12 10.94 5.53 4.47 4.47 5.53 10.94 12l-6.47 6.47 1.06 1.06L12 13.06l6.47 6.47 1.06-1.06L13.06 12Z\"><\/path><\/svg><\/button>\n\t\t\t\t\t\t\t<div class=\"wp-block-navigation__responsive-container-content\" \n\t\t\t\tdata-wp-watch=\"callbacks.focusFirstElement\"\n\t\t\t id=\"modal-4-content\">\n\t\t\t\t\t\t\t\t<ul class=\"wp-block-navigation__container is-responsive items-justified-center wp-block-navigation\"><li style=\"text-decoration:underline;\" class=\" wp-block-navigation-item wp-block-navigation-link\"><a class=\"wp-block-navigation-item__content\"  href=\"https:\/\/carmel-creteil.org\/\"><span class=\"wp-block-navigation-item__label\">Accueil<\/span><\/a><\/li><li style=\"text-decoration:underline;\" class=\" wp-block-navigation-item wp-block-navigation-link\"><a class=\"wp-block-navigation-item__content\"  href=\"https:\/\/carmel-creteil.org\/?page_id=297&#038;preview=true\"><span class=\"wp-block-navigation-item__label\">Notre Histoire<\/span><\/a><\/li><li style=\"text-decoration:underline;\" class=\" wp-block-navigation-item wp-block-navigation-link\"><a class=\"wp-block-navigation-item__content\"  href=\"https:\/\/carmel-creteil.org\/index.php\/le-monastere-aujourdhui-a-creteil\/\"><span class=\"wp-block-navigation-item__label\">Le monast\u00e8re aujourd\u2019hui<\/span><\/a><\/li><li style=\"text-decoration:underline;\" class=\" wp-block-navigation-item wp-block-navigation-link\"><a class=\"wp-block-navigation-item__content\"  href=\"https:\/\/carmel-creteil.org\/index.php\/venir-prier\/\"><span class=\"wp-block-navigation-item__label\">Venir prier<\/span><\/a><\/li><li style=\"text-decoration:underline;\" class=\" wp-block-navigation-item wp-block-navigation-link\"><a class=\"wp-block-navigation-item__content\"  href=\"https:\/\/carmel-creteil.org\/index.php\/notre-travail\/\"><span class=\"wp-block-navigation-item__label\">Notre travail<\/span><\/a><\/li><li style=\"text-decoration:underline;\" class=\" wp-block-navigation-item wp-block-navigation-link\"><a class=\"wp-block-navigation-item__content\"  href=\"https:\/\/carmel-creteil.org\/index.php\/coordonnees-et-offices\/\"><span class=\"wp-block-navigation-item__label\">Nous contacter<\/span><\/a><\/li><li style=\"text-decoration:underline;\" class=\" wp-block-navigation-item wp-block-navigation-link\"><a class=\"wp-block-navigation-item__content\"  href=\"https:\/\/carmel-creteil.org\/index.php\/nous-aider\/\"><span class=\"wp-block-navigation-item__label\">Nous aider<\/span><\/a><\/li><\/ul>\n\t\t\t\t\t\t\t<\/div>\n\t\t\t\t\t\t<\/div>\n\t\t\t\t\t<\/div>\n\t\t\t\t<\/div><\/nav>\n\n\n<div style=\"height:50px\" aria-hidden=\"true\" class=\"wp-block-spacer\"><\/div>\n\n\n\n<p class=\"has-text-align-center\"><em>\u00a9 Tous droits r\u00e9serv\u00e9s &#8211; Carmel Sainte Th\u00e9r\u00e8se de Cr\u00e9teil<\/em><\/p>\n\n\n\n<p style=\"font-size:0px\"><\/p>\n\n\n\n<p><\/p>\n","protected":false},"excerpt":{"rendered":"<p>P\u00e9r\u00e9grinations&#8230; mais stabilit\u00e9 Une cons\u00e9quence providentielle de la Fronde Le 15 octobre 1604 arrivaient \u00e0 Paris les compagnes m\u00eames de sainte Th\u00e9r\u00e8se, et le 18, en la f\u00eate de Saint-Luc, \u00e9tait \u00e9tabli le premier Carmel de France, le Couvent de l&rsquo;Incarnation. Or, lorsque, en 1648, \u00e9clata la Fronde, la situation du monast\u00e8re qui se trouvait [&hellip;]<\/p>\n","protected":false},"author":1,"featured_media":0,"parent":146,"menu_order":3,"comment_status":"closed","ping_status":"closed","template":"","meta":{"footnotes":""},"class_list":["post-32","page","type-page","status-publish","hentry"],"_links":{"self":[{"href":"https:\/\/carmel-creteil.org\/index.php\/wp-json\/wp\/v2\/pages\/32","targetHints":{"allow":["GET"]}}],"collection":[{"href":"https:\/\/carmel-creteil.org\/index.php\/wp-json\/wp\/v2\/pages"}],"about":[{"href":"https:\/\/carmel-creteil.org\/index.php\/wp-json\/wp\/v2\/types\/page"}],"author":[{"embeddable":true,"href":"https:\/\/carmel-creteil.org\/index.php\/wp-json\/wp\/v2\/users\/1"}],"replies":[{"embeddable":true,"href":"https:\/\/carmel-creteil.org\/index.php\/wp-json\/wp\/v2\/comments?post=32"}],"version-history":[{"count":82,"href":"https:\/\/carmel-creteil.org\/index.php\/wp-json\/wp\/v2\/pages\/32\/revisions"}],"predecessor-version":[{"id":1963,"href":"https:\/\/carmel-creteil.org\/index.php\/wp-json\/wp\/v2\/pages\/32\/revisions\/1963"}],"up":[{"embeddable":true,"href":"https:\/\/carmel-creteil.org\/index.php\/wp-json\/wp\/v2\/pages\/146"}],"wp:attachment":[{"href":"https:\/\/carmel-creteil.org\/index.php\/wp-json\/wp\/v2\/media?parent=32"}],"curies":[{"name":"wp","href":"https:\/\/api.w.org\/{rel}","templated":true}]}}