{"id":34,"date":"2025-07-02T13:43:08","date_gmt":"2025-07-02T13:43:08","guid":{"rendered":"https:\/\/carmel-creteil.org\/?page_id=34"},"modified":"2025-09-08T08:01:23","modified_gmt":"2025-09-08T08:01:23","slug":"famille","status":"publish","type":"page","link":"https:\/\/carmel-creteil.org\/index.php\/notre-histoire\/famille\/","title":{"rendered":"Quelques souvenirs de famille"},"content":{"rendered":"<nav class=\"is-responsive items-justified-center wp-block-navigation is-content-justification-center is-layout-flex wp-container-core-navigation-is-layout-a89b3969 wp-block-navigation-is-layout-flex\" aria-label=\"Menu\" \n\t\t data-wp-interactive=\"core\/navigation\" data-wp-context='{\"overlayOpenedBy\":{\"click\":false,\"hover\":false,\"focus\":false},\"type\":\"overlay\",\"roleAttribute\":\"\",\"ariaLabel\":\"Menu\"}'><button aria-haspopup=\"dialog\" aria-label=\"Ouvrir le menu\" class=\"wp-block-navigation__responsive-container-open\" \n\t\t\t\tdata-wp-on--click=\"actions.openMenuOnClick\"\n\t\t\t\tdata-wp-on--keydown=\"actions.handleMenuKeydown\"\n\t\t\t><svg width=\"24\" height=\"24\" xmlns=\"http:\/\/www.w3.org\/2000\/svg\" viewBox=\"0 0 24 24\"><path d=\"M5 5v1.5h14V5H5z\"><\/path><path d=\"M5 12.8h14v-1.5H5v1.5z\"><\/path><path d=\"M5 19h14v-1.5H5V19z\"><\/path><\/svg><\/button>\n\t\t\t\t<div class=\"wp-block-navigation__responsive-container  has-text-color has-custom-marron-fonc-color has-background has-custom-cr-me-opaque-background-color\"  id=\"modal-1\" \n\t\t\t\tdata-wp-class--has-modal-open=\"state.isMenuOpen\"\n\t\t\t\tdata-wp-class--is-menu-open=\"state.isMenuOpen\"\n\t\t\t\tdata-wp-watch=\"callbacks.initMenu\"\n\t\t\t\tdata-wp-on--keydown=\"actions.handleMenuKeydown\"\n\t\t\t\tdata-wp-on--focusout=\"actions.handleMenuFocusout\"\n\t\t\t\ttabindex=\"-1\"\n\t\t\t>\n\t\t\t\t\t<div class=\"wp-block-navigation__responsive-close\" tabindex=\"-1\">\n\t\t\t\t\t\t<div class=\"wp-block-navigation__responsive-dialog\" \n\t\t\t\tdata-wp-bind--aria-modal=\"state.ariaModal\"\n\t\t\t\tdata-wp-bind--aria-label=\"state.ariaLabel\"\n\t\t\t\tdata-wp-bind--role=\"state.roleAttribute\"\n\t\t\t>\n\t\t\t\t\t\t\t<button aria-label=\"Fermer le menu\" class=\"wp-block-navigation__responsive-container-close\" \n\t\t\t\tdata-wp-on--click=\"actions.closeMenuOnClick\"\n\t\t\t><svg xmlns=\"http:\/\/www.w3.org\/2000\/svg\" viewBox=\"0 0 24 24\" width=\"24\" height=\"24\" aria-hidden=\"true\" focusable=\"false\"><path d=\"m13.06 12 6.47-6.47-1.06-1.06L12 10.94 5.53 4.47 4.47 5.53 10.94 12l-6.47 6.47 1.06 1.06L12 13.06l6.47 6.47 1.06-1.06L13.06 12Z\"><\/path><\/svg><\/button>\n\t\t\t\t\t\t\t<div class=\"wp-block-navigation__responsive-container-content\" \n\t\t\t\tdata-wp-watch=\"callbacks.focusFirstElement\"\n\t\t\t id=\"modal-1-content\">\n\t\t\t\t\t\t\t\t<ul class=\"wp-block-navigation__container is-responsive items-justified-center wp-block-navigation\"><li style=\"text-decoration:underline;\" class=\" wp-block-navigation-item wp-block-navigation-link\"><a class=\"wp-block-navigation-item__content\"  href=\"https:\/\/carmel-creteil.org\/\"><span class=\"wp-block-navigation-item__label\">Accueil<\/span><\/a><\/li><li style=\"text-decoration:underline;\" class=\" wp-block-navigation-item wp-block-navigation-link\"><a class=\"wp-block-navigation-item__content\"  href=\"https:\/\/carmel-creteil.org\/?page_id=297&#038;preview=true\"><span class=\"wp-block-navigation-item__label\">Notre Histoire<\/span><\/a><\/li><li style=\"text-decoration:underline;\" class=\" wp-block-navigation-item wp-block-navigation-link\"><a class=\"wp-block-navigation-item__content\"  href=\"https:\/\/carmel-creteil.org\/index.php\/le-monastere-aujourdhui-a-creteil\/\"><span class=\"wp-block-navigation-item__label\">Le monast\u00e8re aujourd\u2019hui<\/span><\/a><\/li><li style=\"text-decoration:underline;\" class=\" wp-block-navigation-item wp-block-navigation-link\"><a class=\"wp-block-navigation-item__content\"  href=\"https:\/\/carmel-creteil.org\/index.php\/venir-prier\/\"><span class=\"wp-block-navigation-item__label\">Venir prier<\/span><\/a><\/li><li style=\"text-decoration:underline;\" class=\" wp-block-navigation-item wp-block-navigation-link\"><a class=\"wp-block-navigation-item__content\"  href=\"https:\/\/carmel-creteil.org\/index.php\/notre-travail\/\"><span class=\"wp-block-navigation-item__label\">Notre travail<\/span><\/a><\/li><li style=\"text-decoration:underline;\" class=\" wp-block-navigation-item wp-block-navigation-link\"><a class=\"wp-block-navigation-item__content\"  href=\"https:\/\/carmel-creteil.org\/index.php\/coordonnees-et-offices\/\"><span class=\"wp-block-navigation-item__label\">Nous contacter<\/span><\/a><\/li><li style=\"text-decoration:underline;\" class=\" wp-block-navigation-item wp-block-navigation-link\"><a class=\"wp-block-navigation-item__content\"  href=\"https:\/\/carmel-creteil.org\/index.php\/nous-aider\/\"><span class=\"wp-block-navigation-item__label\">Nous aider<\/span><\/a><\/li><\/ul>\n\t\t\t\t\t\t\t<\/div>\n\t\t\t\t\t\t<\/div>\n\t\t\t\t\t<\/div>\n\t\t\t\t<\/div><\/nav>\n\n\n<div style=\"height:30px;width:0px\" aria-hidden=\"true\" class=\"wp-block-spacer\"><\/div>\n\n\n\n<h3 class=\"wp-block-heading has-large-font-size\" id=\"lesfondatrices\" style=\"border-style:none;border-width:0px;border-radius:0px\"><strong>LES FONDATRICES<\/strong> :<\/h3>\n\n\n\n<h4 class=\"wp-block-heading has-medium-font-size\"><strong>MERE THERESE DE JESUS<\/strong> (1625-1685) et <strong>MERE FRANCOISE DE LA CROIX <\/strong>(1626-1702)<\/h4>\n\n\n\n<div style=\"height:40px\" aria-hidden=\"true\" class=\"wp-block-spacer\"><\/div>\n\n\n\n<div class=\"wp-block-media-text is-stacked-on-mobile\" style=\"grid-template-columns:30% auto\"><figure class=\"wp-block-media-text__media\"><img loading=\"lazy\" decoding=\"async\" width=\"104\" height=\"250\" src=\"https:\/\/carmel-creteil.org\/wp-content\/uploads\/2025\/08\/1-Bouloy-scaled-e1755956212188.jpg\" alt=\"\" class=\"wp-image-1770 size-full\"\/><\/figure><div class=\"wp-block-media-text__content\">\n<p class=\"has-text-align-center has-normal-font-size\" style=\"padding-top:0;padding-right:var(--wp--preset--spacing--80);padding-bottom:0;padding-left:var(--wp--preset--spacing--80)\">Le Carmel logeait alors dans cet immeuble, rue du Bouloy, non loin du Louvre<\/p>\n\n\n\n<div style=\"height:40px\" aria-hidden=\"true\" class=\"wp-block-spacer\"><\/div>\n\n\n\n<p>Ame de confiance, la <strong>M\u00e8re Th\u00e9r\u00e8se de J\u00e9sus <\/strong>a constamment sur les l\u00e8vres ces paroles du psaume : In Te Domine speravi. En cons\u00e9quence les \u00e9v\u00e8nements ne la d\u00e9concertent jamais. <\/p>\n\n\n\n<p>A travers tout, unie \u00e0 Dieu, elle sait parler de Lui dans les conversations en apparence les plus indiff\u00e9rentes, avec tant de conviction, que plusieurs personnes se convertissent en l&rsquo;\u00e9coutant. <\/p>\n\n\n\n<p>Le Roi l&rsquo;estime et Anne d&rsquo;Autriche, qui l&rsquo;a connue lorsqu&rsquo;elle \u00e9tait dame d&rsquo;honneur de la duchesse d&rsquo;Orl\u00e9ans, lui porte une particuli\u00e8re affection.<\/p>\n<\/div><\/div>\n\n\n\n<div style=\"height:40px\" aria-hidden=\"true\" class=\"wp-block-spacer\"><\/div>\n\n\n\n<p>Elle ne s&rsquo;attire pas seulement l&rsquo;amiti\u00e9 des grands, mais des petits, tant son c\u0153ur compatissant et charitable s&rsquo;ing\u00e9nie \u00e0 d\u00e9couvrir toutes les mis\u00e8res. <\/p>\n\n\n\n<p><\/p>\n\n\n\n<p>Un jour, une seule et unique pistole lui reste pour payer les ouvriers ! Sur ces entrefaites, une pauvresse \u00e0 bout de ressources, et d\u00e9cid\u00e9e \u00e0 prendre pour s&rsquo;en procurer un moyen ex\u00e9crable, se pr\u00e9sente au tour. Sans h\u00e9siter M\u00e8re Th\u00e9r\u00e8se lui donne la pistole. <strong>\u00ab\u00a0Je pr\u00eate \u00e0 Notre Seigneur\u00a0\u00bb<\/strong>, pense-t-elle avec confiance ; et le lendemain, elle trouve dans le tour la somme n\u00e9cessaire pour payer les ouvriers, sans qu&rsquo;on sache qui l&rsquo;y a d\u00e9pos\u00e9e.<\/p>\n\n\n\n<p><\/p>\n\n\n\n<p>Sur son lit de mort, comme on lui dit que son effort soutenu pour s&rsquo;appliquer \u00e0 Dieu risque de la fatiguer : \u00ab\u00a0C&rsquo;est ma consolation\u00a0\u00bb, r\u00e9plique-t-elle. <strong>\u00ab\u00a0Il y a bien de la diff\u00e9rence \u00e0 souffrir apr\u00e8s avoir invoqu\u00e9 Dieu, ou souffrir sans l&rsquo;avoir invoqu\u00e9.\u00a0\u00bb<\/strong> C&rsquo;\u00e9tait en effet sur la force divine qu&rsquo;elle s&rsquo;\u00e9tait appuy\u00e9 toute sa vie.<\/p>\n\n\n\n<div class=\"wp-block-media-text has-media-on-the-right is-stacked-on-mobile\" style=\"grid-template-columns:auto 26%\"><div class=\"wp-block-media-text__content\">\n<p>Morte dix-sept ans apr\u00e8s M\u00e8re Th\u00e9r\u00e8se, la <strong>M\u00e8re Fran\u00e7oise de la Croix<\/strong> eut une influence encore plus profonde sur son Carmel. Elle \u00e9tait l&rsquo;amie et la confidente de la <strong>Reine Marie-Th\u00e9r\u00e8se.<\/strong><\/p>\n<\/div><figure class=\"wp-block-media-text__media\"><img loading=\"lazy\" decoding=\"async\" width=\"1024\" height=\"1024\" src=\"https:\/\/carmel-creteil.org\/wp-content\/uploads\/2025\/08\/2-Reine-en-medaillon-1024x1024.png\" alt=\"\" class=\"wp-image-1772 size-full\"\/><\/figure><\/div>\n\n\n\n<p><\/p>\n\n\n\n<div style=\"height:40px\" aria-hidden=\"true\" class=\"wp-block-spacer\"><\/div>\n\n\n\n<p>Vive et pure \u00e9tait la foi de M\u00e8re Fran\u00e7oise. Les principes jans\u00e9nistes lui faisaient horreur et elle eut garde de les laisser s&rsquo;infiltrer dans la communaut\u00e9. <\/p>\n\n\n\n<p><\/p>\n\n\n\n<p>Lourds soucis, jours d&rsquo;angoisse o\u00f9 l&rsquo;on se voit \u00e0 la veille de la ruine de la communaut\u00e9, rien n&rsquo;entame sa confiance. <\/p>\n\n\n\n<p><\/p>\n\n\n\n<p>Au milieu des n\u00e9cessit\u00e9s les plus pressantes, elle ne demande \u00e0 Notre Seigneur aucun secours particulier, sa seule pri\u00e8re est toujours : <strong>\u00ab\u00a0Mon Dieu, fiat, fiat .\u00a0\u00bb<\/strong><\/p>\n\n\n\n<p><\/p>\n\n\n\n<p>Rester aupr\u00e8s du Saint-Sacrement est sa joie, elle en est insatiable. Elle dit agr\u00e9ablement qu&rsquo;il lui faut bien plusieurs heures pour s&rsquo;entretenir \u00e0 l&rsquo;aise avec Notre Seigneur, suppliant sa Divine Majest\u00e9 pour les besoins de l&rsquo;Eglise et le salut des \u00e2mes. <\/p>\n\n\n\n<p><\/p>\n\n\n\n<p>Au moment o\u00f9 l&rsquo;on cherche acqu\u00e9reur pour la rue du Bouloy, une offre tr\u00e8s avantageuse lui est faite. La communaut\u00e9 se d\u00e9bat alors dans de telles difficult\u00e9s financi\u00e8res, qu&rsquo;une pareille proposition est inesp\u00e9r\u00e9e. Sur ces entrefaites, la M\u00e8re Fran\u00e7oise apprend qu&rsquo;il s&rsquo;agit de l&rsquo;installation d&rsquo;une troupe de com\u00e9diens. Elle coupe court aussit\u00f4t \u00e0 toute n\u00e9gociation, ne voulant pas, dit-elle, \u00ab\u00a0que le th\u00e9\u00e2tre prenne la place d&rsquo;un lieu o\u00f9 a \u00e9t\u00e9 offert le corps de Notre Seigneur.\u00a0\u00bb<\/p>\n\n\n\n<div style=\"height:40px\" aria-hidden=\"true\" class=\"wp-block-spacer\"><\/div>\n\n\n\n<div class=\"wp-block-columns is-layout-flex wp-container-core-columns-is-layout-28f84493 wp-block-columns-is-layout-flex\">\n<div class=\"wp-block-column is-layout-flow wp-block-column-is-layout-flow\" style=\"flex-basis:33.33%\">\n<div class=\"wp-block-cover\"><img loading=\"lazy\" decoding=\"async\" width=\"850\" height=\"1024\" class=\"wp-block-cover__image-background wp-image-1781\" alt=\"\" src=\"https:\/\/carmel-creteil.org\/wp-content\/uploads\/2025\/08\/3-La-Madre-noviciat-850x1024.jpg\" style=\"object-position:51% 52%\" data-object-fit=\"cover\" data-object-position=\"51% 52%\"\/><span aria-hidden=\"true\" class=\"wp-block-cover__background has-background-dim-0 has-background-dim\"><\/span><div class=\"wp-block-cover__inner-container is-layout-flow wp-block-cover-is-layout-flow\">\n<h2 class=\"wp-block-heading has-text-align-center has-white-color has-text-color has-link-color wp-elements-7ab5e009d1eed1507b4fbe1d418f0e65\">Notre M\u00e8re Sainte Th\u00e9r\u00e8se d&rsquo;Avila<\/h2>\n\n\n\n<div style=\"height:63px\" aria-hidden=\"true\" class=\"wp-block-spacer\"><\/div>\n\n\n\n<div style=\"height:284px\" aria-hidden=\"true\" class=\"wp-block-spacer\"><\/div>\n<\/div><\/div>\n<\/div>\n\n\n\n<div class=\"wp-block-column is-layout-flow wp-block-column-is-layout-flow\" style=\"flex-basis:66.66%\">\n<p style=\"font-size:24px\">Parmi les t\u00e2ches les plus accablantes, elle reste unie \u00e0 Celui qu&rsquo;elle nomme : \u00ab\u00a0l&rsquo;Ami fid\u00e8le.\u00a0\u00bb Pr\u00e8s de mourir, au milieu de vives souffrances, il ne faut pas qu&rsquo;on lui parle d&rsquo;autre chose que de Dieu, mais dans son humilit\u00e9, elle demande \u00e0 ses filles de l&rsquo;exhorter.<\/p>\n\n\n\n<p style=\"font-size:24px\">Form\u00e9e au couvent de l&rsquo;Incarnation par la M\u00e8re Marie de J\u00e9sus (de Br\u00e9aut\u00e9), elle avait re\u00e7u d&rsquo;elle <strong>l&rsquo;enseignement m\u00eame des compagnes de sainte Th\u00e9r\u00e8se<\/strong>, et c&rsquo;est cet h\u00e9ritage qu&rsquo;elle s&rsquo;est appliqu\u00e9e toute sa vie \u00e0 transmettre \u00e0 ses filles.<\/p>\n<\/div>\n<\/div>\n\n\n\n<div style=\"height:100px\" aria-hidden=\"true\" class=\"wp-block-spacer\"><\/div>\n\n\n\n<h4 class=\"wp-block-heading has-medium-font-size\"><strong>MERE MARIE-CECILE DE JESUS<\/strong> (1660-1742)<\/h4>\n\n\n\n<h4 class=\"wp-block-heading has-medium-font-size\">et le tr\u00e9sor inestimable de la charit\u00e9<\/h4>\n\n\n\n<div style=\"height:47px\" aria-hidden=\"true\" class=\"wp-block-spacer\"><\/div>\n\n\n\n<p>D\u00e8s l&rsquo;entr\u00e9e au Carmel de S\u0153ur Marie-C\u00e9cile, un incident montre \u00e0 quel point l&rsquo;Esprit-Saint poss\u00e8de cette \u00e2me, lui donnant une force de persuasion peu commune. Deux de ses fr\u00e8res apprennent apr\u00e8s coup les adieux au monde de cette petite s\u0153ur de quinze ans qu&rsquo;ils aiment avec pr\u00e9dilection. Les jeunes gens accourent au monast\u00e8re, bien d\u00e9cid\u00e9s \u00e0 la convaincre de renoncer \u00e0 cette \u00ab\u00a0folie.\u00a0\u00bb Mais ce sont eux qui sont pris, car la petite s\u0153ur est si \u00e9loquente, que d\u00e9posant leurs \u00e9p\u00e9es, ils d\u00e9cident de se consacrer \u00e0 Dieu.<\/p>\n\n\n\n<div style=\"height:40px\" aria-hidden=\"true\" class=\"wp-block-spacer\"><\/div>\n\n\n\n<div class=\"wp-block-columns is-layout-flex wp-container-core-columns-is-layout-28f84493 wp-block-columns-is-layout-flex\">\n<div class=\"wp-block-column is-layout-flow wp-block-column-is-layout-flow\">\n<p>Elle n&rsquo;\u00e9tait encore qu&rsquo;une enfant lorsque cet esprit d&rsquo;amour l&rsquo;avait marqu\u00e9e de son sceau, lui inspirant cette pri\u00e8re qu&rsquo;elle \u00e9tait alors incapable de comprendre : \u00ab\u00a0Que je meure consum\u00e9e de votre amour.\u00a0\u00bb <\/p>\n\n\n\n<p>C&rsquo;est que Dieu la destine \u00e0 une mission providentielle dans ce Carmel : y faire r\u00e9gner une telle charit\u00e9 fraternelle, qu&rsquo;on le nommera volontiers : \u00ab\u00a0La famille du Bon Dieu\u00a0\u00bb, ajoutant encore : <strong>\u00ab\u00a0Comme on s&rsquo;aime \u00e0 Grenelle !\u00a0\u00bb<\/strong><\/p>\n\n\n\n<div style=\"height:20px\" aria-hidden=\"true\" class=\"wp-block-spacer\"><\/div>\n\n\n\n<p class=\"has-text-align-center has-normal-font-size\" style=\"padding-right:var(--wp--preset--spacing--80);padding-left:var(--wp--preset--spacing--80)\">Image na\u00efve peinte \u00e0 l&rsquo;occasion d&rsquo;un Jubil\u00e9 d&rsquo;Or<\/p>\n<\/div>\n\n\n\n<div class=\"wp-block-column is-layout-flow wp-block-column-is-layout-flow\">\n<figure class=\"wp-block-image size-large has-custom-border\"><img loading=\"lazy\" decoding=\"async\" width=\"882\" height=\"1024\" src=\"https:\/\/carmel-creteil.org\/wp-content\/uploads\/2025\/08\/4-Vie-fraternelle-image-naive-882x1024.jpg\" alt=\"\" class=\"wp-image-1773\" style=\"border-width:3px\"\/><\/figure>\n<\/div>\n<\/div>\n\n\n\n<div class=\"wp-block-columns is-layout-flex wp-container-core-columns-is-layout-28f84493 wp-block-columns-is-layout-flex\">\n<div class=\"wp-block-column is-layout-flow wp-block-column-is-layout-flow\">\n<div style=\"height:40px\" aria-hidden=\"true\" class=\"wp-block-spacer\"><\/div>\n<\/div>\n<\/div>\n\n\n\n<p>Cette r\u00e9ponse aux desseins de Dieu sur elle ne va pas sans luttes, et le sacrifice de son ind\u00e9pendance lui co\u00fbte tant, qu&rsquo;\u00e0 la veille de sa profession elle \u00e9prouve encore le secret d\u00e9sir d&rsquo;\u00eatre renvoy\u00e9e. Mais une fois engag\u00e9e par ses v\u0153ux, elle se donne sans aucun regard en arri\u00e8re.<\/p>\n\n\n\n<p>Devenue Prieure, elle transmet \u00e0 ses filles les enseignements m\u00eame du Ma\u00eetre qui l&rsquo;instruit int\u00e9rieurement, l&rsquo;\u00e9clairant sur les exigences et les d\u00e9licatesses de la charit\u00e9.<\/p>\n\n\n\n<div style=\"height:40px\" aria-hidden=\"true\" class=\"wp-block-spacer\"><\/div>\n\n\n\n<p><strong>Interrog\u00e9e sur la mani\u00e8re si simple et si respectueuse \u00e0 la fois dont elle salue ses s\u0153urs, M\u00e8re Marie-C\u00e9cile s&rsquo;en explique ainsi, manifestant l&rsquo;esprit de foi qui l&rsquo;anime : \u00ab\u00a0Je ne regarde point les personnes, mais Celui qui daigne habiter au centre de leur \u00e2me, et je l&rsquo;y adore int\u00e9rieurement.\u00a0\u00bb<\/strong><\/p>\n\n\n\n<div style=\"height:40px\" aria-hidden=\"true\" class=\"wp-block-spacer\"><\/div>\n\n\n\n<p>Quand cela est n\u00e9cessaire, M\u00e8re Marie-C\u00e9cile sait se dresser pour d\u00e9fendre la ch\u00e8re solitude contre des entr\u00e9es dans la cl\u00f4ture abusives, pr\u00e9f\u00e9rant, s&rsquo;il le faut, la ruine mat\u00e9rielle du monast\u00e8re par la perte d&rsquo;une insigne bienfaitrice, \u00e0 la violation du silence et de la retraite.<\/p>\n\n\n\n<div style=\"height:40px\" aria-hidden=\"true\" class=\"wp-block-spacer\"><\/div>\n\n\n\n<p>Foi ferme s&rsquo;\u00e9panouissant en charit\u00e9 rayonnante, telle fut M\u00e8re Marie-C\u00e9cile, laissant \u00e0 sa mort ce testament gard\u00e9 avec amour : \u00ab\u00a0Je demande \u00e0 Dieu avec ardeur qu&rsquo;Il affermisse de plus en plus la puret\u00e9 de la foi de notre communaut\u00e9, et cette charit\u00e9 qui nous rend semblables aux premiers chr\u00e9tiens. Si mes cendres dans le tombeau pouvaient se faire entendre, ce serait pour dire : \u00ab\u00a0<strong>Continuez, mes ch\u00e8res S\u0153urs, de vous aimer les unes les autres et de sacrifier toutes choses pour conserver le tr\u00e9sor inestimable de la charit\u00e9.\u00a0\u00bb<\/strong><\/p>\n\n\n\n<div style=\"height:100px\" aria-hidden=\"true\" class=\"wp-block-spacer\"><\/div>\n\n\n\n<h4 class=\"wp-block-heading has-medium-font-size\"><strong>MERE PELAGIE DE SAINTE-THERESE<\/strong> (1673-1757)<\/h4>\n\n\n\n<h4 class=\"wp-block-heading has-medium-font-size\">ou la vive flamme d&rsquo;amour<\/h4>\n\n\n\n<div style=\"height:40px\" aria-hidden=\"true\" class=\"wp-block-spacer\"><\/div>\n\n\n\n<figure class=\"wp-block-image alignright size-large is-resized\"><img loading=\"lazy\" decoding=\"async\" width=\"1024\" height=\"1024\" src=\"https:\/\/carmel-creteil.org\/wp-content\/uploads\/2025\/07\/Mere-Pelagie-1024x1024.png\" alt=\"\" class=\"wp-image-397\" style=\"width:310px;height:auto\"\/><\/figure>\n\n\n\n<p>\u00ab\u00a0Aimez l&rsquo;amour\u00a0\u00bb, tel est l&rsquo;enseignement constant de M\u00e8re P\u00e9lagie de Sainte-Th\u00e9r\u00e8se, qui veut voir ses filles anim\u00e9es de cette vive flamme qui br\u00fble dans son propre c\u0153ur. Sa vie spirituelle est caract\u00e9ris\u00e9e par une prise de possession de son \u00e2me par Notre Seigneur, qui fond sur elle comme l&rsquo;aigle sur sa proie, lui rendant toute r\u00e9sistance impossible. <\/p>\n\n\n\n<div style=\"height:40px\" aria-hidden=\"true\" class=\"wp-block-spacer\"><\/div>\n\n\n\n<p style=\"font-size:23px\">Un jour, environn\u00e9e soudain de la divine pr\u00e9sence, elle entend ses paroles : <\/p>\n\n\n\n<p class=\"has-text-align-center\" style=\"font-size:23px\"><strong>\u00ab\u00a0Je veux \u00eatre votre Epoux, je veux \u00eatre \u00e0 vous, je veux que vous ne viviez que de mon amour.\u00a0\u00bb<\/strong><\/p>\n\n\n\n<p style=\"font-size:23px\">D\u00e8s lors, son \u00e2me est remplie d&rsquo;un d\u00e9sir de Dieu si vif qu&rsquo;elle avoue, apr\u00e8s plusieurs heures d&rsquo;oraison, ressentir \u00ab\u00a0la m\u00eame avidit\u00e9.\u00a0\u00bb<\/p>\n\n\n\n<p><strong>\u00ab\u00a0Je ne serai rassasi\u00e9e que lorsque la gloire de mon Dieu se d\u00e9couvrira \u00e0 mes yeux et que jamais rien n&rsquo;interrompra mon commerce avec Lui<\/strong>\u00ab\u00a0, aime-t-elle \u00e0 dire.<\/p>\n\n\n\n<div style=\"height:40px\" aria-hidden=\"true\" class=\"wp-block-spacer\"><\/div>\n\n\n\n<div class=\"wp-block-columns is-layout-flex wp-container-core-columns-is-layout-28f84493 wp-block-columns-is-layout-flex\">\n<div class=\"wp-block-column is-layout-flow wp-block-column-is-layout-flow\" style=\"padding-top:0;padding-bottom:0\">\n<figure class=\"wp-block-image aligncenter size-large\" style=\"margin-top:var(--wp--preset--spacing--40);margin-right:0;margin-bottom:var(--wp--preset--spacing--40);margin-left:0\"><img loading=\"lazy\" decoding=\"async\" width=\"951\" height=\"1024\" src=\"https:\/\/carmel-creteil.org\/wp-content\/uploads\/2025\/08\/5-Agneau-7-sceaux-951x1024.jpg\" alt=\"\" class=\"wp-image-1775\"\/><\/figure>\n\n\n\n<p class=\"has-text-align-center has-normal-font-size\" style=\"padding-top:0;padding-right:var(--wp--preset--spacing--80);padding-bottom:0;padding-left:var(--wp--preset--spacing--80)\">M\u00e8re P\u00e9lagie avait souvent cette image sous les yeux.<\/p>\n<\/div>\n\n\n\n<div class=\"wp-block-column is-layout-flow wp-block-column-is-layout-flow\">\n<p style=\"padding-top:var(--wp--preset--spacing--60);padding-bottom:var(--wp--preset--spacing--60);font-size:23px;line-height:1.8\">Elle ne d\u00e9sire que la solitude avec Celui qu&rsquo;elle aime, et son regard int\u00e9rieur est constamment tourn\u00e9 vers l&rsquo;H\u00f4te divin de son \u00e2me. Rien ne l&rsquo;en d\u00e9tourne et sa seule occupation est d&rsquo;aimer. <strong>\u00ab\u00a0J&rsquo;aimerai l&rsquo;Amour m\u00eame, c&rsquo;est l&rsquo;occupation de mon \u00e2me, ce sont ses d\u00e9lices\u00a0\u00bb<\/strong>, note-t-elle dans une retraite, \u00ab\u00a0aimer est devenu le seul acte de mon c\u0153ur\u00a0\u00bb, et elle s&rsquo;\u00e9crie : \u00ab\u00a0Que je sois chang\u00e9e en amour !\u00a0\u00bb Sa pri\u00e8re incessante est : <strong>\u00ab\u00a0Mon Dieu, fixez-moi dans votre amour.\u00a0\u00bb<\/strong><\/p>\n<\/div>\n<\/div>\n\n\n\n<div style=\"height:40px\" aria-hidden=\"true\" class=\"wp-block-spacer\"><\/div>\n\n\n\n<p>Mais Dieu l&rsquo;arrache \u00e0 sa ch\u00e8re solitude pour la livrer aux multiples soucis du priorat. Ce lui est une vive souffrance. Elle retrouve la paix en acceptant comme une volont\u00e9 de Dieu cette contradiction m\u00eame entre ses attraits et ses charges. <\/p>\n\n\n\n<p>Elle s&rsquo;abandonne tout \u00e0 fait au Seigneur lui disant seulement : <strong>\u00ab\u00a0Je t\u00e2cherai de vous tenir par la main pour me laisser conduire partout o\u00f9 il vous plaira me mener.\u00a0\u00bb<\/strong> <\/p>\n\n\n\n<p>Aussi se donne-t-elle sans compter \u00e0 sa t\u00e2che, enveloppant ses filles d&rsquo;une sollicitude toute maternelle.<\/p>\n\n\n\n<div style=\"height:40px\" aria-hidden=\"true\" class=\"wp-block-spacer\"><\/div>\n\n\n\n<p>Dilat\u00e9e dans ses instructions, elle enseigne \u00e0 prendre pour unique r\u00e8gle de conduite : chercher \u00e0 plaire \u00e0 Dieu en tout. <strong>\u00ab\u00a0Etablissez-vous dans la sainte libert\u00e9 des enfants qui ne sont occup\u00e9s qu&rsquo;\u00e0 plaire \u00e0 leur p\u00e8re et en font leur plaisir\u00a0\u00bb<\/strong>, dit-elle, <strong>\u00ab\u00a0en mettant le d\u00e9sir de plaire \u00e0 Dieu en tout et partout, votre vie se trouvera n&rsquo;\u00eatre qu&rsquo;un commerce avec Notre Seigneur sans rien faire d&rsquo;extraordinaire.\u00a0\u00bb<\/strong><\/p>\n\n\n\n<div style=\"height:40px\" aria-hidden=\"true\" class=\"wp-block-spacer\"><\/div>\n\n\n\n<p>Elle veut ses filles gaies, \u00e9panouies. Elle leur apprend \u00e0 profiter de leurs faiblesses pour se jeter en Dieu avec une plus grande confiance. <\/p>\n\n\n\n<p>Eprouvant sur la fin de sa vie le d\u00e9laissement et l&rsquo;absence de Dieu, elle se r\u00e9fugie dans le c\u0153ur de Notre Seigneur : <strong>\u00ab\u00a0Gardez mon \u00e2me, supplie-t-elle, et enfermez-la dans votre c\u0153ur adorable pour qu&rsquo;elle ne fasse plus autre chose que de vous aimer.\u00a0\u00bb<\/strong> <\/p>\n\n\n\n<p>Son dernier enseignement \u00e0 ses filles avant sa mort livre le secret de sa propre vie : <strong>\u00ab\u00a0Le bonheur consiste dans un attachement \u00e0 Dieu seul dans le recueillement int\u00e9rieur. C&rsquo;est faire injure \u00e0 Dieu que de ne pas occuper de Lui toute notre \u00e2me. Il ne demande qu&rsquo;\u00e0 s&rsquo;en emparer.<\/strong>\u00ab\u00a0<\/p>\n\n\n\n<div style=\"height:60px\" aria-hidden=\"true\" class=\"wp-block-spacer\"><\/div>\n\n\n\n<hr class=\"wp-block-separator has-text-color has-custom-marron-fonc-color has-alpha-channel-opacity has-custom-marron-fonc-background-color has-background is-style-wide\"\/>\n\n\n\n<div style=\"height:60px\" aria-hidden=\"true\" class=\"wp-block-spacer\"><\/div>\n\n\n\n<h4 class=\"wp-block-heading has-large-font-size\"><strong>Pens\u00e9es de M\u00e8re P\u00e9lagie de Sainte-Th\u00e9r\u00e8se<\/strong><\/h4>\n\n\n\n<div style=\"height:40px\" aria-hidden=\"true\" class=\"wp-block-spacer\"><\/div>\n\n\n\n<p><em>&#8211; Il faut d\u00e9dommager Dieu par l&rsquo;amour, de tout ce qu&rsquo;il n&rsquo;est pas en notre pouvoir de faire par les p\u00e9nitences ext\u00e9rieures.<\/em><\/p>\n\n\n\n<p><em>&#8211; L&rsquo;humilit\u00e9 et l&rsquo;amour sont les vertus que je demanderai sans cesse puisque c&rsquo;est par l\u00e0 que Notre Seigneur veut que j&rsquo;aille \u00e0 Lui : l&rsquo;humilit\u00e9 glorifiera Dieu, et l&rsquo;amour m&rsquo;unira \u00e0 Lui.<\/em><\/p>\n\n\n\n<p><em>&#8211; O mon Dieu, vous vous donnez Vous-m\u00eame \u00e0 mon \u00e2me pour p\u00e8re qui tient son enfant entre ses bras.<\/em><\/p>\n\n\n\n<p><em>&#8211; Je ne cherche uniquement que de m&rsquo;unir \u00e0 Dieu de plus en plus, \u00e9tant persuad\u00e9e que cette divine union me corrigera et me donnera toutes les vertus qui me manquent.<\/em><\/p>\n\n\n\n<p><em>&#8211; Votre conduite, \u00f4 mon Dieu, sur mon \u00e2me qui a \u00e9t\u00e9 si mis\u00e9rable, qui est encore si indigne de Vous, fera exalter votre mis\u00e9ricorde pendant toute l&rsquo;\u00e9ternit\u00e9.<\/em><\/p>\n\n\n\n<p><em>&#8211; Il n&rsquo;y a que la vraie persuasion de notre faiblesse, de nos besoins, de notre impuissance qui nous fait trouver notre force et notre soutien dans ce Dieu, Cr\u00e9ateur et Sauveur, qui nous sanctifie \u00e0 mesure que nous donnons lieu \u00e0 la gr\u00e2ce de s&#8217;emparer de notre \u00e2me et de l&rsquo;occuper \u00e0 aimer.<\/em><\/p>\n\n\n\n<p><em>&#8211; Seigneur, mettez en moi tout ce que vous d\u00e9sirez y trouver, il ne faut point de temps pour cela, un seul de vos regards peut combler mon \u00e2me de richesses.<\/em><\/p>\n\n\n\n<p><em>&#8211; Tout instrument est propre \u00e0 ce que vous voulez, mon Dieu, parce qu&rsquo;\u00e0 vos mains est la toute puissance.<\/em><\/p>\n\n\n\n<div style=\"height:100px\" aria-hidden=\"true\" class=\"wp-block-spacer\"><\/div>\n\n\n\n<h4 class=\"wp-block-heading has-medium-font-size\"><strong>S\u0152UR ANNE-EMILIE DE LA RESURRECTION<\/strong> (1701-1757) et <strong>S\u0152UR ANNE-MARIE-THERESE DE JESUS<\/strong> (1699-1763)<\/h4>\n\n\n\n<div style=\"height:50px\" aria-hidden=\"true\" class=\"wp-block-spacer\"><\/div>\n\n\n\n<p>Dans la grande maison des Barois, la maman, le soir, fait la lecture \u00e0 tout son monde : la Sainte Ecriture, la Vie des Saints, voil\u00e0 ce dont sont nourries les \u00e2mes de ses vingt-cinq enfants. Anne-Marie et Anne-Emilie ne se contentent pas d&rsquo;\u00eatre les auditrices les plus attentives, il leur faut imiter les exemples qu&rsquo;on leur cite.<\/p>\n\n\n\n<div style=\"height:40px\" aria-hidden=\"true\" class=\"wp-block-spacer\"><\/div>\n\n\n\n<p>Comme les p\u00e9nitents du d\u00e9sert, les voici glissant des claies d&rsquo;osier dans leur petit lit. Aussi, le soir, le sommeil est long \u00e0 venir et dans l&rsquo;obscurit\u00e9 s&rsquo;\u00e9change ce dialogue : \u00ab\u00a0Ma s\u0153ur, dormez-vous ?\u00a0\u00bb &#8211; \u00ab\u00a0Non, tout mon corps enfle.\u00a0\u00bb &#8211; \u00ab\u00a0Le mien aussi, mais souffrons cela pour l&rsquo;amour de Dieu.\u00a0\u00bb<\/p>\n\n\n\n<div style=\"height:40px\" aria-hidden=\"true\" class=\"wp-block-spacer\"><\/div>\n\n\n\n<p>Nos deux anachor\u00e8tes constatent avec satisfaction que cette p\u00e9nitence leur procure manifestement un surcro\u00eet de d\u00e9votion. Ne serait-il pas tout \u00e0 fait opportun de faire profiter du m\u00eame avantage l&rsquo;un de leurs petits fr\u00e8res, pas assez pieux \u00e0 leur go\u00fbt ? Et les deux ap\u00f4tres de glisser une claie dans le lit de l&rsquo;int\u00e9ress\u00e9, qui le soir pousse de beaux cris sur cette couche peu moelleuse !<\/p>\n\n\n\n<div style=\"height:40px\" aria-hidden=\"true\" class=\"wp-block-spacer\"><\/div>\n\n\n\n<p>G\u00e9n\u00e9ralement les deux petites se privent souvent d&rsquo;une partie de leur d\u00e9jeuner en faveur des pauvres, et pour imiter David en sa p\u00e9nitence, elles couvrent leur pain de cendre. \u00ab\u00a0Ah ! se plaint doucement l&rsquo;une des p\u00e9nitentes \u00e0 sa s\u0153ur, David ne mettait sur son pain que de la cendre, vous m&rsquo;avez mis aussi du charbon.\u00a0\u00bb Comme le saint Roi \u00e9galement, Anne-Emilie aurait voulu \u00ab\u00a0arroser sa couche\u00a0\u00bb des larmes de sa componction. Mais h\u00e9las, malgr\u00e9 tous ses efforts, et m\u00eame en recueillant pr\u00e9cieusement dans une tasse toutes les larmes de la journ\u00e9e, elle reste encore loin du r\u00e9sultat d\u00e9sir\u00e9\u2026<\/p>\n\n\n\n<div style=\"height:40px\" aria-hidden=\"true\" class=\"wp-block-spacer\"><\/div>\n\n\n\n<p>On peut sourire de ces na\u00efvet\u00e9s d&rsquo;enfants, mais comment n&rsquo;\u00eatre pas \u00e9mu en voyant ces fillettes de six \u00e0 huit ans, qui, afin d&rsquo;expier les d\u00e9sordres du carnaval, quittent leur petit lit, se prosternent sur le carreau glacial et restent l\u00e0 des temps consid\u00e9rables \u00e0 r\u00e9p\u00e9ter : <strong>\u00ab\u00a0Mon Dieu, dans le monde on ne vous aime pas.\u00a0\u00bb<\/strong> <\/p>\n\n\n\n<div style=\"height:40px\" aria-hidden=\"true\" class=\"wp-block-spacer\"><\/div>\n\n\n\n<div class=\"wp-block-columns is-layout-flex wp-container-core-columns-is-layout-28f84493 wp-block-columns-is-layout-flex\">\n<div class=\"wp-block-column is-layout-flow wp-block-column-is-layout-flow\" style=\"flex-basis:50%\">\n<figure class=\"wp-block-image size-large\"><img loading=\"lazy\" decoding=\"async\" width=\"1024\" height=\"837\" src=\"https:\/\/carmel-creteil.org\/wp-content\/uploads\/2025\/08\/6-Fuite-Therese-et-Rodriguo-1024x837.jpg\" alt=\"\" class=\"wp-image-1795\"\/><\/figure>\n<\/div>\n\n\n\n<div class=\"wp-block-column is-layout-flow wp-block-column-is-layout-flow\" style=\"flex-basis:66.66%\">\n<div style=\"height:10px\" aria-hidden=\"true\" class=\"wp-block-spacer\"><\/div>\n\n\n\n<p style=\"padding-top:var(--wp--preset--spacing--60);padding-right:var(--wp--preset--spacing--60);padding-bottom:var(--wp--preset--spacing--60);padding-left:var(--wp--preset--spacing--60)\">Dans leur c\u0153ur g\u00e9n\u00e9reux <strong>comme dans celui de sainte Th\u00e9r\u00e8se, qui tout enfant s&rsquo;\u00e9chappa de la maison paternelle pour aller conqu\u00e9rir la palme chez les Maures<\/strong>, na\u00eet le d\u00e9sir du martyre.<\/p>\n<\/div>\n<\/div>\n\n\n\n<div style=\"height:40px\" aria-hidden=\"true\" class=\"wp-block-spacer\"><\/div>\n\n\n\n<p>Rien de plus facile pour elles, car justement, \u00e0 l&rsquo;H\u00f4tel d&rsquo;Entragues, tout proche, se trouve un officier de la suite de l&rsquo;ambassadeur de Turquie. Il leur fait peur ce Turc, avec sa grande robe, son turban, son sabre\u2026 <\/p>\n\n\n\n<p>Mais enfin un beau matin, se tenant bien fort par la main, les deux petites se mettent en route, r\u00e9solues de lui dire : <strong>\u00ab\u00a0Monsieur, nous sommes chr\u00e9tiennes et nous vous prions de nous couper la t\u00eate d&rsquo;un seul coup.\u00a0\u00bb<\/strong> <\/p>\n\n\n\n<p>Justement le Turc est dans la cour. Ne comptant pas le rencontrer si vite, nos deux martyres sentent tout leur courage s&rsquo;\u00e9vanouir, et elles tombent \u00e0 terre d&rsquo;\u00e9motion et de saisissement\u2026 et leur \u00ab\u00a0bourreau\u00a0\u00bb d&rsquo;accourir, de les relever, de leur donner des drag\u00e9es\u2026 <\/p>\n\n\n\n<p>R\u00e9confort\u00e9es par ces manifestations de bienveillance, les \u00ab\u00a0martyres\u00a0\u00bb de d\u00e9sir font leur \u00ab\u00a0confession de foi\u00a0\u00bb\u2026 H\u00e9las, le Turc entend si mal le fran\u00e7ais qu&rsquo;il ne comprend rien \u00e0 leur langage, c&rsquo;est un \u00e9chec complet\u2026 Cependant cet acte d&rsquo;h\u00e9ro\u00efsme manqu\u00e9 est le point de d\u00e9part de leur vocation de Carm\u00e9lites, car d\u00e8s ce moment, aux yeux d&rsquo;Anne-Emilie et d&rsquo;Anne-Marie, seul le total sacrifice de soi dans la vie religieuse leur appara\u00eet capable de remplacer le martyre de sang.<\/p>\n\n\n\n<div style=\"height:40px\" aria-hidden=\"true\" class=\"wp-block-spacer\"><\/div>\n\n\n\n<p>A plusieurs ann\u00e9es de distance, elles entreront au Carmel de Grenelle o\u00f9 leur vie sera aussi g\u00e9n\u00e9reuse que pouvait le faire pr\u00e9sager le courage de leur enfance.<\/p>\n\n\n\n<div style=\"height:100px\" aria-hidden=\"true\" class=\"wp-block-spacer\"><\/div>\n\n\n\n<div class=\"wp-block-media-text has-media-on-the-right is-stacked-on-mobile\" style=\"grid-template-columns:auto 30%\"><div class=\"wp-block-media-text__content\">\n<p class=\"has-text-align-center\">De la cour au Carmel<\/p>\n\n\n\n<p class=\"has-text-align-center\"><strong>S\u0152UR THAIS DE LA MISERICORDE<\/strong> (1721-1784)<\/p>\n\n\n\n<p class=\"has-text-align-center\">(Comtesse de Rupelmonde)<\/p>\n<\/div><figure class=\"wp-block-media-text__media\"><img loading=\"lazy\" decoding=\"async\" width=\"1024\" height=\"1024\" src=\"https:\/\/carmel-creteil.org\/wp-content\/uploads\/2025\/07\/Soeur-de-Rupelmonde-1024x1024.png\" alt=\"\" class=\"wp-image-398 size-full\"\/><\/figure><\/div>\n\n\n\n<p>Dix ans, c&rsquo;est tout juste l&rsquo;\u00e2ge de cette fillette qui a l&rsquo;insigne privil\u00e8ge de partager \u00e0 Versailles les jeux de Mesdames et du petit Dauphin. <\/p>\n\n\n\n<p>Pourtant, cette fillette est une grande dame : Marie de Grammont (c&rsquo;est d&rsquo;elle, en effet, qu&rsquo;il s&rsquo;agit), vient d&rsquo;\u00eatre mari\u00e9e au Comte de Rupelmonde, qui, lui, a vingt-quatre ans. Union bien pr\u00e9coce ? Union heureuse pourtant. <\/p>\n\n\n\n<p>En grandissant, <strong>la Comtesse de Rupelmonde est de plus en plus \u00e9prise de son mari<\/strong>, lui portant un amour ardent, vif, passionn\u00e9 m\u00eame, car elle est tr\u00e8s sensible. <\/p>\n\n\n\n<p>A dix-huit ans, elle donne le jour \u00e0 un petit gar\u00e7on qui met le comble \u00e0 son bonheur. <\/p>\n\n\n\n<p>Tout sourit \u00e0 la jeune femme : vie large, facile, honneurs, plaisirs, et pourtant elle mesure d\u00e9j\u00e0 le n\u00e9ant de tout ce faux brillant et de toute cette pompe. Dans la mesure o\u00f9 elle le peut, elle m\u00e8ne une vie retir\u00e9e, paisible, toute donn\u00e9e \u00e0 ses chers devoirs d&rsquo;\u00e9pouse et de m\u00e8re. <\/p>\n\n\n\n<div style=\"height:40px\" aria-hidden=\"true\" class=\"wp-block-spacer\"><\/div>\n\n\n\n<p><strong>Nomm\u00e9e dame du Palais de Marie Leczinska, sa pi\u00e9t\u00e9 se d\u00e9veloppe au contact de celle de la Reine. <\/strong>Elle laissera sur elle de pr\u00e9cieux souvenirs dont on s&rsquo;inspirera plus tard pour \u00e9crire une biographie. <\/p>\n\n\n\n<p>On y trouve le t\u00e9moignage de la vie aust\u00e8re et p\u00e9nitente que menait la Reine de France. <\/p>\n\n\n\n<p>C&rsquo;est en la voyant prier avec un si profond recueillement que naissent en Madame de Rupelmonde les premiers germes d&rsquo;une vie de pri\u00e8re et de contemplation.<\/p>\n\n\n\n<div style=\"height:40px\" aria-hidden=\"true\" class=\"wp-block-spacer\"><\/div>\n\n\n\n<p>Puis, <strong>d&rsquo;un seul coup, en quelques mois, tout ce radieux bonheur est bris\u00e9 <\/strong>! <\/p>\n\n\n\n<p>Le vaillant Comte de Rupelmonde meurt en h\u00e9ros sur le champ de bataille, tandis que l&rsquo;aimable petit gar\u00e7on va rejoindre les anges. <\/p>\n\n\n\n<p>Coup terrible pour le c\u0153ur sensible et aimant de la Comtesse, mais qui r\u00e9v\u00e8le les ressources profondes de son \u00e2me. Elle croit fermement que ce dessein myst\u00e9rieux de Dieu est un dessein de mis\u00e9ricorde. Dieu l&rsquo;isole de tout, n&rsquo;est-ce pas signe qu&rsquo;Il la veut toute \u00e0 Lui ? D\u00e8s lors, <strong>la pens\u00e9e du Carmel s&rsquo;impose \u00e0 elle<\/strong>, devient une certitude. Prudent, son directeur \u00e9tudie sa vocation qui de plus en plus s&rsquo;affirme. <\/p>\n\n\n\n<div style=\"height:40px\" aria-hidden=\"true\" class=\"wp-block-spacer\"><\/div>\n\n\n\n<p>Mais voici un obstacle : sa vue baissant de plus en plus, Madame de Rupelmonde craint de devenir tout \u00e0 fait aveugle. Comment pourra-t-elle alors r\u00e9citer l&rsquo;office divin ? <\/p>\n\n\n\n<p>Qu&rsquo;\u00e0 cela ne tienne, elle confie \u00e0 sa m\u00e9moire la plus grande partie du psautier. Tout c\u00e8de devant sa ferme r\u00e9solution, et apr\u00e8s avoir demand\u00e9 son cong\u00e9 \u00e0 la Reine, qui entretiendra toujours avec elle des relations affectueuses et suivies, <strong>elle entre au Carmel de la rue de Grenelle<\/strong>. Elle a trente ans.<\/p>\n\n\n\n<div style=\"height:40px\" aria-hidden=\"true\" class=\"wp-block-spacer\"><\/div>\n\n\n\n<div class=\"wp-block-columns is-layout-flex wp-container-core-columns-is-layout-28f84493 wp-block-columns-is-layout-flex\">\n<div class=\"wp-block-column is-layout-flow wp-block-column-is-layout-flow\" style=\"flex-basis:33.33%\">\n<figure class=\"wp-block-image aligncenter size-large\" style=\"margin-top:0;margin-right:0;margin-bottom:0;margin-left:0\"><img loading=\"lazy\" decoding=\"async\" width=\"1024\" height=\"1024\" src=\"https:\/\/carmel-creteil.org\/wp-content\/uploads\/2025\/08\/7-Sr-Thais-en-rond-1024x1024.png\" alt=\"\" class=\"wp-image-1799\"\/><figcaption class=\"wp-element-caption\">Profession de Soeur Tha\u00efs de la Mis\u00e9ricorde<\/figcaption><\/figure>\n<\/div>\n\n\n\n<div class=\"wp-block-column is-layout-flow wp-block-column-is-layout-flow\" style=\"flex-basis:66.66%\">\n<p>Autant elle avait connu une position \u00e9lev\u00e9e dans le monde, autant elle s&rsquo;abaisse. <\/p>\n\n\n\n<p>Elle choisit le nom d&rsquo;une insigne p\u00e9nitente et s&rsquo;appelle d\u00e9sormais : S\u0153ur Tha\u00efs de la Mis\u00e9ricorde.<\/p>\n\n\n\n<p>Elle qui avait tant de domestiques \u00e0 son service, se met au service de toutes ses s\u0153urs, avec tant de bonne gr\u00e2ce et d&rsquo;humilit\u00e9 qu&rsquo;on ne lui r\u00e9siste pas, tandis qu&rsquo;<strong>elle s&rsquo;applique \u00e0 passer inaper\u00e7ue <\/strong>et \u00e0 ne d\u00e9ranger personne. <\/p>\n<\/div>\n<\/div>\n\n\n\n<div style=\"height:40px\" aria-hidden=\"true\" class=\"wp-block-spacer\"><\/div>\n\n\n\n<p>Jamais elle ne semble ressentir un d\u00e9faut d&rsquo;attention ou d&rsquo;\u00e9gards, alors m\u00eame que ne voyant presque plus, elle est davantage \u00e0 la merci d&rsquo;autrui. <\/p>\n\n\n\n<p>Mais ce qui domine surtout en elle, ce qui fait le caract\u00e8re particulier de sa saintet\u00e9, c&rsquo;est l&rsquo;attrait pour la p\u00e9nitence, \u00e0 laquelle elle se livre avec une g\u00e9n\u00e9rosit\u00e9 sans \u00e9gale, malgr\u00e9 son temp\u00e9rament d\u00e9licat. Elle va m\u00eame souvent au-del\u00e0 des limites de l&rsquo;ob\u00e9issance, emport\u00e9e par son ardeur. Exc\u00e8s bl\u00e2mable ? Il faut penser plut\u00f4t que devait la poursuivre sans cesse le <strong>souvenir des d\u00e9bauches dont elle avait \u00e9t\u00e9 spectatrice \u00e0 la Cour<\/strong>. N&rsquo;avait-elle pas mission de les r\u00e9parer par une p\u00e9nitence proportionn\u00e9e ? Ne devait-elle pas avoir \u00e0 c\u0153ur d&rsquo;user du moyen que Dieu lui donnait de travailler \u00e0 endiguer le flot d&rsquo;impi\u00e9t\u00e9 et de scepticisme qu&rsquo;elle avait vu de plus en plus envahir les salons et la Cour ? <\/p>\n\n\n\n<p>Les lettres de la Reine le lui rappelaient d&rsquo;ailleurs : \u00ab\u00a0Priez le Bon Dieu pour moi et pour mes intentions, lui \u00e9crit-elle. Vous pouvez vous douter ais\u00e9ment et malheureusement quelles elles peuvent \u00eatre\u2026\u00a0\u00bb et une autre missive se termine par ces lignes : \u00ab\u00a0Priez le Bon Dieu pour mon \u00e2me je vous en prie, et vous recommande ce qui en fait la douleur : que les troublent cessent, que la paix r\u00e8gne dans l&rsquo;Eglise.\u00a0\u00bb<\/p>\n\n\n\n<div style=\"height:40px\" aria-hidden=\"true\" class=\"wp-block-spacer\"><\/div>\n\n\n\n<p>Dans son d\u00e9sir d&rsquo;aust\u00e9rit\u00e9 et de fid\u00e9lit\u00e9, S\u0153ur Tha\u00efs se montre quelquefois trop scrupuleuse\u2026 dessein providentiel, qui en voilant un peu son charme et son am\u00e9nit\u00e9, la gardera pour Dieu seul, \u00e0 l&rsquo;abri des satisfactions de l&rsquo;amour-propre. Pourtant jamais ses scrupules ne l&rsquo;\u00e9loigneront de l&rsquo;Eucharistie, et se rendant un jour aupr\u00e8s du Saint-Sacrement apr\u00e8s avoir re\u00e7u une mauvaise nouvelle, elle s&rsquo;explique : \u00ab\u00a0C&rsquo;est l\u00e0 que je trouverai toute ma consolation.\u00a0\u00bb<\/p>\n\n\n\n<p>Quand \u00e0 la fin de sa vie, sa sant\u00e9 lui impose de prendre quelques soulagements, elle se les reproche comme une l\u00e2chet\u00e9, et reste debout jusqu&rsquo;\u00e0 la derni\u00e8re extr\u00e9mit\u00e9. Elle meurt vraiment \u00ab\u00a0les armes \u00e0 la main\u00a0\u00bb \u00e0 soixante trois ans.<\/p>\n\n\n\n<div style=\"height:40px\" aria-hidden=\"true\" class=\"wp-block-spacer\"><\/div>\n\n\n\n<p>A sa mort, un seul cri courut dans le monast\u00e8re : <\/p>\n\n\n\n<p>\u00ab\u00a0Ma s\u0153ur Tha\u00efs est morte, ah ! quel malheur !\u00a0\u00bb <\/p>\n\n\n\n<p>De tous c\u00f4t\u00e9s dans Paris on vint demander quelque menu objet qui lui eut appartenu, on ne trouva rien, elle n&rsquo;avait pas m\u00eame gard\u00e9 une seule image.<\/p>\n\n\n\n<div style=\"height:100px\" aria-hidden=\"true\" class=\"wp-block-spacer\"><\/div>\n\n\n\n<h4 class=\"wp-block-heading has-medium-font-size\"><strong>S\u0152UR FRANCOISE-THERESE DE JESUS <\/strong>(1728-1784)<\/h4>\n\n\n\n<h4 class=\"wp-block-heading has-medium-font-size\">ou la voie de l&rsquo;amour.<\/h4>\n\n\n\n<div style=\"height:54px\" aria-hidden=\"true\" class=\"wp-block-spacer\"><\/div>\n\n\n\n<p>L&rsquo;\u00e9tat religieux ? <\/p>\n\n\n\n<p>Une triste folie, n&rsquo;est-il pas vrai, lorsque la vie vous sourit, invitant aux jeux et aux amusements. Ainsi pense la jeune Th\u00e9r\u00e8se d&rsquo;Estrancour. <\/p>\n\n\n\n<p>Mais le Seigneur r\u00e9serve son chemin de Damas, et au milieu d&rsquo;une instruction que l&rsquo;enfant dissip\u00e9e n&rsquo;\u00e9coute pas, elle se sent investie de la pr\u00e9sence de Dieu, p\u00e9n\u00e9tr\u00e9e de sa lumi\u00e8re. Subjugu\u00e9e, elle n&rsquo;envisage d\u00e9sormais d&rsquo;autre avenir que le clo\u00eetre. <\/p>\n\n\n\n<p>Quelques ann\u00e9es passent et elle entre rue de Grenelle. <\/p>\n\n\n\n<p>Gaie, entrain, ouverte, c&rsquo;est une \u00e2me de communaut\u00e9. Elle fait siennes les peines et les joies de ses compagnes. D\u00e8s qu&rsquo;elle para\u00eet, la r\u00e9cr\u00e9ation s&rsquo;anime. Son \u00e2me simple, qui vit dans un continuel recueillement, voit Dieu en tout et partout. La nature lui parle du Cr\u00e9ateur : la plus modeste fleur, le chant du moindre oiseau la ravit, \u00e9tant \u00e0 ses yeux un reflet des perfections divines, et son c\u0153ur chante une action de gr\u00e2ces ininterrompue. <\/p>\n\n\n\n<p>Ses tr\u00e9sors sont le silence et la solitude, car ils favorisent son intime union avec Notre Seigneur. Sa force, elle la puise dans cette v\u00e9rit\u00e9 : <strong>\u00ab\u00a0Dieu est.\u00a0\u00bb <\/strong>&#8211; <strong>\u00ab\u00a0Dieu est, Lui seul est tout\u00a0\u00bb<\/strong>, ces seuls mots la d\u00e9tachent de la terre, la consolent dans les peines.<\/p>\n\n\n\n<div style=\"height:41px\" aria-hidden=\"true\" class=\"wp-block-spacer\"><\/div>\n\n\n\n<div class=\"wp-block-columns is-layout-flex wp-container-core-columns-is-layout-28f84493 wp-block-columns-is-layout-flex\">\n<div class=\"wp-block-column is-layout-flow wp-block-column-is-layout-flow\">\n<p class=\"has-text-align-center\" style=\"padding-top:var(--wp--preset--spacing--80);padding-bottom:var(--wp--preset--spacing--80)\">Comme la s\u00e9raphique M\u00e8re Th\u00e9r\u00e8se, elle est embras\u00e9e d&rsquo;un beau z\u00e8le apostolique. <strong>Son saint de pr\u00e9dilection ? C&rsquo;est saint Fran\u00e7ois-Xavier.<\/strong><\/p>\n\n\n\n<p><\/p>\n<\/div>\n\n\n\n<div class=\"wp-block-column is-layout-flow wp-block-column-is-layout-flow\">\n<figure class=\"wp-block-image aligncenter size-large is-resized\"><img loading=\"lazy\" decoding=\"async\" width=\"790\" height=\"1024\" src=\"https:\/\/carmel-creteil.org\/wp-content\/uploads\/2025\/08\/8-St-FX-790x1024.jpg\" alt=\"\" class=\"wp-image-1800\" style=\"width:452px;height:auto\"\/><\/figure>\n<\/div>\n\n\n\n<div class=\"wp-block-column is-layout-flow wp-block-column-is-layout-flow\">\n<p class=\"has-text-align-center\" style=\"margin-top:0;margin-right:0;margin-bottom:0;margin-left:0;padding-top:var(--wp--preset--spacing--50);padding-bottom:var(--wp--preset--spacing--50);font-size:23px\"><strong>\u00ab\u00a0Oui, dit-elle gaiement \u00e0 ses S\u0153urs, si une fondation de Carm\u00e9lites au milieu du Japon \u00e9tait possible, et pouvait servir \u00e0 la conversion de ces pauvres peuples, toute vieille et toute cass\u00e9e que je suis, vous me verriez partir tout \u00e0 l&rsquo;heure.\u00a0\u00bb<\/strong><\/p>\n<\/div>\n<\/div>\n\n\n\n<div style=\"height:40px\" aria-hidden=\"true\" class=\"wp-block-spacer\"><\/div>\n\n\n\n<p>Un jour, elle entend dire que des infid\u00e8les, dans une \u00eele d&rsquo;Afrique, demandent \u00e0 grands cris des missionnaires. <\/p>\n\n\n\n<p>S\u0153ur Fran\u00e7oise-Th\u00e9r\u00e8se y pense sans cesse, de jour, de nuit, et elle en parle une fois avec tant d&rsquo;\u00e9loquence que S\u0153ur Tha\u00efs (Madame de Rupelmonde), impressionn\u00e9e, a recours aux relations qu&rsquo;elle a connues dans le grand monde, au Dauphin en particulier, pour qu&rsquo;une mission puisse \u00eatre envoy\u00e9e l\u00e0-bas.<\/p>\n\n\n\n<div style=\"height:40px\" aria-hidden=\"true\" class=\"wp-block-spacer\"><\/div>\n\n\n\n<p>Se voyant pr\u00e8s de mourir, entour\u00e9e de la communaut\u00e9, S\u0153ur Fran\u00e7oise-Th\u00e9r\u00e8se laisse \u00e9clater sa joie : \u00ab\u00a0<strong>Qu&rsquo;on est heureux de mourir Carm\u00e9lite<\/strong> et d&rsquo;\u00eatre servie par des S\u0153urs.\u00a0\u00bb Ce furent ses derni\u00e8res paroles.<\/p>\n\n\n\n<div style=\"height:100px\" aria-hidden=\"true\" class=\"wp-block-spacer\"><\/div>\n\n\n\n<h4 class=\"wp-block-heading has-medium-font-size\"><strong>MERE SOPHIE DE SAINT ELIE<\/strong> (1806-1879)<\/h4>\n\n\n\n<p class=\"has-medium-font-size\">ou la douce affabilit\u00e9<\/p>\n\n\n\n<h4 class=\"wp-block-heading\">novice de <a href=\"https:\/\/carmel-creteil.org\/index.php\/notre-histoire\/figures-venerees\/mere-camille-site-carmel\/\" data-type=\"page\" data-id=\"662\"><strong><em>M\u00e8re Camille<\/em><\/strong><\/a><\/h4>\n\n\n\n<div style=\"height:40px\" aria-hidden=\"true\" class=\"wp-block-spacer\"><\/div>\n\n\n\n<p class=\"has-text-align-center\"><strong>\u00ab&nbsp;Je vais \u00e0 la Messe&nbsp;! Madame Sophie l\u2019a dit&nbsp;!&nbsp;\u00bb<\/strong>, <\/p>\n\n\n\n<p class=\"has-text-align-center\">d\u00e9clarait \u00e0 sa m\u00e8re \u00e9tonn\u00e9e, un jeune ouvrier qui venait de travailler quelque temps au Carmel\u2026<\/p>\n\n\n\n<div style=\"height:40px\" aria-hidden=\"true\" class=\"wp-block-spacer\"><\/div>\n\n\n\n<p>M\u00e8re Sophie avait une aimable simplicit\u00e9 qui charmait tout le monde&nbsp;: les grands comme les petits, les religieux comme les personnes du monde. Le jour de son enterrement, tous les parents des religieuses pleuraient\u2026 Mais qui \u00e9tait donc cette M\u00e8re si aimable&nbsp;?<\/p>\n\n\n\n<div style=\"height:40px\" aria-hidden=\"true\" class=\"wp-block-spacer\"><\/div>\n\n\n\n<p><strong>N\u00e9e \u00e0 Troyes, elle suit bient\u00f4t sa famille \u00e0 Paris, <\/strong>et re\u00e7oit une solide \u00e9ducation religieuse tant en famille qu\u2019en pension. <\/p>\n\n\n\n<p>L\u00e0, elle assiste \u00e0 la Messe tous les jours. Gr\u00e2ce \u00e0 son paroissien, elle m\u00e9morise d\u00e8s lors toutes les pri\u00e8res de la Messe&nbsp;: en sa derni\u00e8re maladie, elle saura encore \u00ab&nbsp;r\u00e9citer sa Messe&nbsp;\u00bb par c\u0153ur&nbsp;!<\/p>\n\n\n\n<div style=\"height:40px\" aria-hidden=\"true\" class=\"wp-block-spacer\"><\/div>\n\n\n\n<p>A 22 ans, elle est re\u00e7ue en notre monast\u00e8re&nbsp;des Carmes, par la R\u00e9v\u00e9rende M\u00e8re Camille. Voici l<strong>e portrait qu\u2019on a fait d\u2019elle&nbsp;:<\/strong> <\/p>\n\n\n\n<p class=\"has-text-align-center\"><strong>\u00ab&nbsp;De petite taille, elle \u00e9tait charmante, un vrai bijou, disait-on&nbsp;; faite au tour, gracieuse, aimable, pleine d\u2019esprit&nbsp;; dou\u00e9e merveilleusement du c\u00f4t\u00e9 du c\u0153ur, de l\u2019intelligence et du jugement&nbsp;; une parfaite \u00e9ducation&nbsp;; l\u2019habitude de vivre dans un milieu distingu\u00e9&nbsp;; un caract\u00e8re toujours \u00e9gal&nbsp;; une gaiet\u00e9 communicative.&nbsp;\u00bb<\/strong><\/p>\n\n\n\n<div style=\"height:40px\" aria-hidden=\"true\" class=\"wp-block-spacer\"><\/div>\n\n\n\n<p>Pourtant le noviciat est rude pour cette jeune fille d\u00e9licate. Le soir, elle dit en se couchant&nbsp;: <strong>\u00ab&nbsp;Mon Dieu, je vous remercie, je suis vraiment comme les pauvres&nbsp;: j\u2019ai froid, j\u2019ai faim, j\u2019ai sommeil&nbsp;!&#8230;&nbsp;\u00bb<\/strong><\/p>\n\n\n\n<div style=\"height:40px\" aria-hidden=\"true\" class=\"wp-block-spacer\"><\/div>\n\n\n\n<div class=\"wp-block-columns is-layout-flex wp-container-core-columns-is-layout-28f84493 wp-block-columns-is-layout-flex\">\n<div class=\"wp-block-column is-layout-flow wp-block-column-is-layout-flow\" style=\"flex-basis:66.66%\">\n<p>Le 24 mars 1829, elle re\u00e7oit le saint Habit du Carmel&nbsp;: elle d\u00e9borde ce jour-l\u00e0 d\u2019un bonheur si rayonnant qu\u2019une ni\u00e8ce de M\u00e8re Camille, ayant assist\u00e9 \u00e0 la c\u00e9r\u00e9monie, demande \u00e0 entrer aussit\u00f4t&nbsp;! Prudente, la Tante exige plus m\u00fbr examen\u2026<\/p>\n\n\n\n<p>Le <strong>29 Septembre 1830, elle prononce ses v\u0153ux<\/strong> dans la joie.<\/p>\n\n\n\n<p> Mais \u00e0 peine sortie du noviciat, elle est orient\u00e9e vers les charges, et nomm\u00e9e au d\u00e9p\u00f4t. Sa Prieure lui m\u00e9nage \u00e0 cette occasion \u00ab&nbsp;une si forte humiliation, que&nbsp;quoique j\u2019aie pass\u00e9 ma vie dans les charges, je n\u2019en ai jamais pu ressentir de vanit\u00e9.&nbsp;\u00bb<\/p>\n\n\n\n<p class=\"has-text-align-center has-normal-font-size\">Image offerte par M\u00e8re Camille le jour de sa Profession<\/p>\n<\/div>\n\n\n\n<div class=\"wp-block-column is-layout-flow wp-block-column-is-layout-flow\" style=\"flex-basis:33.33%\">\n<figure class=\"wp-block-image size-large\"><img loading=\"lazy\" decoding=\"async\" width=\"667\" height=\"1024\" src=\"https:\/\/carmel-creteil.org\/wp-content\/uploads\/2025\/08\/Image-de-Mere-C-a-Sr-Sophie-667x1024.jpg\" alt=\"\" class=\"wp-image-1885\"\/><\/figure>\n<\/div>\n<\/div>\n\n\n\n<div style=\"height:40px\" aria-hidden=\"true\" class=\"wp-block-spacer\"><\/div>\n\n\n\n<p>Effectivement, Soeur Sophie a re\u00e7u de Dieu beaucoup de dons, et la Communaut\u00e9 manque alors de sujets jeunes. <\/p>\n\n\n\n<p>Apr\u00e8s la R\u00e9volution, M\u00e8re Camille a \u00e9t\u00e9 si g\u00e9n\u00e9reuse pour accueillir les Carm\u00e9lites sans monast\u00e8re&nbsp;: elles sont venues de tous les coins de France finir leur vie dans ce refuge&nbsp;! <\/p>\n\n\n\n<p>S\u0153ur Sophie d\u00e9sormais ne quittera le d\u00e9p\u00f4t que pour \u00eatre Sous-Prieure, ou Prieure\u2026 Mais c\u2019est toujours tr\u00e8s simplement et humblement, et avec un vrai c\u0153ur de m\u00e8re, qu\u2019elle saura mettre ses dons&nbsp; au service de sa Communaut\u00e9.<\/p>\n\n\n\n<div style=\"height:40px\" aria-hidden=\"true\" class=\"wp-block-spacer\"><\/div>\n\n\n\n<div class=\"wp-block-columns is-layout-flex wp-container-core-columns-is-layout-28f84493 wp-block-columns-is-layout-flex\">\n<div class=\"wp-block-column is-layout-flow wp-block-column-is-layout-flow\" style=\"flex-basis:33.3%\">\n<figure class=\"wp-block-image size-large\"><img loading=\"lazy\" decoding=\"async\" width=\"768\" height=\"1024\" src=\"https:\/\/carmel-creteil.org\/wp-content\/uploads\/2025\/08\/8-bis-Bse-Marie-Incarnation-768x1024.jpg\" alt=\"\" class=\"wp-image-1886\" srcset=\"https:\/\/carmel-creteil.org\/wp-content\/uploads\/2025\/08\/8-bis-Bse-Marie-Incarnation-768x1024.jpg 768w, https:\/\/carmel-creteil.org\/wp-content\/uploads\/2025\/08\/8-bis-Bse-Marie-Incarnation-225x300.jpg 225w, https:\/\/carmel-creteil.org\/wp-content\/uploads\/2025\/08\/8-bis-Bse-Marie-Incarnation-1152x1536.jpg 1152w, https:\/\/carmel-creteil.org\/wp-content\/uploads\/2025\/08\/8-bis-Bse-Marie-Incarnation-1536x2048.jpg 1536w, https:\/\/carmel-creteil.org\/wp-content\/uploads\/2025\/08\/8-bis-Bse-Marie-Incarnation-scaled.jpg 1920w\" sizes=\"auto, (max-width: 768px) 100vw, 768px\" \/><figcaption class=\"wp-element-caption\">Bse Marie de l&rsquo;Incarnation (Madame Acarie)<\/figcaption><\/figure>\n<\/div>\n\n\n\n<div class=\"wp-block-column is-layout-flow wp-block-column-is-layout-flow\">\n<p style=\"padding-top:var(--wp--preset--spacing--60);padding-right:var(--wp--preset--spacing--50);padding-bottom:var(--wp--preset--spacing--60);padding-left:var(--wp--preset--spacing--50)\">La voici jeune \u00e9conome, et en m\u00eame temps infirmi\u00e8re, ou provisoire. La t\u00e2che est lourde&nbsp;: \u00e0 31 ans, elle tombe malade, et la voici mourante&nbsp;!&#8230; M\u00e8re Camille, au comble de l\u2019affliction, fait une <strong>neuvaine \u00e0 la Bienheureuse Marie de l\u2019Incarnation, fondatrice du carmel en France&nbsp;<\/strong>: l\u2019exaucement est si rapide qu\u2019une semaine plus tard, S\u0153ur Sophie a repris tous les exercices de communaut\u00e9&nbsp;! Jamais elle n\u2019oubliera ce qu\u2019elle doit \u00e0 sa bienfaitrice.<\/p>\n<\/div>\n<\/div>\n\n\n\n<div style=\"height:40px\" aria-hidden=\"true\" class=\"wp-block-spacer\"><\/div>\n\n\n\n<p>Bient\u00f4t viennent 3 d\u00e9m\u00e9nagements successifs pour la Communaut\u00e9, et les soucis li\u00e9s \u00e0 la <strong>construction du nouveau monast\u00e8re, avenue de Saxe<\/strong>&nbsp;! M\u00e8re Sophie y prend une part active comme d\u00e9positaire, puis sous-prieure. Que de journ\u00e9es pass\u00e9es \u00e0 visiter le chantier, avec la R\u00e9v\u00e9rende M\u00e8re El\u00e9onore (qui a succ\u00e9d\u00e9 \u00e0 M\u00e8re Camille)&nbsp;!<\/p>\n\n\n\n<div style=\"height:40px\" aria-hidden=\"true\" class=\"wp-block-spacer\"><\/div>\n\n\n\n<figure class=\"wp-block-image aligncenter size-large is-resized\"><img loading=\"lazy\" decoding=\"async\" width=\"1024\" height=\"733\" src=\"https:\/\/carmel-creteil.org\/wp-content\/uploads\/2025\/08\/Saxe-cloitre-4-1024x733.jpg\" alt=\"\" class=\"wp-image-1887\" style=\"width:627px;height:auto\"\/><\/figure>\n\n\n\n<div style=\"height:40px\" aria-hidden=\"true\" class=\"wp-block-spacer\"><\/div>\n\n\n\n<p>Comme Prieure, M\u00e8re Sophie sera tr\u00e8s aim\u00e9e de ses filles&nbsp;: <strong>\u00ab Elle \u00e9tait d\u2019une gaiet\u00e9 charmante&nbsp;; comme M\u00e8re Camille, elle animait les r\u00e9cr\u00e9ations, ayant toujours quelque histoire \u00e0 conter, de laquelle souvent elle tirait une le\u00e7on. Comme M\u00e8re Camille aussi, elle profitait d\u2019un rien pour corriger chez une novice une petite tendance imparfaite, qui aurait pu devenir une r\u00e9elle imperfection. Mais elle le faisait comme en passant, et si aimablement que la novice \u00e9tait la premi\u00e8re \u00e0 rire. C\u2019\u00e9tait la joie des enfants du Bon Dieu.&nbsp;\u00bb<\/strong><\/p>\n\n\n\n<div style=\"height:40px\" aria-hidden=\"true\" class=\"wp-block-spacer\"><\/div>\n\n\n\n<p>Durant ses ann\u00e9es de priorat, elle a la joie de recevoir les v\u0153ux de nombreuses novices, mais tr\u00e8s humblement elle confie \u00e0 un pr\u00eatre&nbsp;: \u00ab&nbsp;Toutes ces jeunes personnes sont au-dessus de moi pour la pi\u00e9t\u00e9 et la vertu.&nbsp;\u00bb<\/p>\n\n\n\n<p><strong>Parmi ses novices, bien s\u00fbr, il faut compter <a href=\"https:\/\/carmel-creteil.org\/index.php\/notre-histoire\/figures-venerees\/soeur-aimee\/\" data-type=\"page\" data-id=\"1390\"><em>S\u0153ur Marie-Aim\u00e9e de J\u00e9sus<\/em><\/a><\/strong>, dont elle prot\u00e9gea toujours la vocation. M\u00e8re Sophie avait le plus tendre amour pour la Personne adorable de Notre-Seigneur&nbsp;; aussi la d\u00e9votion \u00e0 l\u2019Ame Sainte de J\u00e9sus, telle que la proposait S\u0153ur Aim\u00e9e, trouva aussit\u00f4t un \u00e9cho dans son c\u0153ur.<\/p>\n\n\n\n<div style=\"height:40px\" aria-hidden=\"true\" class=\"wp-block-spacer\"><\/div>\n\n\n\n<p>En avril 1871, <strong>deux agents de la Commune des plus hostiles<\/strong>, p\u00e9n\u00e8trent dans la cl\u00f4ture, en mena\u00e7ant et vocif\u00e9rant&nbsp;! <strong>M\u00e8re Sophie, qui les re\u00e7oit en tant que Prieure, leur r\u00e9pond avec une telle douceur et politesse, qu\u2019ils en sont compl\u00e8tement d\u00e9stabilis\u00e9s\u2026<\/strong> Ils quitteront les lieux sans avoir commis aucun m\u00e9fait. <strong>Plus tard, l\u2019un des deux se trouvant en prison, l\u2019autre reviendra demander en toute confiance la protection de M\u00e8re Sophie&nbsp;!<\/strong><\/p>\n\n\n\n<div style=\"height:40px\" aria-hidden=\"true\" class=\"wp-block-spacer\"><\/div>\n\n\n\n<p>A 73 ans, son organisme est us\u00e9&nbsp;: elle doit s\u2019aliter. \u00ab&nbsp;Surtout, traitez-moi bien comme les pauvres&nbsp;\u00bb, dit-elle aux S\u0153urs qui la soignent. Le 24 mars 1879, 50<sup>\u00e8me<\/sup>&nbsp; anniversaire de sa Prise d\u2019Habit, elle confie aux S\u0153urs r\u00e9unies autour d\u2019elle \u00e0 cette occasion&nbsp;: \u00ab&nbsp;Le doigt de Dieu est sur cette Communaut\u00e9\u2026 Notre-Seigneur l\u2019aime, Il la b\u00e9nira toujours&nbsp;!&nbsp;\u00bb <strong>Tant de t\u00e9moignages d\u2019affection lui sont envoy\u00e9s de toutes parts en ce jour, qu\u2019elle s\u2019inqui\u00e8te de s\u2019y voir si sensible&nbsp;: \u00ab&nbsp;Mais\u2026 cela rattache \u00e0 la vie&nbsp;!&nbsp;\u00bb <\/strong>Pourtant certains \u00e9loges la peinent&nbsp;: \u00ab&nbsp;On me croit une grande \u00e2me\u2026 On ne me conna\u00eet pas.&nbsp;\u00bb<\/p>\n\n\n\n<div style=\"height:40px\" aria-hidden=\"true\" class=\"wp-block-spacer\"><\/div>\n\n\n\n<p>Elle a un grand amour pour les \u00e2mes du Purgatoire, et aime se signer en disant&nbsp;: \u00ab&nbsp;Par cette eau b\u00e9nite, et par le Sang tr\u00e8s pr\u00e9cieux de J\u00e9sus-Christ, P\u00e8re \u00e9ternel, faites-moi mis\u00e9ricorde, et \u00e0 tous les fid\u00e8les vivants et tr\u00e9pass\u00e9s&nbsp;!&nbsp;\u00bb<\/p>\n\n\n\n<div style=\"height:40px\" aria-hidden=\"true\" class=\"wp-block-spacer\"><\/div>\n\n\n\n<p>Elle d\u00e9borde de reconnaissance pour les attentions dont on l\u2019entoure&nbsp;: \u00ab&nbsp;<strong>Que l\u2019on est heureux dans la vie religieuse<\/strong>,r\u00e9p\u00e8te-t-elle,<strong> c\u2019est bien le centuple promis en ce monde par Notre-Seigneur&nbsp;!&nbsp;<\/strong>\u00bb<\/p>\n\n\n\n<div style=\"height:40px\" aria-hidden=\"true\" class=\"wp-block-spacer\"><\/div>\n\n\n\n<p>Quelques heures avant de mourir, elle console encore avec une bont\u00e9 toute maternelle une de ses filles, qui est tout afflig\u00e9e de la perdre&nbsp;: <strong>\u00ab&nbsp;est-ce la peine de pleurer pour cela&nbsp;?&#8230;&nbsp;\u00bb<\/strong> Elle meurt dans une grande paix le samedi 28 juin 1879.<\/p>\n\n\n\n<div style=\"height:60px\" aria-hidden=\"true\" class=\"wp-block-spacer\"><\/div>\n\n\n\n<hr class=\"wp-block-separator has-text-color has-custom-marron-fonc-color has-alpha-channel-opacity has-custom-marron-fonc-background-color has-background is-style-wide\"\/>\n\n\n\n<div style=\"height:60px\" aria-hidden=\"true\" class=\"wp-block-spacer\"><\/div>\n\n\n\n<h4 class=\"wp-block-heading has-medium-font-size\"><em>Pens\u00e9es de M\u00e8re Sophie<\/em><\/h4>\n\n\n\n<div style=\"height:40px\" aria-hidden=\"true\" class=\"wp-block-spacer\"><\/div>\n\n\n\n<p><em>&#8211; Le d\u00e9tachement de toutes choses est tr\u00e8s difficile, car il ne suffit pas, dans la vie spirituelle, dans la vie de perfection, d&rsquo;\u00e9viter seulement tout ce qui est p\u00e9ch\u00e9, mais il faut encore \u00e9viter tout ce qui est capable de dissiper l&rsquo;\u00e2me, de la faire sortir d&rsquo;elle-m\u00eame et de ce centre o\u00f9 Dieu habite.<\/em><\/p>\n\n\n\n<p><em>&#8211; Une \u00e2me acquiert bien d&rsquo;autres lumi\u00e8res parmi les souffrances que par les instructions.<\/em><\/p>\n\n\n\n<p><em>&#8211; Voyez-vous, il faut beaucoup d&rsquo;abandon, beaucoup de confiance en Notre Seigneur pour nos petites dettes\u2026 aimer beaucoup\u2026 et apr\u00e8s cela, tout est fait.<\/em><\/p>\n\n\n\n<p><em>&#8211; Voil\u00e0 ce qui retarde dans la perfection, c&rsquo;est de se laisser aller \u00e0 des inqui\u00e9tudes sur le pass\u00e9. Mais une fois qu&rsquo;on s&rsquo;est jet\u00e9 dans la voie de l&rsquo;abandon, on jouit d&rsquo;une paix\u2026 d&rsquo;une paix si grande !<\/em><\/p>\n\n\n\n<div style=\"height:44px\" aria-hidden=\"true\" class=\"wp-block-spacer\"><\/div>\n\n\n\n<h4 class=\"wp-block-heading has-medium-font-size\"><a><\/a>Une blanche hostie :<\/h4>\n\n\n\n<h4 class=\"wp-block-heading has-medium-font-size\"><strong>S\u0152UR LOUIS DE GONZAGUE<\/strong> (1834-1870)<\/h4>\n\n\n\n<div style=\"height:45px\" aria-hidden=\"true\" class=\"wp-block-spacer\"><\/div>\n\n\n\n<p><strong>Huit d\u00e9cembre\u2026<\/strong> Joie de l&rsquo;Eglise f\u00eatant la Vierge toute pure en son Immacul\u00e9e Conception. Et cette Vierge sans tache, en ce jour de <strong>d\u00e9cembre 1834<\/strong>, se penche avec amour sur une toute petite fille qui vient d&rsquo;\u00eatre baptis\u00e9e et dont toute la vie va \u00eatre empreinte de virginale puret\u00e9, t\u00e9moin ces lignes que S\u0153ur Louis de Gonzague portera toujours sur son c\u0153ur : \u00ab\u00a0O Mon J\u00e9sus, rendez-moi donc plus pure chaque jour\u2026 Puret\u00e9 de mon J\u00e9sus, \u00e9coulez-vous en moi. Mon J\u00e9sus, conservez-moi toujours pure.\u00a0\u00bb<\/p>\n\n\n\n<div style=\"height:40px\" aria-hidden=\"true\" class=\"wp-block-spacer\"><\/div>\n\n\n\n<div class=\"wp-block-columns is-layout-flex wp-container-core-columns-is-layout-28f84493 wp-block-columns-is-layout-flex\">\n<div class=\"wp-block-column is-layout-flow wp-block-column-is-layout-flow\">\n<p><strong>Amour de la puret\u00e9, amour de Marie, ces deux attraits la guident vers le Carmel<\/strong>.<\/p>\n\n\n\n<p>C&rsquo;est sa pri\u00e8re fervente \u00e0 la Vierge qui lui en ouvre les portes par un beau matin de mai, alors que sa sant\u00e9 d\u00e9licate lui avait fait craindre de n&rsquo;\u00eatre jamais admise. <strong>Elle a dix huit ans. Sa candeur, son innocence lui font donner le nom de S\u0153ur Saint Louis de Gonzague.<\/strong><\/p>\n\n\n\n<p>Mais souffrance am\u00e8re, J\u00e9sus qu&rsquo;elle est venue chercher se cache pour elle.<\/p>\n\n\n\n<p>Elle re\u00e7oit l&rsquo;assurance que c&rsquo;est plus qu&rsquo;une adoration perp\u00e9tuelle qu&rsquo;Il demande d&rsquo;elle, c&rsquo;est un perp\u00e9tuel sacrifice d&rsquo;elle-m\u00eame. <\/p>\n<\/div>\n\n\n\n<div class=\"wp-block-column is-layout-flow wp-block-column-is-layout-flow\">\n<figure class=\"wp-block-image aligncenter size-large is-resized is-style-rounded\"><img loading=\"lazy\" decoding=\"async\" width=\"768\" height=\"1024\" src=\"https:\/\/carmel-creteil.org\/wp-content\/uploads\/2025\/08\/IMG_0377-768x1024.jpg\" alt=\"\" class=\"wp-image-1807\" style=\"width:456px;height:auto\"\/><\/figure>\n<\/div>\n<\/div>\n\n\n\n<div style=\"height:40px\" aria-hidden=\"true\" class=\"wp-block-spacer\"><\/div>\n\n\n\n<div class=\"wp-block-columns is-layout-flex wp-container-core-columns-is-layout-28f84493 wp-block-columns-is-layout-flex\">\n<div class=\"wp-block-column is-layout-flow wp-block-column-is-layout-flow\">\n<p>C&rsquo;est dans les t\u00e9n\u00e8bres et les angoisses que va se passer sa vie religieuse. Elle prend pour devise : \u00ab\u00a0<strong>J\u00e9sus, Marie, la croix, et puis plus rien ; rien qu&rsquo;amour et sacrifice<\/strong>.\u00a0\u00bb Elle est si ardente cependant \u00e0 parler de Notre Seigneur que nulle ne soup\u00e7onne ses peines int\u00e9rieures, qui d&rsquo;ailleurs n&rsquo;entament en rien sa confiance en Dieu, et en une touchante simplicit\u00e9 d&rsquo;enfant, elle avoue remercier d&rsquo;avance Notre Seigneur des gr\u00e2ces qu&rsquo;elle d\u00e9sire obtenir de Lui, \u00ab\u00a0car comment pourrait-Il refuser ce dont on Lui rend gr\u00e2ces par avance ?\u00a0\u00bb<\/p>\n<\/div>\n\n\n\n<div class=\"wp-block-column is-layout-flow wp-block-column-is-layout-flow\">\n<p>Son intimit\u00e9 profonde avec J\u00e9sus reste toujours cach\u00e9e aux yeux des autres par un entrain et un enjouement qui plus d&rsquo;une fois donnent le change. On ne soup\u00e7onne pas toujours \u00e0 quel point l&rsquo;amour et la soif de Dieu la d\u00e9vorent. <strong>\u00ab\u00a0Mon Dieu, s&rsquo;\u00e9crie-t-elle, si je vous poss\u00e8de un jour, ce ne sera pas faute de l&rsquo;avoir d\u00e9sir\u00e9\u2026 si je pouvais vous entrevoir un instant, entendre seulement une parole de Vous ! Mais non, vous vous cachez, vous vous taisez et faites bien, parce que sans cela je deviendrais folle de bonheur et je ne veux l&rsquo;\u00eatre que d&rsquo;amour.\u00a0\u00bb<\/strong><\/p>\n<\/div>\n<\/div>\n\n\n\n<div style=\"height:40px\" aria-hidden=\"true\" class=\"wp-block-spacer\"><\/div>\n\n\n\n<div class=\"wp-block-columns is-layout-flex wp-container-core-columns-is-layout-28f84493 wp-block-columns-is-layout-flex\">\n<div class=\"wp-block-column is-layout-flow wp-block-column-is-layout-flow\" style=\"padding-top:var(--wp--preset--spacing--70);padding-bottom:var(--wp--preset--spacing--70);flex-basis:33.33%\">\n<p class=\"has-text-align-left\"><strong>J\u00e9sus<\/strong> est vraiment sa vie, son tout, elle ne pense qu&rsquo;\u00e0 Lui.<\/p>\n\n\n\n<p>Elle confie ing\u00e9nument : <strong>\u00ab\u00a0Comme la journ\u00e9e est trop courte pour penser \u00e0 mon J\u00e9sus, je le prie de me faire au moins r\u00eaver de Lui pendant la nuit.\u00a0\u00bb<\/strong><\/p>\n<\/div>\n\n\n\n<div class=\"wp-block-column is-layout-flow wp-block-column-is-layout-flow\" style=\"flex-basis:66.66%\">\n<figure class=\"wp-block-image aligncenter size-large\"><img loading=\"lazy\" decoding=\"async\" width=\"1024\" height=\"733\" src=\"https:\/\/carmel-creteil.org\/wp-content\/uploads\/2025\/08\/9-Saxe-cloitre-3-1024x733.jpg\" alt=\"\" class=\"wp-image-1803\"\/><\/figure>\n<\/div>\n<\/div>\n\n\n\n<div style=\"height:40px\" aria-hidden=\"true\" class=\"wp-block-spacer\"><\/div>\n\n\n\n<hr class=\"wp-block-separator has-text-color has-custom-marron-fonc-color has-alpha-channel-opacity has-custom-marron-fonc-background-color has-background is-style-wide\" style=\"margin-top:var(--wp--preset--spacing--60);margin-bottom:var(--wp--preset--spacing--60)\"\/>\n\n\n\n<div style=\"height:40px\" aria-hidden=\"true\" class=\"wp-block-spacer\"><\/div>\n\n\n\n<div class=\"wp-block-columns is-layout-flex wp-container-core-columns-is-layout-28f84493 wp-block-columns-is-layout-flex\">\n<div class=\"wp-block-column is-layout-flow wp-block-column-is-layout-flow\" style=\"flex-basis:33.33%\">\n<figure class=\"wp-block-image aligncenter size-large is-resized is-style-rounded\"><img loading=\"lazy\" decoding=\"async\" width=\"892\" height=\"1024\" src=\"https:\/\/carmel-creteil.org\/wp-content\/uploads\/2025\/08\/10-portrait-SrA-pastel-892x1024.jpg\" alt=\"\" class=\"wp-image-1804\" style=\"width:310px\"\/><\/figure>\n<\/div>\n\n\n\n<div class=\"wp-block-column is-layout-flow wp-block-column-is-layout-flow\" style=\"flex-basis:66.66%\">\n<p class=\"has-text-align-center\">C&rsquo;est <a href=\"https:\/\/carmel-creteil.org\/index.php\/notre-histoire\/figures-venerees\/soeur-aimee\/\" data-type=\"page\" data-id=\"1390\"><em><strong>s\u0153ur Marie-Aim\u00e9e de J\u00e9sus<\/strong><\/em><\/a>, \u00e0 qui l&rsquo;unit une affection tr\u00e8s pure et toute surnaturelle, qui lui d\u00e9voile les richesses de la <strong>d\u00e9votion \u00e0 l&rsquo;Ame sainte de Notre Seigneur<\/strong>. Son amour pour le Sauveur y puisera de nouveaux accroissements. C&rsquo;est o\u00f9 Il a le plus souffert en son Ame, \u00e0 Geths\u00e9mani, qu&rsquo;elle aime \u00e0 Le retrouver.<\/p>\n\n\n\n<p class=\"has-text-align-center has-normal-font-size\" style=\"padding-right:var(--wp--preset--spacing--80);padding-left:var(--wp--preset--spacing--80)\">Portrait au pastel, r\u00e9alis\u00e9 apr\u00e8s la mort de Soeur Aim\u00e9e, par une contemporaine<\/p>\n<\/div>\n<\/div>\n\n\n\n<div style=\"height:40px\" aria-hidden=\"true\" class=\"wp-block-spacer\"><\/div>\n\n\n\n<hr class=\"wp-block-separator has-text-color has-custom-marron-fonc-color has-alpha-channel-opacity has-custom-marron-fonc-background-color has-background is-style-wide\"\/>\n\n\n\n<div style=\"height:40px\" aria-hidden=\"true\" class=\"wp-block-spacer\"><\/div>\n\n\n\n<p>Deux ans avant sa mort, qui est pour elle la rencontre d\u00e9sir\u00e9e, attendue, ses peines int\u00e9rieures cessent et elle entend, au fond de son c\u0153ur, l&rsquo;assurance qu&rsquo;elle est du nombre des \u00e9lus. <\/p>\n\n\n\n<p>\u00ab\u00a0Je suis pr\u00eate\u00a0\u00bb, dit-elle avec joie, quand on lui annonce l&rsquo;approche de la derni\u00e8re heure. <\/p>\n\n\n\n<p><strong>Par un beau jour de mai encore, Marie, <\/strong>qui lui avait d\u00e9j\u00e0, en ce mois, ouvert les portes du Carmel,<strong> l&rsquo;accueille cette fois \u00e0 la porte du Ciel.<\/strong><\/p>\n\n\n\n<div style=\"height:100px\" aria-hidden=\"true\" class=\"wp-block-spacer\"><\/div>\n\n\n\n<h4 class=\"wp-block-heading has-medium-font-size\"><a><\/a>Un c\u0153ur simple :<\/h4>\n\n\n\n<h4 class=\"wp-block-heading has-medium-font-size\"><strong>S\u0152UR MARIE DE L&rsquo;INCARNATION<\/strong> (1809-1873)<\/h4>\n\n\n\n<div style=\"height:49px\" aria-hidden=\"true\" class=\"wp-block-spacer\"><\/div>\n\n\n\n<p><strong>\u00ab\u00a0Je ne sais pas si j&rsquo;ai acquis aucun m\u00e9rite \u00e0 l&rsquo;infirmerie, je soignais mes S\u0153urs avec trop de plaisir\u00a0\u00bb<\/strong> disait S\u0153ur Marie de l&rsquo;Incarnation. <\/p>\n\n\n\n<p>C&rsquo;est ainsi que toujours oublieuse d&rsquo;elle-m\u00eame, elle n&rsquo;a v\u00e9cu que pour les autres, pour le service des autres. <\/p>\n\n\n\n<p>Elle est entr\u00e9e au Carmel, guid\u00e9e par ce mot de <strong>\u00ab\u00a0s\u0153ur converse\u00a0\u00bb<\/strong> entendu un jour, et qui avant m\u00eame qu&rsquo;elle sache bien ce qu&rsquo;il signifiait, a \u00e9t\u00e9 un trait de lumi\u00e8re pour elle : \u00ab\u00a0C&rsquo;est ce qu&rsquo;il me faut\u00a0\u00bb, a-t-elle pens\u00e9 aussit\u00f4t.<\/p>\n\n\n\n<div style=\"height:40px\" aria-hidden=\"true\" class=\"wp-block-spacer\"><\/div>\n\n\n\n<p>En fait, dans l&rsquo;office de d\u00e9vouement des S\u0153urs du voile blanc, elle va se donner pleinement. Inlassable, sa charit\u00e9 est d&rsquo;une d\u00e9licatesse touchante. <strong>\u00ab\u00a0Quelquefois, avouera-t-elle, je finissais mes pri\u00e8res dans notre lit afin de ne pas faire croire aux malades qu&rsquo;elles \u00e9taient cause que je me couchais tard.\u00a0\u00bb<\/strong> <\/p>\n\n\n\n<p>D\u00e9j\u00e0 malade elle-m\u00eame lors du bombardement de 1870, elle se contente pour la nuit de s&rsquo;asseoir sur un petit fagot en s&rsquo;appuyant contre le mur, heureuse seulement d&rsquo;avoir pu bien installer la S\u0153ur confi\u00e9e \u00e0 ses soins. C&rsquo;est qu&rsquo;elle est initi\u00e9e depuis longtemps \u00e0 son m\u00e9tier d&rsquo;infirmi\u00e8re. Elle \u00e9tait si petite quand elle a commenc\u00e9 ! N&rsquo;\u00e9tait-elle pas oblig\u00e9e, lorsque sa maman toujours malade, appelait : \u00ab\u00a0Fanchette, Fanchette !\u00a0\u00bb de grimper sur une chaise pour atteindre le grand lit !<\/p>\n\n\n\n<div style=\"height:40px\" aria-hidden=\"true\" class=\"wp-block-spacer\"><\/div>\n\n\n\n<div class=\"wp-block-cover is-light has-custom-marron-fonc-color has-text-color has-link-color wp-elements-b8ae93aa090932a38885966e9a09dd7a\" style=\"min-height:704px;aspect-ratio:unset;\"><img loading=\"lazy\" decoding=\"async\" width=\"1024\" height=\"733\" class=\"wp-block-cover__image-background wp-image-1817\" alt=\"\" src=\"https:\/\/carmel-creteil.org\/wp-content\/uploads\/2025\/08\/11-Saxe-jardin-3-1024x733.jpg\" data-object-fit=\"cover\"\/><span aria-hidden=\"true\" class=\"wp-block-cover__background has-background-dim-20 has-background-dim\"><\/span><div class=\"wp-block-cover__inner-container is-layout-flow wp-block-cover-is-layout-flow\">\n<p class=\"has-text-align-center has-ti-fg-color has-text-color has-link-color has-large-font-size wp-elements-ae7adbaf6cc66a1aea646cb8b80db368\"><strong>Avenue de Saxe : \u00e0 l&rsquo;\u00e9tage les infirmeries ; au rez-de-chauss\u00e9e le r\u00e9fectoire et les cuisines. C&rsquo;est dans ces lieux surtout que travaillaient les Soeurs converses dites \u00ab\u00a0du voile blanc\u00a0\u00bb.<\/strong><\/p>\n\n\n\n<div style=\"margin-top:var(--wp--preset--spacing--80);margin-bottom:var(--wp--preset--spacing--80);height:516px\" aria-hidden=\"true\" class=\"wp-block-spacer\"><\/div>\n<\/div><\/div>\n\n\n\n<div style=\"height:40px\" aria-hidden=\"true\" class=\"wp-block-spacer\"><\/div>\n\n\n\n<p>Vers la fin de sa vie, quand devant sa fatigue croissante, on veut retirer S\u0153ur Marie de l&rsquo;Incarnation de la cuisine, elle proteste : <strong>\u00ab\u00a0J&rsquo;ai dit : et ce jusqu&rsquo;\u00e0 la mort !\u00a0\u00bb <\/strong>Mais elle se soumet en fille de l&rsquo;ob\u00e9issance. <\/p>\n\n\n\n<p>C&rsquo;est en parlant d&rsquo;elle que ses Prieures pourront affirmer n&rsquo;avoir pas \u00e0 lui reprocher une seule faute \u00e0 leur \u00e9gard !<\/p>\n\n\n\n<div style=\"height:40px\" aria-hidden=\"true\" class=\"wp-block-spacer\"><\/div>\n\n\n\n<p>Sereine \u00e0 sa derni\u00e8re heure, elle confie son salut au bon larron pour lequel elle a une d\u00e9votion particuli\u00e8re, \u00ab\u00a0parce que, explique-t-elle, sur la croix, il a pratiqu\u00e9 toutes les vertus, la patience, la foi, l&rsquo;amour.\u00a0\u00bb <\/p>\n\n\n\n<p>En mourant, cette \u00e2me humble et d\u00e9vou\u00e9e laisse voir toute l&rsquo;affection qu&rsquo;elle porte \u00e0 sa communaut\u00e9. \u00ab\u00a0Si le Bon Dieu me fait mis\u00e9ricorde, affirme-t-elle, je n&rsquo;oublierai jamais la communaut\u00e9\u00a0\u00bb, et elle ach\u00e8ve avec un accent d&rsquo;une \u00e9mouvante reconnaissance : \u00ab\u00a0<strong>Que de bont\u00e9 la communaut\u00e9 a pour moi<\/strong>\u2026\u00a0\u00bb <\/p>\n\n\n\n<p>Son visage devint si beau apr\u00e8s sa mort, qu&rsquo;on ne pouvait douter que Notre Seigneur lui eut dit comme au bon larron : \u00ab\u00a0Aujourd&rsquo;hui, tu seras avec moi dans le Paradis.\u00a0\u00bb<\/p>\n\n\n\n<div style=\"height:0px\" aria-hidden=\"true\" class=\"wp-block-spacer\"><\/div>\n\n\n\n<div style=\"height:100px\" aria-hidden=\"true\" class=\"wp-block-spacer\"><\/div>\n\n\n\n<div style=\"height:0px\" aria-hidden=\"true\" class=\"wp-block-spacer\"><\/div>\n\n\n\n<h4 class=\"wp-block-heading has-medium-font-size\"><strong>S\u0152UR ANGELIQUE DU SAINT-C\u0152UR DE MARIE <\/strong>(1829-1906)<\/h4>\n\n\n\n<h4 class=\"wp-block-heading has-medium-font-size\">ou le beau triomphe de la gr\u00e2ce<\/h4>\n\n\n\n<div style=\"height:39px\" aria-hidden=\"true\" class=\"wp-block-spacer\"><\/div>\n\n\n\n<p class=\"has-text-align-center\"><strong>\u00ab\u00a0Je serai au Bon Dieu, puisque Monsieur le cur\u00e9 a dit qu&rsquo;il y a dans les couvents des \u00e2mes qui aiment le Bon Dieu plus qu&rsquo;on ne le fait ordinairement dans le monde.\u00a0\u00bb <\/strong><\/p>\n\n\n\n<p>Telle est la lumi\u00e8re qui, re\u00e7ue \u00e0 l&rsquo;\u00e2ge de dix ans, va briller pour la jeune Fran\u00e7oise par-del\u00e0 tous les orages que son caract\u00e8re fougueux et ind\u00e9pendant va lui attirer. <\/p>\n\n\n\n<p>Jeune fille, elle court toutes les f\u00eates, avide de s&rsquo;amuser. <\/p>\n\n\n\n<div class=\"wp-block-columns is-layout-flex wp-container-core-columns-is-layout-28f84493 wp-block-columns-is-layout-flex\">\n<div class=\"wp-block-column is-layout-flow wp-block-column-is-layout-flow\" style=\"flex-basis:100%\">\n<p>Son p\u00e8re essaie-t-il de freiner son ardeur de fa\u00e7on trop tyrannique ? Fran\u00e7oise n&rsquo;h\u00e9site pas, et pour \u00e9chapper au joug paternel, elle quitte sa Bourgogne natale pour chercher une place \u00e0 Paris. A peine arriv\u00e9e, elle comprend que ce ne sont plus les plaisirs innocents de la campagne qui lui sont offerts, mais le p\u00e9ch\u00e9. Sa nature droite se ressaisit alors, r\u00e9solue \u00e0 ne pas c\u00e9der, cramponn\u00e9e comme \u00e0 une bou\u00e9e \u00e0 cette d\u00e9cision de son enfance : \u00ab\u00a0<strong>Je serai au Bon Dieu<\/strong>\u00ab\u00a0<\/p>\n<\/div>\n<\/div>\n\n\n\n<div style=\"height:40px\" aria-hidden=\"true\" class=\"wp-block-spacer\"><\/div>\n\n\n\n<div class=\"wp-block-columns is-layout-flex wp-container-core-columns-is-layout-28f84493 wp-block-columns-is-layout-flex\">\n<div class=\"wp-block-column is-layout-flow wp-block-column-is-layout-flow\" style=\"flex-basis:66.66%\">\n<p><strong>Lors d&rsquo;un voyage \u00e0 Ars, le seul regard du saint cur\u00e9 emporte ses derni\u00e8res r\u00e9sistances.<\/strong> Pas de demi-mesure possible avec elle, c&rsquo;est au Carmel qu&rsquo;elle entrera. Mais elle, la fi\u00e8re, l&rsquo;ind\u00e9pendante Fran\u00e7oise, lui va-t-il falloir se soumettre en tout \u00e0 l&rsquo;ob\u00e9issance ? Ferme au sein de cette nouvelle temp\u00eate, elle se r\u00e9p\u00e8te : \u00ab\u00a0J&rsquo;entrerai pour Dieu, je me soumettrai \u00e0 Dieu, car qui donc pourrait me demander le sacrifice de ma libert\u00e9 si ce n&rsquo;\u00e9tait un Dieu !\u00a0\u00bb<\/p>\n<\/div>\n\n\n\n<div class=\"wp-block-column is-layout-flow wp-block-column-is-layout-flow\" style=\"flex-basis:33.33%\">\n<figure class=\"wp-block-image size-large\"><img loading=\"lazy\" decoding=\"async\" width=\"1024\" height=\"1024\" src=\"https:\/\/carmel-creteil.org\/wp-content\/uploads\/2025\/08\/12-St-cure-dArs-en-medaillon-1024x1024.png\" alt=\"\" class=\"wp-image-1827\"\/><\/figure>\n<\/div>\n<\/div>\n\n\n\n<p> Sa vie religieuse s&rsquo;annonce laborieuse : tentations, souffrances physiques viennent entraver sa route. Sa nature imp\u00e9rieuse la fait surnommer par ses S\u0153urs du voile blanc : \u00ab\u00a0l&rsquo;oracle de la cuisine.\u00a0\u00bb Mais par la pri\u00e8re, la mortification, l&rsquo;ouverture toute simple de son \u00e2me \u00e0 ses Prieures, elle m\u00e8ne un incessant combat contre elle-m\u00eame. Puis un jour c&rsquo;est l&rsquo;apaisement.<\/p>\n\n\n\n<div style=\"height:40px\" aria-hidden=\"true\" class=\"wp-block-spacer\"><\/div>\n\n\n\n<p>Une retraite pr\u00each\u00e9e et <strong>la rencontre de <a href=\"https:\/\/carmel-creteil.org\/index.php\/notre-histoire\/figures-venerees\/soeur-aimee\/\" data-type=\"page\" data-id=\"1390\"><em>S\u0153ur Marie-Aim\u00e9e<\/em><\/a><\/strong> sont providentielles, lui d\u00e9voilant les richesses de l&rsquo;\u00e9tude de la personne de Notre Seigneur, de ses actions, de ses enseignements. <\/p>\n\n\n\n<p><strong>Son \u00ab\u00a0s\u00e9raphin\u00a0\u00bb, ainsi nomme-t-elle S\u0153ur Aim\u00e9e<\/strong>, lui apprend comment elle peut regarder sans cesse <strong>J\u00e9sus<\/strong>, comment Il nous a donn\u00e9 l&rsquo;exemple des moindres de nos devoirs en les accomplissant. <strong>\u00ab\u00a0Tout se transforme de la sorte, lui dit-elle, ce n&rsquo;est plus nous qui agissons, qui prions, qui luttons, voyez-vous comment J\u00e9sus agit, prie, lutte en nous et pour nous.\u00a0\u00bb<\/strong> <\/p>\n\n\n\n<p>D\u00e8s lors S\u0153ur Ang\u00e9lique entre dans une intimit\u00e9 profonde avec Notre Seigneur. Tout lui parle de Dieu, la conduit \u00e0 Dieu. <\/p>\n\n\n\n<p>L&rsquo;Evangile est sa constante \u00e9tude et toutes choses sont transfigur\u00e9es pour elle par l&rsquo;amour. <strong>\u00ab\u00a0Oh ! mon Dieu, s&rsquo;\u00e9crie-t-elle, vous adorer est maintenant l&rsquo;acte de mon choix\u2026 celui qui aime a besoin d&rsquo;adorer, mais celui qui adore parce qu&rsquo;il aime, trouve tout \u00e0 la fois\u2026 je ne me sens plus rien, mais je comprends que Dieu est tout, et que ce rien qui est moi, Il veut se l&rsquo;unir \u00e9ternellement.\u00a0\u00bb<\/strong><\/p>\n\n\n\n<div style=\"height:40px\" aria-hidden=\"true\" class=\"wp-block-spacer\"><\/div>\n\n\n\n<p>Et elle, jusque l\u00e0 si autoritaire, si volontaire, devient douce, abandonn\u00e9e, fraternelle, et jouit de la confiance de ses S\u0153urs qui la sentent habit\u00e9e par Dieu. <\/p>\n\n\n\n<p>Sa paix, fond\u00e9e uniquement sur les m\u00e9rites de Notre Seigneur, reste inalt\u00e9rable jusqu&rsquo;\u00e0 la fin. \u00ab\u00a0Que puis-je craindre ? disait-elle, je me jette dans le sang pr\u00e9cieux de J\u00e9sus, c&rsquo;est ainsi que je vais para\u00eetre devant son P\u00e8re\u2026 Il ne regardera pas S\u0153ur Ang\u00e9lique, mais le sang de son Fils J\u00e9sus. Oh oui, je m&rsquo;ab\u00eeme en mon J\u00e9sus, avec Lui je ne crains rien, <strong>Il est mon Epoux et non pas mon Juge<\/strong>.\u00a0\u00bb<\/p>\n\n\n\n<div style=\"height:40px\" aria-hidden=\"true\" class=\"wp-block-spacer\"><\/div>\n\n\n\n<p>Elle fut majestueuse en sa mort. Semblant fixer Notre Seigneur elle suppliait : \u00ab\u00a0Laissez-moi donc partir\u2026 oh partons, partons.\u00a0\u00bb Elle mourut apr\u00e8s avoir r\u00e9p\u00e9t\u00e9 ces paroles : \u00ab\u00a0Mon Dieu, je vous aime et vous adore et <strong>je veux mourir en vous adorant<\/strong>.\u00a0\u00bb<\/p>\n\n\n\n<div style=\"height:100px\" aria-hidden=\"true\" class=\"wp-block-spacer\"><\/div>\n\n\n\n<h4 class=\"wp-block-heading has-medium-font-size\"><strong>S\u0152UR MARIE-JOSEPH DU SAINT-ESPRIT<\/strong> (1822-1905)<\/h4>\n\n\n\n<h4 class=\"wp-block-heading has-medium-font-size\">et le permanent Soleil<\/h4>\n\n\n\n<div style=\"height:46px\" aria-hidden=\"true\" class=\"wp-block-spacer\"><\/div>\n\n\n\n<p>\u00ab\u00a0Moi je suis faite pour la soci\u00e9t\u00e9.\u00a0\u00bb <\/p>\n\n\n\n<p>On pouvait supposer \u00e0 voir si vive et si ardente la fillette qui lan\u00e7ait ces mots, que cette affirmation allait se v\u00e9rifier. Mais \u00ab\u00a0mon secret \u00e9tait \u00e0 moi, je le gardais\u00a0\u00bb dira plus tard S\u0153ur Marie-Joseph. <\/p>\n\n\n\n<p>D\u00e9j\u00e0 captiv\u00e9e par Notre Seigneur, elle n&rsquo;envisage d&rsquo;autre avenir que de se consacrer \u00e0 Lui. <\/p>\n\n\n\n<p>Mais au sein de la vie solitaire du Carmel, Notre Seigneur va creuser autour de cette nature si sociable une solitude encore plus grande en l&rsquo;isolant de la vie de communaut\u00e9 par des crises de rhumatismes aigu\u00ebs qui font de sa vie un martyre.<\/p>\n\n\n\n<div style=\"height:40px\" aria-hidden=\"true\" class=\"wp-block-spacer\"><\/div>\n\n\n\n<p>C&rsquo;est un dur renoncement pour elle, priv\u00e9e m\u00eame des r\u00e9cr\u00e9ations qu&rsquo;elle nomme ses \u00ab\u00a0f\u00eates de famille\u00a0\u00bb quand elle peut quelquefois y assister. <\/p>\n\n\n\n<p>Cependant sous cette croix pesante, elle reste soumise, silencieuse, abandonn\u00e9e. <\/p>\n\n\n\n<div style=\"height:40px\" aria-hidden=\"true\" class=\"wp-block-spacer\"><\/div>\n\n\n\n<div class=\"wp-block-columns is-layout-flex wp-container-core-columns-is-layout-28f84493 wp-block-columns-is-layout-flex\">\n<div class=\"wp-block-column is-layout-flow wp-block-column-is-layout-flow\" style=\"flex-basis:100%\">\n<div class=\"wp-block-cover\"><img loading=\"lazy\" decoding=\"async\" width=\"402\" height=\"277\" class=\"wp-block-cover__image-background wp-image-1828\" alt=\"\" src=\"https:\/\/carmel-creteil.org\/wp-content\/uploads\/2025\/08\/Capture-decran-2025-08-24-103524.png\" data-object-fit=\"cover\" srcset=\"https:\/\/carmel-creteil.org\/wp-content\/uploads\/2025\/08\/Capture-decran-2025-08-24-103524.png 402w, https:\/\/carmel-creteil.org\/wp-content\/uploads\/2025\/08\/Capture-decran-2025-08-24-103524-300x207.png 300w\" sizes=\"auto, (max-width: 402px) 100vw, 402px\" \/><span aria-hidden=\"true\" class=\"wp-block-cover__background has-custom-cr-me-transparente-background-color has-background-dim\"><\/span><div class=\"wp-block-cover__inner-container is-layout-flow wp-block-cover-is-layout-flow\">\n<p class=\"has-text-align-center has-large-font-size\">Le secret de cette force ? Elle le puise dans la pr\u00e9sence au Saint Sacrement de Celui qu&rsquo;elle appelle <strong>son <em>\u00ab\u00a0permanent Soleil.\u00a0\u00bb <\/em><\/strong><\/p>\n\n\n\n<div style=\"height:477px\" aria-hidden=\"true\" class=\"wp-block-spacer\"><\/div>\n\n\n\n<p class=\"has-text-align-center has-large-font-size\"><em><strong>\u00ab\u00a0Je vais me faire soleiller par le Divin Ma\u00eetre\u00a0\u00bb<\/strong><\/em> dit-elle joliment en se rendant au ch\u0153ur, lors des expositions du Saint Sacrement.<\/p>\n<\/div><\/div>\n<\/div>\n<\/div>\n\n\n\n<div style=\"height:80px\" aria-hidden=\"true\" class=\"wp-block-spacer\"><\/div>\n\n\n\n<div class=\"wp-block-columns is-layout-flex wp-container-core-columns-is-layout-28f84493 wp-block-columns-is-layout-flex\">\n<div class=\"wp-block-column is-layout-flow wp-block-column-is-layout-flow\">\n<p class=\"has-text-align-center\">D\u00e9licatement reconnaissante, elle abrite en sa pri\u00e8re le petit village de Natoye qui offre l&rsquo;hospitalit\u00e9 au Carmel pendant son exil hors de France. <strong>\u00ab\u00a0La nuit, quand je m&rsquo;\u00e9veille, dit-elle, je fais en pens\u00e9e le tour de Natoye, et ma pri\u00e8re s&rsquo;arr\u00eate l\u00e0 o\u00f9 Dieu sait qu&rsquo;il y a un malade \u00e0 soulager, un chagrin \u00e0 consoler, une pauvre m\u00e8re \u00e0 encourager, un petit enfant qui pleure ou qui souffre.\u00a0\u00bb <\/strong><\/p>\n\n\n\n<p class=\"has-text-align-center has-normal-font-size\">Miniature repr\u00e9sentant le refuge de Natoye, en Belgique<\/p>\n<\/div>\n\n\n\n<div class=\"wp-block-column is-layout-flow wp-block-column-is-layout-flow\">\n<figure class=\"wp-block-image size-large\" style=\"margin-top:0;margin-bottom:0\"><img loading=\"lazy\" decoding=\"async\" width=\"1024\" height=\"1024\" src=\"https:\/\/carmel-creteil.org\/wp-content\/uploads\/2025\/08\/14-Natoye-medaillon-1024x1024.png\" alt=\"\" class=\"wp-image-1829\"\/><\/figure>\n<\/div>\n<\/div>\n\n\n\n<div style=\"height:40px\" aria-hidden=\"true\" class=\"wp-block-spacer\"><\/div>\n\n\n\n<p>Souffrir et se taire fut toute la vie de cette \u00e2me qui d\u00e9clarait <strong>\u00ab\u00a0vouloir se rapetisser aux dimensions de la cr\u00e8che.\u00a0\u00bb<\/strong><\/p>\n\n\n\n<div style=\"height:40px\" aria-hidden=\"true\" class=\"wp-block-spacer\"><\/div>\n\n\n\n<figure class=\"wp-block-image aligncenter size-large is-resized is-style-rounded\"><img loading=\"lazy\" decoding=\"async\" width=\"1024\" height=\"768\" src=\"https:\/\/carmel-creteil.org\/wp-content\/uploads\/2025\/08\/IMG_1091-1024x768.jpg\" alt=\"\" class=\"wp-image-1832\" style=\"width:599px;height:auto\"\/><\/figure>\n\n\n\n<div style=\"height:100px\" aria-hidden=\"true\" class=\"wp-block-spacer\"><\/div>\n\n\n\n<div class=\"wp-block-media-text is-stacked-on-mobile\" style=\"grid-template-columns:20% auto\"><figure class=\"wp-block-media-text__media\"><img loading=\"lazy\" decoding=\"async\" width=\"1024\" height=\"1024\" src=\"https:\/\/carmel-creteil.org\/wp-content\/uploads\/2025\/07\/Mere-Marie-de-la-Trinite-1024x1024.png\" alt=\"\" class=\"wp-image-394 size-full\"\/><\/figure><div class=\"wp-block-media-text__content\">\n<p><strong>MERE MARIE DE LA TRINITE<\/strong> (1845-1912)<\/p>\n\n\n\n<p>ou la vie dans la grande lumi\u00e8re de Dieu<\/p>\n<\/div><\/div>\n\n\n\n<div style=\"height:40px\" aria-hidden=\"true\" class=\"wp-block-spacer\"><\/div>\n\n\n\n<p>Une forte personnalit\u00e9, des dons remarquables pour le gouvernement d&rsquo;une communaut\u00e9 et pour la conduite des \u00e2mes, telle fut M\u00e8re Marie de la Trinit\u00e9 pendant les dix-huit ann\u00e9es de ses priorats successifs \u00e0 l&rsquo;avenue de Saxe et \u00e0 Natoye. Elle a tout juste quatre ans lorsqu&rsquo;elle per\u00e7oit le premier appel \u00e0 la vie du Carmel en contemplant un tableau de la transverb\u00e9ration de sainte Th\u00e9r\u00e8se : <strong>\u00ab\u00a0Je vis Dieu \u00e9clairant l&rsquo;\u00e2me\u00a0\u00bb<\/strong>, \u00e9crira-t-elle plus tard, \u00ab\u00a0l&rsquo;\u00e2me par un supr\u00eame \u00e9lan r\u00e9pondant \u00e0 Dieu, et ce double mouvement devenant par sa permanence, l&rsquo;union.\u00a0\u00bb<\/p>\n\n\n\n<div style=\"height:40px\" aria-hidden=\"true\" class=\"wp-block-spacer\"><\/div>\n\n\n\n<p class=\"has-text-align-left\">Au Carmel une gr\u00e2ce de choix lui est r\u00e9serv\u00e9e, celle d&rsquo;\u00eatre la <strong>disciple de <a href=\"https:\/\/carmel-creteil.org\/index.php\/notre-histoire\/figures-venerees\/soeur-aimee\/\" data-type=\"page\" data-id=\"1390\"><em>S\u0153ur Marie-Aim\u00e9e de J\u00e9sus<\/em><\/a><\/strong>. <\/p>\n\n\n\n<div style=\"height:40px\" aria-hidden=\"true\" class=\"wp-block-spacer\"><\/div>\n\n\n\n<div class=\"wp-block-columns is-layout-flex wp-container-core-columns-is-layout-28f84493 wp-block-columns-is-layout-flex\">\n<div class=\"wp-block-column is-layout-flow wp-block-column-is-layout-flow\">\n<figure class=\"wp-block-image aligncenter size-large is-resized\"><img loading=\"lazy\" decoding=\"async\" width=\"1024\" height=\"1024\" src=\"https:\/\/carmel-creteil.org\/wp-content\/uploads\/2025\/08\/14-Sr-A-et-M-M-de-la-Trinite-1024x1024.png\" alt=\"\" class=\"wp-image-1774\" style=\"width:407px;height:auto\"\/><\/figure>\n\n\n\n<p class=\"has-text-align-center has-normal-font-size\">Miniature peinte en souvenir de cette 1\u00e8re rencontre, pour M\u00e8re Marie de la Trinit\u00e9,  par ses filles<\/p>\n<\/div>\n\n\n\n<div class=\"wp-block-column is-layout-flow wp-block-column-is-layout-flow\" style=\"padding-top:var(--wp--preset--spacing--50);padding-bottom:var(--wp--preset--spacing--50)\">\n<p><strong><em>\u00ab\u00a0L&rsquo;impression que j&rsquo;\u00e9prouvai \u00e0 l&rsquo;ouverture de la grille fut une profonde reconnaissance pour Notre Seigneur qui avait exauc\u00e9 la demande que je lui avais faite \u00e0 l&rsquo;\u00e2ge de 18 ans, de me donner une sainte pour m&rsquo;initier \u00e0 la vie religieuse.\u00a0\u00bb<\/em><\/strong> t\u00e9moignera plus tard M\u00e8re Marie de la Trinit\u00e9, \u00e9voquant sa premi\u00e8re rencontre au parloir avec Soeur Aim\u00e9e.<\/p>\n<\/div>\n<\/div>\n\n\n\n<div style=\"height:40px\" aria-hidden=\"true\" class=\"wp-block-spacer\"><\/div>\n\n\n\n<p>Elle assimile merveilleusement les enseignements de sa s\u00e9raphique ma\u00eetresse qui pressentant sa fin, se h\u00e2te de l&rsquo;instruire de toutes ses obligations. <\/p>\n\n\n\n<p>Apr\u00e8s sa profession, Notre Seigneur lui fait comprendre que <strong>son \u00e2me est consacr\u00e9e \u00e0 l&rsquo;adoration<\/strong>. D\u00e8s lors, cela devient sa raison d&rsquo;\u00eatre, et pour elle, la souffrance est la vraie forme de cette adoration, et m\u00eame dispara\u00eet dans cette m\u00eame adoration de Dieu et de ses droits.<\/p>\n\n\n\n<div style=\"height:40px\" aria-hidden=\"true\" class=\"wp-block-spacer\"><\/div>\n\n\n\n<p>\u00ab\u00a0L&rsquo;amour de l&rsquo;Etre de Dieu enl\u00e8ve \u00e0 la souffrance la pointe de ses \u00e9pines\u00a0\u00bb, dit-elle. De l\u00e0 sa joie, sa dilatation continuelle. Lui demande-t-on le secret de l&rsquo;all\u00e9gresse de son visage : <strong>\u00ab\u00a0Dieu est si bon, Dieu est si grand\u00a0\u00bb<\/strong> r\u00e9pond-elle. A l&rsquo;oraison, elle vit dans la lumi\u00e8re. Etant encore novice, elle entend un jour au fond de son c\u0153ur ce reproche de Notre Seigneur : \u00ab\u00a0Et moi qui voulais venir \u00e0 toi par l&rsquo;intelligence !\u00a0\u00bb<\/p>\n\n\n\n<div style=\"height:40px\" aria-hidden=\"true\" class=\"wp-block-spacer\"><\/div>\n\n\n\n<p>De fait pour elle, <strong>l&rsquo;oraison c&rsquo;est \u00ab\u00a0la porte qui s&rsquo;ouvre\u00a0\u00bb <\/strong>et elle voit. Elle n&rsquo;a pas besoin des cr\u00e9atures pour s&rsquo;\u00e9lever \u00e0 Dieu, mais suivant le mouvement inverse, elle part de Dieu pour voir son action dans la cr\u00e9ation. C&rsquo;est en Dieu qu&rsquo;elle voit tout, d&rsquo;o\u00f9 l&rsquo;exceptionnelle hauteur de ses vues et la fermet\u00e9 de son jugement, de l\u00e0 aussi son culte pour la volont\u00e9 de Dieu. On ne peut m\u00eame pas parler d&rsquo;abandon avec elle. <strong>\u00ab\u00a0Il le veut\u00a0\u00bb<\/strong>, cela suffit. La plus petite h\u00e9sitation lui semble un crime. Ame d&rsquo;oraison, elle a rarement des distractions, et elle attribue cette gr\u00e2ce \u00e0 un acte h\u00e9ro\u00efque qu&rsquo;elle fit \u00e9tant postulante. Apprenant juste avant de se rendre \u00e0 l&rsquo;oraison la mort brutale de l&rsquo;un des siens, elle lutta si \u00e9nergiquement contre l&rsquo;accaparement de son esprit par cette pens\u00e9e pour \u00eatre par fid\u00e9lit\u00e9 toute livr\u00e9e \u00e0 Dieu, qu&rsquo;elle finit par remporter la victoire.<\/p>\n\n\n\n<div style=\"height:40px\" aria-hidden=\"true\" class=\"wp-block-spacer\"><\/div>\n\n\n\n<p>Dou\u00e9e d&rsquo;un rare talent pour conduire les \u00e2mes, bien qu&rsquo;affirmant \u00ab\u00a0pr\u00e9f\u00e9rer seconder les lumi\u00e8res de Notre Seigneur que de chercher \u00e0 les donner\u00a0\u00bb, sa forte personnalit\u00e9 \u00e9crase parfois et la vigueur de sa direction d\u00e9concerte souvent. Elle s&rsquo;en aper\u00e7oit, en souffre, mais n&rsquo;arrive pas \u00e0 surmonter la difficult\u00e9. Sa correspondance, ses entretiens avec Mgr Gay lui apporteront l&rsquo;onction dont elle a besoin en l&rsquo;attirant \u00e0 l&rsquo;amour de la Sainte Humanit\u00e9 de Notre Seigneur. La lumi\u00e8re o\u00f9 elle vit toujours est plut\u00f4t pour elle un motif de crainte et d&rsquo;appr\u00e9hension, de sorte que, si dilatante pour conduire les \u00e2mes, M\u00e8re Marie de la Trinit\u00e9 a continuellement besoin d&rsquo;\u00eatre apais\u00e9e, rassur\u00e9e par son saint directeur.<\/p>\n\n\n\n<div style=\"height:40px\" aria-hidden=\"true\" class=\"wp-block-spacer\"><\/div>\n\n\n\n<div class=\"wp-block-columns is-layout-flex wp-container-core-columns-is-layout-28f84493 wp-block-columns-is-layout-flex\">\n<div class=\"wp-block-column is-layout-flow wp-block-column-is-layout-flow\">\n<figure class=\"wp-block-image aligncenter size-large is-style-default\"><img loading=\"lazy\" decoding=\"async\" width=\"837\" height=\"1024\" src=\"https:\/\/carmel-creteil.org\/wp-content\/uploads\/2025\/08\/14-Belgique-France-837x1024.jpg\" alt=\"\" class=\"wp-image-1837\"\/><\/figure>\n<\/div>\n\n\n\n<div class=\"wp-block-column is-layout-flow wp-block-column-is-layout-flow\" style=\"flex-basis:45%\">\n<p class=\"has-text-align-center\" style=\"font-size:23px\"><strong>Le d\u00e9part pour la Belgique<\/strong> est pour elle le motif de bien des souffrances, mais une derni\u00e8re grande joie lui est accord\u00e9e, celle de <strong>revoir les \u00e9crits de S\u0153ur Aim\u00e9e et d&rsquo;\u00e9crire sa vie<\/strong>.<\/p>\n\n\n\n<p class=\"has-text-align-center\" style=\"font-size:23px\">Elle avait aussi \u00e9crit, quelques ann\u00e9es plus t\u00f4t, <strong>la vie de M\u00e8re Camille<\/strong>.<\/p>\n\n\n\n<p><\/p>\n<\/div>\n\n\n\n<div class=\"wp-block-column is-layout-flow wp-block-column-is-layout-flow\">\n<figure class=\"wp-block-image size-large\"><img loading=\"lazy\" decoding=\"async\" width=\"836\" height=\"1024\" src=\"https:\/\/carmel-creteil.org\/wp-content\/uploads\/2025\/08\/IMG_20250823_144211_3-scaled-e1756117787516-836x1024.jpg\" alt=\"\" class=\"wp-image-1922\"\/><\/figure>\n<\/div>\n<\/div>\n\n\n\n<div style=\"height:40px\" aria-hidden=\"true\" class=\"wp-block-spacer\"><\/div>\n\n\n\n<p>Peu de temps avant sa mort, un apaisement s&rsquo;op\u00e8re dans son esprit et ces quelques lignes nous livrent l&rsquo;\u00e9tat de son \u00e2me <strong>avant de quitter la terre : \u00ab\u00a0Je me sens attir\u00e9e dans un \u00e9tat de pure foi, \u00e0 vivre plus pr\u00e8s du Divin Ma\u00eetre, \u00e0 l&rsquo;entretenir non pas dans une intimit\u00e9 douce et tendre, mais plut\u00f4t dans une entrevue que je suis impuissante \u00e0 qualifier.\u00a0\u00bb<\/strong><\/p>\n\n\n\n<div style=\"height:40px\" aria-hidden=\"true\" class=\"wp-block-spacer\"><\/div>\n\n\n\n<p id=\"saCommunaut\u00e9ed\u00e9concert\u00e9e...\">Elle meurt brutalement d&rsquo;une crise cardiaque, \u00e9tant en charge de Prieure, le 10 mai 1912, laissant sa Communaut\u00e9 d\u00e9concert\u00e9e&#8230;<\/p>\n\n\n\n<div style=\"height:100px\" aria-hidden=\"true\" class=\"wp-block-spacer\"><\/div>\n\n\n\n<div style=\"height:0px\" aria-hidden=\"true\" class=\"wp-block-spacer\"><\/div>\n\n\n\n<div class=\"wp-block-columns is-layout-flex wp-container-core-columns-is-layout-28f84493 wp-block-columns-is-layout-flex\">\n<div class=\"wp-block-column is-layout-flow wp-block-column-is-layout-flow\" style=\"flex-basis:40%\">\n<figure class=\"wp-block-image is-style-rounded\"><img loading=\"lazy\" decoding=\"async\" width=\"876\" height=\"1024\" src=\"https:\/\/carmel-creteil.org\/wp-content\/uploads\/2025\/08\/IMG_20250807_210853_0-876x1024.jpg\" alt=\"\" class=\"wp-image-1386\"\/><\/figure>\n<\/div>\n\n\n\n<div class=\"wp-block-column is-layout-flow wp-block-column-is-layout-flow\" style=\"flex-basis:69%\">\n<p style=\"padding-top:var(--wp--preset--spacing--80);padding-right:var(--wp--preset--spacing--70);padding-bottom:var(--wp--preset--spacing--80);padding-left:var(--wp--preset--spacing--70)\"><strong>MERE CECILE DU CALVAIRE <\/strong>(1859-1941)                                  ou la paix d&rsquo;une \u00e2me abandonn\u00e9e<\/p>\n<\/div>\n<\/div>\n\n\n\n<div style=\"height:43px\" aria-hidden=\"true\" class=\"wp-block-spacer\"><\/div>\n\n\n\n<p>Douceur qui est la vraie force, s\u00e9r\u00e9nit\u00e9 provenant d&rsquo;un abandon parfait \u00e0 la volont\u00e9 de Dieu, humilit\u00e9 profonde, telle est \u00e0 grands traits la physionomie spirituelle de M\u00e8re C\u00e9cile du Calvaire, dont ses filles gardent un inoubliable souvenir.<\/p>\n\n\n\n<div style=\"height:40px\" aria-hidden=\"true\" class=\"wp-block-spacer\"><\/div>\n\n\n\n<p><strong>Signe de la Providence, elle na\u00eet en la f\u00eate de la Transverb\u00e9ration de sainte Th\u00e9r\u00e8se, le 27 ao\u00fbt 1859, jour m\u00eame o\u00f9 entrait au Carmel Soeur Aim\u00e9e de J\u00e9sus. <\/strong><\/p>\n\n\n\n<div style=\"height:40px\" aria-hidden=\"true\" class=\"wp-block-spacer\"><\/div>\n\n\n\n<div class=\"wp-block-columns is-layout-flex wp-container-core-columns-is-layout-28f84493 wp-block-columns-is-layout-flex\">\n<div class=\"wp-block-column is-layout-flow wp-block-column-is-layout-flow\" style=\"flex-basis:33%\">\n<figure class=\"wp-block-image size-large is-style-default\"><img loading=\"lazy\" decoding=\"async\" width=\"586\" height=\"1024\" src=\"https:\/\/carmel-creteil.org\/wp-content\/uploads\/2025\/08\/15-Cecile-Chaboche-586x1024.jpg\" alt=\"\" class=\"wp-image-1838\"\/><\/figure>\n<\/div>\n\n\n\n<div class=\"wp-block-column is-layout-flow wp-block-column-is-layout-flow\">\n<p><strong>Elle n&rsquo;a que huit ans<\/strong> lorsqu&rsquo;une voix int\u00e9rieure lui dit : <strong>\u00ab\u00a0Tu seras Carm\u00e9lite avenue de Saxe.\u00a0\u00bb<\/strong> Elle ne sait alors ni ce qu&rsquo;est le Carmel, et encore moins l&rsquo;avenue de Saxe. Pr\u00e9cieusement elle garde son secret. Dans la bande joyeuse des fr\u00e8res, s\u0153urs et cousins, elle remplit d\u00e9j\u00e0 son r\u00f4le qui sera celui de toute sa vie : donner la paix, la rayonner. L&rsquo;\u00e9ducation s\u00e9rieuse qu&rsquo;elle re\u00e7oit de sa m\u00e8re est une pr\u00e9paration lointaine \u00e0 la vie du clo\u00eetre.<\/p>\n\n\n\n<p>Le go\u00fbt de l&rsquo;aust\u00e9rit\u00e9 et de la p\u00e9nitence se d\u00e9veloppe en elle, mais la perspective de sacrifier son ind\u00e9pendance lui co\u00fbte : \u00ab\u00a0Si vous me voulez tout \u00e0 Vous, \u00f4 mon Dieu, dit-elle, je pourrais tr\u00e8s bien l&rsquo;\u00eatre en vivant en ermite dans un d\u00e9sert.\u00a0\u00bb<\/p>\n<\/div>\n<\/div>\n\n\n\n<div style=\"height:40px\" aria-hidden=\"true\" class=\"wp-block-spacer\"><\/div>\n\n\n\n<p>Puis des doutes contre la foi viennent l&rsquo;assaillir. Comme il lui arrive, se rendant \u00e0 la messe le matin, de marcher derri\u00e8re Mgr d&rsquo;Hulst, elle pense : \u00ab\u00a0Si je me trompe, si je suis dans l&rsquo;erreur, du moins c&rsquo;est en bonne compagnie, avec un esprit sup\u00e9rieur comme Mgr d&rsquo;Hulst, ou avec saint Thomas d&rsquo;Aquin.\u00a0\u00bb Cependant triomphant de tous les obstacles, et l&rsquo;\u00e2me en paix, accompagn\u00e9e de sa courageuse maman r\u00e9citant le Te Deum, elle entre au Carmel de l&rsquo;avenue de Saxe o\u00f9 l&rsquo;accueille <strong>M\u00e8re Marie de la Trinit\u00e9.<\/strong><\/p>\n\n\n\n<div style=\"height:40px\" aria-hidden=\"true\" class=\"wp-block-spacer\"><\/div>\n\n\n\n<figure class=\"wp-block-image aligncenter size-large\"><img loading=\"lazy\" decoding=\"async\" width=\"1024\" height=\"721\" src=\"https:\/\/carmel-creteil.org\/wp-content\/uploads\/2025\/08\/14-Profession-av-de-Saxe-1024x721.jpg\" alt=\"\" class=\"wp-image-1842\"\/><\/figure>\n\n\n\n<p class=\"has-text-align-center has-normal-font-size\">Profession Avenue de Saxe entre les mains de M\u00e8re Marie de la Trinit\u00e9<\/p>\n\n\n\n<div style=\"height:40px\" aria-hidden=\"true\" class=\"wp-block-spacer\"><\/div>\n\n\n\n<p>Entier d\u00e9nuement, abn\u00e9gation totale, d\u00e9vouement sans retour, tel est le programme qui lui est trac\u00e9 <strong>au jour de sa profession le 20 novembre 1884<\/strong> et qui devient le but de ses efforts g\u00e9n\u00e9reux anim\u00e9s par un ardent amour. <\/p>\n\n\n\n<div style=\"height:40px\" aria-hidden=\"true\" class=\"wp-block-spacer\"><\/div>\n\n\n\n<div class=\"wp-block-columns is-layout-flex wp-container-core-columns-is-layout-28f84493 wp-block-columns-is-layout-flex\">\n<div class=\"wp-block-column is-layout-flow wp-block-column-is-layout-flow\" style=\"flex-basis:66.66%\">\n<p class=\"has-text-align-center\" style=\"padding-top:0;padding-right:0;padding-bottom:0;padding-left:0;font-size:24px\">Dans l&rsquo;\u00e9preuve, elle donne toute sa mesure. <\/p>\n\n\n\n<p class=\"has-text-align-center has-custom-cr-me-transparente-background-color has-background\" style=\"padding-top:var(--wp--preset--spacing--50);padding-right:var(--wp--preset--spacing--60);padding-bottom:var(--wp--preset--spacing--50);padding-left:var(--wp--preset--spacing--60);font-size:24px\">Se rendant au c\u0153ur apr\u00e8s une fi\u00e8vre typho\u00efde, elle contracte, dans un courant d&rsquo;air, une phtisie galopante, dont <strong>elle gu\u00e9rit miraculeusement apr\u00e8s une neuvaine \u00e0 Madame Louise de France<\/strong>. <\/p>\n\n\n\n<p class=\"has-text-align-center\">Puis c&rsquo;est sa Ma\u00eetresse qui ne comprend pas sa nature un peu froide et ferm\u00e9e. <strong>\u00ab\u00a0Je vous remercie, Seigneur, dit-elle seulement, de vous \u00eatre cach\u00e9 dans une \u00e2me \u00e0 qui je suis peu sympathique.\u00a0\u00bb<\/strong><\/p>\n<\/div>\n\n\n\n<div class=\"wp-block-column is-layout-flow wp-block-column-is-layout-flow\" style=\"flex-basis:33.33%\">\n<figure class=\"wp-block-image size-large is-style-rounded\"><img loading=\"lazy\" decoding=\"async\" width=\"768\" height=\"1024\" src=\"https:\/\/carmel-creteil.org\/wp-content\/uploads\/2025\/08\/Madame-Louise-768x1024.jpg\" alt=\"\" class=\"wp-image-1843\"\/><\/figure>\n<\/div>\n<\/div>\n\n\n\n<div style=\"height:40px\" aria-hidden=\"true\" class=\"wp-block-spacer\"><\/div>\n\n\n\n<p>Son d\u00e9vouement lui fait solliciter et obtenir de soigner une religieuse paralys\u00e9e, volant \u00e0 son secours de jour comme de nuit. <\/p>\n\n\n\n<p>Mais ce qui surtout brille en elle, c&rsquo;est <strong>une humilit\u00e9<\/strong> qui la porte \u00e0 s&rsquo;effacer, s&rsquo;effacer toujours plus. <strong>\u00ab\u00a0Oh ! la derni\u00e8re place dans la maison du Seigneur est bien, \u00e0 tous \u00e9gards, la plus d\u00e9sirable\u00a0\u00bb<\/strong>, s&rsquo;\u00e9crie-t-elle.<\/p>\n\n\n\n<div style=\"height:40px\" aria-hidden=\"true\" class=\"wp-block-spacer\"><\/div>\n\n\n\n<p class=\"has-text-align-left\">Appel\u00e9e \u00e0 prendre en charge les novices, elle se donne toute \u00e0 ses enfants. <\/p>\n\n\n\n<p class=\"has-text-align-left\">Esprit de foi, amour de la volont\u00e9 de Dieu, voil\u00e0 ce qu&rsquo;elle enseigne, ce dont elle vit. <\/p>\n\n\n\n<p class=\"has-text-align-left\">\u00ab\u00a0Aimez la volont\u00e9 de Dieu, dit-elle, et vous trouverez la joie dans votre souffrance et la dilatation dans son acceptation\u2026\u00a0\u00bb et encore : <\/p>\n\n\n\n<p class=\"has-text-align-center\">\u00ab\u00a0<strong>Jetez-vous dans l&rsquo;amour, ne vivez plus que dans l&rsquo;amour et pour l&rsquo;amour.\u00a0\u00bb<\/strong><\/p>\n\n\n\n<div style=\"height:40px\" aria-hidden=\"true\" class=\"wp-block-spacer\"><\/div>\n\n\n\n<div style=\"height:40px\" aria-hidden=\"true\" class=\"wp-block-spacer\"><\/div>\n\n\n\n<p><strong>Dans la charge de prieure<\/strong>, o\u00f9 elle succ\u00e8de \u00e0 la forte personnalit\u00e9 que fut M\u00e8re Marie de la Trinit\u00e9, <strong>elle rayonne de paix, de bont\u00e9 sereine<\/strong>. <\/p>\n\n\n\n<p>Elle exercera cette charge dix-huit ans, dans les circonstances extr\u00eamement difficiles de la guerre et du retour en France. <\/p>\n\n\n\n<div style=\"height:80px\" aria-hidden=\"true\" class=\"wp-block-spacer\"><\/div>\n\n\n\n<p class=\"has-text-align-center has-large-font-size\"><strong>\u00ab\u00a0Respectez en chacune la pr\u00e9sence de Notre Seigneur, conseillera-t-elle plus tard \u00e0 celle qui lui succ\u00e8dera, respectez m\u00eame les d\u00e9fauts et les lacunes, comme vous devez respecter les infirmit\u00e9s. Enfin, si vous voulez bien gouverner, soyez humble, et laissez Notre Seigneur dominer en vous sans que votre personnalit\u00e9 apparaisse.\u00a0\u00bb<\/strong><\/p>\n\n\n\n<div style=\"height:80px\" aria-hidden=\"true\" class=\"wp-block-spacer\"><\/div>\n\n\n\n<div class=\"wp-block-columns is-layout-flex wp-container-core-columns-is-layout-28f84493 wp-block-columns-is-layout-flex\">\n<div class=\"wp-block-column is-layout-flow wp-block-column-is-layout-flow\" style=\"flex-basis:50%\">\n<figure class=\"wp-block-image aligncenter size-full is-style-default\"><img loading=\"lazy\" decoding=\"async\" width=\"449\" height=\"655\" src=\"https:\/\/carmel-creteil.org\/wp-content\/uploads\/2025\/08\/14-Natoye-de-loin.jpg\" alt=\"\" class=\"wp-image-1836\"\/><\/figure>\n<\/div>\n\n\n\n<div class=\"wp-block-column is-layout-flow wp-block-column-is-layout-flow\" style=\"flex-basis:50%\">\n<p style=\"font-size:23px\">Son r\u00f4le pendant la guerre de 1914-18 <strong>\u00e0 Natoye,<\/strong> en Belgique, l&rsquo;aum\u00f4nier de cette \u00e9poque, le P\u00e8re Evermode (Pr\u00e9montr\u00e9) le d\u00e9finira ainsi : \u00ab\u00a0Malgr\u00e9 vents et mar\u00e9es, et m\u00eame violentes temp\u00eates, vous avez su mener votre barque avec bont\u00e9 et fermet\u00e9. Cette confiance en Dieu si absolue, qui vous donne cette s\u00e9r\u00e9nit\u00e9 que rien ne saurait d\u00e9monter, est une gr\u00e2ce, qui s\u00fbrement \u00e0 votre insu, a \u00e9t\u00e9 une force pour beaucoup de ceux qui vous approchaient. En ces ann\u00e9es d&rsquo;angoisses, o\u00f9 l&rsquo;affolement p\u00e9n\u00e9trait tant de clo\u00eetres, \u00e0 Natoye, le calme, la paix, la charit\u00e9 ne furent jamais troubl\u00e9s. J&rsquo;entends encore le bon chanoine Charlier, qui pourtant voyait tant de clo\u00eetr\u00e9es, parler avec admiration de celles de Natoye.\u00a0\u00bb<\/p>\n\n\n\n<div style=\"height:40px\" aria-hidden=\"true\" class=\"wp-block-spacer\"><\/div>\n<\/div>\n<\/div>\n\n\n\n<p>C&rsquo;est gr\u00e2ce, en effet, \u00e0 l&rsquo;\u00e9nergie de M\u00e8re C\u00e9cile, au d\u00e9vouement sans bornes et \u00e0 la g\u00e9n\u00e9rosit\u00e9 de sa famille que se trouv\u00e8rent r\u00e9solues les grandes difficult\u00e9s de l&rsquo;installation en Belgique et du retour en France, dans <strong>le petit monast\u00e8re de la rue du Moulin, \u00e0 Cr\u00e9teil, achet\u00e9 en 1919  <\/strong>(monast\u00e8re occup\u00e9 \u00e0 Cr\u00e9teil avant celui que nous occupons aujourd&rsquo;hui, voir : <a href=\"https:\/\/carmel-creteil.org\/index.php\/notre-histoire\/histoire\/#c'estqueled\u00e9sird'unretour\" data-type=\"page\" data-id=\"146\" target=\"_blank\" rel=\"noreferrer noopener\"><strong><em>Notre Histoire<\/em><\/strong><\/a>).<\/p>\n\n\n\n<div style=\"height:40px\" aria-hidden=\"true\" class=\"wp-block-spacer\"><\/div>\n\n\n\n<figure class=\"wp-block-gallery has-nested-images columns-default is-cropped wp-block-gallery-2 is-layout-flex wp-block-gallery-is-layout-flex\">\n<figure class=\"wp-block-image size-large\"><img loading=\"lazy\" decoding=\"async\" width=\"250\" height=\"176\" data-id=\"1846\" src=\"https:\/\/carmel-creteil.org\/wp-content\/uploads\/2025\/08\/15-Facade-cote-rue-Moulin-e1756041652107.jpg\" alt=\"\" class=\"wp-image-1846\"\/><\/figure>\n\n\n\n<figure class=\"wp-block-image size-medium\"><img loading=\"lazy\" decoding=\"async\" width=\"300\" height=\"221\" data-id=\"1845\" src=\"https:\/\/carmel-creteil.org\/wp-content\/uploads\/2025\/08\/15-R.-Moulin-facade-300x221.jpg\" alt=\"\" class=\"wp-image-1845\"\/><\/figure>\n<\/figure>\n\n\n\n<div style=\"height:40px\" aria-hidden=\"true\" class=\"wp-block-spacer\"><\/div>\n\n\n\n<p>Bonne \u00e0 toutes, elle partage les joies, panse les blessures, entra\u00eene \u00e0 la lessive, \u00e0 tous les travaux, a des d\u00e9licatesses vraiment maternelles. <\/p>\n\n\n\n<p>Ne vient-elle pas, un soir, malgr\u00e9 son grand \u00e2ge, canne d&rsquo;une main, torchon de l&rsquo;autre, aider une S\u0153ur \u00e0 terminer sa vaisselle \u00e0 l&rsquo;infirmerie, pour la faire reposer plus t\u00f4t ! <\/p>\n\n\n\n<p>Dans ce m\u00eame temps, elle \u00e9crit : <strong>\u00ab\u00a0Au milieu de mes multiples et absorbantes occupations, je garde le calme et la paix de l&rsquo;\u00e2me, et rien ne la trouble.\u00a0\u00bb<\/strong><\/p>\n\n\n\n<div style=\"height:40px\" aria-hidden=\"true\" class=\"wp-block-spacer\"><\/div>\n\n\n\n<p>Lorsque sa fatigue croissante la force \u00e0 quitter la charge, elle est libre alors de se livrer \u00e0 son grand attrait : s&rsquo;effacer, s&rsquo;effacer toujours plus. <\/p>\n\n\n\n<div style=\"height:40px\" aria-hidden=\"true\" class=\"wp-block-spacer\"><\/div>\n\n\n\n<p>Mais dans son infirmerie, chacune vient encore chercher pr\u00e8s d&rsquo;elle cette paix qu&rsquo;elle ne cesse de rayonner.<\/p>\n\n\n\n<div style=\"height:40px\" aria-hidden=\"true\" class=\"wp-block-spacer\"><\/div>\n\n\n\n<div class=\"wp-block-columns is-layout-flex wp-container-core-columns-is-layout-28f84493 wp-block-columns-is-layout-flex\">\n<div class=\"wp-block-column is-layout-flow wp-block-column-is-layout-flow\" style=\"flex-basis:100%\">\n<div class=\"wp-block-columns is-layout-flex wp-container-core-columns-is-layout-28f84493 wp-block-columns-is-layout-flex\">\n<div class=\"wp-block-column is-layout-flow wp-block-column-is-layout-flow\" style=\"flex-basis:50%\">\n<figure class=\"wp-block-image aligncenter size-large is-resized\"><img loading=\"lazy\" decoding=\"async\" width=\"479\" height=\"1024\" src=\"https:\/\/carmel-creteil.org\/wp-content\/uploads\/2025\/08\/Mere-Cecile-fin-de-sa-vie-479x1024.jpg\" alt=\"\" class=\"wp-image-1868\" style=\"width:266px;height:auto\"\/><\/figure>\n<\/div>\n\n\n\n<div class=\"wp-block-column is-layout-flow wp-block-column-is-layout-flow\" style=\"flex-basis:50%\">\n<p> R\u00e9duite dans les derniers mois \u00e0 l&rsquo;impuissance, \u00e0 l&rsquo;inaction, elle est la vivante image du parfait et total abandon. <\/p>\n\n\n\n<p><strong>\u00ab\u00a0Je ne puis rien faire, disait-elle, mes journ\u00e9es ne sont plus qu&rsquo;un long Amen \u00e0 tout<\/strong>.\u00a0\u00bb<\/p>\n\n\n\n<p>\u00ab\u00a0Il fait tout noir dehors, dit-elle un jour. &#8211; Et au dedans ? lui demande-t-on. &#8211; Au dedans, <strong>mon Ciel est toujours serein<\/strong>.\u00a0\u00bb<\/p>\n\n\n\n<p>Elle mourut paisiblement, comme elle avait v\u00e9cu, le 4 juillet 1941.<\/p>\n<\/div>\n<\/div>\n<\/div>\n<\/div>\n\n\n\n<div style=\"height:40px\" aria-hidden=\"true\" class=\"wp-block-spacer\"><\/div>\n\n\n\n<p class=\"has-text-align-center has-x-large-font-size\"><strong>\u00ab\u00a0Je demande \u00e0 Notre Seigneur, avait-elle dit peu de temps auparavant, que vous soyez toutes des saintes. Il n&rsquo;y a que la saintet\u00e9 qui compte.\u00a0\u00bb<\/strong><\/p>\n\n\n\n<div style=\"height:40px\" aria-hidden=\"true\" class=\"wp-block-spacer\"><\/div>\n\n\n\n<hr class=\"wp-block-separator has-text-color has-custom-marron-fonc-color has-alpha-channel-opacity has-custom-marron-fonc-background-color has-background is-style-wide\"\/>\n\n\n\n<h4 class=\"wp-block-heading has-large-font-size\" style=\"padding-top:var(--wp--preset--spacing--60);padding-bottom:var(--wp--preset--spacing--60)\"><strong>Pens\u00e9es de M\u00e8re C\u00e9cile.<\/strong><\/h4>\n\n\n\n<p><em>&#8211; Je ne regarde pas autre chose en tout ce qui se pr\u00e9sente que la divine volont\u00e9, et cela tient mon \u00e2me dans le calme et la paix.<\/em><\/p>\n\n\n\n<p><em>&#8211; Comment nous \u00e9tonner de tomber puisque nous ne sommes que de pauvres cr\u00e9atures !<\/em><\/p>\n\n\n\n<p><em>&#8211; Oh, oui, Amen \u00e0 tout ce qu&rsquo;Il voudra ! Le Bon Dieu est bien libre ! Je veux tout ce qu&rsquo;Il veut.<\/em><\/p>\n\n\n\n<p><em>&#8211; \u00a0\u00bb Comment faites-vous, M\u00e8re C\u00e9cile, pour rester si douce dans la souffrance ? \u00a0\u00bb &#8211; \u00a0\u00bb Oh ! C&rsquo;est une habitude \u00e0 prendre&#8230; \u00ab\u00a0<\/em><\/p>\n\n\n\n<p><em>&#8211; \u00ab\u00a0En voyant M\u00e8re C\u00e9cile, je me dis : quelle grande et sublime chose de n&rsquo;\u00eatre plus capable d&rsquo;action, de n&rsquo;\u00eatre plus rien, quand par un abandon total, on est livr\u00e9 \u00e0 Dieu.\u00a0\u00bb (M\u00e8re Th\u00e9r\u00e8se de la Croix)<\/em><\/p>\n\n\n\n<div style=\"height:100px\" aria-hidden=\"true\" class=\"wp-block-spacer\"><\/div>\n\n\n\n<div class=\"wp-block-media-text has-media-on-the-right is-stacked-on-mobile\" style=\"grid-template-columns:auto 39%\"><div class=\"wp-block-media-text__content\">\n<p><strong>MERE THERESE DE LA CROIX<\/strong> (1878-1963)<\/p>\n\n\n\n<p>Ame de foi et de courage intr\u00e9pide.<\/p>\n<\/div><figure class=\"wp-block-media-text__media\"><img loading=\"lazy\" decoding=\"async\" width=\"754\" height=\"1024\" src=\"https:\/\/carmel-creteil.org\/wp-content\/uploads\/2025\/07\/Mere-Therese-1-e1753365202871-754x1024.jpg\" alt=\"\" class=\"wp-image-917 size-full\" srcset=\"https:\/\/carmel-creteil.org\/wp-content\/uploads\/2025\/07\/Mere-Therese-1-e1753365202871-754x1024.jpg 754w, https:\/\/carmel-creteil.org\/wp-content\/uploads\/2025\/07\/Mere-Therese-1-e1753365202871-221x300.jpg 221w, https:\/\/carmel-creteil.org\/wp-content\/uploads\/2025\/07\/Mere-Therese-1-e1753365202871-768x1043.jpg 768w, https:\/\/carmel-creteil.org\/wp-content\/uploads\/2025\/07\/Mere-Therese-1-e1753365202871.jpg 850w\" sizes=\"auto, (max-width: 754px) 100vw, 754px\" \/><\/figure><\/div>\n\n\n\n<div style=\"height:42px\" aria-hidden=\"true\" class=\"wp-block-spacer\"><\/div>\n\n\n\n<p class=\"has-text-align-center\"><strong>\u00ab\u00a0Cela a \u00e9t\u00e9 la grande force et la grande joie de ma vie, que ce sentiment de la pr\u00e9sence de Dieu en moi\u00a0\u00bb<\/strong> disait souvent M\u00e8re Th\u00e9r\u00e8se de la Croix dans les derniers jours de sa vie. <\/p>\n\n\n\n<div style=\"height:40px\" aria-hidden=\"true\" class=\"wp-block-spacer\"><\/div>\n\n\n\n<p>De fait, au milieu des t\u00e2ches les plus absorbantes, elle aura une \u00e9tonnante facilit\u00e9 \u00e0 se plonger en Dieu, \u00e0 se recueillir au plus intime d&rsquo;elle-m\u00eame pour y adorer la Trinit\u00e9 Sainte. <\/p>\n\n\n\n<p>Cet attrait, caract\u00e9ristique de sa vie int\u00e9rieure, lui est donn\u00e9 toute petite, tandis que deux circonstances particuli\u00e8res lui d\u00e9couvrent l&rsquo;efficacit\u00e9 de la pri\u00e8re. D\u00e8s lors, elle d\u00e9sire se consacrer \u00e0 Dieu. Une voix au fond de son c\u0153ur l&rsquo;appelle au Carmel, et ces paroles, lues dans Saint Jean de la Croix, l&rsquo;\u00e9clairent particuli\u00e8rement : \u00ab\u00a0Dieu pr\u00e9sent dans l&rsquo;\u00e2me y est cach\u00e9. Pour Le trouver, il faut que l&rsquo;\u00e2me se cache en Lui.\u00a0\u00bb<\/p>\n\n\n\n<div style=\"height:40px\" aria-hidden=\"true\" class=\"wp-block-spacer\"><\/div>\n\n\n\n<p>Il lui faudra lutter contre sa nature, qui est ardente certes, mais impulsive et autoritaire. <\/p>\n\n\n\n<p>Petite fille, ne s&rsquo;\u00e9chappe-t-elle pas, par la diligence, de la maison o\u00f9 elle passe les vacances sous la surveillance de son fr\u00e8re, parce que celui-ci a voulu l&rsquo;arracher \u00e0 un livre passionnant ! Mais toute son imp\u00e9tuosit\u00e9 se tourne \u00e0 aimer Dieu, et rien ne la d\u00e9tourne de sa vocation. Le 17 mars 1901, malgr\u00e9 l&rsquo;opposition de ses parents, elle entre \u00e0 l&rsquo;avenue de Saxe. Elle y prend l&rsquo;habit le 12 septembre 1901, veille du d\u00e9part en exil. Malgr\u00e9 les tristesses et le bouleversement de l&rsquo;heure, son c\u0153ur exulte&#8230;<\/p>\n\n\n\n<div style=\"height:40px\" aria-hidden=\"true\" class=\"wp-block-spacer\"><\/div>\n\n\n\n<div class=\"wp-block-columns is-layout-flex wp-container-core-columns-is-layout-28f84493 wp-block-columns-is-layout-flex\">\n<div class=\"wp-block-column is-layout-flow wp-block-column-is-layout-flow\" style=\"flex-basis:33.33%\">\n<figure class=\"wp-block-image size-large\"><img loading=\"lazy\" decoding=\"async\" width=\"1024\" height=\"773\" src=\"https:\/\/carmel-creteil.org\/wp-content\/uploads\/2025\/08\/Cour-Av-Saxe-1024x773.jpg\" alt=\"\" class=\"wp-image-1869\"\/><\/figure>\n<\/div>\n\n\n\n<div class=\"wp-block-column is-layout-flow wp-block-column-is-layout-flow\" style=\"flex-basis:66.66%\">\n<p style=\"padding-top:var(--wp--preset--spacing--70);padding-bottom:var(--wp--preset--spacing--70)\">En quittant le cher monast\u00e8re de l&rsquo;avenue de Saxe, la jeune novice avait d\u00e9j\u00e0 <strong>l&rsquo;intuition qu&rsquo;il serait impossible d&rsquo;y revenir&#8230;<\/strong><\/p>\n<\/div>\n<\/div>\n\n\n\n<div style=\"height:40px\" aria-hidden=\"true\" class=\"wp-block-spacer\"><\/div>\n\n\n\n<p>Du jour de sa profession, \u00e0 Natoye, en Belgique, elle garde ces lignes : <strong>\u00ab\u00a0Notre Seigneur m&rsquo;inonda de lumi\u00e8re et de joie, en me montrant que l&rsquo;union qu&rsquo;il venait de contracter avec mon \u00e2me n&rsquo;\u00e9tait que l&rsquo;aube d&rsquo;une union qui devait toujours aller grandissant jusqu&rsquo;\u00e0 l&rsquo;union b\u00e9atifique dans le Ciel.\u00a0\u00bb<\/strong><\/p>\n\n\n\n<p>Une gr\u00e2ce re\u00e7ue au d\u00e9but de sa vie religieuse la marque profond\u00e9ment. Ces paroles de l&rsquo;Evangile de saint Luc : <strong>\u00ab\u00a0C&rsquo;est pendant qu&rsquo;Il priait qu&rsquo;Il fut transfigur\u00e9\u00a0\u00bb<\/strong> lui font comprendre comment par l&rsquo;oraison, le recueillement, la solitude, s&rsquo;op\u00e8re la transformation de l&rsquo;\u00e2me que la lumi\u00e8re divine p\u00e9n\u00e8tre. <\/p>\n\n\n\n<p>Gr\u00e2ce de choix \u00e9galement que l&rsquo;intimit\u00e9 surnaturelle qu&rsquo;elle conna\u00eet avec sa Ma\u00eetresse des novices, <strong><em><a href=\"#saCommunaut\u00e9ed\u00e9concert\u00e9e...\">M\u00e8re C\u00e9cile du Calvaire.<\/a><\/em><\/strong><\/p>\n\n\n\n<div style=\"height:40px\" aria-hidden=\"true\" class=\"wp-block-spacer\"><\/div>\n\n\n\n<div class=\"wp-block-columns is-layout-flex wp-container-core-columns-is-layout-28f84493 wp-block-columns-is-layout-flex\" style=\"border-width:3px\">\n<div class=\"wp-block-column is-layout-flow wp-block-column-is-layout-flow\">\n<p class=\"has-text-align-center\" style=\"padding-top:var(--wp--preset--spacing--80);padding-bottom:var(--wp--preset--spacing--80)\"><strong>Soeur Jeanne du Saint-Esprit (1884-1912)<\/strong><\/p>\n\n\n\n<p class=\"has-text-align-center\" style=\"font-size:23px\">compagne de noviciat de M\u00e8re Th\u00e9r\u00e8se de la Croix, mourut tr\u00e8s jeune de la tuberculose.<\/p>\n<\/div>\n\n\n\n<div class=\"wp-block-column is-layout-flow wp-block-column-is-layout-flow\">\n<figure class=\"wp-block-image aligncenter size-large is-style-default\"><img loading=\"lazy\" decoding=\"async\" width=\"764\" height=\"1024\" src=\"https:\/\/carmel-creteil.org\/wp-content\/uploads\/2025\/08\/17-Photo-Sr-Jeanne-764x1024.jpg\" alt=\"\" class=\"wp-image-1870\"\/><\/figure>\n<\/div>\n\n\n\n<div class=\"wp-block-column is-layout-flow wp-block-column-is-layout-flow\">\n<p class=\"has-text-align-center\">Les 2 novices rivalisaient de z\u00e8le, avec <strong>des temp\u00e9raments tr\u00e8s diff\u00e9rents.<\/strong><\/p>\n\n\n\n<p class=\"has-text-align-center\"><strong>\u00ab\u00a0Mon petit Saint Jean\u00a0\u00bb, disait M\u00e8re C\u00e9cile \u00e0 Soeur Jeanne et \u00e0 Soeur Th\u00e9r\u00e8se : \u00ab\u00a0Mon petit Saint Pierre\u00a0\u00bb !<\/strong><\/p>\n<\/div>\n<\/div>\n\n\n\n<div style=\"height:40px\" aria-hidden=\"true\" class=\"wp-block-spacer\"><\/div>\n\n\n\n<p>Elue sous-Prieure avant la Grande Guerre, <strong>c&rsquo;est pour M\u00e8re Th\u00e9r\u00e8se le commencement d&rsquo;une suite d&rsquo;\u00e9v\u00e8nements qui ne lui laisseront plus de r\u00e9pit<\/strong> : la guerre, le retour en France, l&rsquo;installation \u00e0 Cr\u00e9teil, puis le transfert dans le nouveau monast\u00e8re : apparentes contradictions pour une \u00e2me attir\u00e9e \u00e0 se concentrer profond\u00e9ment en l&rsquo;adoration silencieuse et solitaire de son H\u00f4te divin. <\/p>\n\n\n\n<div style=\"height:40px\" aria-hidden=\"true\" class=\"wp-block-spacer\"><\/div>\n\n\n\n<p>Mais n&rsquo;a-t-elle pas, en entrant, choisi la croix pour son partage ? De fait, elle sera l&rsquo;ins\u00e9parable compagne de sa vie : \u00ab\u00a0Magna opera Domini, \u00e9crira-t-elle un jour\u2026 Je n&rsquo;avais jamais pens\u00e9 que cette parole de David s&rsquo;appliquerait \u00e0 la croix. Toutes les \u0153uvres du Seigneur sont grandes, tout ce qu&rsquo;Il fait est digne d&rsquo;un Dieu. Mais <strong>la croix est la plus grande des \u0153uvres, le triomphe de son amour<\/strong>.\u00a0\u00bb <\/p>\n\n\n\n<div style=\"height:40px\" aria-hidden=\"true\" class=\"wp-block-spacer\"><\/div>\n\n\n\n<div class=\"wp-block-group is-layout-constrained wp-block-group-is-layout-constrained\">\n<div class=\"wp-block-columns is-layout-flex wp-container-core-columns-is-layout-28f84493 wp-block-columns-is-layout-flex\">\n<div class=\"wp-block-column is-layout-flow wp-block-column-is-layout-flow\">\n<figure class=\"wp-block-image aligncenter size-large is-resized is-style-rounded\"><img loading=\"lazy\" decoding=\"async\" width=\"916\" height=\"1024\" src=\"https:\/\/carmel-creteil.org\/wp-content\/uploads\/2025\/08\/Croix-cloitre-916x1024.png\" alt=\"\" class=\"wp-image-1863\" style=\"width:325px;height:auto\"\/><\/figure>\n<\/div>\n\n\n\n<div class=\"wp-block-column is-layout-flow wp-block-column-is-layout-flow\">\n<p class=\"has-text-align-center has-normal-font-size\">Croix du clo\u00eetre de l&rsquo;Avenue de Saxe, encore actuellement au centre du clo\u00eetre au Carmel de Cr\u00e9teil<\/p>\n\n\n\n<div style=\"height:40px\" aria-hidden=\"true\" class=\"wp-block-spacer\"><\/div>\n\n\n\n<p class=\"has-text-align-center\">Cette croix provient du jardin des Carmes.<\/p>\n\n\n\n<p class=\"has-text-align-center\"><a href=\"https:\/\/carmel-creteil.org\/index.php\/notre-histoire\/figures-venerees\/mere-camille-site-carmel\/\" data-type=\"page\" data-id=\"662\"><em><strong>M\u00e8re Camille<\/strong><\/em><\/a> l&rsquo;avait fait placer sur la fosse dans laquelle furent jet\u00e9s les corps des pr\u00eatres martyrs (Massacres de septembre 1792)<\/p>\n<\/div>\n<\/div>\n<\/div>\n\n\n\n<div style=\"height:40px\" aria-hidden=\"true\" class=\"wp-block-spacer\"><\/div>\n\n\n\n<p>Rien pourtant n&rsquo;entrave jamais sa vie profonde, et en 1917, dans une p\u00e9riode particuli\u00e8rement critique, elle \u00e9crit : \u00ab\u00a0La note dominante de ma vie int\u00e9rieure est d&rsquo;\u00eatre poss\u00e9d\u00e9e par Dieu jusqu&rsquo;au dernier possible\u2026 J&rsquo;ai soif d&rsquo;amour et d&rsquo;unit\u00e9. <strong>O Union divine, tu es la passion grandissante de mon \u00e2me.\u00a0\u00bb<\/strong><\/p>\n\n\n\n<div style=\"height:40px\" aria-hidden=\"true\" class=\"wp-block-spacer\"><\/div>\n\n\n\n<p>A cette \u00e9poque, elle d\u00e9bute comme ma\u00eetresse des novices, en cette t\u00e2che o\u00f9 elle excellera et qui sera la grande \u0153uvre de sa vie : former les \u00e2mes. <\/p>\n\n\n\n<div style=\"height:40px\" aria-hidden=\"true\" class=\"wp-block-spacer\"><\/div>\n\n\n\n<p>Elue Prieure pour la premi\u00e8re fois lors du retour en France, elle prend cette r\u00e9solution : Laisser transpara\u00eetre J\u00e9sus, rester sous son regard, ne jamais Le quitter. <\/p>\n\n\n\n<p>Ce qu&rsquo;elle veut ? Former des caract\u00e8res qui sachent fuir le vague, la sentimentalit\u00e9, et s&rsquo;appuyer sur<strong> le \u00ab\u00a0roc de la foi\u00a0\u00bb<\/strong>. <\/p>\n\n\n\n<p><strong>\u00ab\u00a0Suaviter et fortiter\u00a0\u00bb<\/strong>, telle est sa devise. \u00ab\u00a0Fortiter\u00a0\u00bb l&#8217;emporte souvent\u2026 mais elle a des d\u00e9licatesses si maternelles, elle sait si bien \u00e9clairer, r\u00e9chauffer, on sent de sa part une telle affection surnaturelle, un tel amour des \u00e2mes qu&rsquo;elle est une Prieure beaucoup aim\u00e9e. <\/p>\n\n\n\n<p>Si sa mani\u00e8re forte fait un peu peur, la chaleur de son c\u0153ur fait oublier tout le reste. <\/p>\n\n\n\n<p>Elle va directement \u00e0 la volont\u00e9 de Dieu, ne s&rsquo;arr\u00eate gu\u00e8re \u00e0 la difficult\u00e9 des moyens. <\/p>\n\n\n\n<p>C&rsquo;est ainsi qu&rsquo;elle exige beaucoup. Ni ses filles, ni ses amis ne doivent s&rsquo;attendre \u00e0 \u00eatre m\u00e9nag\u00e9s. Cependant on admire tant son courage indomptable, on sent si bien qu&rsquo;elle cherche la gloire de Dieu, qu&rsquo;on l&rsquo;aime et qu&rsquo;on la suit.<\/p>\n\n\n\n<div style=\"height:40px\" aria-hidden=\"true\" class=\"wp-block-spacer\"><\/div>\n\n\n\n<p>Ne fallait-il pas un temp\u00e9rament de cette trempe pour assumer l&rsquo;expropriation du Carmel rue du Moulin et faire construire, sit\u00f4t la seconde guerre, le monast\u00e8re actuel aux milieux de tant d&#8217;embarras : p\u00e9nuries d&rsquo;argent, de mati\u00e8res premi\u00e8res, proc\u00e8s de l&rsquo;ancien locataire avenue de Ceinture etc ?&#8230;<\/p>\n\n\n\n<div style=\"height:40px\" aria-hidden=\"true\" class=\"wp-block-spacer\"><\/div>\n\n\n\n<p>Vraie fille de l&rsquo;Eglise, elle vibre \u00e0 toutes les grandes causes. C&rsquo;est par rapport au r\u00e8gne de Dieu dans le monde que les \u00e9v\u00e9nements l&rsquo;int\u00e9ressent. <strong>\u00ab\u00a0Favoris\u00e9es par la gr\u00e2ce, dit-elle \u00e0 ses filles, nous devons faire chaque jour davantage de notre apostolat, le but intime de notre vie. Nous ne sommes pas appel\u00e9es \u00e0 donner J\u00e9sus au monde par la pr\u00e9dication, mais par la pri\u00e8re et l&rsquo;immolation.\u00a0\u00bb<\/strong><\/p>\n\n\n\n<div style=\"height:40px\" aria-hidden=\"true\" class=\"wp-block-spacer\"><\/div>\n\n\n\n<p>La fin de sa vie est le soir d&rsquo;un beau jour. Ne pouvant plus se d\u00e9penser ext\u00e9rieurement, elle se r\u00e9fugie dans ses chers livres, sa broderie ou ses pinceaux. <\/p>\n\n\n\n<p>Dans l&rsquo;attente du Ciel, elle r\u00e9p\u00e8te souvent avec une grande ardeur de d\u00e9sir : \u00ab\u00a0Seigneur, il est temps de nous voir\u00a0\u00bb, tout en restant parfaitement abandonn\u00e9e. <strong>\u00ab\u00a0Je suis dans la plus profonde paix\u00a0\u00bb<\/strong> dit-elle. On respire aupr\u00e8s d&rsquo;elle une douce s\u00e9r\u00e9nit\u00e9, et elle accueille tout le monde avec un bon sourire. <\/p>\n\n\n\n<div style=\"height:40px\" aria-hidden=\"true\" class=\"wp-block-spacer\"><\/div>\n\n\n\n<div class=\"wp-block-columns is-layout-flex wp-container-core-columns-is-layout-28f84493 wp-block-columns-is-layout-flex\">\n<div class=\"wp-block-column is-layout-flow wp-block-column-is-layout-flow\">\n<figure class=\"wp-block-gallery has-nested-images columns-default is-cropped wp-block-gallery-3 is-layout-flex wp-block-gallery-is-layout-flex\">\n<figure class=\"wp-block-image size-large\"><img loading=\"lazy\" decoding=\"async\" width=\"768\" height=\"1024\" data-id=\"1872\" src=\"https:\/\/carmel-creteil.org\/wp-content\/uploads\/2025\/08\/Cimetiere-chapelle-768x1024.png\" alt=\"\" class=\"wp-image-1872\"\/><\/figure>\n\n\n\n<figure class=\"wp-block-image size-large\"><img loading=\"lazy\" decoding=\"async\" width=\"685\" height=\"1024\" data-id=\"1873\" src=\"https:\/\/carmel-creteil.org\/wp-content\/uploads\/2025\/08\/Cimetiere-685x1024.png\" alt=\"\" class=\"wp-image-1873\"\/><\/figure>\n<\/figure>\n<\/div>\n\n\n\n<div class=\"wp-block-column is-layout-flow wp-block-column-is-layout-flow\">\n<p style=\"padding-top:var(--wp--preset--spacing--30);padding-bottom:var(--wp--preset--spacing--30);font-size:24px\">C&rsquo;est tout paisiblement qu&rsquo;elle quitte la terre, comme l&rsquo;enfant qui<strong> s&rsquo;endort entre les bras de son P\u00e8re des Cieux, le mardi de la Pentec\u00f4te, 4 juin 1963.<\/strong> Elle qui <strong>avait tant combattu dans sa vie, fut conduite dans le petit cimeti\u00e8re de son cher monast\u00e8re, par un beau matin calme,<\/strong> dans une atmosph\u00e8re de surnaturelle et ind\u00e9finissable paix.<\/p>\n<\/div>\n<\/div>\n\n\n\n<div style=\"height:80px\" aria-hidden=\"true\" class=\"wp-block-spacer\"><\/div>\n\n\n\n<hr class=\"wp-block-separator has-text-color has-custom-marron-fonc-color has-alpha-channel-opacity has-custom-marron-fonc-background-color has-background is-style-wide\"\/>\n\n\n\n<div style=\"height:40px\" aria-hidden=\"true\" class=\"wp-block-spacer\"><\/div>\n\n\n\n<h4 class=\"wp-block-heading has-large-font-size\"><strong>Pens\u00e9es de M\u00e8re Th\u00e9r\u00e8se de la Croix<\/strong><\/h4>\n\n\n\n<div style=\"height:40px\" aria-hidden=\"true\" class=\"wp-block-spacer\"><\/div>\n\n\n\n<p><em>&#8211; Je souhaite vivement que pendant le temps que le Divin Ma\u00eetre m&rsquo;accordera d&rsquo;\u00eatre votre M\u00e8re, nous nous appliquions toutes \u00e0 d\u00e9velopper cet esprit de recueillement et de dilection fraternelle qui caract\u00e9risa notre Carmel dans ses premi\u00e8res ann\u00e9es et qui fait la joie et le charme de la vie de communaut\u00e9.<\/em><\/p>\n\n\n\n<p><em>&#8211; Comme notre sainte M\u00e8re, je me plaindrais bien au bon Dieu de nous susciter tant de difficult\u00e9s, mais en r\u00e9alit\u00e9 tous ces contretemps \u00e9purent, surnaturalisent et nous livrent davantage au bon plaisir divin. Puisqu&rsquo;il faut se donner tant de peine pour trouver un abri mat\u00e9riel, ne nous \u00e9tonnons pas des difficult\u00e9s \u00e0 surmonter pour b\u00e2tir une demeure immortelle et stable en notre \u00e2me \u00e0 notre divin et bien-aim\u00e9 Sauveur. Mais ce qui est consolant, c&rsquo;est que d\u00e8s cette vie, m\u00eame au milieu des entraves terrestres, nous pouvons vivre de sa vie divine, immuable, \u00e9ternelle.<\/em><\/p>\n\n\n\n<p><em>&#8211; (Pendant la Guerre) : La vie, telle qu&rsquo;elle nous est faite actuellement est bien, comme le dit saint Thomas, un passage entre deux nuits. Du c\u00f4t\u00e9 de la terre, privation de v\u00e9rit\u00e9, de libert\u00e9 ; du c\u00f4t\u00e9 du Ciel, privation de lumi\u00e8re pour conna\u00eetre parfois o\u00f9 est la Volont\u00e9 de Dieu, pour entrevoir ce qui sera le mieux. Heureusement dans cette nuit obscure nous avons la Foi, qui nous affirme que tout tourne au bien de ceux qui aiment Dieu, que rien n&rsquo;arrive sans sa permission et que la souffrance bien accept\u00e9e nous purifie, nous d\u00e9tache et nous rapproche de Dieu. A cette heure o\u00f9 les passions sont d\u00e9cha\u00een\u00e9es, o\u00f9 la haine \u00e9touffe la voix de l&rsquo;amour, o\u00f9 la souffrance sous toutes ses formes d\u00e9ferle sur le monde et brise les corps, les c\u0153urs, les \u00e2mes de millions d&rsquo;\u00eatres, o\u00f9 la mort semble triompher de la vie, je trouve ma force \u00e0 regarder les choses en Dieu. C&rsquo;est bien Lui qui nous parle dans ces \u00e9v\u00e9nements si p\u00e9nibles, c&rsquo;est sa Volont\u00e9 forte et suave qui dirige tout. Quoiqu&rsquo;il advienne, il y a en nous quelque chose \u00e0 qui personne ou aucun \u00e9v\u00e9nement ne peut toucher, c&rsquo;est notre \u00e2me, temple de Dieu, temple de l&rsquo;Esprit d&rsquo;Amour.<\/em><\/p>\n\n\n\n<p><em>&#8211; Le sacrifice est la plus grande preuve d&rsquo;amour et il nous faut impr\u00e9gner chaque moment pr\u00e9sent d&rsquo;amour et de sacrifice pour r\u00e9aliser notre belle vocation. Plus que d&rsquo;autres, nous devons \u00eatre pour Dieu des Christ prolong\u00e9s, un alter ego de J\u00e9sus, doux et humble de c\u0153ur, patient et fort, aimant jusqu&rsquo;\u00e0 l&rsquo;exc\u00e8s, toujours uni \u00e0 Lui par la pens\u00e9e.<\/em><\/p>\n\n\n\n<p><em>&#8211; A travers tout, contrari\u00e9t\u00e9s ou souffrances, ne voyons qu&rsquo;un acte d&rsquo;amour de la part de Dieu, sans vouloir regarder autre chose.<\/em><\/p>\n\n\n\n<p><em>&#8211; Mon unique d\u00e9sir est de mourir avec joie, dans un acte de pur amour, seul \u00e0 seul avec vous, \u00f4 J\u00e9sus, l&rsquo;unique amour de mon c\u0153ur.<\/em><\/p>\n\n\n\n<p class=\"has-text-align-right\" style=\"text-decoration:underline\"><strong><em>Voir <a href=\"https:\/\/carmel-creteil.org\/index.php\/notre-histoire\/figures-venerees\/\" data-type=\"page\" data-id=\"428\">Fi<\/a><\/em><\/strong><a href=\"https:\/\/carmel-creteil.org\/index.php\/notre-histoire\/figures-venerees\/\" data-type=\"page\" data-id=\"428\"><strong><em>gures v\u00e9n\u00e9r\u00e9es<\/em><\/strong><\/a><\/p>\n\n\n\n<div style=\"height:40px\" aria-hidden=\"true\" class=\"wp-block-spacer\"><\/div>\n\n\n<nav class=\"is-responsive items-justified-center wp-block-navigation is-content-justification-center is-layout-flex wp-container-core-navigation-is-layout-a89b3969 wp-block-navigation-is-layout-flex\" aria-label=\"Menu 2\" \n\t\t data-wp-interactive=\"core\/navigation\" data-wp-context='{\"overlayOpenedBy\":{\"click\":false,\"hover\":false,\"focus\":false},\"type\":\"overlay\",\"roleAttribute\":\"\",\"ariaLabel\":\"Menu\"}'><button aria-haspopup=\"dialog\" aria-label=\"Ouvrir le menu\" class=\"wp-block-navigation__responsive-container-open\" \n\t\t\t\tdata-wp-on--click=\"actions.openMenuOnClick\"\n\t\t\t\tdata-wp-on--keydown=\"actions.handleMenuKeydown\"\n\t\t\t><svg width=\"24\" height=\"24\" xmlns=\"http:\/\/www.w3.org\/2000\/svg\" viewBox=\"0 0 24 24\"><path d=\"M5 5v1.5h14V5H5z\"><\/path><path d=\"M5 12.8h14v-1.5H5v1.5z\"><\/path><path d=\"M5 19h14v-1.5H5V19z\"><\/path><\/svg><\/button>\n\t\t\t\t<div class=\"wp-block-navigation__responsive-container  has-text-color has-custom-marron-fonc-color has-background has-custom-cr-me-opaque-background-color\"  id=\"modal-4\" \n\t\t\t\tdata-wp-class--has-modal-open=\"state.isMenuOpen\"\n\t\t\t\tdata-wp-class--is-menu-open=\"state.isMenuOpen\"\n\t\t\t\tdata-wp-watch=\"callbacks.initMenu\"\n\t\t\t\tdata-wp-on--keydown=\"actions.handleMenuKeydown\"\n\t\t\t\tdata-wp-on--focusout=\"actions.handleMenuFocusout\"\n\t\t\t\ttabindex=\"-1\"\n\t\t\t>\n\t\t\t\t\t<div class=\"wp-block-navigation__responsive-close\" tabindex=\"-1\">\n\t\t\t\t\t\t<div class=\"wp-block-navigation__responsive-dialog\" \n\t\t\t\tdata-wp-bind--aria-modal=\"state.ariaModal\"\n\t\t\t\tdata-wp-bind--aria-label=\"state.ariaLabel\"\n\t\t\t\tdata-wp-bind--role=\"state.roleAttribute\"\n\t\t\t>\n\t\t\t\t\t\t\t<button aria-label=\"Fermer le menu\" class=\"wp-block-navigation__responsive-container-close\" \n\t\t\t\tdata-wp-on--click=\"actions.closeMenuOnClick\"\n\t\t\t><svg xmlns=\"http:\/\/www.w3.org\/2000\/svg\" viewBox=\"0 0 24 24\" width=\"24\" height=\"24\" aria-hidden=\"true\" focusable=\"false\"><path d=\"m13.06 12 6.47-6.47-1.06-1.06L12 10.94 5.53 4.47 4.47 5.53 10.94 12l-6.47 6.47 1.06 1.06L12 13.06l6.47 6.47 1.06-1.06L13.06 12Z\"><\/path><\/svg><\/button>\n\t\t\t\t\t\t\t<div class=\"wp-block-navigation__responsive-container-content\" \n\t\t\t\tdata-wp-watch=\"callbacks.focusFirstElement\"\n\t\t\t id=\"modal-4-content\">\n\t\t\t\t\t\t\t\t<ul class=\"wp-block-navigation__container is-responsive items-justified-center wp-block-navigation\"><li style=\"text-decoration:underline;\" class=\" wp-block-navigation-item wp-block-navigation-link\"><a class=\"wp-block-navigation-item__content\"  href=\"https:\/\/carmel-creteil.org\/\"><span class=\"wp-block-navigation-item__label\">Accueil<\/span><\/a><\/li><li style=\"text-decoration:underline;\" class=\" wp-block-navigation-item wp-block-navigation-link\"><a class=\"wp-block-navigation-item__content\"  href=\"https:\/\/carmel-creteil.org\/?page_id=297&#038;preview=true\"><span class=\"wp-block-navigation-item__label\">Notre Histoire<\/span><\/a><\/li><li style=\"text-decoration:underline;\" class=\" wp-block-navigation-item wp-block-navigation-link\"><a class=\"wp-block-navigation-item__content\"  href=\"https:\/\/carmel-creteil.org\/index.php\/le-monastere-aujourdhui-a-creteil\/\"><span class=\"wp-block-navigation-item__label\">Le monast\u00e8re aujourd\u2019hui<\/span><\/a><\/li><li style=\"text-decoration:underline;\" class=\" wp-block-navigation-item wp-block-navigation-link\"><a class=\"wp-block-navigation-item__content\"  href=\"https:\/\/carmel-creteil.org\/index.php\/venir-prier\/\"><span class=\"wp-block-navigation-item__label\">Venir prier<\/span><\/a><\/li><li style=\"text-decoration:underline;\" class=\" wp-block-navigation-item wp-block-navigation-link\"><a class=\"wp-block-navigation-item__content\"  href=\"https:\/\/carmel-creteil.org\/index.php\/notre-travail\/\"><span class=\"wp-block-navigation-item__label\">Notre travail<\/span><\/a><\/li><li style=\"text-decoration:underline;\" class=\" wp-block-navigation-item wp-block-navigation-link\"><a class=\"wp-block-navigation-item__content\"  href=\"https:\/\/carmel-creteil.org\/index.php\/coordonnees-et-offices\/\"><span class=\"wp-block-navigation-item__label\">Nous contacter<\/span><\/a><\/li><li style=\"text-decoration:underline;\" class=\" wp-block-navigation-item wp-block-navigation-link\"><a class=\"wp-block-navigation-item__content\"  href=\"https:\/\/carmel-creteil.org\/index.php\/nous-aider\/\"><span class=\"wp-block-navigation-item__label\">Nous aider<\/span><\/a><\/li><\/ul>\n\t\t\t\t\t\t\t<\/div>\n\t\t\t\t\t\t<\/div>\n\t\t\t\t\t<\/div>\n\t\t\t\t<\/div><\/nav>\n\n\n<div style=\"height:95px\" aria-hidden=\"true\" class=\"wp-block-spacer\"><\/div>\n\n\n\n<p class=\"has-text-align-center\"><em>\u00a9 Tous droits r\u00e9serv\u00e9s &#8211; Carmel Sainte Th\u00e9r\u00e8se de Cr\u00e9teil<\/em><\/p>\n\n\n\n<p><\/p>\n","protected":false},"excerpt":{"rendered":"<p>LES FONDATRICES : MERE THERESE DE JESUS (1625-1685) et MERE FRANCOISE DE LA CROIX (1626-1702) Elle ne s&rsquo;attire pas seulement l&rsquo;amiti\u00e9 des grands, mais des petits, tant son c\u0153ur compatissant et charitable s&rsquo;ing\u00e9nie \u00e0 d\u00e9couvrir toutes les mis\u00e8res. Un jour, une seule et unique pistole lui reste pour payer les ouvriers ! Sur ces entrefaites, [&hellip;]<\/p>\n","protected":false},"author":1,"featured_media":0,"parent":297,"menu_order":4,"comment_status":"closed","ping_status":"closed","template":"","meta":{"footnotes":""},"class_list":["post-34","page","type-page","status-publish","hentry"],"_links":{"self":[{"href":"https:\/\/carmel-creteil.org\/index.php\/wp-json\/wp\/v2\/pages\/34","targetHints":{"allow":["GET"]}}],"collection":[{"href":"https:\/\/carmel-creteil.org\/index.php\/wp-json\/wp\/v2\/pages"}],"about":[{"href":"https:\/\/carmel-creteil.org\/index.php\/wp-json\/wp\/v2\/types\/page"}],"author":[{"embeddable":true,"href":"https:\/\/carmel-creteil.org\/index.php\/wp-json\/wp\/v2\/users\/1"}],"replies":[{"embeddable":true,"href":"https:\/\/carmel-creteil.org\/index.php\/wp-json\/wp\/v2\/comments?post=34"}],"version-history":[{"count":118,"href":"https:\/\/carmel-creteil.org\/index.php\/wp-json\/wp\/v2\/pages\/34\/revisions"}],"predecessor-version":[{"id":1966,"href":"https:\/\/carmel-creteil.org\/index.php\/wp-json\/wp\/v2\/pages\/34\/revisions\/1966"}],"up":[{"embeddable":true,"href":"https:\/\/carmel-creteil.org\/index.php\/wp-json\/wp\/v2\/pages\/297"}],"wp:attachment":[{"href":"https:\/\/carmel-creteil.org\/index.php\/wp-json\/wp\/v2\/media?parent=34"}],"curies":[{"name":"wp","href":"https:\/\/api.w.org\/{rel}","templated":true}]}}