{"id":421,"date":"2025-07-18T15:58:40","date_gmt":"2025-07-18T15:58:40","guid":{"rendered":"https:\/\/carmel-creteil.org\/?page_id=421"},"modified":"2025-08-31T10:14:32","modified_gmt":"2025-08-31T10:14:32","slug":"histoire-de-lordre","status":"publish","type":"page","link":"https:\/\/carmel-creteil.org\/index.php\/notre-histoire\/histoire-de-lordre\/","title":{"rendered":"Histoire de l&rsquo;Ordre"},"content":{"rendered":"<nav class=\"is-responsive items-justified-center wp-block-navigation is-content-justification-center is-layout-flex wp-container-core-navigation-is-layout-a89b3969 wp-block-navigation-is-layout-flex\" aria-label=\"Menu\" \n\t\t data-wp-interactive=\"core\/navigation\" data-wp-context='{\"overlayOpenedBy\":{\"click\":false,\"hover\":false,\"focus\":false},\"type\":\"overlay\",\"roleAttribute\":\"\",\"ariaLabel\":\"Menu\"}'><button aria-haspopup=\"dialog\" aria-label=\"Ouvrir le menu\" class=\"wp-block-navigation__responsive-container-open\" \n\t\t\t\tdata-wp-on--click=\"actions.openMenuOnClick\"\n\t\t\t\tdata-wp-on--keydown=\"actions.handleMenuKeydown\"\n\t\t\t><svg width=\"24\" height=\"24\" xmlns=\"http:\/\/www.w3.org\/2000\/svg\" viewBox=\"0 0 24 24\"><path d=\"M5 5v1.5h14V5H5z\"><\/path><path d=\"M5 12.8h14v-1.5H5v1.5z\"><\/path><path d=\"M5 19h14v-1.5H5V19z\"><\/path><\/svg><\/button>\n\t\t\t\t<div class=\"wp-block-navigation__responsive-container  has-text-color has-custom-marron-fonc-color has-background has-custom-cr-me-opaque-background-color\"  id=\"modal-1\" \n\t\t\t\tdata-wp-class--has-modal-open=\"state.isMenuOpen\"\n\t\t\t\tdata-wp-class--is-menu-open=\"state.isMenuOpen\"\n\t\t\t\tdata-wp-watch=\"callbacks.initMenu\"\n\t\t\t\tdata-wp-on--keydown=\"actions.handleMenuKeydown\"\n\t\t\t\tdata-wp-on--focusout=\"actions.handleMenuFocusout\"\n\t\t\t\ttabindex=\"-1\"\n\t\t\t>\n\t\t\t\t\t<div class=\"wp-block-navigation__responsive-close\" tabindex=\"-1\">\n\t\t\t\t\t\t<div class=\"wp-block-navigation__responsive-dialog\" \n\t\t\t\tdata-wp-bind--aria-modal=\"state.ariaModal\"\n\t\t\t\tdata-wp-bind--aria-label=\"state.ariaLabel\"\n\t\t\t\tdata-wp-bind--role=\"state.roleAttribute\"\n\t\t\t>\n\t\t\t\t\t\t\t<button aria-label=\"Fermer le menu\" class=\"wp-block-navigation__responsive-container-close\" \n\t\t\t\tdata-wp-on--click=\"actions.closeMenuOnClick\"\n\t\t\t><svg xmlns=\"http:\/\/www.w3.org\/2000\/svg\" viewBox=\"0 0 24 24\" width=\"24\" height=\"24\" aria-hidden=\"true\" focusable=\"false\"><path d=\"m13.06 12 6.47-6.47-1.06-1.06L12 10.94 5.53 4.47 4.47 5.53 10.94 12l-6.47 6.47 1.06 1.06L12 13.06l6.47 6.47 1.06-1.06L13.06 12Z\"><\/path><\/svg><\/button>\n\t\t\t\t\t\t\t<div class=\"wp-block-navigation__responsive-container-content\" \n\t\t\t\tdata-wp-watch=\"callbacks.focusFirstElement\"\n\t\t\t id=\"modal-1-content\">\n\t\t\t\t\t\t\t\t<ul class=\"wp-block-navigation__container is-responsive items-justified-center wp-block-navigation\"><li style=\"text-decoration:underline;\" class=\" wp-block-navigation-item wp-block-navigation-link\"><a class=\"wp-block-navigation-item__content\"  href=\"https:\/\/carmel-creteil.org\/\"><span class=\"wp-block-navigation-item__label\">Accueil<\/span><\/a><\/li><li style=\"text-decoration:underline;\" class=\" wp-block-navigation-item wp-block-navigation-link\"><a class=\"wp-block-navigation-item__content\"  href=\"https:\/\/carmel-creteil.org\/?page_id=297&#038;preview=true\"><span class=\"wp-block-navigation-item__label\">Notre Histoire<\/span><\/a><\/li><li style=\"text-decoration:underline;\" class=\" wp-block-navigation-item wp-block-navigation-link\"><a class=\"wp-block-navigation-item__content\"  href=\"https:\/\/carmel-creteil.org\/index.php\/le-monastere-aujourdhui-a-creteil\/\"><span class=\"wp-block-navigation-item__label\">Le monast\u00e8re aujourd\u2019hui<\/span><\/a><\/li><li style=\"text-decoration:underline;\" class=\" wp-block-navigation-item wp-block-navigation-link\"><a class=\"wp-block-navigation-item__content\"  href=\"https:\/\/carmel-creteil.org\/index.php\/venir-prier\/\"><span class=\"wp-block-navigation-item__label\">Venir prier<\/span><\/a><\/li><li style=\"text-decoration:underline;\" class=\" wp-block-navigation-item wp-block-navigation-link\"><a class=\"wp-block-navigation-item__content\"  href=\"https:\/\/carmel-creteil.org\/index.php\/notre-travail\/\"><span class=\"wp-block-navigation-item__label\">Notre travail<\/span><\/a><\/li><li style=\"text-decoration:underline;\" class=\" wp-block-navigation-item wp-block-navigation-link\"><a class=\"wp-block-navigation-item__content\"  href=\"https:\/\/carmel-creteil.org\/index.php\/coordonnees-et-offices\/\"><span class=\"wp-block-navigation-item__label\">Nous contacter<\/span><\/a><\/li><li style=\"text-decoration:underline;\" class=\" wp-block-navigation-item wp-block-navigation-link\"><a class=\"wp-block-navigation-item__content\"  href=\"https:\/\/carmel-creteil.org\/index.php\/nous-aider\/\"><span class=\"wp-block-navigation-item__label\">Nous aider<\/span><\/a><\/li><\/ul>\n\t\t\t\t\t\t\t<\/div>\n\t\t\t\t\t\t<\/div>\n\t\t\t\t\t<\/div>\n\t\t\t\t<\/div><\/nav>\n\n\n<div style=\"height:40px\" aria-hidden=\"true\" class=\"wp-block-spacer\"><\/div>\n\n\n\n<div class=\"wp-block-media-text is-stacked-on-mobile\" style=\"grid-template-columns:38% auto\"><figure class=\"wp-block-media-text__media\"><img loading=\"lazy\" decoding=\"async\" width=\"889\" height=\"1024\" src=\"https:\/\/carmel-creteil.org\/wp-content\/uploads\/2025\/07\/Saint-Elie-889x1024.jpg\" alt=\"\" class=\"wp-image-579 size-full\"\/><\/figure><div class=\"wp-block-media-text__content\">\n<p class=\"has-x-large-font-size\"><strong>Histoire de l&rsquo;Ordre<\/strong><\/p>\n\n\n\n<p>Une tradition multis\u00e9culaire fait remonter l\u2019origine de l\u2019Ordre du Carmel au <strong>proph\u00e8te \u00c9lie<\/strong>.<\/p>\n<\/div><\/div>\n\n\n\n<div style=\"height:34px\" aria-hidden=\"true\" class=\"wp-block-spacer\"><\/div>\n\n\n\n<p class=\"has-text-align-center\">\u00c0 sa suite, des ermites se sont toujours succ\u00e9d\u00e9s sur le Mont-Carmel, pour rechercher la Face de Dieu dans la solitude, selon sa devise&nbsp;:<\/p>\n\n\n\n<p class=\"has-text-align-center has-large-font-size\" style=\"padding-top:var(--wp--preset--spacing--50);padding-bottom:var(--wp--preset--spacing--50)\"><strong> \u00ab&nbsp;Il est vivant le Seigneur, devant qui je me tiens&nbsp;!&nbsp;\u00bb<\/strong><\/p>\n\n\n\n<div style=\"height:25px\" aria-hidden=\"true\" class=\"wp-block-spacer\"><\/div>\n\n\n\n<div class=\"wp-block-group has-small-font-size is-nowrap is-layout-flex wp-container-core-group-is-layout-6c531013 wp-block-group-is-layout-flex\">\n<p class=\"has-small-font-size\">Le Mont Carmel au coucher du soleil <\/p>\n<\/div>\n\n\n\n<div class=\"wp-block-media-text is-stacked-on-mobile is-vertically-aligned-top is-style-default\" style=\"grid-template-columns:47% auto\"><figure class=\"wp-block-media-text__media\"><img loading=\"lazy\" decoding=\"async\" width=\"254\" height=\"168\" src=\"https:\/\/carmel-creteil.org\/wp-content\/uploads\/2025\/07\/Le-Mont-Carmel.jpg\" alt=\"\" class=\"wp-image-430 size-full\"\/><\/figure><div class=\"wp-block-media-text__content\">\n<p class=\"has-text-align-center\"><strong>Au d\u00e9but du XIII<sup>\u00e8me<\/sup> si\u00e8cle, des ermites du Mont-Carmel <\/strong>demandent au patriarche latin de J\u00e9rusalem, St Albert, la formulation d\u2019une R\u00e8gle de vie, qui allie vie c\u00e9nobitique et esprit \u00e9r\u00e9mitique pour une fin essentiellement contemplative.<\/p>\n<\/div><\/div>\n\n\n\n<div style=\"height:40px\" aria-hidden=\"true\" class=\"wp-block-spacer\"><\/div>\n\n\n\n<div class=\"wp-block-group is-nowrap is-layout-flex wp-container-core-group-is-layout-6c531013 wp-block-group-is-layout-flex\">\n<p>D\u00e8s le d\u00e9but, ces religieux-ermites se placent sous le patronage de Notre-Dame, \u00e0 qui ils d\u00e9dient leur premi\u00e8re&nbsp;petite \u00e9glise, d\u2019o\u00f9 leur nom de <strong>\u00ab&nbsp;Fr\u00e8res de Notre-Dame du Mont-Carmel&nbsp;\u00bb<\/strong>. Mais les Sarrasins envahissent la Palestine, ce qui oblige les Fr\u00e8res \u00e0 se r\u00e9fugier en Occident, o\u00f9 l\u2019implantation s\u2019av\u00e8re difficile\u2026 <\/p>\n<\/div>\n\n\n\n<div style=\"height:40px\" aria-hidden=\"true\" class=\"wp-block-spacer\"><\/div>\n\n\n\n<div class=\"wp-block-columns is-layout-flex wp-container-core-columns-is-layout-28f84493 wp-block-columns-is-layout-flex\">\n<div class=\"wp-block-column is-layout-flow wp-block-column-is-layout-flow\">\n<p style=\"padding-top:var(--wp--preset--spacing--70);padding-bottom:var(--wp--preset--spacing--70);font-size:28px\">La Vierge alors soutient Elle-m\u00eame ses enfants du Carmel <strong>en leur donnant le Saint Scapulaire remis \u00e0 St Simon Stock en 1251.<\/strong><\/p>\n<\/div>\n\n\n\n<div class=\"wp-block-column is-layout-flow wp-block-column-is-layout-flow\">\n<figure class=\"wp-block-image aligncenter size-full is-resized\"><img loading=\"lazy\" decoding=\"async\" width=\"215\" height=\"330\" src=\"https:\/\/carmel-creteil.org\/wp-content\/uploads\/2025\/08\/St-Simon-Stock.jpg\" alt=\"\" class=\"wp-image-1902\" style=\"width:280px;height:auto\" srcset=\"https:\/\/carmel-creteil.org\/wp-content\/uploads\/2025\/08\/St-Simon-Stock.jpg 215w, https:\/\/carmel-creteil.org\/wp-content\/uploads\/2025\/08\/St-Simon-Stock-195x300.jpg 195w\" sizes=\"auto, (max-width: 215px) 100vw, 215px\" \/><\/figure>\n<\/div>\n\n\n\n<div class=\"wp-block-column is-layout-flow wp-block-column-is-layout-flow\">\n<p style=\"font-size:22px\">Apr\u00e8s avoir invoqu\u00e9 Marie \u00e0 de nombreuses reprises, pour lui demander sa protection en ces temps difficiles,\u202fNotre-Dame [lui] apparut , environn\u00e9e d\u2019une multitude d\u2019anges, tenant en sa main un scapulaire et disant\u202f\u00a0: <strong>\u00ab\u00a0Voici un privil\u00e8ge pour toi et ceux du Carmel ; qui mourra ainsi rev\u00eatu sera sauv\u00e9<\/strong>\u00a0\u00bb relate un ancien manuscrit.<\/p>\n<\/div>\n<\/div>\n\n\n\n<div style=\"height:40px\" aria-hidden=\"true\" class=\"wp-block-spacer\"><\/div>\n\n\n\n<p>La vision fut bient\u00f4t reconnue par le pape Innocent IV, et la nouvelle du merveilleux<br>pr\u00e9sent fait par la M\u00e8re de Dieu \u00e0 l\u2019ordre du Carmel se r\u00e9pandit rapidement. <br><strong>En effet, le don du scapulaire avait \u00e9t\u00e9 fait \u00e0 l\u2019\u00c9glise enti\u00e8re<\/strong>, car la Sainte Vierge avait dit : \u00ab<br>Quiconque mourra avec le signe de l\u2019Ordre\u2026 \u00bb. En s\u2019agr\u00e9geant \u00e0 la confr\u00e9rie du scapulaire, les<br>la\u00efcs aussi pouvaient b\u00e9n\u00e9ficier du message de salut donn\u00e9 aux Carmes, et, pour qu\u2019ils puissent le porter discr\u00e8tement, la taille du scapulaire fut r\u00e9duite.<\/p>\n\n\n\n<div style=\"height:40px\" aria-hidden=\"true\" class=\"wp-block-spacer\"><\/div>\n\n\n\n<hr class=\"wp-block-separator has-text-color has-custom-marron-fonc-color has-alpha-channel-opacity has-custom-marron-fonc-background-color has-background is-style-wide\"\/>\n\n\n\n<p class=\"has-text-align-center\" style=\"font-size:22px\">Le v\u00eatement donn\u00e9 par Notre-Dame \u00e9voque la<strong> promesse de son aide maternelle <\/strong>pour qui le portera, tout en invitant le fid\u00e8le \u00e0 \u0153uvrer pour son salut.<\/p>\n\n\n\n<p class=\"has-text-align-center\" style=\"font-size:22px\"><strong>Qui rev\u00eat le scapulaire est disciple du Christ, enfant de l\u2019\u00c9glise, cheminant aux c\u00f4t\u00e9s de de la Vierge Marie.<\/strong><\/p>\n\n\n\n<p class=\"has-text-align-center has-large-font-size\" style=\"border-width:3px\"><strong>Saint Jean Paul\u202fII<\/strong>, dans sa lettre de 2001, le rappelle : \u00ab&nbsp;\u202fQue <strong>celui qui rev\u00eat le scapulaire fasse l\u2019exp\u00e9rience de la pr\u00e9sence douce et maternelle de Marie, dans l\u2019engagement quotidien de se rev\u00eatir int\u00e9rieurement de J\u00e9sus-Christ <\/strong>et de le manifester de fa\u00e7on vivante en soi pour le bien de l\u2019Eglise et de toute l\u2019humanit\u00e9\u202f&nbsp;\u00bb\u2026<\/p>\n\n\n\n<p class=\"has-text-align-center\" style=\"font-size:22px\"><strong>On notera qu&rsquo;on ne commence pas par soi-m\u00eame \u00e0 porter le Saint Scapulaire mais il doit \u00eatre impos\u00e9 par un pr\u00eatre<\/strong>&nbsp;: par l\u2019interm\u00e9diaire de la Sainte Eglise, Notre Dame du Mont-Carmel nous offre sa protection maternelle.<\/p>\n\n\n\n<hr class=\"wp-block-separator has-text-color has-custom-marron-fonc-color has-alpha-channel-opacity has-custom-marron-fonc-background-color has-background is-style-wide\"\/>\n\n\n\n<div style=\"height:40px\" aria-hidden=\"true\" class=\"wp-block-spacer\"><\/div>\n\n\n\n<p><strong>La Vierge confirmait par ce signe que le Carmel \u00e9tait bien son Ordre<\/strong>, et qu\u2019elle le prot\u00e9gerait. <\/p>\n\n\n\n<p>L\u2019Ordre se propagea en effet rapidement, mais les terribles bouleversements de la fin du Moyen-\u00c2ge conduisent les Fr\u00e8res \u00e0 demander une mitigation de la R\u00e8gle.<\/p>\n\n\n\n<div style=\"height:40px\" aria-hidden=\"true\" class=\"wp-block-spacer\"><\/div>\n\n\n\n<div class=\"wp-block-media-text is-stacked-on-mobile is-image-fill-element\" style=\"grid-template-columns:27% auto\"><figure class=\"wp-block-media-text__media\"><img loading=\"lazy\" decoding=\"async\" width=\"859\" height=\"1024\" src=\"https:\/\/carmel-creteil.org\/wp-content\/uploads\/2025\/07\/Notre-ste-Mere-Therese-859x1024.jpg\" alt=\"\" class=\"wp-image-535 size-full\" style=\"object-position:53% 93%\"\/><\/figure><div class=\"wp-block-media-text__content\">\n<p style=\"padding-top:var(--wp--preset--spacing--70);padding-bottom:var(--wp--preset--spacing--70)\">Vers la moiti\u00e9 du XV<sup>\u00e8me<\/sup> si\u00e8cle, se constituent les premiers monast\u00e8res de moniales. C\u2019est dans un de ces monast\u00e8res de R\u00e8gle mitig\u00e9e que <strong>Ste Th\u00e9r\u00e8se de J\u00e9sus entra en 1535, \u00e0 Avila.<\/strong><\/p>\n<\/div><\/div>\n\n\n\n<div style=\"height:80px\" aria-hidden=\"true\" class=\"wp-block-spacer\"><\/div>\n\n\n\n<div class=\"wp-block-columns is-layout-flex wp-container-core-columns-is-layout-28f84493 wp-block-columns-is-layout-flex\">\n<div class=\"wp-block-column is-layout-flow wp-block-column-is-layout-flow\" style=\"flex-basis:50%\">\n<p><strong>Puis \u00e0 la demande de Notre-Seigneur, elle entreprit une R\u00e9forme, pour revenir \u00e0 l\u2019esprit et \u00e0 la R\u00e8gle des origines<\/strong>, c\u2019est-\u00e0-dire pour revaloriser la pauvret\u00e9, la solitude, le d\u00e9tachement, en vue de favoriser le but sp\u00e9cifique de son Ordre qui est l\u2019union de l\u2019\u00e2me avec Dieu.<\/p>\n<\/div>\n\n\n\n<div class=\"wp-block-column is-layout-flow wp-block-column-is-layout-flow\" style=\"flex-basis:50%\">\n<figure class=\"wp-block-image is-style-rounded\"><img loading=\"lazy\" decoding=\"async\" width=\"1024\" height=\"768\" src=\"https:\/\/carmel-creteil.org\/wp-content\/uploads\/2025\/08\/IMG_20250825_081200_6-scaled-e1756111412831-1024x768.jpg\" alt=\"\" class=\"wp-image-1903\"\/><\/figure>\n<\/div>\n<\/div>\n\n\n\n<p style=\"padding-top:var(--wp--preset--spacing--50);padding-bottom:var(--wp--preset--spacing--50)\">La fin contemplative constitue la ligne de force principale, l\u2019essence m\u00eame de la vie carm\u00e9litaine, dans un genre de vie qui se veut une imitation de la vie men\u00e9e \u00e0 Nazareth par la Sainte Famille. Mais il est aussi apostolique&nbsp;: le but de Ste Th\u00e9r\u00e8se \u00e9tait avant tout d\u2019aider l\u2019\u00c9glise, par la pri\u00e8re et la p\u00e9nitence. <\/p>\n\n\n\n<p>Profond\u00e9ment attrist\u00e9e par les nouvelles des guerres de religion en France, elle affirmait&nbsp;:<\/p>\n\n\n\n<p class=\"has-text-align-center\" style=\"padding-top:var(--wp--preset--spacing--40);padding-bottom:var(--wp--preset--spacing--40)\">&nbsp;<strong>\u00ab Je donnerais volontiers 1000 vies pour sauver une seule \u00e2me&nbsp;\u00bb<\/strong>. <\/p>\n\n\n\n<p>Et elle entra\u00eenait ses S\u0153urs \u00e0 se&nbsp;\u00ab&nbsp;mettre en pri\u00e8re pour les d\u00e9fenseurs de l\u2019\u00c9glise, pour les pr\u00e9dicateurs et les savants qui la soutiennent&nbsp;; \u00f4 mes S\u0153urs en J\u00e9sus-Christ, c\u2019est pour cela que le Seigneur vous a r\u00e9unies ici, c\u2019est l\u00e0 votre vocation, ce sont l\u00e0 vos affaires, le monde est en feu&nbsp;!&nbsp;\u00bb<\/p>\n\n\n\n<div style=\"height:50px\" aria-hidden=\"true\" class=\"wp-block-spacer\"><\/div>\n\n\n\n<p class=\"has-text-align-center has-large-font-size\">Le Carmel est avant tout<strong> l\u2019Ordre de Marie&nbsp;<\/strong>: <\/p>\n\n\n\n<p class=\"has-text-align-center has-large-font-size\">Notre-Dame du Mont-Carmel.<\/p>\n\n\n\n<figure class=\"wp-block-image aligncenter size-large is-resized is-style-rounded\" style=\"margin-top:var(--wp--preset--spacing--70);margin-right:0;margin-bottom:var(--wp--preset--spacing--70);margin-left:0\"><img loading=\"lazy\" decoding=\"async\" width=\"891\" height=\"1024\" src=\"https:\/\/carmel-creteil.org\/wp-content\/uploads\/2025\/07\/ND-du-Mt-Carmel-891x1024.jpg\" alt=\"\" class=\"wp-image-625\" style=\"width:425px\"\/><figcaption class=\"wp-element-caption\">                                 <strong><mark style=\"background-color:#805416;color:#FFFFFF\" class=\"has-inline-color\">Notre Dame du Mont Carmel<\/mark><\/strong><br>                                <strong><mark style=\"background-color:#805416;color:#FFFFFF\" class=\"has-inline-color\">Chapelle du Carmel de Cr\u00e9teil<\/mark><\/strong><\/figcaption><\/figure>\n\n\n\n<p class=\"has-text-align-center\" style=\"padding-top:0;padding-bottom:0\"><strong>\u00ab&nbsp;Le Carmel est tout de Marie, \u00e0 Marie et pour Marie&nbsp;\u00bb <\/strong>dit l\u2019antique adage.&nbsp;<\/p>\n\n\n\n<div style=\"height:50px\" aria-hidden=\"true\" class=\"wp-block-spacer\"><\/div>\n\n\n\n<p class=\"has-text-align-left\" style=\"padding-top:var(--wp--preset--spacing--60);padding-bottom:var(--wp--preset--spacing--60)\">En revenant \u00e0 la R\u00e8gle primitive, sainte Th\u00e9r\u00e8se de J\u00e9sus <strong>avait l\u2019intention de travailler \u00e0 l\u2019honneur et \u00e0 la gloire de Notre-Dame du Mont-Carmel<\/strong>, Patronne de l\u2019Ordre.<\/p>\n\n\n\n<p class=\"has-text-align-left\">&nbsp;Apr\u00e8s sa mort, les fondations de Carm\u00e9lites se multiplient dans le monde entier. <\/p>\n\n\n\n<div style=\"height:40px\" aria-hidden=\"true\" class=\"wp-block-spacer\"><\/div>\n\n\n\n<p class=\"has-text-align-center\" style=\"padding-top:var(--wp--preset--spacing--40);padding-bottom:var(--wp--preset--spacing--40)\"><strong>En 1604<\/strong>, c\u2019est la <strong>1<sup>\u00e8re<\/sup> fondation en France<\/strong>, \u00e0 Paris, <a href=\"https:\/\/carmel-creteil.org\/index.php\/histoire\/\"><strong>d\u2019o\u00f9 est issu notre monast\u00e8re<\/strong><\/a>.<\/p>\n\n\n\n<figure class=\"wp-block-image size-large has-custom-border\"><img loading=\"lazy\" decoding=\"async\" width=\"1024\" height=\"304\" src=\"https:\/\/carmel-creteil.org\/wp-content\/uploads\/2025\/08\/IMG_20250825_081003_1-scaled-e1756114126418-1024x304.jpg\" alt=\"\" class=\"wp-image-1906\" style=\"border-width:5px\"\/><\/figure>\n\n\n\n<div style=\"height:60px\" aria-hidden=\"true\" class=\"wp-block-spacer\"><\/div>\n\n\n\n<div style=\"height:40px\" aria-hidden=\"true\" class=\"wp-block-spacer\"><\/div>\n\n\n<nav class=\"is-responsive items-justified-center wp-block-navigation is-content-justification-center is-layout-flex wp-container-core-navigation-is-layout-a89b3969 wp-block-navigation-is-layout-flex\" aria-label=\"Menu 2\" \n\t\t data-wp-interactive=\"core\/navigation\" data-wp-context='{\"overlayOpenedBy\":{\"click\":false,\"hover\":false,\"focus\":false},\"type\":\"overlay\",\"roleAttribute\":\"\",\"ariaLabel\":\"Menu\"}'><button aria-haspopup=\"dialog\" aria-label=\"Ouvrir le menu\" class=\"wp-block-navigation__responsive-container-open\" \n\t\t\t\tdata-wp-on--click=\"actions.openMenuOnClick\"\n\t\t\t\tdata-wp-on--keydown=\"actions.handleMenuKeydown\"\n\t\t\t><svg width=\"24\" height=\"24\" xmlns=\"http:\/\/www.w3.org\/2000\/svg\" viewBox=\"0 0 24 24\"><path d=\"M5 5v1.5h14V5H5z\"><\/path><path d=\"M5 12.8h14v-1.5H5v1.5z\"><\/path><path d=\"M5 19h14v-1.5H5V19z\"><\/path><\/svg><\/button>\n\t\t\t\t<div class=\"wp-block-navigation__responsive-container  has-text-color has-custom-marron-fonc-color has-background has-custom-cr-me-opaque-background-color\"  id=\"modal-2\" \n\t\t\t\tdata-wp-class--has-modal-open=\"state.isMenuOpen\"\n\t\t\t\tdata-wp-class--is-menu-open=\"state.isMenuOpen\"\n\t\t\t\tdata-wp-watch=\"callbacks.initMenu\"\n\t\t\t\tdata-wp-on--keydown=\"actions.handleMenuKeydown\"\n\t\t\t\tdata-wp-on--focusout=\"actions.handleMenuFocusout\"\n\t\t\t\ttabindex=\"-1\"\n\t\t\t>\n\t\t\t\t\t<div class=\"wp-block-navigation__responsive-close\" tabindex=\"-1\">\n\t\t\t\t\t\t<div class=\"wp-block-navigation__responsive-dialog\" \n\t\t\t\tdata-wp-bind--aria-modal=\"state.ariaModal\"\n\t\t\t\tdata-wp-bind--aria-label=\"state.ariaLabel\"\n\t\t\t\tdata-wp-bind--role=\"state.roleAttribute\"\n\t\t\t>\n\t\t\t\t\t\t\t<button aria-label=\"Fermer le menu\" class=\"wp-block-navigation__responsive-container-close\" \n\t\t\t\tdata-wp-on--click=\"actions.closeMenuOnClick\"\n\t\t\t><svg xmlns=\"http:\/\/www.w3.org\/2000\/svg\" viewBox=\"0 0 24 24\" width=\"24\" height=\"24\" aria-hidden=\"true\" focusable=\"false\"><path d=\"m13.06 12 6.47-6.47-1.06-1.06L12 10.94 5.53 4.47 4.47 5.53 10.94 12l-6.47 6.47 1.06 1.06L12 13.06l6.47 6.47 1.06-1.06L13.06 12Z\"><\/path><\/svg><\/button>\n\t\t\t\t\t\t\t<div class=\"wp-block-navigation__responsive-container-content\" \n\t\t\t\tdata-wp-watch=\"callbacks.focusFirstElement\"\n\t\t\t id=\"modal-2-content\">\n\t\t\t\t\t\t\t\t<ul class=\"wp-block-navigation__container is-responsive items-justified-center wp-block-navigation\"><li style=\"text-decoration:underline;\" class=\" wp-block-navigation-item wp-block-navigation-link\"><a class=\"wp-block-navigation-item__content\"  href=\"https:\/\/carmel-creteil.org\/\"><span class=\"wp-block-navigation-item__label\">Accueil<\/span><\/a><\/li><li style=\"text-decoration:underline;\" class=\" wp-block-navigation-item wp-block-navigation-link\"><a class=\"wp-block-navigation-item__content\"  href=\"https:\/\/carmel-creteil.org\/?page_id=297&#038;preview=true\"><span class=\"wp-block-navigation-item__label\">Notre Histoire<\/span><\/a><\/li><li style=\"text-decoration:underline;\" class=\" wp-block-navigation-item wp-block-navigation-link\"><a class=\"wp-block-navigation-item__content\"  href=\"https:\/\/carmel-creteil.org\/index.php\/le-monastere-aujourdhui-a-creteil\/\"><span class=\"wp-block-navigation-item__label\">Le monast\u00e8re aujourd\u2019hui<\/span><\/a><\/li><li style=\"text-decoration:underline;\" class=\" wp-block-navigation-item wp-block-navigation-link\"><a class=\"wp-block-navigation-item__content\"  href=\"https:\/\/carmel-creteil.org\/index.php\/venir-prier\/\"><span class=\"wp-block-navigation-item__label\">Venir prier<\/span><\/a><\/li><li style=\"text-decoration:underline;\" class=\" wp-block-navigation-item wp-block-navigation-link\"><a class=\"wp-block-navigation-item__content\"  href=\"https:\/\/carmel-creteil.org\/index.php\/notre-travail\/\"><span class=\"wp-block-navigation-item__label\">Notre travail<\/span><\/a><\/li><li style=\"text-decoration:underline;\" class=\" wp-block-navigation-item wp-block-navigation-link\"><a class=\"wp-block-navigation-item__content\"  href=\"https:\/\/carmel-creteil.org\/index.php\/coordonnees-et-offices\/\"><span class=\"wp-block-navigation-item__label\">Nous contacter<\/span><\/a><\/li><li style=\"text-decoration:underline;\" class=\" wp-block-navigation-item wp-block-navigation-link\"><a class=\"wp-block-navigation-item__content\"  href=\"https:\/\/carmel-creteil.org\/index.php\/nous-aider\/\"><span class=\"wp-block-navigation-item__label\">Nous aider<\/span><\/a><\/li><\/ul>\n\t\t\t\t\t\t\t<\/div>\n\t\t\t\t\t\t<\/div>\n\t\t\t\t\t<\/div>\n\t\t\t\t<\/div><\/nav>\n\n\n<div style=\"height:71px\" aria-hidden=\"true\" class=\"wp-block-spacer\"><\/div>\n\n\n\n<p class=\"has-text-align-center\"><em>\u00a9 Tous droits r\u00e9serv\u00e9s &#8211; Carmel Sainte Th\u00e9r\u00e8se de Cr\u00e9teil<\/em><\/p>\n\n\n\n<p><\/p>\n","protected":false},"excerpt":{"rendered":"<p>Histoire de l&rsquo;Ordre Une tradition multis\u00e9culaire fait remonter l\u2019origine de l\u2019Ordre du Carmel au proph\u00e8te \u00c9lie. \u00c0 sa suite, des ermites se sont toujours succ\u00e9d\u00e9s sur le Mont-Carmel, pour rechercher la Face de Dieu dans la solitude, selon sa devise&nbsp;: \u00ab&nbsp;Il est vivant le Seigneur, devant qui je me tiens&nbsp;!&nbsp;\u00bb Le Mont Carmel au coucher [&hellip;]<\/p>\n","protected":false},"author":1,"featured_media":0,"parent":297,"menu_order":3,"comment_status":"closed","ping_status":"closed","template":"","meta":{"footnotes":""},"class_list":["post-421","page","type-page","status-publish","hentry"],"_links":{"self":[{"href":"https:\/\/carmel-creteil.org\/index.php\/wp-json\/wp\/v2\/pages\/421","targetHints":{"allow":["GET"]}}],"collection":[{"href":"https:\/\/carmel-creteil.org\/index.php\/wp-json\/wp\/v2\/pages"}],"about":[{"href":"https:\/\/carmel-creteil.org\/index.php\/wp-json\/wp\/v2\/types\/page"}],"author":[{"embeddable":true,"href":"https:\/\/carmel-creteil.org\/index.php\/wp-json\/wp\/v2\/users\/1"}],"replies":[{"embeddable":true,"href":"https:\/\/carmel-creteil.org\/index.php\/wp-json\/wp\/v2\/comments?post=421"}],"version-history":[{"count":46,"href":"https:\/\/carmel-creteil.org\/index.php\/wp-json\/wp\/v2\/pages\/421\/revisions"}],"predecessor-version":[{"id":2001,"href":"https:\/\/carmel-creteil.org\/index.php\/wp-json\/wp\/v2\/pages\/421\/revisions\/2001"}],"up":[{"embeddable":true,"href":"https:\/\/carmel-creteil.org\/index.php\/wp-json\/wp\/v2\/pages\/297"}],"wp:attachment":[{"href":"https:\/\/carmel-creteil.org\/index.php\/wp-json\/wp\/v2\/media?parent=421"}],"curies":[{"name":"wp","href":"https:\/\/api.w.org\/{rel}","templated":true}]}}