{"id":428,"date":"2025-07-18T16:33:34","date_gmt":"2025-07-18T16:33:34","guid":{"rendered":"https:\/\/carmel-creteil.org\/?page_id=428"},"modified":"2025-08-17T11:05:24","modified_gmt":"2025-08-17T11:05:24","slug":"figures-venerees","status":"publish","type":"page","link":"https:\/\/carmel-creteil.org\/index.php\/notre-histoire\/figures-venerees\/","title":{"rendered":"Figures v\u00e9n\u00e9r\u00e9es"},"content":{"rendered":"<nav class=\"is-responsive items-justified-center wp-block-navigation is-content-justification-center is-layout-flex wp-container-core-navigation-is-layout-a89b3969 wp-block-navigation-is-layout-flex\" aria-label=\"Menu\" \n\t\t data-wp-interactive=\"core\/navigation\" data-wp-context='{\"overlayOpenedBy\":{\"click\":false,\"hover\":false,\"focus\":false},\"type\":\"overlay\",\"roleAttribute\":\"\",\"ariaLabel\":\"Menu\"}'><button aria-haspopup=\"dialog\" aria-label=\"Ouvrir le menu\" class=\"wp-block-navigation__responsive-container-open\" \n\t\t\t\tdata-wp-on--click=\"actions.openMenuOnClick\"\n\t\t\t\tdata-wp-on--keydown=\"actions.handleMenuKeydown\"\n\t\t\t><svg width=\"24\" height=\"24\" xmlns=\"http:\/\/www.w3.org\/2000\/svg\" viewBox=\"0 0 24 24\"><path d=\"M5 5v1.5h14V5H5z\"><\/path><path d=\"M5 12.8h14v-1.5H5v1.5z\"><\/path><path d=\"M5 19h14v-1.5H5V19z\"><\/path><\/svg><\/button>\n\t\t\t\t<div class=\"wp-block-navigation__responsive-container  has-text-color has-custom-marron-fonc-color has-background has-custom-cr-me-opaque-background-color\"  id=\"modal-1\" \n\t\t\t\tdata-wp-class--has-modal-open=\"state.isMenuOpen\"\n\t\t\t\tdata-wp-class--is-menu-open=\"state.isMenuOpen\"\n\t\t\t\tdata-wp-watch=\"callbacks.initMenu\"\n\t\t\t\tdata-wp-on--keydown=\"actions.handleMenuKeydown\"\n\t\t\t\tdata-wp-on--focusout=\"actions.handleMenuFocusout\"\n\t\t\t\ttabindex=\"-1\"\n\t\t\t>\n\t\t\t\t\t<div class=\"wp-block-navigation__responsive-close\" tabindex=\"-1\">\n\t\t\t\t\t\t<div class=\"wp-block-navigation__responsive-dialog\" \n\t\t\t\tdata-wp-bind--aria-modal=\"state.ariaModal\"\n\t\t\t\tdata-wp-bind--aria-label=\"state.ariaLabel\"\n\t\t\t\tdata-wp-bind--role=\"state.roleAttribute\"\n\t\t\t>\n\t\t\t\t\t\t\t<button aria-label=\"Fermer le menu\" class=\"wp-block-navigation__responsive-container-close\" \n\t\t\t\tdata-wp-on--click=\"actions.closeMenuOnClick\"\n\t\t\t><svg xmlns=\"http:\/\/www.w3.org\/2000\/svg\" viewBox=\"0 0 24 24\" width=\"24\" height=\"24\" aria-hidden=\"true\" focusable=\"false\"><path d=\"m13.06 12 6.47-6.47-1.06-1.06L12 10.94 5.53 4.47 4.47 5.53 10.94 12l-6.47 6.47 1.06 1.06L12 13.06l6.47 6.47 1.06-1.06L13.06 12Z\"><\/path><\/svg><\/button>\n\t\t\t\t\t\t\t<div class=\"wp-block-navigation__responsive-container-content\" \n\t\t\t\tdata-wp-watch=\"callbacks.focusFirstElement\"\n\t\t\t id=\"modal-1-content\">\n\t\t\t\t\t\t\t\t<ul class=\"wp-block-navigation__container is-responsive items-justified-center wp-block-navigation\"><li style=\"text-decoration:underline;\" class=\" wp-block-navigation-item wp-block-navigation-link\"><a class=\"wp-block-navigation-item__content\"  href=\"https:\/\/carmel-creteil.org\/\"><span class=\"wp-block-navigation-item__label\">Accueil<\/span><\/a><\/li><li style=\"text-decoration:underline;\" class=\" wp-block-navigation-item wp-block-navigation-link\"><a class=\"wp-block-navigation-item__content\"  href=\"https:\/\/carmel-creteil.org\/?page_id=297&#038;preview=true\"><span class=\"wp-block-navigation-item__label\">Notre Histoire<\/span><\/a><\/li><li style=\"text-decoration:underline;\" class=\" wp-block-navigation-item wp-block-navigation-link\"><a class=\"wp-block-navigation-item__content\"  href=\"https:\/\/carmel-creteil.org\/index.php\/le-monastere-aujourdhui-a-creteil\/\"><span class=\"wp-block-navigation-item__label\">Le monast\u00e8re aujourd\u2019hui<\/span><\/a><\/li><li style=\"text-decoration:underline;\" class=\" wp-block-navigation-item wp-block-navigation-link\"><a class=\"wp-block-navigation-item__content\"  href=\"https:\/\/carmel-creteil.org\/index.php\/venir-prier\/\"><span class=\"wp-block-navigation-item__label\">Venir prier<\/span><\/a><\/li><li style=\"text-decoration:underline;\" class=\" wp-block-navigation-item wp-block-navigation-link\"><a class=\"wp-block-navigation-item__content\"  href=\"https:\/\/carmel-creteil.org\/index.php\/notre-travail\/\"><span class=\"wp-block-navigation-item__label\">Notre travail<\/span><\/a><\/li><li style=\"text-decoration:underline;\" class=\" wp-block-navigation-item wp-block-navigation-link\"><a class=\"wp-block-navigation-item__content\"  href=\"https:\/\/carmel-creteil.org\/index.php\/coordonnees-et-offices\/\"><span class=\"wp-block-navigation-item__label\">Nous contacter<\/span><\/a><\/li><li style=\"text-decoration:underline;\" class=\" wp-block-navigation-item wp-block-navigation-link\"><a class=\"wp-block-navigation-item__content\"  href=\"https:\/\/carmel-creteil.org\/index.php\/nous-aider\/\"><span class=\"wp-block-navigation-item__label\">Nous aider<\/span><\/a><\/li><\/ul>\n\t\t\t\t\t\t\t<\/div>\n\t\t\t\t\t\t<\/div>\n\t\t\t\t\t<\/div>\n\t\t\t\t<\/div><\/nav>\n\n\n<div style=\"height:40px\" aria-hidden=\"true\" class=\"wp-block-spacer\"><\/div>\n\n\n\n<div class=\"wp-block-columns is-layout-flex wp-container-core-columns-is-layout-28f84493 wp-block-columns-is-layout-flex\">\n<div class=\"wp-block-column is-layout-flow wp-block-column-is-layout-flow\" style=\"flex-basis:100%\">\n<div class=\"wp-block-group is-nowrap is-layout-flex wp-container-core-group-is-layout-6c531013 wp-block-group-is-layout-flex\">\n<div class=\"wp-block-group is-vertical is-layout-flex wp-container-core-group-is-layout-fe9cc265 wp-block-group-is-layout-flex\">\n<div class=\"wp-block-columns is-layout-flex wp-container-core-columns-is-layout-28f84493 wp-block-columns-is-layout-flex\">\n<div class=\"wp-block-column is-layout-flow wp-block-column-is-layout-flow\" style=\"flex-basis:100%\">\n<div class=\"wp-block-media-text is-stacked-on-mobile\" style=\"grid-template-columns:19% auto\"><figure class=\"wp-block-media-text__media\"><a href=\"https:\/\/carmel-creteil.org\/index.php\/notre-histoire\/figures-venerees\/mere-camille-site-carmel\/\"><img loading=\"lazy\" decoding=\"async\" width=\"791\" height=\"1024\" src=\"https:\/\/carmel-creteil.org\/wp-content\/uploads\/2025\/07\/Mere-Camille-791x1024.jpg\" alt=\"\" class=\"wp-image-392 size-full\"\/><\/a><\/figure><div class=\"wp-block-media-text__content\">\n<p>M\u00e8re Camille de l&rsquo;Enfant-J\u00e9sus<\/p>\n\n\n\n<p class=\"has-text-align-center has-luminous-vivid-amber-background-color has-background\" style=\"margin-top:0;margin-right:0rem;margin-bottom:0;margin-left:0rem;padding-top:var(--wp--preset--spacing--40);padding-right:0rem;padding-bottom:var(--wp--preset--spacing--40);padding-left:0rem\"><a href=\"https:\/\/carmel-creteil.org\/index.php\/notre-histoire\/figures-venerees\/mere-camille-site-carmel\/\" data-type=\"page\" data-id=\"662\"><strong>D\u00e9couvrir M\u00e8re Camille<\/strong><\/a><\/p>\n<\/div><\/div>\n<\/div>\n<\/div>\n<\/div>\n<\/div>\n<\/div>\n<\/div>\n\n\n\n<div style=\"height:29px\" aria-hidden=\"true\" class=\"wp-block-spacer\"><\/div>\n\n\n\n<div class=\"wp-block-media-text has-media-on-the-right is-stacked-on-mobile\" style=\"grid-template-columns:auto 26%\"><div class=\"wp-block-media-text__content\">\n<p class=\"has-text-align-right\">Soeur Marie-Aim\u00e9e de J\u00e9sus<\/p>\n\n\n\n<p class=\"has-text-align-center has-luminous-vivid-amber-background-color has-background\" style=\"margin-top:0;margin-right:0rem;margin-bottom:0;margin-left:0rem;padding-top:var(--wp--preset--spacing--40);padding-bottom:var(--wp--preset--spacing--40)\"><a href=\"https:\/\/carmel-creteil.org\/index.php\/soeur-aimee\/\" data-type=\"page\" data-id=\"1390\"><strong>D\u00e9couvrir Soeur Aim\u00e9e<\/strong><\/a><\/p>\n<\/div><figure class=\"wp-block-media-text__media\"><a href=\"https:\/\/carmel-creteil.org\/index.php\/soeur-aimee\/\"><img loading=\"lazy\" decoding=\"async\" width=\"1024\" height=\"1024\" src=\"https:\/\/carmel-creteil.org\/wp-content\/uploads\/2025\/07\/Sr-Aimee-en-rond-1024x1024.png\" alt=\"\" class=\"wp-image-425 size-full\"\/><\/a><\/figure><\/div>\n\n\n\n<div style=\"height:118px\" aria-hidden=\"true\" class=\"wp-block-spacer\"><\/div>\n\n\n\n<p class=\"has-text-align-center\"><em>\u00a9 Tous droits r\u00e9serv\u00e9s &#8211; Carmel Sainte Th\u00e9r\u00e8se de Cr\u00e9teil<\/em><\/p>\n\n\n\n<p><\/p>\n","protected":false},"excerpt":{"rendered":"<p>M\u00e8re Camille de l&rsquo;Enfant-J\u00e9sus D\u00e9couvrir M\u00e8re Camille Soeur Marie-Aim\u00e9e de J\u00e9sus D\u00e9couvrir Soeur Aim\u00e9e \u00a9 Tous droits r\u00e9serv\u00e9s &#8211; Carmel Sainte Th\u00e9r\u00e8se de Cr\u00e9teil<\/p>\n","protected":false},"author":1,"featured_media":0,"parent":297,"menu_order":5,"comment_status":"closed","ping_status":"closed","template":"","meta":{"footnotes":""},"class_list":["post-428","page","type-page","status-publish","hentry"],"_links":{"self":[{"href":"https:\/\/carmel-creteil.org\/index.php\/wp-json\/wp\/v2\/pages\/428","targetHints":{"allow":["GET"]}}],"collection":[{"href":"https:\/\/carmel-creteil.org\/index.php\/wp-json\/wp\/v2\/pages"}],"about":[{"href":"https:\/\/carmel-creteil.org\/index.php\/wp-json\/wp\/v2\/types\/page"}],"author":[{"embeddable":true,"href":"https:\/\/carmel-creteil.org\/index.php\/wp-json\/wp\/v2\/users\/1"}],"replies":[{"embeddable":true,"href":"https:\/\/carmel-creteil.org\/index.php\/wp-json\/wp\/v2\/comments?post=428"}],"version-history":[{"count":35,"href":"https:\/\/carmel-creteil.org\/index.php\/wp-json\/wp\/v2\/pages\/428\/revisions"}],"predecessor-version":[{"id":1703,"href":"https:\/\/carmel-creteil.org\/index.php\/wp-json\/wp\/v2\/pages\/428\/revisions\/1703"}],"up":[{"embeddable":true,"href":"https:\/\/carmel-creteil.org\/index.php\/wp-json\/wp\/v2\/pages\/297"}],"wp:attachment":[{"href":"https:\/\/carmel-creteil.org\/index.php\/wp-json\/wp\/v2\/media?parent=428"}],"curies":[{"name":"wp","href":"https:\/\/api.w.org\/{rel}","templated":true}]}}