{"id":662,"date":"2025-07-18T16:26:27","date_gmt":"2025-07-18T16:26:27","guid":{"rendered":"https:\/\/carmel-creteil.org\/?page_id=662"},"modified":"2025-08-21T14:19:24","modified_gmt":"2025-08-21T14:19:24","slug":"mere-camille-site-carmel","status":"publish","type":"page","link":"https:\/\/carmel-creteil.org\/index.php\/notre-histoire\/figures-venerees\/mere-camille-site-carmel\/","title":{"rendered":"M\u00e8re Camille de l&rsquo;Enfant-J\u00e9sus (de Soyecourt)"},"content":{"rendered":"<nav class=\"is-responsive items-justified-center wp-block-navigation is-content-justification-center is-layout-flex wp-container-core-navigation-is-layout-a89b3969 wp-block-navigation-is-layout-flex\" aria-label=\"Menu\" \n\t\t data-wp-interactive=\"core\/navigation\" data-wp-context='{\"overlayOpenedBy\":{\"click\":false,\"hover\":false,\"focus\":false},\"type\":\"overlay\",\"roleAttribute\":\"\",\"ariaLabel\":\"Menu\"}'><button aria-haspopup=\"dialog\" aria-label=\"Ouvrir le menu\" class=\"wp-block-navigation__responsive-container-open\" \n\t\t\t\tdata-wp-on--click=\"actions.openMenuOnClick\"\n\t\t\t\tdata-wp-on--keydown=\"actions.handleMenuKeydown\"\n\t\t\t><svg width=\"24\" height=\"24\" xmlns=\"http:\/\/www.w3.org\/2000\/svg\" viewBox=\"0 0 24 24\"><path d=\"M5 5v1.5h14V5H5z\"><\/path><path d=\"M5 12.8h14v-1.5H5v1.5z\"><\/path><path d=\"M5 19h14v-1.5H5V19z\"><\/path><\/svg><\/button>\n\t\t\t\t<div class=\"wp-block-navigation__responsive-container  has-text-color has-custom-marron-fonc-color has-background has-custom-cr-me-opaque-background-color\"  id=\"modal-1\" \n\t\t\t\tdata-wp-class--has-modal-open=\"state.isMenuOpen\"\n\t\t\t\tdata-wp-class--is-menu-open=\"state.isMenuOpen\"\n\t\t\t\tdata-wp-watch=\"callbacks.initMenu\"\n\t\t\t\tdata-wp-on--keydown=\"actions.handleMenuKeydown\"\n\t\t\t\tdata-wp-on--focusout=\"actions.handleMenuFocusout\"\n\t\t\t\ttabindex=\"-1\"\n\t\t\t>\n\t\t\t\t\t<div class=\"wp-block-navigation__responsive-close\" tabindex=\"-1\">\n\t\t\t\t\t\t<div class=\"wp-block-navigation__responsive-dialog\" \n\t\t\t\tdata-wp-bind--aria-modal=\"state.ariaModal\"\n\t\t\t\tdata-wp-bind--aria-label=\"state.ariaLabel\"\n\t\t\t\tdata-wp-bind--role=\"state.roleAttribute\"\n\t\t\t>\n\t\t\t\t\t\t\t<button aria-label=\"Fermer le menu\" class=\"wp-block-navigation__responsive-container-close\" \n\t\t\t\tdata-wp-on--click=\"actions.closeMenuOnClick\"\n\t\t\t><svg xmlns=\"http:\/\/www.w3.org\/2000\/svg\" viewBox=\"0 0 24 24\" width=\"24\" height=\"24\" aria-hidden=\"true\" focusable=\"false\"><path d=\"m13.06 12 6.47-6.47-1.06-1.06L12 10.94 5.53 4.47 4.47 5.53 10.94 12l-6.47 6.47 1.06 1.06L12 13.06l6.47 6.47 1.06-1.06L13.06 12Z\"><\/path><\/svg><\/button>\n\t\t\t\t\t\t\t<div class=\"wp-block-navigation__responsive-container-content\" \n\t\t\t\tdata-wp-watch=\"callbacks.focusFirstElement\"\n\t\t\t id=\"modal-1-content\">\n\t\t\t\t\t\t\t\t<ul class=\"wp-block-navigation__container is-responsive items-justified-center wp-block-navigation\"><li style=\"text-decoration:underline;\" class=\" wp-block-navigation-item wp-block-navigation-link\"><a class=\"wp-block-navigation-item__content\"  href=\"https:\/\/carmel-creteil.org\/\"><span class=\"wp-block-navigation-item__label\">Accueil<\/span><\/a><\/li><li style=\"text-decoration:underline;\" class=\" wp-block-navigation-item wp-block-navigation-link\"><a class=\"wp-block-navigation-item__content\"  href=\"https:\/\/carmel-creteil.org\/?page_id=297&#038;preview=true\"><span class=\"wp-block-navigation-item__label\">Notre Histoire<\/span><\/a><\/li><li style=\"text-decoration:underline;\" class=\" wp-block-navigation-item wp-block-navigation-link\"><a class=\"wp-block-navigation-item__content\"  href=\"https:\/\/carmel-creteil.org\/index.php\/le-monastere-aujourdhui-a-creteil\/\"><span class=\"wp-block-navigation-item__label\">Le monast\u00e8re aujourd\u2019hui<\/span><\/a><\/li><li style=\"text-decoration:underline;\" class=\" wp-block-navigation-item wp-block-navigation-link\"><a class=\"wp-block-navigation-item__content\"  href=\"https:\/\/carmel-creteil.org\/index.php\/venir-prier\/\"><span class=\"wp-block-navigation-item__label\">Venir prier<\/span><\/a><\/li><li style=\"text-decoration:underline;\" class=\" wp-block-navigation-item wp-block-navigation-link\"><a class=\"wp-block-navigation-item__content\"  href=\"https:\/\/carmel-creteil.org\/index.php\/notre-travail\/\"><span class=\"wp-block-navigation-item__label\">Notre travail<\/span><\/a><\/li><li style=\"text-decoration:underline;\" class=\" wp-block-navigation-item wp-block-navigation-link\"><a class=\"wp-block-navigation-item__content\"  href=\"https:\/\/carmel-creteil.org\/index.php\/coordonnees-et-offices\/\"><span class=\"wp-block-navigation-item__label\">Nous contacter<\/span><\/a><\/li><li style=\"text-decoration:underline;\" class=\" wp-block-navigation-item wp-block-navigation-link\"><a class=\"wp-block-navigation-item__content\"  href=\"https:\/\/carmel-creteil.org\/index.php\/nous-aider\/\"><span class=\"wp-block-navigation-item__label\">Nous aider<\/span><\/a><\/li><\/ul>\n\t\t\t\t\t\t\t<\/div>\n\t\t\t\t\t\t<\/div>\n\t\t\t\t\t<\/div>\n\t\t\t\t<\/div><\/nav>\n\n\n<div style=\"height:40px\" aria-hidden=\"true\" class=\"wp-block-spacer\"><\/div>\n\n\n\n<div class=\"wp-block-columns is-layout-flex wp-container-core-columns-is-layout-28f84493 wp-block-columns-is-layout-flex\">\n<div class=\"wp-block-column is-vertically-aligned-center is-layout-flow wp-block-column-is-layout-flow\" style=\"flex-basis:50%\">\n<p class=\"has-text-align-center\">Carm\u00e9lite en d\u00e9pit de tout :<\/p>\n\n\n\n<p class=\"has-text-align-center\"><strong>MERE CAMILLE DE L&rsquo;ENFANT-JESUS<\/strong> (de Soyecourt) &#8211; (1757-1849)<\/p>\n<\/div>\n\n\n\n<div class=\"wp-block-column is-layout-flow wp-block-column-is-layout-flow\" style=\"flex-basis:50%\">\n<div class=\"wp-block-group is-layout-constrained wp-block-group-is-layout-constrained\">\n<figure class=\"wp-block-image aligncenter size-large is-resized is-style-rounded\"><img loading=\"lazy\" decoding=\"async\" width=\"800\" height=\"1024\" src=\"https:\/\/carmel-creteil.org\/wp-content\/uploads\/2025\/08\/Mere-Camille-restauree-1-800x1024.jpg\" alt=\"\" class=\"wp-image-1742\" style=\"width:328px;height:auto\"\/><\/figure>\n<\/div>\n<\/div>\n<\/div>\n\n\n\n<div style=\"height:40px\" aria-hidden=\"true\" class=\"wp-block-spacer\"><\/div>\n\n\n\n<p>Un portrait nous montre <strong>la petite Camille de Soyecourt \u00e0 huit ans<\/strong> : la fillette, des fleurs piqu\u00e9es dans ses cheveux blonds relev\u00e9s \u00e0 la mode du temps, porte gracieusement sur la main un oiseau, vraie princesse charmante de l&rsquo;ancien temps.<\/p>\n\n\n\n<div style=\"height:40px\" aria-hidden=\"true\" class=\"wp-block-spacer\"><\/div>\n\n\n\n<div class=\"wp-block-media-text is-stacked-on-mobile\" style=\"grid-template-columns:24% auto\"><figure class=\"wp-block-media-text__media\"><img loading=\"lazy\" decoding=\"async\" width=\"849\" height=\"1024\" src=\"https:\/\/carmel-creteil.org\/wp-content\/uploads\/2025\/08\/IMG_20250803_143413_9-849x1024.jpg\" alt=\"\" class=\"wp-image-1172 size-full\"\/><\/figure><div class=\"wp-block-media-text__content\">\n<p><strong> <\/strong>Qu&rsquo;on ne s&rsquo;y trompe pas pourtant : <strong>le refrain qui a berc\u00e9 ses premi\u00e8res ann\u00e9es, ce sont ces mots de sa m\u00e8re : \u00ab\u00a0Dieu seul est grand\u00a0\u00bb<\/strong>, \u00e0 Lui d&rsquo;abord appartient les \u00e2mes.<\/p>\n<\/div><\/div>\n\n\n\n<div style=\"height:40px\" aria-hidden=\"true\" class=\"wp-block-spacer\"><\/div>\n\n\n\n<p> C&rsquo;est pour garder ces \u00e2mes \u00e0 l&rsquo;abri de la s\u00e9duction du monde brillant o\u00f9 ils vivent, que le comte et la comtesse de Soyecourt n&rsquo;h\u00e9sitent pas \u00e0 se s\u00e9parer de leurs enfants : \u00e0 neuf ans, Camille rejoint ses s\u0153urs \u00e0 la Visitation. Tr\u00e9pignements, crise de larmes, rien n&rsquo;y fait, et voici la petite princesse transform\u00e9e en \u00ab\u00a0petite bonne S\u0153ur\u00a0\u00bb, ses cheveux blonds sacrifi\u00e9s sans piti\u00e9. Premier brisement dans la vie de Camille ; cependant, elle sera heureuse \u00e0 la Visitation.<\/p>\n\n\n\n<div style=\"height:40px\" aria-hidden=\"true\" class=\"wp-block-spacer\"><\/div>\n\n\n\n<div style=\"height:40px\" aria-hidden=\"true\" class=\"wp-block-spacer\"><\/div>\n\n\n\n<p>Le jour de sa confirmation, elle entend le premier appel \u00e0 la vie religieuse. Mais, nouveau d\u00e9chirement : le comte de Soyecourt ne se r\u00e9signant pas \u00e0 ne voir ses filles que derri\u00e8re les grilles, d\u00e9cide qu&rsquo;elles termineront leurs \u00e9tudes \u00e0 l&rsquo;Abbaye de Tresnel. Dans l&rsquo;univers int\u00e9rieur de Camille plane d\u00e9sormais la grande ombre triste et resserrante du jans\u00e9nisme, qui a p\u00e9n\u00e9tr\u00e9 dans cette maison. La petite fille se d\u00e9bat contre l&rsquo;angoisse qui l&rsquo;\u00e9treint : \u00ab\u00a0Je veux voir vos mis\u00e9ricordes, Seigneur, proteste-t-elle, lors m\u00eame que vous me faites sentir tout mon indignit\u00e9.\u00a0\u00bb Ann\u00e9es sombres, avec une belle \u00e9claircie le jour de sa premi\u00e8re communion, en la f\u00eate de No\u00ebl 1772. \u00ab\u00a0Je mets en Vous mon esp\u00e9rance, Seigneur J\u00e9sus, \u00e9crit-elle \u00e0 cette occasion, en Vous qui \u00eates venu me chercher, en Vous que j&rsquo;aime uniquement\u2026 Vous vous donnez \u00e0 moi, tout Dieu que vous \u00eates, je me donne \u00e0 vous sans r\u00e9serve.\u00a0\u00bb<\/p>\n\n\n\n<div style=\"height:40px\" aria-hidden=\"true\" class=\"wp-block-spacer\"><\/div>\n\n\n\n<p>Camille sera religieuse, sa r\u00e9solution ne faiblira pas. Elle triomphera de l&rsquo;affection de ses parents, du mirage de ce monde brillant o\u00f9 ils la forcent \u00e0 para\u00eetre, et elle entre au Carmel de la rue de Grenelle. <\/p>\n\n\n\n<div style=\"height:40px\" aria-hidden=\"true\" class=\"wp-block-spacer\"><\/div>\n\n\n\n<div class=\"wp-block-columns is-layout-flex wp-container-core-columns-is-layout-28f84493 wp-block-columns-is-layout-flex\">\n<div class=\"wp-block-column is-layout-flow wp-block-column-is-layout-flow\">\n<figure class=\"wp-block-image size-large\"><img loading=\"lazy\" decoding=\"async\" width=\"705\" height=\"1024\" src=\"https:\/\/carmel-creteil.org\/wp-content\/uploads\/2025\/08\/IMG_20250803_143659_9-705x1024.jpg\" alt=\"\" class=\"wp-image-1178\"\/><figcaption class=\"wp-element-caption\"><strong>M\u00e8re Camille, professe de 28 ans<\/strong><\/figcaption><\/figure>\n<\/div>\n\n\n\n<div class=\"wp-block-column is-layout-flow wp-block-column-is-layout-flow\">\n<p>Le 24 juillet 1784, la s\u00e9duisante \u00ab\u00a0mari\u00e9e\u00a0\u00bb en habit de Cour, paniers, falbalas, devient une humble Carm\u00e9lite v\u00eatue de bure brune. On chuchote, dans tout ce beau monde de l&rsquo;aristocratie, accouru pour assister \u00e0 cette m\u00e9tamorphose, que sa sant\u00e9 n&rsquo;y tiendra pas\u2026 Elle qui vivra jusqu&rsquo;\u00e0 quatre vingt onze ans ! <\/p>\n\n\n\n<p><strong>Puis c&rsquo;est la profession, la prise de voile. <\/strong>Dans le silence, la solitude, S\u0153ur Camille partage la vie cach\u00e9e et laborieuse de J\u00e9sus : \u00ab\u00a0Je veux \u00eatre sur la terre l&rsquo;expression de la vie pauvre et an\u00e9antie de J\u00e9sus dans sa cr\u00e8che et sur la croix\u00a0\u00bb, lit-on dans ses notes, et encore : \u00ab\u00a0Tous mes instants doivent \u00eatre partag\u00e9s entre \u00e9couter Dieu, parler \u00e0 Dieu, souffrir pour Dieu.\u00a0\u00bb<\/p>\n\n\n\n<div style=\"height:40px\" aria-hidden=\"true\" class=\"wp-block-spacer\"><\/div>\n<\/div>\n<\/div>\n\n\n\n<p> Elle aime la retraite o\u00f9 elle vit, qui lui permet d&rsquo;approfondir son intimit\u00e9 avec le Seigneur. \u00ab\u00a0Vous, le plus beau des enfants des hommes, dit-elle, m&rsquo;ensevelir avec Vous, voil\u00e0 ma plus grande gloire.\u00a0\u00bb<\/p>\n\n\n\n<div style=\"height:40px\" aria-hidden=\"true\" class=\"wp-block-spacer\"><\/div>\n\n\n\n<p>Les t\u00e9n\u00e8bres du jans\u00e9nisme se sont enfuies et la jeune religieuse vit l&rsquo;\u00e2me dilat\u00e9e, dans la lumi\u00e8re rayonnante de la d\u00e9votion au Sacr\u00e9-C\u0153ur. Ces sept ann\u00e9es la pr\u00e9parent, sans qu&rsquo;elle s&rsquo;en doute, aux ann\u00e9es terribles que la France va traverser.<\/p>\n\n\n\n<div style=\"height:40px\" aria-hidden=\"true\" class=\"wp-block-spacer\"><\/div>\n\n\n\n<div class=\"wp-block-columns is-layout-flex wp-container-core-columns-is-layout-28f84493 wp-block-columns-is-layout-flex\">\n<div class=\"wp-block-column is-layout-flow wp-block-column-is-layout-flow\">\n<p>1792\u2026 Dispers\u00e9es dans le Paris hostile de la R\u00e9volution, les Carm\u00e9lites par petits essaims continuent leur vie de pri\u00e8re et de p\u00e9nitence, celle-ci accrue encore par la disette. S\u0153ur Camille est nomm\u00e9e d\u00e9positaire du groupe r\u00e9fugi\u00e9 rue Mouffetard, dont elle soutient le moral, communiquant \u00e0 ses compagnes son indomptable \u00e9nergie. <\/p>\n<\/div>\n\n\n\n<div class=\"wp-block-column is-layout-flow wp-block-column-is-layout-flow\">\n<p>Le temps dont elle peut librement disposer, elle le passe aupr\u00e8s du Saint-Sacrement. \u00ab\u00a0J&rsquo;\u00e9tais si peu apte au travail, dira-t-elle plus tard, que pendant que mes S\u0153urs profitaient des derni\u00e8res lueurs du jour pour tirer l&rsquo;aiguille, je m&rsquo;enfuyais tout pr\u00e8s de mon cher tabernacle.\u00a0\u00bb<\/p>\n\n\n\n<p class=\"has-medium-font-size\"><strong>Mais le jour du Vendredi-Saint 1793, apr\u00e8s une visite domiciliaire en r\u00e8gle,<\/strong><\/p>\n<\/div>\n\n\n\n<div class=\"wp-block-column is-layout-flow wp-block-column-is-layout-flow\">\n<p><strong>c&rsquo;est l&rsquo;arrestation suivie de l&rsquo;incarc\u00e9ration \u00e0 la prison Sainte-P\u00e9lagie.<\/strong><\/p>\n\n\n\n<p class=\"has-text-align-center\" style=\"font-size:15px\">Image peinte par M\u00e8re Camille et retrouv\u00e9e dans ses papiers<\/p>\n\n\n\n<figure class=\"wp-block-image aligncenter size-large is-resized\"><img loading=\"lazy\" decoding=\"async\" width=\"650\" height=\"1024\" src=\"https:\/\/carmel-creteil.org\/wp-content\/uploads\/2025\/08\/IMG_20250803_144547_4-650x1024.jpg\" alt=\"\" class=\"wp-image-1181\" style=\"width:228px;height:auto\"\/><\/figure>\n<\/div>\n<\/div>\n\n\n\n<div style=\"height:40px\" aria-hidden=\"true\" class=\"wp-block-spacer\"><\/div>\n\n\n\n<p>L\u00e0, au milieu des filles perdues, le Carmel continue, avec ses heures d&rsquo;oraison, la r\u00e9citation de l&rsquo;office divin. C&rsquo;est surtout \u00e0 S\u0153ur Camille que l&rsquo;on en veut, \u00e0 cause de la noblesse du nom qu&rsquo;elle porte, et parce que l&rsquo;on voit en elle l&rsquo;instigatrice du \u00ab\u00a0complot\u00a0\u00bb. Pendant les interminables interrogatoires, le bon sens de ses r\u00e9ponses d\u00e9concerte ses juges. Veulent-ils suspendre la s\u00e9ance parce que l&rsquo;accus\u00e9e est prise d&rsquo;un saignement de nez ? Point du tout. Demandant une cuvette et la pla\u00e7ant sur ses genoux, S\u0153ur Camille leur enjoint de continuer. <strong>Voici qu&rsquo;on l&rsquo;interroge sur des images du Sacr\u00e9-C\u0153ur trouv\u00e9es dans ses papiers. \u00ab\u00a0Ce sont des embl\u00e8mes contre-r\u00e9volutionnaires\u00a0\u00bb, lui dit-on. \u00ab\u00a0Le Sacr\u00e9-C\u0153ur m&rsquo;est plus cher que la vie, affirme fi\u00e8rement la Carm\u00e9lite, et si au prix de ma mort j&rsquo;obtenais qu&rsquo;il soit plus connu et aim\u00e9, je m&rsquo;estimerais trop heureuse.\u00a0\u00bb<\/strong><\/p>\n\n\n\n<div style=\"height:40px\" aria-hidden=\"true\" class=\"wp-block-spacer\"><\/div>\n\n\n\n<p>Enfin, apr\u00e8s quarante jours d&rsquo;incarc\u00e9ration, c&rsquo;est la libert\u00e9. La libert\u00e9\u2026 mot \u00e9trange et ironique pendant cette sanglante terreur ! Le nom de Soyecourt pouvant compromettre ses compagnes, S\u0153ur Camille est envoy\u00e9e par sa Prieure chez ses parents, puis apr\u00e8s leur arrestation, erre de g\u00eete en g\u00eete, cherchant \u00e0 apaiser dans des oratoires clandestins, sa faim du pain eucharistique, plus tenaillante pour elle que la faim mat\u00e9rielle pourtant cruelle. Un jour, quelle aubaine, elle a r\u00e9ussi \u00e0 se procurer de pr\u00e9cieuses provisions : fruits, \u0153ufs, etc\u2026 Panier au bras, elle rend visite \u00e0 quelques-unes de ses S\u0153urs. Croyant \u00e0 un cadeau, celles-ci s&rsquo;extasient, remercient\u2026 Trop heureuse de leur faire plaisir, S\u0153ur Camille leur laisse tout son tr\u00e9sor en se gardant bien de r\u00e9v\u00e9ler sa propre indigence.<\/p>\n\n\n\n<div style=\"height:40px\" aria-hidden=\"true\" class=\"wp-block-spacer\"><\/div>\n\n\n\n<figure class=\"wp-block-gallery has-nested-images columns-default is-cropped wp-block-gallery-2 is-layout-flex wp-block-gallery-is-layout-flex\">\n<figure class=\"wp-block-image size-large\"><img loading=\"lazy\" decoding=\"async\" width=\"831\" height=\"1024\" data-id=\"1186\" src=\"https:\/\/carmel-creteil.org\/wp-content\/uploads\/2025\/08\/IMG_20250803_144623_2-831x1024.jpg\" alt=\"\" class=\"wp-image-1186\"\/><figcaption class=\"wp-element-caption\">Madame de Soyecourt<\/figcaption><\/figure>\n\n\n\n<figure class=\"wp-block-image size-large\"><img loading=\"lazy\" decoding=\"async\" width=\"911\" height=\"1024\" data-id=\"1187\" src=\"https:\/\/carmel-creteil.org\/wp-content\/uploads\/2025\/08\/IMG_20250803_144659_7-911x1024.jpg\" alt=\"\" class=\"wp-image-1187\"\/><figcaption class=\"wp-element-caption\">Le comte, son \u00e9poux<\/figcaption><\/figure>\n<\/figure>\n\n\n\n<div style=\"height:40px\" aria-hidden=\"true\" class=\"wp-block-spacer\"><\/div>\n\n\n\n<p>Le 25 mars 1794, Madame de Soyecourt meurt \u00e0 Sainte P\u00e9lagie. Quand \u00e0 son p\u00e8re, S\u0153ur Camille ne le reverra qu&rsquo;une fois, de loin, au p\u00e9ril de sa vie, pendant la promenade des prisonniers enferm\u00e9s aux Carmes. Puis c&rsquo;est le d\u00e9cret d&rsquo;exil des nobles. R\u00e9fugi\u00e9e dans une ferme des Soyecourt aux Moulineaux, elle devient fermi\u00e8re mod\u00e8le et se donne admirablement \u00e0 son nouveau m\u00e9tier. Apr\u00e8s des journ\u00e9es de labeur \u00e9crasant, elle s&rsquo;astreint cependant \u00e0 r\u00e9citer Matines \u00e0 l&rsquo;heure de r\u00e8gle, car le Carmel vit toujours. Chaque semaine, bravant le danger d&rsquo;une arrestation, elle rentre dans Paris pour se confesser, sous la sauvegarde d&rsquo;un bonnet \u00e0 cocarde tricolore. <\/p>\n\n\n\n<div style=\"height:40px\" aria-hidden=\"true\" class=\"wp-block-spacer\"><\/div>\n\n\n\n<p><strong>Un jour, de sa chambre, elle entend la voix du crieur public annoncer la mise en vente des biens du \u00ab\u00a0condamn\u00e9 Soyecourt.\u00a0\u00bb Le choc, par trop rude, a une r\u00e9percussion physique. De l\u00e0, date la maladie de c\u0153ur dont elle souffrira toute sa vie.<\/strong> Le surlendemain, c&rsquo;est la mort sur l&rsquo;\u00e9chafaud de sa s\u0153ur. Oblig\u00e9e de quitter les Moulineaux, elle se r\u00e9fugie dans une masure o\u00f9 des pr\u00eatres r\u00e9fractaires viennent bient\u00f4t c\u00e9l\u00e9brer la messe, puis erre \u00e7a et l\u00e0, jusqu&rsquo;au jour o\u00f9 la Convention d\u00e9cr\u00e8te la libert\u00e9 des cultes. Elle s&#8217;emploie alors de toute son ardeur, \u00e0 restaurer des sanctuaires, entre autres la chapelle du s\u00e9minaire du Saint-Esprit, et \u00e0 r\u00e9unir son Carmel dispers\u00e9.<\/p>\n\n\n\n<div style=\"height:40px\" aria-hidden=\"true\" class=\"wp-block-spacer\"><\/div>\n\n\n\n<p><\/p>\n\n\n\n<div class=\"wp-block-columns is-layout-flex wp-container-core-columns-is-layout-28f84493 wp-block-columns-is-layout-flex\">\n<div class=\"wp-block-column is-layout-flow wp-block-column-is-layout-flow\" style=\"flex-basis:60%\">\n<figure class=\"wp-block-image size-large\"><img loading=\"lazy\" decoding=\"async\" width=\"768\" height=\"1024\" src=\"https:\/\/carmel-creteil.org\/wp-content\/uploads\/2025\/08\/IMG_20250803_144758_9-768x1024.jpg\" alt=\"\" class=\"wp-image-1190\"\/><\/figure>\n\n\n\n<p class=\"has-text-align-center\" style=\"font-size:19px\">Image na\u00efve, peinte par ses filles et offerte \u00e0 M\u00e8re Camille en t\u00e9moignage de reconnaissance<\/p>\n<\/div>\n\n\n\n<div class=\"wp-block-column is-layout-flow wp-block-column-is-layout-flow\" style=\"flex-basis:40%\">\n<p>N&rsquo;ayant pas \u00e9migr\u00e9, elle devient h\u00e9riti\u00e8re de la fortune de ses parents. <strong>On la presse de demander un indult qui lui permette d&rsquo;en disposer en faveur du Couvent des Carmes, \u00e0 sauver d&rsquo;une ruine certaine. <\/strong>\u00ab\u00a0Eh quoi, ne serai-je plus pauvre\u00a0\u00bb, proteste-t-elle. Devant la volont\u00e9 de ses sup\u00e9rieurs et du Saint-P\u00e8re, elle s&rsquo;incline, non sans r\u00e9pugnance, et conclut l&rsquo;achat. Les d\u00e9g\u00e2ts sont consid\u00e9rables, toute la maison remplie de d\u00e9combres. S\u0153ur Camille, dont la sant\u00e9 est si pr\u00e9caire qu&rsquo;on ne lui donne pas trois semaines \u00e0 vivre, se met en devoir de d\u00e9blayer pour rendre la chapelle au culte, et apr\u00e8s s&rsquo;\u00eatre assur\u00e9e que ses fr\u00e8res en religion ne pouvaient reprendre leur couvent, y installe ses M\u00e8res et S\u0153urs.<\/p>\n<\/div>\n<\/div>\n\n\n\n<div style=\"height:40px\" aria-hidden=\"true\" class=\"wp-block-spacer\"><\/div>\n\n\n\n<p>Energiquement, elle d\u00e9fendra cette terre sanctifi\u00e9e par les sang des martyrs de septembre, et elle voudra occuper la cellule habit\u00e9e jadis par son p\u00e8re prisonnier.<\/p>\n\n\n\n<div style=\"height:40px\" aria-hidden=\"true\" class=\"wp-block-spacer\"><\/div>\n\n\n\n<p>Elue Prieure en 1800, elle est heureuse de puiser dans sa fortune pour accueillir les Carm\u00e9lites sans monast\u00e8re, relever les Carmels dispers\u00e9s ou d\u00e9truits, tendre la main aux mis\u00e8res les plus cach\u00e9es. Mais les \u00e9v\u00e9nements de l&rsquo;histoire viennent la reprendre en leurs remous. 1809 : Napol\u00e9on, au fa\u00eete de sa puissance, annexe les Etats pontificaux, rel\u00e8gue le Pape \u00e0 Savone. Malheur \u00e0 qui s&rsquo;oppose au ma\u00eetre de l&rsquo;heure ! Les cardinaux exil\u00e9s \u00e0 Paris, qui ont refus\u00e9 d&rsquo;assister au mariage de l&#8217;empereur avec Marie-Louise, sont d\u00e9pouill\u00e9s de leur dignit\u00e9, spoli\u00e9s de leurs biens. M\u00e8re Camille, vraie fille de l&rsquo;Eglise, s&#8217;empresse de les secourir, h\u00e9berge deux d&rsquo;entre eux aux Carmes. Elle fait tirer des copies de la bulle d&rsquo;excommunication lanc\u00e9e par Pie VII contre l&#8217;empereur et aide \u00e0 sa diffusion clandestine. C&rsquo;est plus que suffisant pour irriter Napol\u00e9on. <\/p>\n\n\n\n<div style=\"height:40px\" aria-hidden=\"true\" class=\"wp-block-spacer\"><\/div>\n\n\n\n<p><\/p>\n\n\n\n<div class=\"wp-block-media-text has-media-on-the-right is-stacked-on-mobile\"><div class=\"wp-block-media-text__content\">\n<p class=\"has-text-align-center\" style=\"font-size:18px\">Donjon de la citadelle de Guise dont la vue impressionnait p\u00e9niblement la pauvre exil\u00e9e<\/p>\n\n\n\n<div style=\"height:40px\" aria-hidden=\"true\" class=\"wp-block-spacer\"><\/div>\n\n\n\n<p><strong>Arr\u00eat\u00e9e, mise au secret, elle est exil\u00e9e \u00e0 Guise.<\/strong> \u00ab\u00a0Mon P\u00e8re, dit-elle angoiss\u00e9e en partant, au P\u00e8re de Clorivi\u00e8re, je pars pour l&rsquo;exil sans savoir quand il finira\u2026\u00a0\u00bb &#8211; \u00ab\u00a0Ma fille, r\u00e9pond celui-ci qui conna\u00eet sa force d&rsquo;\u00e2me, quand l&rsquo;Ange du Seigneur avertit saint Joseph de fuir en Egypte, celui-ci ne lui demanda pas combien de temps il y resterait.\u00a0\u00bb<\/p>\n<\/div><figure class=\"wp-block-media-text__media\"><img loading=\"lazy\" decoding=\"async\" width=\"863\" height=\"1024\" src=\"https:\/\/carmel-creteil.org\/wp-content\/uploads\/2025\/08\/IMG_20250803_144911_4-863x1024.jpg\" alt=\"\" class=\"wp-image-1194 size-full\"\/><\/figure><\/div>\n\n\n\n<div style=\"height:40px\" aria-hidden=\"true\" class=\"wp-block-spacer\"><\/div>\n\n\n\n<p class=\"has-text-align-center\">Ses filles lui expriment leur peine et leur compassion par une nouvelle image peinte :<\/p>\n\n\n\n<div style=\"height:40px\" aria-hidden=\"true\" class=\"wp-block-spacer\"><\/div>\n\n\n\n<figure class=\"wp-block-image aligncenter size-large is-resized\"><img loading=\"lazy\" decoding=\"async\" width=\"629\" height=\"1024\" src=\"https:\/\/carmel-creteil.org\/wp-content\/uploads\/2025\/08\/IMG_20250803_145056_7-629x1024.jpg\" alt=\"\" class=\"wp-image-1202\" style=\"width:503px;height:auto\"\/><\/figure>\n\n\n\n<p><\/p>\n\n\n\n<div style=\"height:40px\" aria-hidden=\"true\" class=\"wp-block-spacer\"><\/div>\n\n\n\n<p>Arriv\u00e9e \u00e0 Guise, o\u00f9 elle est accueillie avec une sympathie admirative, elle y veut mener sa vie retir\u00e9e de Carm\u00e9lite. Abandonnant le bel appartement qui lui est pr\u00e9par\u00e9, elle demande asile aux Filles de la Charit\u00e9. Elle pourra ainsi vivre plus pr\u00e8s du tabernacle. M\u00e8re Camille appellera son exil son \u00ab\u00a0petit Savone.\u00a0\u00bb Dure est cette p\u00e9riode, dure la s\u00e9paration d&rsquo;avec ses filles qu&rsquo;elle sait en butte aux vexations de la police. Au plus fort de son d\u00e9laissement, \u00e9prouvant une v\u00e9ritable agonie int\u00e9rieure, elle s&rsquo;\u00e9crie seulement : \u00ab\u00a0Je baise et j&rsquo;adore la main qui me frappe\u00a0\u00bb, et vaillante elle ajoute : \u00ab\u00a0J&rsquo;esp\u00e9rai contre toute esp\u00e9rance : contra spem in spem\u00a0\u00bb. Une seule consolation lui est r\u00e9serv\u00e9e : faire du bien aux malades de l&rsquo;h\u00f4pital de Guise o\u00f9 elle a sa chambre. Ses largesses d\u00e9passent-elles ce qui serait raisonnable ? \u00ab\u00a0Voil\u00e0, ma fille, que vous avez encore fait des v\u00f4tres\u00a0\u00bb bougonne la sup\u00e9rieure, S\u0153ur Vincent, qui au fond a un c\u0153ur d&rsquo;or et l&rsquo;aime avec v\u00e9n\u00e9ration. <\/p>\n\n\n\n<div style=\"height:40px\" aria-hidden=\"true\" class=\"wp-block-spacer\"><\/div>\n\n\n\n<p><\/p>\n\n\n\n<div class=\"wp-block-columns is-layout-flex wp-container-core-columns-is-layout-28f84493 wp-block-columns-is-layout-flex\">\n<div class=\"wp-block-column is-layout-flow wp-block-column-is-layout-flow\" style=\"flex-basis:66.66%\">\n<p>Sa sant\u00e9 s&rsquo;affaiblissant de plus en plus, on lui rend la libert\u00e9. En quittant Guise, elle s&rsquo;arr\u00eate \u00e0 Fontainebleau o\u00f9 se trouve intern\u00e9 Pie VII. Le Saint-P\u00e8re a entendu parler d&rsquo;elle par les cardinaux noirs qui la nomment affectueusement entre eux : \u00ab\u00a0la m\u00e8re des tribul\u00e9s.\u00a0\u00bb Il l&rsquo;accueille avec joie, la communie de sa main, l&rsquo;entretient longuement, la conduit lui-m\u00eame \u00e0 une table dress\u00e9e et lui pr\u00e9sente un plat : \u00ab\u00a0Je veux, ma fille, dit-il, que vous puissiez dire que vous \u00e9t\u00e9 servie par la main d&rsquo;un Pape.\u00a0\u00bb Pour finir, il lui donne le beau calice, conserv\u00e9 pr\u00e9cieusement par ses filles, avec lequel il vient de c\u00e9l\u00e9brer la messe. Qu&rsquo;on imagine l&rsquo;\u00e9motion et la joie du revoir au Carmel de la rue de Vaugirard ! Tout rena\u00eet \u00e0 l&rsquo;esp\u00e9rance d&rsquo;ailleurs. De l&rsquo;Empereur plus conciliant, on obtient le r\u00e9tablissement de la cl\u00f4ture et de l&rsquo;habit religieux. \u00ab\u00a0Du moment que l&#8217;empire n&rsquo;est pas en jeu, il n&rsquo;est pas prudent de discuter avec Madame de Soyecourt\u00a0\u00bb, dit-il lui-m\u00eame.<\/p>\n<\/div>\n\n\n\n<div class=\"wp-block-column is-layout-flow wp-block-column-is-layout-flow\" style=\"flex-basis:33.33%\">\n<div style=\"height:40px\" aria-hidden=\"true\" class=\"wp-block-spacer\"><\/div>\n\n\n\n<figure class=\"wp-block-image size-large\"><img loading=\"lazy\" decoding=\"async\" width=\"648\" height=\"1024\" src=\"https:\/\/carmel-creteil.org\/wp-content\/uploads\/2025\/08\/IMG_20250803_145015_9-648x1024.jpg\" alt=\"\" class=\"wp-image-1199\"\/><\/figure>\n\n\n\n<p class=\"has-text-align-center\" style=\"font-size:17px\">Gravure d&rsquo;\u00e9poque de sa Saintet\u00e9 Pie VII<\/p>\n<\/div>\n<\/div>\n\n\n\n<div style=\"height:40px\" aria-hidden=\"true\" class=\"wp-block-spacer\"><\/div>\n\n\n\n<p>D\u00e9sormais, si les remous des \u00e9v\u00e9nements, en 1830 et 1848, viennent battre encore aux portes de son couvent, ils laisseront M\u00e8re Camille mener sa vie solitaire, sauf quelques restaurations de Carmels qui n\u00e9cessiteront sa pr\u00e9sence. Son \u00e2me a grandi sous l&rsquo;\u00e9preuve : non seulement elle n&rsquo;a rien perdu du recueillement et de l&rsquo;esprit de solitude propres \u00e0 sa vocation, mais elle a acquis un tr\u00e9sor de vie int\u00e9rieure capable de d\u00e9fier tous les \u00e9v\u00e9nements. \u00ab\u00a0J&rsquo;\u00e9tais entr\u00e9e aux Carm\u00e9lites pour \u00eatre \u00e9teinte dans le souvenir des hommes, disait-elle, Dieu m&rsquo;a conduite par une voie toute oppos\u00e9e \u00e0 celle que je m&rsquo;\u00e9tais choisie.\u00a0\u00bb<\/p>\n\n\n\n<div style=\"height:40px\" aria-hidden=\"true\" class=\"wp-block-spacer\"><\/div>\n\n\n\n<p>Mais elle aura encore \u00e0 lutter pour d\u00e9fendre la ch\u00e8re maison des Carmes. Ne veut-on pas en 1830, la contraindre \u00e0 enlever la croix du clocher ? \u00ab\u00a0Tout l&rsquo;\u00e9difice s&rsquo;\u00e9croulera, riposte-t-elle, avant que je permette que la croix soit arrach\u00e9e de son sommet !\u00a0\u00bb <\/p>\n\n\n\n<div style=\"height:40px\" aria-hidden=\"true\" class=\"wp-block-spacer\"><\/div>\n\n\n\n<figure class=\"wp-block-image\"><img loading=\"lazy\" decoding=\"async\" width=\"1024\" height=\"714\" src=\"https:\/\/carmel-creteil.org\/wp-content\/uploads\/2025\/08\/IMG_20250803_145216_2-1024x714.jpg\" alt=\"\" class=\"wp-image-1204\"\/><\/figure>\n\n\n\n<p class=\"has-text-align-center\" style=\"font-size:18px\">La maison des Carmes (aujourd&rsquo;hui l&rsquo;Institut Catholique)<\/p>\n\n\n\n<div style=\"height:40px\" aria-hidden=\"true\" class=\"wp-block-spacer\"><\/div>\n\n\n\n<p>En 1848, on la presse de se mettre \u00e0 l&rsquo;abri : \u00ab\u00a0Viennent fondre tous les maux,\u00a0\u00bb r\u00e9pond-elle, \u00ab\u00a0je suis r\u00e9solue d&rsquo;affronter toutes les injures des ennemis de l&rsquo;ordre s&rsquo;ils m&rsquo;attaquent dans ma derni\u00e8re retraite, plut\u00f4t que de la quitter par prudence humaine\u00a0\u00bb et elle ajoute : \u00ab\u00a0Ne craignons rien, si Dieu permet \u00e0 l&rsquo;enfer de secouer les portes de son Eglise, c&rsquo;est afin de r\u00e9veiller ses enfants et de les rendre plus fervents.\u00a0\u00bb<\/p>\n\n\n\n<div style=\"height:40px\" aria-hidden=\"true\" class=\"wp-block-spacer\"><\/div>\n\n\n\n<p>Cette fermet\u00e9 la caract\u00e9rise toute enti\u00e8re, fermet\u00e9 gr\u00e2ce \u00e0 laquelle, contre vents et mar\u00e9es, elle a \u00e9t\u00e9 fid\u00e8le \u00e0 l&rsquo;esprit du Carmel, fermet\u00e9 avec laquelle elle veut y voir ses filles fid\u00e8les. \u00ab\u00a0La r\u00e8gle, la r\u00e8gle avant tout, s&rsquo;\u00e9crit-t-elle, la r\u00e8gle partout, sans adoucissement et sans tr\u00eave. Oh, mes S\u0153urs, que la maison s&rsquo;\u00e9branle et croule, mais que la r\u00e8gle reste la derni\u00e8re debout.\u00a0\u00bb Elle n&rsquo;est en cela que l&rsquo;\u00e9cho de sainte Th\u00e9r\u00e8se, qui au moment de mourir, elle qui en savait tant sur la vie int\u00e9rieure, se refusa \u00e0 dire autre chose \u00e0 ses filles que ces mots : \u00ab\u00a0Gardez bien votre r\u00e8gle et vos constitutions, je vous le demande pour l&rsquo;amour de Dieu\u00a0\u00bb.<\/p>\n\n\n\n<div style=\"height:40px\" aria-hidden=\"true\" class=\"wp-block-spacer\"><\/div>\n\n\n\n<p>Par M\u00e8re Camille, il n&rsquo;y a nulle coupure entre le Carmel de la rue de Grenelle et le Carmel d&rsquo;apr\u00e8s la R\u00e9volution, nulle coupure, car elle sut sauvegarder l&rsquo;essentiel, la vie de pri\u00e8re et de sacrifice. \u00ab\u00a0Je suis Carm\u00e9lite, disait-elle, pour souffrir d&rsquo;esprit et de corps tout ce que Dieu voudra.\u00a0\u00bb Cet esprit de sacrifice va la soutenir dans un dernier d\u00e9chirement : l&rsquo;abandon volontaire du cher Couvent des Carmes. A partir de ce moment, ses forces d\u00e9clinent. \u00ab\u00a0Mes journ\u00e9es se passent \u00e0 souffrir et \u00e0 offrir\u00a0\u00bb dit-elle. Elle meurt le 9 mai 1849 \u00e0 pr\u00e8s de quatre vingt douze ans. Elle repose dans la crypte de la chapelle des Carmes parmi seize de ses S\u0153urs.<\/p>\n\n\n\n<div style=\"height:40px\" aria-hidden=\"true\" class=\"wp-block-spacer\"><\/div>\n\n\n\n<p>\u00ab\u00a0Grande et tr\u00e8s grande figure\u00a0\u00bb a dit d&rsquo;elle le cardinal Baudrillart, \u00ab\u00a0semblable par bien des traits \u00e0 telles individualit\u00e9s hommes et femmes, religieux ou religieuses, que l&rsquo;Eglise du Moyen Age a \u00e9lev\u00e9 sur les autels.\u00a0\u00bb<\/p>\n\n\n\n<div style=\"height:37px\" aria-hidden=\"true\" class=\"wp-block-spacer\"><\/div>\n\n\n\n<h4 class=\"wp-block-heading has-large-font-size\"><strong>Pens\u00e9es de M\u00e8re Camille<\/strong><\/h4>\n\n\n\n<div style=\"height:40px\" aria-hidden=\"true\" class=\"wp-block-spacer\"><\/div>\n\n\n\n<p><em>&#8211; La carm\u00e9lite est l&rsquo;\u00e9pouse de Celui qui s&rsquo;offre perp\u00e9tuellement \u00e0 son P\u00e8re dans un sacrifice qui n&rsquo;a d&rsquo;interruption ni le jour, ni la nuit. Il s&rsquo;est offert une seule fois sur la croix, mais \u00e0 chaque instant de la journ\u00e9e, Il renouvelle son oblation, et suivant la parole inspir\u00e9e, ses immolations, multiples en apparence, ne constituent qu&rsquo;un seul et perp\u00e9tuel holocauste. Tel doit \u00eatre mon sacrifice. Un et irr\u00e9vocable dans le don de moi-m\u00eame, il doit \u00eatre renouvel\u00e9 par des actes successifs pour devenir avec celui de J\u00e9sus-Christ un seul et perp\u00e9tuel sacrifice.<\/em><\/p>\n\n\n\n<p><em>&#8211; Si la distance qui nous s\u00e9pare de Dieu est infinie, Il daigne pourtant nous aimer ; si nos faiblesses sont grandes, son amour nous pr\u00e9vient ; si notre inconstance et nos infid\u00e9lit\u00e9s nous font faire quelques chutes, sa tendresse nous rel\u00e8ve et nous pardonne.<\/em><\/p>\n\n\n\n<div style=\"height:40px\" aria-hidden=\"true\" class=\"wp-block-spacer\"><\/div>\n\n\n\n<figure class=\"wp-block-image aligncenter size-large is-resized\"><img loading=\"lazy\" decoding=\"async\" width=\"816\" height=\"1024\" src=\"https:\/\/carmel-creteil.org\/wp-content\/uploads\/2025\/08\/IMG_20250803_145358_0-816x1024.jpg\" alt=\"\" class=\"wp-image-1208\" style=\"width:412px;height:auto\"\/><\/figure>\n\n\n\n<p class=\"has-text-align-center\" style=\"font-size:16px\"><strong>Cette image d&rsquo;une des filles de M\u00e8re Camille n&rsquo;aurait-elle pas pu<\/strong><\/p>\n\n\n\n<p class=\"has-text-align-center\" style=\"font-size:16px\"><strong> \u00eatre peinte par la petite Th\u00e9r\u00e8se ?<\/strong><\/p>\n\n\n\n<div style=\"height:40px\" aria-hidden=\"true\" class=\"wp-block-spacer\"><\/div>\n\n\n\n<p><em>&#8211; Rien ne doit diviser l&rsquo;attention d&rsquo;une \u00e2me dans laquelle J\u00e9sus-Christ veut prendre ses d\u00e9lices.<\/em><\/p>\n\n\n\n<p><em>&#8211; On n&rsquo;est pas parfait pour ex\u00e9cuter beaucoup de choses, mais on le devient en agissant avec un grand amour.<\/em><\/p>\n\n\n\n<p><em>&#8211; Qu&rsquo;on ne vienne pas, \u00e0 l&rsquo;heure de la mort, me parler du peu de bien que j&rsquo;ai fait, c&rsquo;est Vous, Seigneur, qui \u00eates mon uniqu<\/em>e esp\u00e9rance !<\/p>\n\n\n\n<div style=\"height:34px\" aria-hidden=\"true\" class=\"wp-block-spacer\"><\/div>\n\n\n\n<p class=\"has-text-align-right\" style=\"font-size:20px\">D\u00e9couvrir <a href=\"https:\/\/carmel-creteil.org\/index.php\/notre-histoire\/figures-venerees\/soeur-aimee\/\" data-type=\"page\" data-id=\"1390\"><em><strong>Soeur Aim\u00e9e <\/strong><\/em><\/a><\/p>\n\n\n\n<div style=\"height:40px\" aria-hidden=\"true\" class=\"wp-block-spacer\"><\/div>\n\n\n<nav class=\"is-responsive items-justified-center wp-block-navigation is-content-justification-center is-layout-flex wp-container-core-navigation-is-layout-a89b3969 wp-block-navigation-is-layout-flex\" aria-label=\"Menu 2\" \n\t\t data-wp-interactive=\"core\/navigation\" data-wp-context='{\"overlayOpenedBy\":{\"click\":false,\"hover\":false,\"focus\":false},\"type\":\"overlay\",\"roleAttribute\":\"\",\"ariaLabel\":\"Menu\"}'><button aria-haspopup=\"dialog\" aria-label=\"Ouvrir le menu\" class=\"wp-block-navigation__responsive-container-open\" \n\t\t\t\tdata-wp-on--click=\"actions.openMenuOnClick\"\n\t\t\t\tdata-wp-on--keydown=\"actions.handleMenuKeydown\"\n\t\t\t><svg width=\"24\" height=\"24\" xmlns=\"http:\/\/www.w3.org\/2000\/svg\" viewBox=\"0 0 24 24\"><path d=\"M5 5v1.5h14V5H5z\"><\/path><path d=\"M5 12.8h14v-1.5H5v1.5z\"><\/path><path d=\"M5 19h14v-1.5H5V19z\"><\/path><\/svg><\/button>\n\t\t\t\t<div class=\"wp-block-navigation__responsive-container  has-text-color has-custom-marron-fonc-color has-background has-custom-cr-me-opaque-background-color\"  id=\"modal-3\" \n\t\t\t\tdata-wp-class--has-modal-open=\"state.isMenuOpen\"\n\t\t\t\tdata-wp-class--is-menu-open=\"state.isMenuOpen\"\n\t\t\t\tdata-wp-watch=\"callbacks.initMenu\"\n\t\t\t\tdata-wp-on--keydown=\"actions.handleMenuKeydown\"\n\t\t\t\tdata-wp-on--focusout=\"actions.handleMenuFocusout\"\n\t\t\t\ttabindex=\"-1\"\n\t\t\t>\n\t\t\t\t\t<div class=\"wp-block-navigation__responsive-close\" tabindex=\"-1\">\n\t\t\t\t\t\t<div class=\"wp-block-navigation__responsive-dialog\" \n\t\t\t\tdata-wp-bind--aria-modal=\"state.ariaModal\"\n\t\t\t\tdata-wp-bind--aria-label=\"state.ariaLabel\"\n\t\t\t\tdata-wp-bind--role=\"state.roleAttribute\"\n\t\t\t>\n\t\t\t\t\t\t\t<button aria-label=\"Fermer le menu\" class=\"wp-block-navigation__responsive-container-close\" \n\t\t\t\tdata-wp-on--click=\"actions.closeMenuOnClick\"\n\t\t\t><svg xmlns=\"http:\/\/www.w3.org\/2000\/svg\" viewBox=\"0 0 24 24\" width=\"24\" height=\"24\" aria-hidden=\"true\" focusable=\"false\"><path d=\"m13.06 12 6.47-6.47-1.06-1.06L12 10.94 5.53 4.47 4.47 5.53 10.94 12l-6.47 6.47 1.06 1.06L12 13.06l6.47 6.47 1.06-1.06L13.06 12Z\"><\/path><\/svg><\/button>\n\t\t\t\t\t\t\t<div class=\"wp-block-navigation__responsive-container-content\" \n\t\t\t\tdata-wp-watch=\"callbacks.focusFirstElement\"\n\t\t\t id=\"modal-3-content\">\n\t\t\t\t\t\t\t\t<ul class=\"wp-block-navigation__container is-responsive items-justified-center wp-block-navigation\"><li style=\"text-decoration:underline;\" class=\" wp-block-navigation-item wp-block-navigation-link\"><a class=\"wp-block-navigation-item__content\"  href=\"https:\/\/carmel-creteil.org\/\"><span class=\"wp-block-navigation-item__label\">Accueil<\/span><\/a><\/li><li style=\"text-decoration:underline;\" class=\" wp-block-navigation-item wp-block-navigation-link\"><a class=\"wp-block-navigation-item__content\"  href=\"https:\/\/carmel-creteil.org\/?page_id=297&#038;preview=true\"><span class=\"wp-block-navigation-item__label\">Notre Histoire<\/span><\/a><\/li><li style=\"text-decoration:underline;\" class=\" wp-block-navigation-item wp-block-navigation-link\"><a class=\"wp-block-navigation-item__content\"  href=\"https:\/\/carmel-creteil.org\/index.php\/le-monastere-aujourdhui-a-creteil\/\"><span class=\"wp-block-navigation-item__label\">Le monast\u00e8re aujourd\u2019hui<\/span><\/a><\/li><li style=\"text-decoration:underline;\" class=\" wp-block-navigation-item wp-block-navigation-link\"><a class=\"wp-block-navigation-item__content\"  href=\"https:\/\/carmel-creteil.org\/index.php\/venir-prier\/\"><span class=\"wp-block-navigation-item__label\">Venir prier<\/span><\/a><\/li><li style=\"text-decoration:underline;\" class=\" wp-block-navigation-item wp-block-navigation-link\"><a class=\"wp-block-navigation-item__content\"  href=\"https:\/\/carmel-creteil.org\/index.php\/notre-travail\/\"><span class=\"wp-block-navigation-item__label\">Notre travail<\/span><\/a><\/li><li style=\"text-decoration:underline;\" class=\" wp-block-navigation-item wp-block-navigation-link\"><a class=\"wp-block-navigation-item__content\"  href=\"https:\/\/carmel-creteil.org\/index.php\/coordonnees-et-offices\/\"><span class=\"wp-block-navigation-item__label\">Nous contacter<\/span><\/a><\/li><li style=\"text-decoration:underline;\" class=\" wp-block-navigation-item wp-block-navigation-link\"><a class=\"wp-block-navigation-item__content\"  href=\"https:\/\/carmel-creteil.org\/index.php\/nous-aider\/\"><span class=\"wp-block-navigation-item__label\">Nous aider<\/span><\/a><\/li><\/ul>\n\t\t\t\t\t\t\t<\/div>\n\t\t\t\t\t\t<\/div>\n\t\t\t\t\t<\/div>\n\t\t\t\t<\/div><\/nav>\n\n\n<div style=\"height:67px\" aria-hidden=\"true\" class=\"wp-block-spacer\"><\/div>\n\n\n\n<p class=\"has-text-align-center\"><em>\u00a9 Tous droits r\u00e9serv\u00e9s &#8211; Carmel Sainte Th\u00e9r\u00e8se de Cr\u00e9teil<\/em><\/p>\n\n\n\n<p><\/p>\n","protected":false},"excerpt":{"rendered":"<p>Carm\u00e9lite en d\u00e9pit de tout : MERE CAMILLE DE L&rsquo;ENFANT-JESUS (de Soyecourt) &#8211; (1757-1849) Un portrait nous montre la petite Camille de Soyecourt \u00e0 huit ans : la fillette, des fleurs piqu\u00e9es dans ses cheveux blonds relev\u00e9s \u00e0 la mode du temps, porte gracieusement sur la main un oiseau, vraie princesse charmante de l&rsquo;ancien temps. [&hellip;]<\/p>\n","protected":false},"author":1,"featured_media":0,"parent":428,"menu_order":6,"comment_status":"closed","ping_status":"closed","template":"","meta":{"footnotes":""},"class_list":["post-662","page","type-page","status-publish","hentry"],"_links":{"self":[{"href":"https:\/\/carmel-creteil.org\/index.php\/wp-json\/wp\/v2\/pages\/662","targetHints":{"allow":["GET"]}}],"collection":[{"href":"https:\/\/carmel-creteil.org\/index.php\/wp-json\/wp\/v2\/pages"}],"about":[{"href":"https:\/\/carmel-creteil.org\/index.php\/wp-json\/wp\/v2\/types\/page"}],"author":[{"embeddable":true,"href":"https:\/\/carmel-creteil.org\/index.php\/wp-json\/wp\/v2\/users\/1"}],"replies":[{"embeddable":true,"href":"https:\/\/carmel-creteil.org\/index.php\/wp-json\/wp\/v2\/comments?post=662"}],"version-history":[{"count":46,"href":"https:\/\/carmel-creteil.org\/index.php\/wp-json\/wp\/v2\/pages\/662\/revisions"}],"predecessor-version":[{"id":1746,"href":"https:\/\/carmel-creteil.org\/index.php\/wp-json\/wp\/v2\/pages\/662\/revisions\/1746"}],"up":[{"embeddable":true,"href":"https:\/\/carmel-creteil.org\/index.php\/wp-json\/wp\/v2\/pages\/428"}],"wp:attachment":[{"href":"https:\/\/carmel-creteil.org\/index.php\/wp-json\/wp\/v2\/media?parent=662"}],"curies":[{"name":"wp","href":"https:\/\/api.w.org\/{rel}","templated":true}]}}