{"id":793,"date":"2025-07-25T07:58:25","date_gmt":"2025-07-25T07:58:25","guid":{"rendered":"https:\/\/carmel-creteil.org\/?page_id=793"},"modified":"2025-08-17T11:07:04","modified_gmt":"2025-08-17T11:07:04","slug":"promenade-ou-oraison-au-jardin","status":"publish","type":"page","link":"https:\/\/carmel-creteil.org\/index.php\/le-monastere-aujourdhui-a-creteil\/promenade-ou-oraison-au-jardin\/","title":{"rendered":"Promenade&#8230; ou oraison au jardin"},"content":{"rendered":"<nav class=\"is-responsive items-justified-center wp-block-navigation is-content-justification-center is-layout-flex wp-container-core-navigation-is-layout-a89b3969 wp-block-navigation-is-layout-flex\" aria-label=\"Menu\" \n\t\t data-wp-interactive=\"core\/navigation\" data-wp-context='{\"overlayOpenedBy\":{\"click\":false,\"hover\":false,\"focus\":false},\"type\":\"overlay\",\"roleAttribute\":\"\",\"ariaLabel\":\"Menu\"}'><button aria-haspopup=\"dialog\" aria-label=\"Ouvrir le menu\" class=\"wp-block-navigation__responsive-container-open\" \n\t\t\t\tdata-wp-on--click=\"actions.openMenuOnClick\"\n\t\t\t\tdata-wp-on--keydown=\"actions.handleMenuKeydown\"\n\t\t\t><svg width=\"24\" height=\"24\" xmlns=\"http:\/\/www.w3.org\/2000\/svg\" viewBox=\"0 0 24 24\"><path d=\"M5 5v1.5h14V5H5z\"><\/path><path d=\"M5 12.8h14v-1.5H5v1.5z\"><\/path><path d=\"M5 19h14v-1.5H5V19z\"><\/path><\/svg><\/button>\n\t\t\t\t<div class=\"wp-block-navigation__responsive-container  has-text-color has-custom-marron-fonc-color has-background has-custom-cr-me-opaque-background-color\"  id=\"modal-1\" \n\t\t\t\tdata-wp-class--has-modal-open=\"state.isMenuOpen\"\n\t\t\t\tdata-wp-class--is-menu-open=\"state.isMenuOpen\"\n\t\t\t\tdata-wp-watch=\"callbacks.initMenu\"\n\t\t\t\tdata-wp-on--keydown=\"actions.handleMenuKeydown\"\n\t\t\t\tdata-wp-on--focusout=\"actions.handleMenuFocusout\"\n\t\t\t\ttabindex=\"-1\"\n\t\t\t>\n\t\t\t\t\t<div class=\"wp-block-navigation__responsive-close\" tabindex=\"-1\">\n\t\t\t\t\t\t<div class=\"wp-block-navigation__responsive-dialog\" \n\t\t\t\tdata-wp-bind--aria-modal=\"state.ariaModal\"\n\t\t\t\tdata-wp-bind--aria-label=\"state.ariaLabel\"\n\t\t\t\tdata-wp-bind--role=\"state.roleAttribute\"\n\t\t\t>\n\t\t\t\t\t\t\t<button aria-label=\"Fermer le menu\" class=\"wp-block-navigation__responsive-container-close\" \n\t\t\t\tdata-wp-on--click=\"actions.closeMenuOnClick\"\n\t\t\t><svg xmlns=\"http:\/\/www.w3.org\/2000\/svg\" viewBox=\"0 0 24 24\" width=\"24\" height=\"24\" aria-hidden=\"true\" focusable=\"false\"><path d=\"m13.06 12 6.47-6.47-1.06-1.06L12 10.94 5.53 4.47 4.47 5.53 10.94 12l-6.47 6.47 1.06 1.06L12 13.06l6.47 6.47 1.06-1.06L13.06 12Z\"><\/path><\/svg><\/button>\n\t\t\t\t\t\t\t<div class=\"wp-block-navigation__responsive-container-content\" \n\t\t\t\tdata-wp-watch=\"callbacks.focusFirstElement\"\n\t\t\t id=\"modal-1-content\">\n\t\t\t\t\t\t\t\t<ul class=\"wp-block-navigation__container is-responsive items-justified-center wp-block-navigation\"><li style=\"text-decoration:underline;\" class=\" wp-block-navigation-item wp-block-navigation-link\"><a class=\"wp-block-navigation-item__content\"  href=\"https:\/\/carmel-creteil.org\/\"><span class=\"wp-block-navigation-item__label\">Accueil<\/span><\/a><\/li><li style=\"text-decoration:underline;\" class=\" wp-block-navigation-item wp-block-navigation-link\"><a class=\"wp-block-navigation-item__content\"  href=\"https:\/\/carmel-creteil.org\/?page_id=297&#038;preview=true\"><span class=\"wp-block-navigation-item__label\">Notre Histoire<\/span><\/a><\/li><li style=\"text-decoration:underline;\" class=\" wp-block-navigation-item wp-block-navigation-link\"><a class=\"wp-block-navigation-item__content\"  href=\"https:\/\/carmel-creteil.org\/index.php\/le-monastere-aujourdhui-a-creteil\/\"><span class=\"wp-block-navigation-item__label\">Le monast\u00e8re aujourd\u2019hui<\/span><\/a><\/li><li style=\"text-decoration:underline;\" class=\" wp-block-navigation-item wp-block-navigation-link\"><a class=\"wp-block-navigation-item__content\"  href=\"https:\/\/carmel-creteil.org\/index.php\/venir-prier\/\"><span class=\"wp-block-navigation-item__label\">Venir prier<\/span><\/a><\/li><li style=\"text-decoration:underline;\" class=\" wp-block-navigation-item wp-block-navigation-link\"><a class=\"wp-block-navigation-item__content\"  href=\"https:\/\/carmel-creteil.org\/index.php\/notre-travail\/\"><span class=\"wp-block-navigation-item__label\">Notre travail<\/span><\/a><\/li><li style=\"text-decoration:underline;\" class=\" wp-block-navigation-item wp-block-navigation-link\"><a class=\"wp-block-navigation-item__content\"  href=\"https:\/\/carmel-creteil.org\/index.php\/coordonnees-et-offices\/\"><span class=\"wp-block-navigation-item__label\">Nous contacter<\/span><\/a><\/li><li style=\"text-decoration:underline;\" class=\" wp-block-navigation-item wp-block-navigation-link\"><a class=\"wp-block-navigation-item__content\"  href=\"https:\/\/carmel-creteil.org\/index.php\/nous-aider\/\"><span class=\"wp-block-navigation-item__label\">Nous aider<\/span><\/a><\/li><\/ul>\n\t\t\t\t\t\t\t<\/div>\n\t\t\t\t\t\t<\/div>\n\t\t\t\t\t<\/div>\n\t\t\t\t<\/div><\/nav>\n\n\n<div style=\"height:100px\" aria-hidden=\"true\" class=\"wp-block-spacer\"><\/div>\n\n\n\n<p style=\"font-size:54px\">Promenade&#8230; ou oraison au jardin<\/p>\n\n\n\n<div style=\"height:40px\" aria-hidden=\"true\" class=\"wp-block-spacer\"><\/div>\n\n\n\n<div style=\"height:50px\" aria-hidden=\"true\" class=\"wp-block-spacer\"><\/div>\n\n\n\n<figure class=\"wp-block-image aligncenter size-full is-resized\" style=\"margin-top:0;margin-right:0;margin-bottom:0;margin-left:0\"><img loading=\"lazy\" decoding=\"async\" width=\"2560\" height=\"1920\" src=\"https:\/\/carmel-creteil.org\/wp-content\/uploads\/2025\/07\/IMG_0175-4-1-scaled.jpg\" alt=\"\" class=\"wp-image-794\" style=\"width:832px;height:auto\" srcset=\"https:\/\/carmel-creteil.org\/wp-content\/uploads\/2025\/07\/IMG_0175-4-1-scaled.jpg 2560w, https:\/\/carmel-creteil.org\/wp-content\/uploads\/2025\/07\/IMG_0175-4-1-300x225.jpg 300w, https:\/\/carmel-creteil.org\/wp-content\/uploads\/2025\/07\/IMG_0175-4-1-1024x768.jpg 1024w, https:\/\/carmel-creteil.org\/wp-content\/uploads\/2025\/07\/IMG_0175-4-1-768x576.jpg 768w, https:\/\/carmel-creteil.org\/wp-content\/uploads\/2025\/07\/IMG_0175-4-1-1536x1152.jpg 1536w, https:\/\/carmel-creteil.org\/wp-content\/uploads\/2025\/07\/IMG_0175-4-1-2048x1536.jpg 2048w\" sizes=\"auto, (max-width: 2560px) 100vw, 2560px\" \/><\/figure>\n\n\n\n<div style=\"height:103px\" aria-hidden=\"true\" class=\"wp-block-spacer\"><\/div>\n\n\n\n<div class=\"wp-block-columns is-layout-flex wp-container-core-columns-is-layout-28f84493 wp-block-columns-is-layout-flex\">\n<div class=\"wp-block-column is-layout-flow wp-block-column-is-layout-flow\" style=\"flex-basis:30%\">\n<figure class=\"wp-block-image size-full is-resized\"><img loading=\"lazy\" decoding=\"async\" width=\"250\" height=\"333\" src=\"https:\/\/carmel-creteil.org\/wp-content\/uploads\/2025\/07\/devant-e1753123797632.jpeg\" alt=\"\" class=\"wp-image-807\" style=\"width:255px;height:auto\"\/><\/figure>\n<\/div>\n\n\n\n<div class=\"wp-block-column is-layout-flow wp-block-column-is-layout-flow\"><\/div>\n\n\n\n<div class=\"wp-block-column is-layout-flow wp-block-column-is-layout-flow\" style=\"flex-basis:80%\">\n<p>\u00ab\u00a0Si la maison est pauvre et petite elle doit avoir de belles vues&#8230;le site est chose tellement importante&#8230;car cela est d&rsquo;un grand secours pour louer Notre-Seigneur\u00a0\u00bb<\/p>\n\n\n\n<p class=\"has-text-align-right has-normal-font-size\">Notre Sainte M\u00e8re Th\u00e9r\u00e8se d&rsquo;Avila, Lettres <\/p>\n\n\n\n<figure class=\"wp-block-image alignright size-full is-resized\"><img loading=\"lazy\" decoding=\"async\" width=\"640\" height=\"414\" src=\"https:\/\/carmel-creteil.org\/wp-content\/uploads\/2025\/07\/dessus-serre-photo025.jpg\" alt=\"\" class=\"wp-image-796\" style=\"width:679px;height:auto\"\/><\/figure>\n<\/div>\n<\/div>\n\n\n\n<div style=\"height:40px\" aria-hidden=\"true\" class=\"wp-block-spacer\"><\/div>\n\n\n\n<p><strong>Quoiqu&rsquo;\u00e0 une vingtaine de kilom\u00e8tres au sud-est de Paris<\/strong>, notre monast\u00e8re, situ\u00e9 dans un quartier r\u00e9sidentiel et entour\u00e9 d&rsquo;un grand jardin, <strong>donne plut\u00f4t l&rsquo;impression<\/strong> -les ouvriers nous le disent souvent- <strong>de se trouver \u00e0 la campagne<\/strong>.<\/p>\n\n\n\n<div style=\"height:40px\" aria-hidden=\"true\" class=\"wp-block-spacer\"><\/div>\n\n\n\n<div class=\"wp-block-media-text is-stacked-on-mobile\"><figure class=\"wp-block-media-text__media\"><img loading=\"lazy\" decoding=\"async\" width=\"772\" height=\"1024\" src=\"https:\/\/carmel-creteil.org\/wp-content\/uploads\/2025\/07\/Entree-en-cavage-cte-et-monastere-en-surplomb-772x1024.png\" alt=\"\" class=\"wp-image-804 size-full\"\/><\/figure><div class=\"wp-block-media-text__content\">\n<div style=\"height:42px\" aria-hidden=\"true\" class=\"wp-block-spacer\"><\/div>\n\n\n\n<p><strong>Situ\u00e9 sur d&rsquo;anciennes carri\u00e8res<\/strong> de calcaire grossier, le jardin pr\u00e9sente d&rsquo;importantes d\u00e9nivellations qui l&rsquo;agrandissent beaucoup et lui donne un cachet bien particulier.<\/p>\n\n\n\n<div style=\"height:32px\" aria-hidden=\"true\" class=\"wp-block-spacer\"><\/div>\n\n\n\n<figure class=\"wp-block-image size-large is-resized\"><img loading=\"lazy\" decoding=\"async\" width=\"1024\" height=\"768\" src=\"https:\/\/carmel-creteil.org\/wp-content\/uploads\/2025\/07\/Grotte-escalier-1024x768.png\" alt=\"\" class=\"wp-image-801\" style=\"width:428px;height:auto\"\/><\/figure>\n<\/div><\/div>\n\n\n\n<div style=\"height:100px\" aria-hidden=\"true\" class=\"wp-block-spacer\"><\/div>\n\n\n\n<figure class=\"wp-block-gallery has-nested-images columns-default is-cropped wp-block-gallery-2 is-layout-flex wp-block-gallery-is-layout-flex\">\n<figure class=\"wp-block-image size-large\"><img loading=\"lazy\" decoding=\"async\" width=\"768\" height=\"1024\" data-id=\"821\" src=\"https:\/\/carmel-creteil.org\/wp-content\/uploads\/2025\/07\/esc-cim-768x1024.jpg\" alt=\"\" class=\"wp-image-821\"\/><\/figure>\n\n\n\n<figure class=\"wp-block-image size-large\"><img loading=\"lazy\" decoding=\"async\" width=\"768\" height=\"1024\" data-id=\"817\" src=\"https:\/\/carmel-creteil.org\/wp-content\/uploads\/2025\/07\/Cimetiere-chapelle-1-768x1024.png\" alt=\"\" class=\"wp-image-817\"\/><\/figure>\n\n\n\n<figure class=\"wp-block-image size-large\"><img loading=\"lazy\" decoding=\"async\" width=\"685\" height=\"1024\" data-id=\"818\" src=\"https:\/\/carmel-creteil.org\/wp-content\/uploads\/2025\/07\/Cimetiere-685x1024.png\" alt=\"\" class=\"wp-image-818\"\/><\/figure>\n<\/figure>\n\n\n\n<div style=\"height:83px\" aria-hidden=\"true\" class=\"wp-block-spacer\"><\/div>\n\n\n\n<p class=\"has-text-align-center\">Recueillons-nous aux caveaux o\u00f9 reposent nos ch\u00e8res devanci\u00e8res, <\/p>\n\n\n\n<p class=\"has-text-align-center\">en attendant la r\u00e9surrection. <strong>Elles nous indiquent le Ciel <\/strong><\/p>\n\n\n\n<p class=\"has-text-align-center\">et nous encouragent \u00e0 rester fid\u00e8les !<\/p>\n\n\n\n<div class=\"wp-block-columns is-layout-flex wp-container-core-columns-is-layout-28f84493 wp-block-columns-is-layout-flex\">\n<div class=\"wp-block-column is-layout-flow wp-block-column-is-layout-flow\" style=\"flex-basis:100%\">\n<figure class=\"wp-block-image size-large\" style=\"margin-top:var(--wp--preset--spacing--80);margin-bottom:var(--wp--preset--spacing--80)\"><img loading=\"lazy\" decoding=\"async\" width=\"1024\" height=\"768\" src=\"https:\/\/carmel-creteil.org\/wp-content\/uploads\/2025\/07\/cimetiere-vu-du-haut-1024x768.jpg\" alt=\"\" class=\"wp-image-816\"\/><\/figure>\n\n\n\n<div style=\"height:40px\" aria-hidden=\"true\" class=\"wp-block-spacer\"><\/div>\n\n\n\n<div class=\"wp-block-media-text is-stacked-on-mobile\" style=\"grid-template-columns:70% auto\"><figure class=\"wp-block-media-text__media\"><img loading=\"lazy\" decoding=\"async\" width=\"1024\" height=\"768\" src=\"https:\/\/carmel-creteil.org\/wp-content\/uploads\/2025\/07\/Sous-la-neige-devant-1024x768.jpg\" alt=\"\" class=\"wp-image-965 size-full\"\/><\/figure><div class=\"wp-block-media-text__content\">\n<p class=\"has-large-font-size\"><strong>Sous la neige&#8230;<\/strong><\/p>\n\n\n\n<p>Devant le monast\u00e8re<\/p>\n\n\n\n<p class=\"has-text-align-right\">ou par la passerelle&#8230;<\/p>\n\n\n\n<figure class=\"wp-block-image alignright size-full is-resized\"><img loading=\"lazy\" decoding=\"async\" width=\"250\" height=\"370\" src=\"https:\/\/carmel-creteil.org\/wp-content\/uploads\/2025\/07\/petit-pont-e1753429859616.jpg\" alt=\"\" class=\"wp-image-968\" style=\"width:329px;height:auto\"\/><\/figure>\n<\/div><\/div>\n\n\n\n<div style=\"height:142px\" aria-hidden=\"true\" class=\"wp-block-spacer\"><\/div>\n\n\n\n<div class=\"wp-block-cover\" style=\"min-height:449px;aspect-ratio:unset;\"><img loading=\"lazy\" decoding=\"async\" width=\"768\" height=\"1024\" class=\"wp-block-cover__image-background wp-image-809 size-large\" alt=\"\" src=\"https:\/\/carmel-creteil.org\/wp-content\/uploads\/2025\/07\/Devant-le-monastere-768x1024.jpg\" style=\"object-position:90% 51%\" data-object-fit=\"cover\" data-object-position=\"90% 51%\"\/><span aria-hidden=\"true\" class=\"wp-block-cover__background has-custom-marron-fonc-background-color has-background-dim-10 has-background-dim\"><\/span><div class=\"wp-block-cover__inner-container is-layout-constrained wp-block-cover-is-layout-constrained\">\n<p class=\"has-text-align-right has-lora-font-family\" style=\"font-size:64px\">Rencontres surprises !&#8230;<\/p>\n\n\n\n<p><\/p>\n\n\n\n<p class=\"has-text-align-left has-lora-font-family\" style=\"font-size:38px;line-height:1.2\">Mais oui ! <\/p>\n\n\n\n<p class=\"has-text-align-left has-lora-font-family\" style=\"font-size:38px;line-height:1.2\">Nous sommes bien, pourtant, en r\u00e9gion parisienne !&#8230;<\/p>\n<\/div><\/div>\n\n\n\n<div style=\"height:100px\" aria-hidden=\"true\" class=\"wp-block-spacer\"><\/div>\n\n\n\n<figure class=\"wp-block-gallery alignwide has-nested-images columns-3 is-cropped wp-block-gallery-3 is-layout-flex wp-block-gallery-is-layout-flex\">\n<figure class=\"wp-block-image alignright size-large is-style-rounded\" style=\"margin-top:var(--wp--preset--spacing--40);margin-right:0;margin-bottom:var(--wp--preset--spacing--40);margin-left:0\"><img loading=\"lazy\" decoding=\"async\" width=\"768\" height=\"1024\" data-id=\"760\" src=\"https:\/\/carmel-creteil.org\/wp-content\/uploads\/2025\/07\/Epervier-tombe-du-nid-768x1024.jpg\" alt=\"\" class=\"wp-image-760\"\/><figcaption class=\"wp-element-caption\"><strong>Petit \u00e9pervier tomb\u00e9 du nid<\/strong>&#8230;<\/figcaption><\/figure>\n\n\n\n<figure class=\"wp-block-image size-large\"><img decoding=\"async\" data-id=\"811\" src=\"https:\/\/carmel-creteil.org\/wp-content\/uploads\/2025\/07\/renardeau-1024x768.jpg\" alt=\"\" class=\"wp-image-811\"\/><figcaption class=\"wp-element-caption\">Un renardeau&#8230; vif comme l&rsquo;\u00e9clair, il ne fut pas facile d&rsquo;arriver \u00e0 le photographier !&#8230;<\/figcaption><\/figure>\n\n\n\n<figure class=\"wp-block-image alignright size-large is-style-rounded\" style=\"margin-top:var(--wp--preset--spacing--70);margin-right:0;margin-bottom:var(--wp--preset--spacing--70);margin-left:0\"><img loading=\"lazy\" decoding=\"async\" width=\"1024\" height=\"768\" data-id=\"810\" src=\"https:\/\/carmel-creteil.org\/wp-content\/uploads\/2025\/07\/Perruche-1024x768.jpg\" alt=\"\" class=\"wp-image-810\"\/><figcaption class=\"wp-element-caption\"><strong>Une perruche<\/strong><\/figcaption><\/figure>\n<\/figure>\n<\/div>\n<\/div>\n\n\n\n<div class=\"wp-block-media-text is-stacked-on-mobile\"><figure class=\"wp-block-media-text__media\"><img loading=\"lazy\" decoding=\"async\" width=\"1024\" height=\"1024\" src=\"https:\/\/carmel-creteil.org\/wp-content\/uploads\/2025\/07\/ecureuil-rond-1024x1024.png\" alt=\"\" class=\"wp-image-812 size-full\"\/><\/figure><div class=\"wp-block-media-text__content\">\n<p style=\"padding-top:0;padding-right:var(--wp--preset--spacing--70);padding-bottom:0;padding-left:var(--wp--preset--spacing--70);font-size:43px\">Et ce gentil \u00e9cureuil venu faire sa pri\u00e8re !&#8230;<\/p>\n<\/div><\/div>\n\n\n\n<div style=\"height:100px\" aria-hidden=\"true\" class=\"wp-block-spacer\"><\/div>\n\n\n\n<div class=\"wp-block-columns is-layout-flex wp-container-core-columns-is-layout-28f84493 wp-block-columns-is-layout-flex\">\n<div class=\"wp-block-column is-layout-flow wp-block-column-is-layout-flow\" style=\"flex-basis:33.34%\">\n<p class=\"has-large-font-size\">Arr\u00eatons-nous \u00e0 <strong>l&rsquo;ermitage Saint Joseph<\/strong>, au milieu du jardin&#8230;<\/p>\n\n\n\n<div style=\"height:9px\" aria-hidden=\"true\" class=\"wp-block-spacer\"><\/div>\n\n\n\n<figure class=\"wp-block-image size-large is-resized\"><img loading=\"lazy\" decoding=\"async\" width=\"250\" height=\"188\" src=\"https:\/\/carmel-creteil.org\/wp-content\/uploads\/2025\/07\/10CBF211-8108-4422-A938-FDD7647E11A3_1_105_c-e1753018260307.jpeg\" alt=\"\" class=\"wp-image-771\" style=\"width:311px;height:auto\"\/><\/figure>\n\n\n\n<p><em>Le glorieux Saint Joseph, je le sais par exp\u00e9rience, \u00e9tend son pouvoir \u00e0 tous nos besoins&#8230;<\/em><\/p>\n<\/div>\n\n\n\n<div class=\"wp-block-column is-layout-flow wp-block-column-is-layout-flow\" style=\"flex-basis:33.33%\">\n<p><em>ll m\u2019a toujours exauc\u00e9e au-del\u00e0 de mes pri\u00e8res et de mes esp\u00e9rances&#8230; Les \u00e2mes d\u2019oraison, en particulier, lui doivent un culte tout filial&#8230; <\/em><\/p>\n\n\n\n<div style=\"height:37px\" aria-hidden=\"true\" class=\"wp-block-spacer\"><\/div>\n\n\n\n<figure class=\"wp-block-image aligncenter size-large is-resized\"><img loading=\"lazy\" decoding=\"async\" width=\"768\" height=\"1024\" src=\"https:\/\/carmel-creteil.org\/wp-content\/uploads\/2025\/07\/IMG_0631-768x1024.png\" alt=\"\" class=\"wp-image-822\" style=\"width:253px;height:auto\" srcset=\"https:\/\/carmel-creteil.org\/wp-content\/uploads\/2025\/07\/IMG_0631-768x1024.png 768w, https:\/\/carmel-creteil.org\/wp-content\/uploads\/2025\/07\/IMG_0631-225x300.png 225w, https:\/\/carmel-creteil.org\/wp-content\/uploads\/2025\/07\/IMG_0631-1152x1536.png 1152w, https:\/\/carmel-creteil.org\/wp-content\/uploads\/2025\/07\/IMG_0631-1536x2048.png 1536w, https:\/\/carmel-creteil.org\/wp-content\/uploads\/2025\/07\/IMG_0631-scaled.png 1920w\" sizes=\"auto, (max-width: 768px) 100vw, 768px\" \/><\/figure>\n<\/div>\n\n\n\n<div class=\"wp-block-column is-layout-flow wp-block-column-is-layout-flow\" style=\"flex-basis:33.33%\">\n<p class=\"has-large-font-size\"><em><strong>Que celui qui n\u2019a pas de ma\u00eetre pour lui enseigner l\u2019oraison prenne ce glorieux Saint pour guide, et il ne risquera pas de s\u2019\u00e9garer&#8230;.<\/strong><\/em><\/p>\n\n\n\n<p style=\"font-size:16px\">Notre M\u00e8re Sainte Th\u00e9r\u00e8se d&rsquo;Avila, Vie<\/p>\n<\/div>\n<\/div>\n\n\n\n<div style=\"height:60px\" aria-hidden=\"true\" class=\"wp-block-spacer\"><\/div>\n\n\n\n<p class=\"has-x-large-font-size\">Rentrons <strong>par le potager<\/strong>&#8230;<\/p>\n\n\n\n<div class=\"wp-block-columns is-layout-flex wp-container-core-columns-is-layout-28f84493 wp-block-columns-is-layout-flex\">\n<div class=\"wp-block-column is-layout-flow wp-block-column-is-layout-flow\" style=\"flex-basis:20.67%\">\n<div style=\"height:57px\" aria-hidden=\"true\" class=\"wp-block-spacer\"><\/div>\n\n\n\n<figure class=\"wp-block-image\"><img loading=\"lazy\" decoding=\"async\" width=\"768\" height=\"1024\" src=\"https:\/\/carmel-creteil.org\/wp-content\/uploads\/2025\/07\/IMG_20250715_181524_4-768x1024.jpg\" alt=\"\" class=\"wp-image-506\"\/><\/figure>\n\n\n\n<figure class=\"wp-block-image size-medium\"><img loading=\"lazy\" decoding=\"async\" width=\"225\" height=\"300\" src=\"https:\/\/carmel-creteil.org\/wp-content\/uploads\/2025\/07\/IMG_20250715_181722_2-225x300.jpg\" alt=\"\" class=\"wp-image-513\"\/><\/figure>\n<\/div>\n\n\n\n<div class=\"wp-block-column is-layout-flow wp-block-column-is-layout-flow\" style=\"flex-basis:46%\">\n<div style=\"height:18px\" aria-hidden=\"true\" class=\"wp-block-spacer\"><\/div>\n\n\n\n<figure class=\"wp-block-image size-large\"><img loading=\"lazy\" decoding=\"async\" width=\"768\" height=\"1024\" src=\"https:\/\/carmel-creteil.org\/wp-content\/uploads\/2025\/07\/IMG_20250715_192630_8-768x1024.jpg\" alt=\"\" class=\"wp-image-512\"\/><\/figure>\n<\/div>\n\n\n\n<div class=\"wp-block-column is-layout-flow wp-block-column-is-layout-flow\" style=\"flex-basis:33.33%\">\n<figure class=\"wp-block-image size-large is-resized\"><img loading=\"lazy\" decoding=\"async\" width=\"768\" height=\"1024\" src=\"https:\/\/carmel-creteil.org\/wp-content\/uploads\/2025\/07\/IMG_20250715_181427_7-768x1024.jpg\" alt=\"\" class=\"wp-image-505\" style=\"width:250px;height:auto\"\/><\/figure>\n\n\n\n<figure class=\"wp-block-image aligncenter size-large is-resized\"><img loading=\"lazy\" decoding=\"async\" width=\"768\" height=\"1024\" src=\"https:\/\/carmel-creteil.org\/wp-content\/uploads\/2025\/07\/IMG_20250715_182027_2-768x1024.jpg\" alt=\"\" class=\"wp-image-507\" style=\"width:235px;height:auto\"\/><\/figure>\n<\/div>\n<\/div>\n\n\n\n<div style=\"height:200px\" aria-hidden=\"true\" class=\"wp-block-spacer\"><\/div>\n\n\n\n<div class=\"wp-block-columns is-layout-flex wp-container-core-columns-is-layout-28f84493 wp-block-columns-is-layout-flex\">\n<div class=\"wp-block-column is-layout-flow wp-block-column-is-layout-flow\" style=\"flex-basis:33.34%\">\n<figure class=\"wp-block-image size-large is-resized\"><img loading=\"lazy\" decoding=\"async\" width=\"768\" height=\"1024\" src=\"https:\/\/carmel-creteil.org\/wp-content\/uploads\/2025\/07\/IMG_1755-768x1024.jpg\" alt=\"\" class=\"wp-image-826\" style=\"width:163px;height:auto\"\/><\/figure>\n\n\n\n<figure class=\"wp-block-image size-large is-resized is-style-rounded\"><img loading=\"lazy\" decoding=\"async\" width=\"768\" height=\"1024\" src=\"https:\/\/carmel-creteil.org\/wp-content\/uploads\/2025\/07\/IMG_20250721_095230_8-768x1024.jpg\" alt=\"\" class=\"wp-image-800\" style=\"width:234px;height:auto\"\/><\/figure>\n<\/div>\n\n\n\n<div class=\"wp-block-column is-layout-flow wp-block-column-is-layout-flow\" style=\"flex-basis:50%\">\n<div style=\"height:0px\" aria-hidden=\"true\" class=\"wp-block-spacer\"><\/div>\n\n\n\n<blockquote class=\"wp-block-quote is-layout-flow wp-block-quote-is-layout-flow\">\n<p class=\"has-text-align-center has-medium-font-size\" style=\"padding-top:0;padding-right:0;padding-bottom:0;padding-left:0\">\u00ab\u00a0<strong>C\u2019est en r\u00e9pandant mille gr\u00e2ces<br>Qu\u2019il est pass\u00e9 \u00e0 la h\u00e2te par ces bocages.<br>En les regardant,<br>Et de sa figure seule,<br>Il les a laiss\u00e9s rev\u00eatus de beaut\u00e9.\u00a0\u00bb<br><br><\/strong>Notre P\u00e8re Saint Jean de la Croix <br><strong>Strophe V Cantique spirituel<\/strong><\/p>\n<\/blockquote>\n<\/div>\n\n\n\n<div class=\"wp-block-column is-layout-flow wp-block-column-is-layout-flow\" style=\"flex-basis:33.33%\">\n<figure class=\"wp-block-image size-large\"><img loading=\"lazy\" decoding=\"async\" width=\"768\" height=\"1024\" src=\"https:\/\/carmel-creteil.org\/wp-content\/uploads\/2025\/07\/IMG_1759-768x1024.jpg\" alt=\"\" class=\"wp-image-827\"\/><\/figure>\n<\/div>\n<\/div>\n\n\n\n<div style=\"height:18px\" aria-hidden=\"true\" class=\"wp-block-spacer\"><\/div>\n\n\n\n<div class=\"wp-block-cover aligncenter wp-duotone-unset-4\"><img loading=\"lazy\" decoding=\"async\" width=\"768\" height=\"1024\" class=\"wp-block-cover__image-background wp-image-829\" alt=\"\" src=\"https:\/\/carmel-creteil.org\/wp-content\/uploads\/2025\/07\/arc-768x1024.jpg\" style=\"object-position:46% 77%\" data-object-fit=\"cover\" data-object-position=\"46% 77%\"\/><span aria-hidden=\"true\" class=\"wp-block-cover__background has-background-dim-0 has-background-dim\"><\/span><div class=\"wp-block-cover__inner-container is-layout-flow wp-block-cover-is-layout-flow\">\n<p class=\"has-text-align-center has-lora-font-family has-large-font-size\"><em><strong>Et de sa figure seule,<br>Il les a laiss\u00e9s rev\u00eatus de beaut\u00e9.<\/strong>..<\/em><\/p>\n<\/div><\/div>\n\n\n\n<div style=\"height:100px\" aria-hidden=\"true\" class=\"wp-block-spacer\"><\/div>\n\n\n\n<p class=\"has-text-align-right\" style=\"font-size:21px\">Voir <a href=\"https:\/\/carmel-creteil.org\/index.php\/aujourdhui\/\" data-type=\"page\" data-id=\"224\"><em><strong>Une journ\u00e9e au Carmel<\/strong><\/em><\/a><\/p>\n\n\n\n<p class=\"has-text-align-right\" style=\"font-size:21px\">Voir <a href=\"https:\/\/carmel-creteil.org\/index.php\/devenir-carmelite\/\" data-type=\"page\" data-id=\"895\"><em><strong>Devenir carm\u00e9lite<\/strong><\/em><\/a><\/p>\n\n\n\n<div style=\"height:62px\" aria-hidden=\"true\" class=\"wp-block-spacer\"><\/div>\n\n\n<nav class=\"is-responsive items-justified-center wp-block-navigation is-content-justification-center is-layout-flex wp-container-core-navigation-is-layout-a89b3969 wp-block-navigation-is-layout-flex\" aria-label=\"Menu 2\" \n\t\t data-wp-interactive=\"core\/navigation\" data-wp-context='{\"overlayOpenedBy\":{\"click\":false,\"hover\":false,\"focus\":false},\"type\":\"overlay\",\"roleAttribute\":\"\",\"ariaLabel\":\"Menu\"}'><button aria-haspopup=\"dialog\" aria-label=\"Ouvrir le menu\" class=\"wp-block-navigation__responsive-container-open\" \n\t\t\t\tdata-wp-on--click=\"actions.openMenuOnClick\"\n\t\t\t\tdata-wp-on--keydown=\"actions.handleMenuKeydown\"\n\t\t\t><svg width=\"24\" height=\"24\" xmlns=\"http:\/\/www.w3.org\/2000\/svg\" viewBox=\"0 0 24 24\"><path d=\"M5 5v1.5h14V5H5z\"><\/path><path d=\"M5 12.8h14v-1.5H5v1.5z\"><\/path><path d=\"M5 19h14v-1.5H5V19z\"><\/path><\/svg><\/button>\n\t\t\t\t<div class=\"wp-block-navigation__responsive-container  has-text-color has-custom-marron-fonc-color has-background has-custom-cr-me-opaque-background-color\"  id=\"modal-5\" \n\t\t\t\tdata-wp-class--has-modal-open=\"state.isMenuOpen\"\n\t\t\t\tdata-wp-class--is-menu-open=\"state.isMenuOpen\"\n\t\t\t\tdata-wp-watch=\"callbacks.initMenu\"\n\t\t\t\tdata-wp-on--keydown=\"actions.handleMenuKeydown\"\n\t\t\t\tdata-wp-on--focusout=\"actions.handleMenuFocusout\"\n\t\t\t\ttabindex=\"-1\"\n\t\t\t>\n\t\t\t\t\t<div class=\"wp-block-navigation__responsive-close\" tabindex=\"-1\">\n\t\t\t\t\t\t<div class=\"wp-block-navigation__responsive-dialog\" \n\t\t\t\tdata-wp-bind--aria-modal=\"state.ariaModal\"\n\t\t\t\tdata-wp-bind--aria-label=\"state.ariaLabel\"\n\t\t\t\tdata-wp-bind--role=\"state.roleAttribute\"\n\t\t\t>\n\t\t\t\t\t\t\t<button aria-label=\"Fermer le menu\" class=\"wp-block-navigation__responsive-container-close\" \n\t\t\t\tdata-wp-on--click=\"actions.closeMenuOnClick\"\n\t\t\t><svg xmlns=\"http:\/\/www.w3.org\/2000\/svg\" viewBox=\"0 0 24 24\" width=\"24\" height=\"24\" aria-hidden=\"true\" focusable=\"false\"><path d=\"m13.06 12 6.47-6.47-1.06-1.06L12 10.94 5.53 4.47 4.47 5.53 10.94 12l-6.47 6.47 1.06 1.06L12 13.06l6.47 6.47 1.06-1.06L13.06 12Z\"><\/path><\/svg><\/button>\n\t\t\t\t\t\t\t<div class=\"wp-block-navigation__responsive-container-content\" \n\t\t\t\tdata-wp-watch=\"callbacks.focusFirstElement\"\n\t\t\t id=\"modal-5-content\">\n\t\t\t\t\t\t\t\t<ul class=\"wp-block-navigation__container is-responsive items-justified-center wp-block-navigation\"><li style=\"text-decoration:underline;\" class=\" wp-block-navigation-item wp-block-navigation-link\"><a class=\"wp-block-navigation-item__content\"  href=\"https:\/\/carmel-creteil.org\/\"><span class=\"wp-block-navigation-item__label\">Accueil<\/span><\/a><\/li><li style=\"text-decoration:underline;\" class=\" wp-block-navigation-item wp-block-navigation-link\"><a class=\"wp-block-navigation-item__content\"  href=\"https:\/\/carmel-creteil.org\/?page_id=297&#038;preview=true\"><span class=\"wp-block-navigation-item__label\">Notre Histoire<\/span><\/a><\/li><li style=\"text-decoration:underline;\" class=\" wp-block-navigation-item wp-block-navigation-link\"><a class=\"wp-block-navigation-item__content\"  href=\"https:\/\/carmel-creteil.org\/index.php\/le-monastere-aujourdhui-a-creteil\/\"><span class=\"wp-block-navigation-item__label\">Le monast\u00e8re aujourd\u2019hui<\/span><\/a><\/li><li style=\"text-decoration:underline;\" class=\" wp-block-navigation-item wp-block-navigation-link\"><a class=\"wp-block-navigation-item__content\"  href=\"https:\/\/carmel-creteil.org\/index.php\/venir-prier\/\"><span class=\"wp-block-navigation-item__label\">Venir prier<\/span><\/a><\/li><li style=\"text-decoration:underline;\" class=\" wp-block-navigation-item wp-block-navigation-link\"><a class=\"wp-block-navigation-item__content\"  href=\"https:\/\/carmel-creteil.org\/index.php\/notre-travail\/\"><span class=\"wp-block-navigation-item__label\">Notre travail<\/span><\/a><\/li><li style=\"text-decoration:underline;\" class=\" wp-block-navigation-item wp-block-navigation-link\"><a class=\"wp-block-navigation-item__content\"  href=\"https:\/\/carmel-creteil.org\/index.php\/coordonnees-et-offices\/\"><span class=\"wp-block-navigation-item__label\">Nous contacter<\/span><\/a><\/li><li style=\"text-decoration:underline;\" class=\" wp-block-navigation-item wp-block-navigation-link\"><a class=\"wp-block-navigation-item__content\"  href=\"https:\/\/carmel-creteil.org\/index.php\/nous-aider\/\"><span class=\"wp-block-navigation-item__label\">Nous aider<\/span><\/a><\/li><\/ul>\n\t\t\t\t\t\t\t<\/div>\n\t\t\t\t\t\t<\/div>\n\t\t\t\t\t<\/div>\n\t\t\t\t<\/div><\/nav>\n\n\n<div style=\"height:71px\" aria-hidden=\"true\" class=\"wp-block-spacer\"><\/div>\n\n\n\n<p class=\"has-text-align-center\"><em>\u00a9 Tous droits r\u00e9serv\u00e9s &#8211; Carmel Sainte Th\u00e9r\u00e8se de Cr\u00e9teil<\/em><\/p>\n","protected":false},"excerpt":{"rendered":"<p>Promenade&#8230; ou oraison au jardin \u00ab\u00a0Si la maison est pauvre et petite elle doit avoir de belles vues&#8230;le site est chose tellement importante&#8230;car cela est d&rsquo;un grand secours pour louer Notre-Seigneur\u00a0\u00bb Notre Sainte M\u00e8re Th\u00e9r\u00e8se d&rsquo;Avila, Lettres Quoiqu&rsquo;\u00e0 une vingtaine de kilom\u00e8tres au sud-est de Paris, notre monast\u00e8re, situ\u00e9 dans un quartier r\u00e9sidentiel et entour\u00e9 [&hellip;]<\/p>\n","protected":false},"author":1,"featured_media":0,"parent":419,"menu_order":9,"comment_status":"closed","ping_status":"closed","template":"","meta":{"footnotes":""},"class_list":["post-793","page","type-page","status-publish","hentry"],"_links":{"self":[{"href":"https:\/\/carmel-creteil.org\/index.php\/wp-json\/wp\/v2\/pages\/793","targetHints":{"allow":["GET"]}}],"collection":[{"href":"https:\/\/carmel-creteil.org\/index.php\/wp-json\/wp\/v2\/pages"}],"about":[{"href":"https:\/\/carmel-creteil.org\/index.php\/wp-json\/wp\/v2\/types\/page"}],"author":[{"embeddable":true,"href":"https:\/\/carmel-creteil.org\/index.php\/wp-json\/wp\/v2\/users\/1"}],"replies":[{"embeddable":true,"href":"https:\/\/carmel-creteil.org\/index.php\/wp-json\/wp\/v2\/comments?post=793"}],"version-history":[{"count":43,"href":"https:\/\/carmel-creteil.org\/index.php\/wp-json\/wp\/v2\/pages\/793\/revisions"}],"predecessor-version":[{"id":2008,"href":"https:\/\/carmel-creteil.org\/index.php\/wp-json\/wp\/v2\/pages\/793\/revisions\/2008"}],"up":[{"embeddable":true,"href":"https:\/\/carmel-creteil.org\/index.php\/wp-json\/wp\/v2\/pages\/419"}],"wp:attachment":[{"href":"https:\/\/carmel-creteil.org\/index.php\/wp-json\/wp\/v2\/media?parent=793"}],"curies":[{"name":"wp","href":"https:\/\/api.w.org\/{rel}","templated":true}]}}